{"id":877,"date":"2022-04-17T18:11:39","date_gmt":"2022-04-17T18:11:39","guid":{"rendered":"https:\/\/www.turismovillanuevadelosinfantes.es\/?page_id=877"},"modified":"2026-02-02T11:09:04","modified_gmt":"2026-02-02T11:09:04","slug":"carnaval","status":"publish","type":"page","link":"https:\/\/www.turismovillanuevadelosinfantes.es\/en\/carnaval\/","title":{"rendered":"Carnaval"},"content":{"rendered":"<div data-elementor-type=\"wp-page\" data-elementor-id=\"877\" class=\"elementor elementor-877\" data-elementor-post-type=\"page\">\n\t\t\t\t\t\t<section class=\"elementor-section elementor-top-section elementor-element elementor-element-0b6c282 elementor-section-full_width elementor-section-height-min-height elementor-section-height-default elementor-section-items-middle\" data-id=\"0b6c282\" data-element_type=\"section\" data-settings=\"{&quot;background_background&quot;:&quot;classic&quot;,&quot;background_motion_fx_motion_fx_scrolling&quot;:&quot;yes&quot;,&quot;background_motion_fx_translateY_effect&quot;:&quot;yes&quot;,&quot;background_motion_fx_translateY_speed&quot;:{&quot;unit&quot;:&quot;px&quot;,&quot;size&quot;:5,&quot;sizes&quot;:[]},&quot;shape_divider_top&quot;:&quot;wave-brush&quot;,&quot;shape_divider_bottom&quot;:&quot;wave-brush&quot;,&quot;background_motion_fx_translateY_affectedRange&quot;:{&quot;unit&quot;:&quot;%&quot;,&quot;size&quot;:&quot;&quot;,&quot;sizes&quot;:{&quot;start&quot;:0,&quot;end&quot;:100}},&quot;background_motion_fx_devices&quot;:[&quot;desktop&quot;,&quot;tablet&quot;,&quot;mobile&quot;]}\">\n\t\t\t\t\t\t\t<div class=\"elementor-background-overlay\"><\/div>\n\t\t\t\t\t\t<div class=\"elementor-shape elementor-shape-top\" aria-hidden=\"true\" data-negative=\"false\">\n\t\t\t<svg xmlns=\"http:\/\/www.w3.org\/2000\/svg\" viewbox=\"0 0 283.5 27.8\" preserveaspectratio=\"none\">\n\t<path class=\"elementor-shape-fill\" d=\"M283.5,9.7c0,0-7.3,4.3-14,4.6c-6.8,0.3-12.6,0-20.9-1.5c-11.3-2-33.1-10.1-44.7-5.7\ts-12.1,4.6-18,7.4c-6.6,3.2-20,9.6-36.6,9.3C131.6,23.5,99.5,7.2,86.3,8c-1.4,0.1-6.6,0.8-10.5,2c-3.8,1.2-9.4,3.8-17,4.7\tc-3.2,0.4-8.3,1.1-14.2,0.9c-1.5-0.1-6.3-0.4-12-1.6c-5.7-1.2-11-3.1-15.8-3.7C6.5,9.2,0,10.8,0,10.8V0h283.5V9.7z M260.8,11.3\tc-0.7-1-2-0.4-4.3-0.4c-2.3,0-6.1-1.2-5.8-1.1c0.3,0.1,3.1,1.5,6,1.9C259.7,12.2,261.4,12.3,260.8,11.3z M242.4,8.6\tc0,0-2.4-0.2-5.6-0.9c-3.2-0.8-10.3-2.8-15.1-3.5c-8.2-1.1-15.8,0-15.1,0.1c0.8,0.1,9.6-0.6,17.6,1.1c3.3,0.7,9.3,2.2,12.4,2.7\tC239.9,8.7,242.4,8.6,242.4,8.6z M185.2,8.5c1.7-0.7-13.3,4.7-18.5,6.1c-2.1,0.6-6.2,1.6-10,2c-3.9,0.4-8.9,0.4-8.8,0.5\tc0,0.2,5.8,0.8,11.2,0c5.4-0.8,5.2-1.1,7.6-1.6C170.5,14.7,183.5,9.2,185.2,8.5z M199.1,6.9c0.2,0-0.8-0.4-4.8,1.1\tc-4,1.5-6.7,3.5-6.9,3.7c-0.2,0.1,3.5-1.8,6.6-3C197,7.5,199,6.9,199.1,6.9z M283,6c-0.1,0.1-1.9,1.1-4.8,2.5s-6.9,2.8-6.7,2.7\tc0.2,0,3.5-0.6,7.4-2.5C282.8,6.8,283.1,5.9,283,6z M31.3,11.6c0.1-0.2-1.9-0.2-4.5-1.2s-5.4-1.6-7.8-2C15,7.6,7.3,8.5,7.7,8.6\tC8,8.7,15.9,8.3,20.2,9.3c2.2,0.5,2.4,0.5,5.7,1.6S31.2,11.9,31.3,11.6z M73,9.2c0.4-0.1,3.5-1.6,8.4-2.6c4.9-1.1,8.9-0.5,8.9-0.8\tc0-0.3-1-0.9-6.2-0.3S72.6,9.3,73,9.2z M71.6,6.7C71.8,6.8,75,5.4,77.3,5c2.3-0.3,1.9-0.5,1.9-0.6c0-0.1-1.1-0.2-2.7,0.2\tC74.8,5.1,71.4,6.6,71.6,6.7z M93.6,4.4c0.1,0.2,3.5,0.8,5.6,1.8c2.1,1,1.8,0.6,1.9,0.5c0.1-0.1-0.8-0.8-2.4-1.3\tC97.1,4.8,93.5,4.2,93.6,4.4z M65.4,11.1c-0.1,0.3,0.3,0.5,1.9-0.2s2.6-1.3,2.2-1.2s-0.9,0.4-2.5,0.8C65.3,10.9,65.5,10.8,65.4,11.1\tz M34.5,12.4c-0.2,0,2.1,0.8,3.3,0.9c1.2,0.1,2,0.1,2-0.2c0-0.3-0.1-0.5-1.6-0.4C36.6,12.8,34.7,12.4,34.5,12.4z M152.2,21.1\tc-0.1,0.1-2.4-0.3-7.5-0.3c-5,0-13.6-2.4-17.2-3.5c-3.6-1.1,10,3.9,16.5,4.1C150.5,21.6,152.3,21,152.2,21.1z\"\/>\n\t<path class=\"elementor-shape-fill\" d=\"M269.6,18c-0.1-0.1-4.6,0.3-7.2,0c-7.3-0.7-17-3.2-16.6-2.9c0.4,0.3,13.7,3.1,17,3.3\tC267.7,18.8,269.7,18,269.6,18z\"\/>\n\t<path class=\"elementor-shape-fill\" d=\"M227.4,9.8c-0.2-0.1-4.5-1-9.5-1.2c-5-0.2-12.7,0.6-12.3,0.5c0.3-0.1,5.9-1.8,13.3-1.2\tS227.6,9.9,227.4,9.8z\"\/>\n\t<path class=\"elementor-shape-fill\" d=\"M204.5,13.4c-0.1-0.1,2-1,3.2-1.1c1.2-0.1,2,0,2,0.3c0,0.3-0.1,0.5-1.6,0.4\tC206.4,12.9,204.6,13.5,204.5,13.4z\"\/>\n\t<path class=\"elementor-shape-fill\" d=\"M201,10.6c0-0.1-4.4,1.2-6.3,2.2c-1.9,0.9-6.2,3.1-6.1,3.1c0.1,0.1,4.2-1.6,6.3-2.6\tS201,10.7,201,10.6z\"\/>\n\t<path class=\"elementor-shape-fill\" d=\"M154.5,26.7c-0.1-0.1-4.6,0.3-7.2,0c-7.3-0.7-17-3.2-16.6-2.9c0.4,0.3,13.7,3.1,17,3.3\tC152.6,27.5,154.6,26.8,154.5,26.7z\"\/>\n\t<path class=\"elementor-shape-fill\" d=\"M41.9,19.3c0,0,1.2-0.3,2.9-0.1c1.7,0.2,5.8,0.9,8.2,0.7c4.2-0.4,7.4-2.7,7-2.6\tc-0.4,0-4.3,2.2-8.6,1.9c-1.8-0.1-5.1-0.5-6.7-0.4S41.9,19.3,41.9,19.3z\"\/>\n\t<path class=\"elementor-shape-fill\" d=\"M75.5,12.6c0.2,0.1,2-0.8,4.3-1.1c2.3-0.2,2.1-0.3,2.1-0.5c0-0.1-1.8-0.4-3.4,0\tC76.9,11.5,75.3,12.5,75.5,12.6z\"\/>\n\t<path class=\"elementor-shape-fill\" d=\"M15.6,13.2c0-0.1,4.3,0,6.7,0.5c2.4,0.5,5,1.9,5,2c0,0.1-2.7-0.8-5.1-1.4\tC19.9,13.7,15.7,13.3,15.6,13.2z\"\/>\n<\/svg>\t\t<\/div>\n\t\t\t\t<div class=\"elementor-shape elementor-shape-bottom\" aria-hidden=\"true\" data-negative=\"false\">\n\t\t\t<svg xmlns=\"http:\/\/www.w3.org\/2000\/svg\" viewbox=\"0 0 283.5 27.8\" preserveaspectratio=\"none\">\n\t<path class=\"elementor-shape-fill\" d=\"M283.5,9.7c0,0-7.3,4.3-14,4.6c-6.8,0.3-12.6,0-20.9-1.5c-11.3-2-33.1-10.1-44.7-5.7\ts-12.1,4.6-18,7.4c-6.6,3.2-20,9.6-36.6,9.3C131.6,23.5,99.5,7.2,86.3,8c-1.4,0.1-6.6,0.8-10.5,2c-3.8,1.2-9.4,3.8-17,4.7\tc-3.2,0.4-8.3,1.1-14.2,0.9c-1.5-0.1-6.3-0.4-12-1.6c-5.7-1.2-11-3.1-15.8-3.7C6.5,9.2,0,10.8,0,10.8V0h283.5V9.7z M260.8,11.3\tc-0.7-1-2-0.4-4.3-0.4c-2.3,0-6.1-1.2-5.8-1.1c0.3,0.1,3.1,1.5,6,1.9C259.7,12.2,261.4,12.3,260.8,11.3z M242.4,8.6\tc0,0-2.4-0.2-5.6-0.9c-3.2-0.8-10.3-2.8-15.1-3.5c-8.2-1.1-15.8,0-15.1,0.1c0.8,0.1,9.6-0.6,17.6,1.1c3.3,0.7,9.3,2.2,12.4,2.7\tC239.9,8.7,242.4,8.6,242.4,8.6z M185.2,8.5c1.7-0.7-13.3,4.7-18.5,6.1c-2.1,0.6-6.2,1.6-10,2c-3.9,0.4-8.9,0.4-8.8,0.5\tc0,0.2,5.8,0.8,11.2,0c5.4-0.8,5.2-1.1,7.6-1.6C170.5,14.7,183.5,9.2,185.2,8.5z M199.1,6.9c0.2,0-0.8-0.4-4.8,1.1\tc-4,1.5-6.7,3.5-6.9,3.7c-0.2,0.1,3.5-1.8,6.6-3C197,7.5,199,6.9,199.1,6.9z M283,6c-0.1,0.1-1.9,1.1-4.8,2.5s-6.9,2.8-6.7,2.7\tc0.2,0,3.5-0.6,7.4-2.5C282.8,6.8,283.1,5.9,283,6z M31.3,11.6c0.1-0.2-1.9-0.2-4.5-1.2s-5.4-1.6-7.8-2C15,7.6,7.3,8.5,7.7,8.6\tC8,8.7,15.9,8.3,20.2,9.3c2.2,0.5,2.4,0.5,5.7,1.6S31.2,11.9,31.3,11.6z M73,9.2c0.4-0.1,3.5-1.6,8.4-2.6c4.9-1.1,8.9-0.5,8.9-0.8\tc0-0.3-1-0.9-6.2-0.3S72.6,9.3,73,9.2z M71.6,6.7C71.8,6.8,75,5.4,77.3,5c2.3-0.3,1.9-0.5,1.9-0.6c0-0.1-1.1-0.2-2.7,0.2\tC74.8,5.1,71.4,6.6,71.6,6.7z M93.6,4.4c0.1,0.2,3.5,0.8,5.6,1.8c2.1,1,1.8,0.6,1.9,0.5c0.1-0.1-0.8-0.8-2.4-1.3\tC97.1,4.8,93.5,4.2,93.6,4.4z M65.4,11.1c-0.1,0.3,0.3,0.5,1.9-0.2s2.6-1.3,2.2-1.2s-0.9,0.4-2.5,0.8C65.3,10.9,65.5,10.8,65.4,11.1\tz M34.5,12.4c-0.2,0,2.1,0.8,3.3,0.9c1.2,0.1,2,0.1,2-0.2c0-0.3-0.1-0.5-1.6-0.4C36.6,12.8,34.7,12.4,34.5,12.4z M152.2,21.1\tc-0.1,0.1-2.4-0.3-7.5-0.3c-5,0-13.6-2.4-17.2-3.5c-3.6-1.1,10,3.9,16.5,4.1C150.5,21.6,152.3,21,152.2,21.1z\"\/>\n\t<path class=\"elementor-shape-fill\" d=\"M269.6,18c-0.1-0.1-4.6,0.3-7.2,0c-7.3-0.7-17-3.2-16.6-2.9c0.4,0.3,13.7,3.1,17,3.3\tC267.7,18.8,269.7,18,269.6,18z\"\/>\n\t<path class=\"elementor-shape-fill\" d=\"M227.4,9.8c-0.2-0.1-4.5-1-9.5-1.2c-5-0.2-12.7,0.6-12.3,0.5c0.3-0.1,5.9-1.8,13.3-1.2\tS227.6,9.9,227.4,9.8z\"\/>\n\t<path class=\"elementor-shape-fill\" d=\"M204.5,13.4c-0.1-0.1,2-1,3.2-1.1c1.2-0.1,2,0,2,0.3c0,0.3-0.1,0.5-1.6,0.4\tC206.4,12.9,204.6,13.5,204.5,13.4z\"\/>\n\t<path class=\"elementor-shape-fill\" d=\"M201,10.6c0-0.1-4.4,1.2-6.3,2.2c-1.9,0.9-6.2,3.1-6.1,3.1c0.1,0.1,4.2-1.6,6.3-2.6\tS201,10.7,201,10.6z\"\/>\n\t<path class=\"elementor-shape-fill\" d=\"M154.5,26.7c-0.1-0.1-4.6,0.3-7.2,0c-7.3-0.7-17-3.2-16.6-2.9c0.4,0.3,13.7,3.1,17,3.3\tC152.6,27.5,154.6,26.8,154.5,26.7z\"\/>\n\t<path class=\"elementor-shape-fill\" d=\"M41.9,19.3c0,0,1.2-0.3,2.9-0.1c1.7,0.2,5.8,0.9,8.2,0.7c4.2-0.4,7.4-2.7,7-2.6\tc-0.4,0-4.3,2.2-8.6,1.9c-1.8-0.1-5.1-0.5-6.7-0.4S41.9,19.3,41.9,19.3z\"\/>\n\t<path class=\"elementor-shape-fill\" d=\"M75.5,12.6c0.2,0.1,2-0.8,4.3-1.1c2.3-0.2,2.1-0.3,2.1-0.5c0-0.1-1.8-0.4-3.4,0\tC76.9,11.5,75.3,12.5,75.5,12.6z\"\/>\n\t<path class=\"elementor-shape-fill\" d=\"M15.6,13.2c0-0.1,4.3,0,6.7,0.5c2.4,0.5,5,1.9,5,2c0,0.1-2.7-0.8-5.1-1.4\tC19.9,13.7,15.7,13.3,15.6,13.2z\"\/>\n<\/svg>\t\t<\/div>\n\t\t\t\t\t<div class=\"elementor-container elementor-column-gap-default\">\n\t\t\t\t\t<div class=\"elementor-column elementor-col-100 elementor-top-column elementor-element elementor-element-f13a31d\" data-id=\"f13a31d\" data-element_type=\"column\">\n\t\t\t<div class=\"elementor-widget-wrap elementor-element-populated\">\n\t\t\t\t\t\t<div class=\"elementor-element elementor-element-38c3e38 elementor-widget elementor-widget-heading\" data-id=\"38c3e38\" data-element_type=\"widget\" data-widget_type=\"heading.default\">\n\t\t\t\t<div class=\"elementor-widget-container\">\n\t\t\t\t\t<h2 class=\"elementor-heading-title elementor-size-default\">Carnaval<\/h2>\t\t\t\t<\/div>\n\t\t\t\t<\/div>\n\t\t\t\t\t<\/div>\n\t\t<\/div>\n\t\t\t\t\t<\/div>\n\t\t<\/section>\n\t\t\t\t<section class=\"elementor-section elementor-top-section elementor-element elementor-element-0a21401 elementor-section-boxed elementor-section-height-default elementor-section-height-default\" data-id=\"0a21401\" data-element_type=\"section\">\n\t\t\t\t\t\t<div class=\"elementor-container elementor-column-gap-default\">\n\t\t\t\t\t<div class=\"elementor-column elementor-col-100 elementor-top-column elementor-element elementor-element-89d63f7\" data-id=\"89d63f7\" data-element_type=\"column\">\n\t\t\t<div class=\"elementor-widget-wrap elementor-element-populated\">\n\t\t\t\t\t\t<div class=\"elementor-element elementor-element-9634522 elementor-widget elementor-widget-spacer\" data-id=\"9634522\" data-element_type=\"widget\" data-widget_type=\"spacer.default\">\n\t\t\t\t<div class=\"elementor-widget-container\">\n\t\t\t\t\t\t\t<div class=\"elementor-spacer\">\n\t\t\t<div class=\"elementor-spacer-inner\"><\/div>\n\t\t<\/div>\n\t\t\t\t\t\t<\/div>\n\t\t\t\t<\/div>\n\t\t\t\t\t<\/div>\n\t\t<\/div>\n\t\t\t\t\t<\/div>\n\t\t<\/section>\n\t\t\t\t<section class=\"elementor-section elementor-top-section elementor-element elementor-element-a9f7f9b elementor-section-boxed elementor-section-height-default elementor-section-height-default\" data-id=\"a9f7f9b\" data-element_type=\"section\">\n\t\t\t\t\t\t<div class=\"elementor-container elementor-column-gap-default\">\n\t\t\t\t\t<div class=\"elementor-column elementor-col-16 elementor-top-column elementor-element elementor-element-e8b0054\" data-id=\"e8b0054\" data-element_type=\"column\">\n\t\t\t<div class=\"elementor-widget-wrap\">\n\t\t\t\t\t\t\t<\/div>\n\t\t<\/div>\n\t\t\t\t<div class=\"elementor-column elementor-col-66 elementor-top-column elementor-element elementor-element-f16c0d6\" data-id=\"f16c0d6\" data-element_type=\"column\">\n\t\t\t<div class=\"elementor-widget-wrap elementor-element-populated\">\n\t\t\t\t\t\t<div class=\"elementor-element elementor-element-d2c38c7 elementor-widget elementor-widget-heading\" data-id=\"d2c38c7\" data-element_type=\"widget\" data-widget_type=\"heading.default\">\n\t\t\t\t<div class=\"elementor-widget-container\">\n\t\t\t\t\t<h3 class=\"elementor-heading-title elementor-size-default\">Pr\u00f3xima celebraci\u00f3n: del 13 al 28 de febrero de 2026<\/h3>\t\t\t\t<\/div>\n\t\t\t\t<\/div>\n\t\t\t\t\t<\/div>\n\t\t<\/div>\n\t\t\t\t<div class=\"elementor-column elementor-col-16 elementor-top-column elementor-element elementor-element-6bf92ea\" data-id=\"6bf92ea\" data-element_type=\"column\">\n\t\t\t<div class=\"elementor-widget-wrap\">\n\t\t\t\t\t\t\t<\/div>\n\t\t<\/div>\n\t\t\t\t\t<\/div>\n\t\t<\/section>\n\t\t\t\t<section class=\"elementor-section elementor-top-section elementor-element elementor-element-0e6a769 elementor-section-boxed elementor-section-height-default elementor-section-height-default\" data-id=\"0e6a769\" data-element_type=\"section\">\n\t\t\t\t\t\t<div class=\"elementor-container elementor-column-gap-default\">\n\t\t\t\t\t<div class=\"elementor-column elementor-col-25 elementor-top-column elementor-element elementor-element-99a5fa0\" data-id=\"99a5fa0\" data-element_type=\"column\">\n\t\t\t<div class=\"elementor-widget-wrap\">\n\t\t\t\t\t\t\t<\/div>\n\t\t<\/div>\n\t\t\t\t<div class=\"elementor-column elementor-col-25 elementor-top-column elementor-element elementor-element-75aa75c\" data-id=\"75aa75c\" data-element_type=\"column\">\n\t\t\t<div class=\"elementor-widget-wrap elementor-element-populated\">\n\t\t\t\t\t\t<div class=\"elementor-element elementor-element-ee01286 elementor-widget elementor-widget-image\" data-id=\"ee01286\" data-element_type=\"widget\" data-widget_type=\"image.default\">\n\t\t\t\t<div class=\"elementor-widget-container\">\n\t\t\t\t\t\t\t\t\t\t\t\t\t\t\t<img fetchpriority=\"high\" decoding=\"async\" width=\"682\" height=\"1024\" src=\"https:\/\/www.turismovillanuevadelosinfantes.es\/wp-content\/uploads\/2026\/02\/Folleto-carnaval-682x1024.jpeg\" class=\"attachment-large size-large wp-image-3555\" alt=\"\" srcset=\"https:\/\/www.turismovillanuevadelosinfantes.es\/wp-content\/uploads\/2026\/02\/Folleto-carnaval-682x1024.jpeg 682w, https:\/\/www.turismovillanuevadelosinfantes.es\/wp-content\/uploads\/2026\/02\/Folleto-carnaval-200x300.jpeg 200w, https:\/\/www.turismovillanuevadelosinfantes.es\/wp-content\/uploads\/2026\/02\/Folleto-carnaval-8x12.jpeg 8w, https:\/\/www.turismovillanuevadelosinfantes.es\/wp-content\/uploads\/2026\/02\/Folleto-carnaval-1023x1536.jpeg 1023w, https:\/\/www.turismovillanuevadelosinfantes.es\/wp-content\/uploads\/2026\/02\/Folleto-carnaval.jpeg 1066w\" sizes=\"100vw\" \/>\t\t\t\t\t\t\t\t\t\t\t\t\t\t\t<\/div>\n\t\t\t\t<\/div>\n\t\t\t\t<div class=\"elementor-element elementor-element-5dfeb1f elementor-align-left elementor-widget elementor-widget-button\" data-id=\"5dfeb1f\" data-element_type=\"widget\" data-widget_type=\"button.default\">\n\t\t\t\t<div class=\"elementor-widget-container\">\n\t\t\t\t\t\t\t\t\t<div class=\"elementor-button-wrapper\">\n\t\t\t\t\t<a class=\"elementor-button elementor-button-link elementor-size-sm\" href=\"https:\/\/www.turismovillanuevadelosinfantes.es\/wp-content\/uploads\/2026\/02\/Bases-Carnaval_26.jpg\">\n\t\t\t\t\t\t<span class=\"elementor-button-content-wrapper\">\n\t\t\t\t\t\t<span class=\"elementor-button-icon\">\n\t\t\t\t<i aria-hidden=\"true\" class=\"fas fa-download\"><\/i>\t\t\t<\/span>\n\t\t\t\t\t\t\t\t\t<span class=\"elementor-button-text\">PROGRAMA DE ACTOS 2026<\/span>\n\t\t\t\t\t<\/span>\n\t\t\t\t\t<\/a>\n\t\t\t\t<\/div>\n\t\t\t\t\t\t\t\t<\/div>\n\t\t\t\t<\/div>\n\t\t\t\t\t<\/div>\n\t\t<\/div>\n\t\t\t\t<div class=\"elementor-column elementor-col-25 elementor-top-column elementor-element elementor-element-d225ca7\" data-id=\"d225ca7\" data-element_type=\"column\">\n\t\t\t<div class=\"elementor-widget-wrap elementor-element-populated\">\n\t\t\t\t\t\t<div class=\"elementor-element elementor-element-9f3699b elementor-widget elementor-widget-text-editor\" data-id=\"9f3699b\" data-element_type=\"widget\" data-widget_type=\"text-editor.default\">\n\t\t\t\t<div class=\"elementor-widget-container\">\n\t\t\t\t\t\t\t\t\t<p>Villanueva de los Infantes celebra cada a\u00f1o las fiestas de Carnaval atrayendo a numeroso p\u00fablico de la comarca del Campo de Montiel . En el Carnaval tienen cabida grandes y peque\u00f1os y el humor y el colorido son la nota dominante. El carnaval es una celebraci\u00f3n que tiene lugar inmediatamente antes de la cuaresma cristiana, con fecha variable (entre febrero y marzo seg\u00fan el a\u00f1o), y que combina algunos elementos como disfraces, desfiles y fiestas en la calle.<\/p><p>\u00a0<\/p><p>El origen de su celebraci\u00f3n parece probable de las fiestas paganas, como las que se realizaban en honor a Baco, el dios del vino, las saturnales y las lupercales romanas, o las que se realizaban en honor del toro Apis en Egipto.<\/p>\t\t\t\t\t\t\t\t<\/div>\n\t\t\t\t<\/div>\n\t\t\t\t\t<\/div>\n\t\t<\/div>\n\t\t\t\t<div class=\"elementor-column elementor-col-25 elementor-top-column elementor-element elementor-element-c46286c\" data-id=\"c46286c\" data-element_type=\"column\">\n\t\t\t<div class=\"elementor-widget-wrap\">\n\t\t\t\t\t\t\t<\/div>\n\t\t<\/div>\n\t\t\t\t\t<\/div>\n\t\t<\/section>\n\t\t\t\t<section class=\"elementor-section elementor-top-section elementor-element elementor-element-f27e082 elementor-section-boxed elementor-section-height-default elementor-section-height-default\" data-id=\"f27e082\" data-element_type=\"section\">\n\t\t\t\t\t\t<div class=\"elementor-container elementor-column-gap-default\">\n\t\t\t\t\t<div class=\"elementor-column elementor-col-16 elementor-top-column elementor-element elementor-element-36a7f6e\" data-id=\"36a7f6e\" data-element_type=\"column\">\n\t\t\t<div class=\"elementor-widget-wrap\">\n\t\t\t\t\t\t\t<\/div>\n\t\t<\/div>\n\t\t\t\t<div class=\"elementor-column elementor-col-66 elementor-top-column elementor-element elementor-element-f40a7c6\" data-id=\"f40a7c6\" data-element_type=\"column\">\n\t\t\t<div class=\"elementor-widget-wrap elementor-element-populated\">\n\t\t\t\t\t\t<div class=\"elementor-element elementor-element-cc558da elementor-widget elementor-widget-text-editor\" data-id=\"cc558da\" data-element_type=\"widget\" data-widget_type=\"text-editor.default\">\n\t\t\t\t<div class=\"elementor-widget-container\">\n\t\t\t\t\t\t\t\t\t<p>En Villanueva de los Infantes se celebra un desfile-concurso de disfraces infantiles durante la tarde del s\u00e1bado, en el Pabell\u00f3n Municipal. El domingo por la ma\u00f1ana, el concurso de comparsas llena la carpa municipal, para escuchar a las charangas con su particular cr\u00edtica social, en el concurso de Comparsas. El desfile grande, al que acuden pe\u00f1as de otros municipios, se celebra el domingo por la tarde y en \u00e9l se dan cita cientos de participantes que alegran las calles del municipio con m\u00fasica y con coreograf\u00edas cada vez m\u00e1s cuidadas. El Carnaval finaliza el mi\u00e9rcoles de ceniza con el tradicional entierro de la sardina.<\/p>\t\t\t\t\t\t\t\t<\/div>\n\t\t\t\t<\/div>\n\t\t\t\t<div class=\"elementor-element elementor-element-622b966 elementor-widget elementor-widget-heading\" data-id=\"622b966\" data-element_type=\"widget\" data-widget_type=\"heading.default\">\n\t\t\t\t<div class=\"elementor-widget-container\">\n\t\t\t\t\t<h3 class=\"elementor-heading-title elementor-size-default\">Galer\u00eda de im\u00e1genes<\/h3>\t\t\t\t<\/div>\n\t\t\t\t<\/div>\n\t\t\t\t<div class=\"elementor-element elementor-element-fb85153 elementor-widget elementor-widget-image-gallery\" data-id=\"fb85153\" data-element_type=\"widget\" data-widget_type=\"image-gallery.default\">\n\t\t\t\t<div class=\"elementor-widget-container\">\n\t\t\t\t\t\t\t<div class=\"elementor-image-gallery\">\n\t\t\t<div id='gallery-1' class='gallery galleryid-877 gallery-columns-4 gallery-size-thumbnail'><figure class='gallery-item'>\n\t\t\t<div class='gallery-icon landscape'>\n\t\t\t\t<a data-elementor-open-lightbox=\"yes\" data-elementor-lightbox-slideshow=\"fb85153\" data-elementor-lightbox-title=\"Carnaval\" data-e-action-hash=\"#elementor-action%3Aaction%3Dlightbox%26settings%3DeyJpZCI6ODY3LCJ1cmwiOiJodHRwczpcL1wvd3d3LnR1cmlzbW92aWxsYW51ZXZhZGVsb3NpbmZhbnRlcy5lc1wvd3AtY29udGVudFwvdXBsb2Fkc1wvMjAyMlwvMDRcL0Rlc2ZpbGUtQ2Fycm96YXMteS1NYXNjYXJhcy0zLmpwZyIsInNsaWRlc2hvdyI6ImZiODUxNTMifQ%3D%3D\" href='https:\/\/www.turismovillanuevadelosinfantes.es\/wp-content\/uploads\/2022\/04\/Desfile-Carrozas-y-Mascaras-3.jpg'><img decoding=\"async\" width=\"150\" height=\"150\" src=\"https:\/\/www.turismovillanuevadelosinfantes.es\/wp-content\/uploads\/2022\/04\/Desfile-Carrozas-y-Mascaras-3-150x150.jpg\" class=\"attachment-thumbnail size-thumbnail\" alt=\"\" aria-describedby=\"gallery-1-867\" sizes=\"100vw\" \/><\/a>\n\t\t\t<\/div>\n\t\t\t\t<figcaption class='wp-caption-text gallery-caption' id='gallery-1-867'>\n\t\t\t\tCarnaval\n\t\t\t\t<\/figcaption><\/figure><figure class='gallery-item'>\n\t\t\t<div class='gallery-icon landscape'>\n\t\t\t\t<a data-elementor-open-lightbox=\"yes\" data-elementor-lightbox-slideshow=\"fb85153\" data-elementor-lightbox-title=\"Carnaval\" data-e-action-hash=\"#elementor-action%3Aaction%3Dlightbox%26settings%3DeyJpZCI6ODc5LCJ1cmwiOiJodHRwczpcL1wvd3d3LnR1cmlzbW92aWxsYW51ZXZhZGVsb3NpbmZhbnRlcy5lc1wvd3AtY29udGVudFwvdXBsb2Fkc1wvMjAyMlwvMDRcL0Rlc2ZpbGUtQ2Fycm96YXMteS1NYXNjYXJhcy02LmpwZyIsInNsaWRlc2hvdyI6ImZiODUxNTMifQ%3D%3D\" href='https:\/\/www.turismovillanuevadelosinfantes.es\/wp-content\/uploads\/2022\/04\/Desfile-Carrozas-y-Mascaras-6.jpg'><img decoding=\"async\" width=\"150\" height=\"150\" src=\"https:\/\/www.turismovillanuevadelosinfantes.es\/wp-content\/uploads\/2022\/04\/Desfile-Carrozas-y-Mascaras-6-150x150.jpg\" class=\"attachment-thumbnail size-thumbnail\" alt=\"\" sizes=\"100vw\" \/><\/a>\n\t\t\t<\/div><\/figure><figure class='gallery-item'>\n\t\t\t<div class='gallery-icon landscape'>\n\t\t\t\t<a data-elementor-open-lightbox=\"yes\" data-elementor-lightbox-slideshow=\"fb85153\" data-elementor-lightbox-title=\"Carnaval\" data-e-action-hash=\"#elementor-action%3Aaction%3Dlightbox%26settings%3DeyJpZCI6ODgwLCJ1cmwiOiJodHRwczpcL1wvd3d3LnR1cmlzbW92aWxsYW51ZXZhZGVsb3NpbmZhbnRlcy5lc1wvd3AtY29udGVudFwvdXBsb2Fkc1wvMjAyMlwvMDRcL0Rlc2ZpbGUtQ2Fycm96YXMteS1NYXNjYXJhcy05LmpwZyIsInNsaWRlc2hvdyI6ImZiODUxNTMifQ%3D%3D\" href='https:\/\/www.turismovillanuevadelosinfantes.es\/wp-content\/uploads\/2022\/04\/Desfile-Carrozas-y-Mascaras-9.jpg'><img loading=\"lazy\" decoding=\"async\" width=\"150\" height=\"150\" src=\"https:\/\/www.turismovillanuevadelosinfantes.es\/wp-content\/uploads\/2022\/04\/Desfile-Carrozas-y-Mascaras-9-150x150.jpg\" class=\"attachment-thumbnail size-thumbnail\" alt=\"\" sizes=\"100vw\" \/><\/a>\n\t\t\t<\/div><\/figure><figure class='gallery-item'>\n\t\t\t<div class='gallery-icon landscape'>\n\t\t\t\t<a data-elementor-open-lightbox=\"yes\" data-elementor-lightbox-slideshow=\"fb85153\" data-elementor-lightbox-title=\"Carnaval\" data-e-action-hash=\"#elementor-action%3Aaction%3Dlightbox%26settings%3DeyJpZCI6ODgxLCJ1cmwiOiJodHRwczpcL1wvd3d3LnR1cmlzbW92aWxsYW51ZXZhZGVsb3NpbmZhbnRlcy5lc1wvd3AtY29udGVudFwvdXBsb2Fkc1wvMjAyMlwvMDRcL0Rlc2ZpbGUtQ2Fycm96YXMteS1NYXNjYXJhcy0xMS5qcGciLCJzbGlkZXNob3ciOiJmYjg1MTUzIn0%3D\" href='https:\/\/www.turismovillanuevadelosinfantes.es\/wp-content\/uploads\/2022\/04\/Desfile-Carrozas-y-Mascaras-11.jpg'><img loading=\"lazy\" decoding=\"async\" width=\"150\" height=\"150\" src=\"https:\/\/www.turismovillanuevadelosinfantes.es\/wp-content\/uploads\/2022\/04\/Desfile-Carrozas-y-Mascaras-11-150x150.jpg\" class=\"attachment-thumbnail size-thumbnail\" alt=\"\" sizes=\"100vw\" \/><\/a>\n\t\t\t<\/div><\/figure><figure class='gallery-item'>\n\t\t\t<div class='gallery-icon landscape'>\n\t\t\t\t<a data-elementor-open-lightbox=\"yes\" data-elementor-lightbox-slideshow=\"fb85153\" data-elementor-lightbox-title=\"Carnaval\" data-e-action-hash=\"#elementor-action%3Aaction%3Dlightbox%26settings%3DeyJpZCI6ODgyLCJ1cmwiOiJodHRwczpcL1wvd3d3LnR1cmlzbW92aWxsYW51ZXZhZGVsb3NpbmZhbnRlcy5lc1wvd3AtY29udGVudFwvdXBsb2Fkc1wvMjAyMlwvMDRcL0Rlc2ZpbGUtQ2Fycm96YXMteS1NYXNjYXJhcy0xMy5qcGciLCJzbGlkZXNob3ciOiJmYjg1MTUzIn0%3D\" href='https:\/\/www.turismovillanuevadelosinfantes.es\/wp-content\/uploads\/2022\/04\/Desfile-Carrozas-y-Mascaras-13.jpg'><img loading=\"lazy\" decoding=\"async\" width=\"150\" height=\"150\" src=\"https:\/\/www.turismovillanuevadelosinfantes.es\/wp-content\/uploads\/2022\/04\/Desfile-Carrozas-y-Mascaras-13-150x150.jpg\" class=\"attachment-thumbnail size-thumbnail\" alt=\"\" sizes=\"100vw\" \/><\/a>\n\t\t\t<\/div><\/figure><figure class='gallery-item'>\n\t\t\t<div class='gallery-icon landscape'>\n\t\t\t\t<a data-elementor-open-lightbox=\"yes\" data-elementor-lightbox-slideshow=\"fb85153\" data-elementor-lightbox-title=\"Carnaval\" data-e-action-hash=\"#elementor-action%3Aaction%3Dlightbox%26settings%3DeyJpZCI6ODgzLCJ1cmwiOiJodHRwczpcL1wvd3d3LnR1cmlzbW92aWxsYW51ZXZhZGVsb3NpbmZhbnRlcy5lc1wvd3AtY29udGVudFwvdXBsb2Fkc1wvMjAyMlwvMDRcL0Rlc2ZpbGUtQ2Fycm96YXMteS1NYXNjYXJhcy0xNi5qcGciLCJzbGlkZXNob3ciOiJmYjg1MTUzIn0%3D\" href='https:\/\/www.turismovillanuevadelosinfantes.es\/wp-content\/uploads\/2022\/04\/Desfile-Carrozas-y-Mascaras-16.jpg'><img loading=\"lazy\" decoding=\"async\" width=\"150\" height=\"150\" src=\"https:\/\/www.turismovillanuevadelosinfantes.es\/wp-content\/uploads\/2022\/04\/Desfile-Carrozas-y-Mascaras-16-150x150.jpg\" class=\"attachment-thumbnail size-thumbnail\" alt=\"\" sizes=\"100vw\" \/><\/a>\n\t\t\t<\/div><\/figure><figure class='gallery-item'>\n\t\t\t<div class='gallery-icon landscape'>\n\t\t\t\t<a data-elementor-open-lightbox=\"yes\" data-elementor-lightbox-slideshow=\"fb85153\" data-elementor-lightbox-title=\"Carnaval\" data-e-action-hash=\"#elementor-action%3Aaction%3Dlightbox%26settings%3DeyJpZCI6ODg0LCJ1cmwiOiJodHRwczpcL1wvd3d3LnR1cmlzbW92aWxsYW51ZXZhZGVsb3NpbmZhbnRlcy5lc1wvd3AtY29udGVudFwvdXBsb2Fkc1wvMjAyMlwvMDRcL0Rlc2ZpbGUtQ2Fycm96YXMteS1NYXNjYXJhcy0yMi5qcGciLCJzbGlkZXNob3ciOiJmYjg1MTUzIn0%3D\" href='https:\/\/www.turismovillanuevadelosinfantes.es\/wp-content\/uploads\/2022\/04\/Desfile-Carrozas-y-Mascaras-22.jpg'><img loading=\"lazy\" decoding=\"async\" width=\"150\" height=\"150\" src=\"https:\/\/www.turismovillanuevadelosinfantes.es\/wp-content\/uploads\/2022\/04\/Desfile-Carrozas-y-Mascaras-22-150x150.jpg\" class=\"attachment-thumbnail size-thumbnail\" alt=\"\" sizes=\"100vw\" \/><\/a>\n\t\t\t<\/div><\/figure><figure class='gallery-item'>\n\t\t\t<div class='gallery-icon landscape'>\n\t\t\t\t<a data-elementor-open-lightbox=\"yes\" data-elementor-lightbox-slideshow=\"fb85153\" data-elementor-lightbox-title=\"Carnaval\" data-e-action-hash=\"#elementor-action%3Aaction%3Dlightbox%26settings%3DeyJpZCI6ODg1LCJ1cmwiOiJodHRwczpcL1wvd3d3LnR1cmlzbW92aWxsYW51ZXZhZGVsb3NpbmZhbnRlcy5lc1wvd3AtY29udGVudFwvdXBsb2Fkc1wvMjAyMlwvMDRcL0Rlc2ZpbGUtQ2Fycm96YXMteS1NYXNjYXJhcy0yMy5qcGciLCJzbGlkZXNob3ciOiJmYjg1MTUzIn0%3D\" href='https:\/\/www.turismovillanuevadelosinfantes.es\/wp-content\/uploads\/2022\/04\/Desfile-Carrozas-y-Mascaras-23.jpg'><img loading=\"lazy\" decoding=\"async\" width=\"150\" height=\"150\" src=\"https:\/\/www.turismovillanuevadelosinfantes.es\/wp-content\/uploads\/2022\/04\/Desfile-Carrozas-y-Mascaras-23-150x150.jpg\" class=\"attachment-thumbnail size-thumbnail\" alt=\"\" sizes=\"100vw\" \/><\/a>\n\t\t\t<\/div><\/figure><figure class='gallery-item'>\n\t\t\t<div class='gallery-icon landscape'>\n\t\t\t\t<a data-elementor-open-lightbox=\"yes\" data-elementor-lightbox-slideshow=\"fb85153\" data-elementor-lightbox-title=\"Carnaval\" data-e-action-hash=\"#elementor-action%3Aaction%3Dlightbox%26settings%3DeyJpZCI6ODg2LCJ1cmwiOiJodHRwczpcL1wvd3d3LnR1cmlzbW92aWxsYW51ZXZhZGVsb3NpbmZhbnRlcy5lc1wvd3AtY29udGVudFwvdXBsb2Fkc1wvMjAyMlwvMDRcL0Rlc2ZpbGUtQ2Fycm96YXMteS1NYXNjYXJhcy0yNC5qcGciLCJzbGlkZXNob3ciOiJmYjg1MTUzIn0%3D\" href='https:\/\/www.turismovillanuevadelosinfantes.es\/wp-content\/uploads\/2022\/04\/Desfile-Carrozas-y-Mascaras-24.jpg'><img loading=\"lazy\" decoding=\"async\" width=\"150\" height=\"150\" src=\"https:\/\/www.turismovillanuevadelosinfantes.es\/wp-content\/uploads\/2022\/04\/Desfile-Carrozas-y-Mascaras-24-150x150.jpg\" class=\"attachment-thumbnail size-thumbnail\" alt=\"\" sizes=\"100vw\" \/><\/a>\n\t\t\t<\/div><\/figure><figure class='gallery-item'>\n\t\t\t<div class='gallery-icon landscape'>\n\t\t\t\t<a data-elementor-open-lightbox=\"yes\" data-elementor-lightbox-slideshow=\"fb85153\" data-elementor-lightbox-title=\"Carnaval\" data-e-action-hash=\"#elementor-action%3Aaction%3Dlightbox%26settings%3DeyJpZCI6ODg3LCJ1cmwiOiJodHRwczpcL1wvd3d3LnR1cmlzbW92aWxsYW51ZXZhZGVsb3NpbmZhbnRlcy5lc1wvd3AtY29udGVudFwvdXBsb2Fkc1wvMjAyMlwvMDRcL0Rlc2ZpbGUtQ2Fycm96YXMteS1NYXNjYXJhcy0yNS5qcGciLCJzbGlkZXNob3ciOiJmYjg1MTUzIn0%3D\" href='https:\/\/www.turismovillanuevadelosinfantes.es\/wp-content\/uploads\/2022\/04\/Desfile-Carrozas-y-Mascaras-25.jpg'><img loading=\"lazy\" decoding=\"async\" width=\"150\" height=\"150\" src=\"https:\/\/www.turismovillanuevadelosinfantes.es\/wp-content\/uploads\/2022\/04\/Desfile-Carrozas-y-Mascaras-25-150x150.jpg\" class=\"attachment-thumbnail size-thumbnail\" alt=\"\" sizes=\"100vw\" \/><\/a>\n\t\t\t<\/div><\/figure><figure class='gallery-item'>\n\t\t\t<div class='gallery-icon landscape'>\n\t\t\t\t<a data-elementor-open-lightbox=\"yes\" data-elementor-lightbox-slideshow=\"fb85153\" data-elementor-lightbox-title=\"Carnaval\" data-e-action-hash=\"#elementor-action%3Aaction%3Dlightbox%26settings%3DeyJpZCI6ODg4LCJ1cmwiOiJodHRwczpcL1wvd3d3LnR1cmlzbW92aWxsYW51ZXZhZGVsb3NpbmZhbnRlcy5lc1wvd3AtY29udGVudFwvdXBsb2Fkc1wvMjAyMlwvMDRcL0Rlc2ZpbGUtQ2Fycm96YXMteS1NYXNjYXJhcy0yOS5qcGciLCJzbGlkZXNob3ciOiJmYjg1MTUzIn0%3D\" href='https:\/\/www.turismovillanuevadelosinfantes.es\/wp-content\/uploads\/2022\/04\/Desfile-Carrozas-y-Mascaras-29.jpg'><img loading=\"lazy\" decoding=\"async\" width=\"150\" height=\"150\" src=\"https:\/\/www.turismovillanuevadelosinfantes.es\/wp-content\/uploads\/2022\/04\/Desfile-Carrozas-y-Mascaras-29-150x150.jpg\" class=\"attachment-thumbnail size-thumbnail\" alt=\"\" sizes=\"100vw\" \/><\/a>\n\t\t\t<\/div><\/figure><figure class='gallery-item'>\n\t\t\t<div class='gallery-icon landscape'>\n\t\t\t\t<a data-elementor-open-lightbox=\"yes\" data-elementor-lightbox-slideshow=\"fb85153\" data-elementor-lightbox-title=\"Carnaval\" data-e-action-hash=\"#elementor-action%3Aaction%3Dlightbox%26settings%3DeyJpZCI6ODg5LCJ1cmwiOiJodHRwczpcL1wvd3d3LnR1cmlzbW92aWxsYW51ZXZhZGVsb3NpbmZhbnRlcy5lc1wvd3AtY29udGVudFwvdXBsb2Fkc1wvMjAyMlwvMDRcL0Rlc2ZpbGUtQ2Fycm96YXMteS1NYXNjYXJhcy0zMi5qcGciLCJzbGlkZXNob3ciOiJmYjg1MTUzIn0%3D\" href='https:\/\/www.turismovillanuevadelosinfantes.es\/wp-content\/uploads\/2022\/04\/Desfile-Carrozas-y-Mascaras-32.jpg'><img loading=\"lazy\" decoding=\"async\" width=\"150\" height=\"150\" src=\"https:\/\/www.turismovillanuevadelosinfantes.es\/wp-content\/uploads\/2022\/04\/Desfile-Carrozas-y-Mascaras-32-150x150.jpg\" class=\"attachment-thumbnail size-thumbnail\" alt=\"\" sizes=\"100vw\" \/><\/a>\n\t\t\t<\/div><\/figure><figure class='gallery-item'>\n\t\t\t<div class='gallery-icon landscape'>\n\t\t\t\t<a data-elementor-open-lightbox=\"yes\" data-elementor-lightbox-slideshow=\"fb85153\" data-elementor-lightbox-title=\"Carnaval\" data-e-action-hash=\"#elementor-action%3Aaction%3Dlightbox%26settings%3DeyJpZCI6ODkwLCJ1cmwiOiJodHRwczpcL1wvd3d3LnR1cmlzbW92aWxsYW51ZXZhZGVsb3NpbmZhbnRlcy5lc1wvd3AtY29udGVudFwvdXBsb2Fkc1wvMjAyMlwvMDRcL0Rlc2ZpbGUtQ2Fycm96YXMteS1NYXNjYXJhcy0zNy5qcGciLCJzbGlkZXNob3ciOiJmYjg1MTUzIn0%3D\" href='https:\/\/www.turismovillanuevadelosinfantes.es\/wp-content\/uploads\/2022\/04\/Desfile-Carrozas-y-Mascaras-37.jpg'><img loading=\"lazy\" decoding=\"async\" width=\"150\" height=\"150\" src=\"https:\/\/www.turismovillanuevadelosinfantes.es\/wp-content\/uploads\/2022\/04\/Desfile-Carrozas-y-Mascaras-37-150x150.jpg\" class=\"attachment-thumbnail size-thumbnail\" alt=\"\" sizes=\"100vw\" \/><\/a>\n\t\t\t<\/div><\/figure><figure class='gallery-item'>\n\t\t\t<div class='gallery-icon landscape'>\n\t\t\t\t<a data-elementor-open-lightbox=\"yes\" data-elementor-lightbox-slideshow=\"fb85153\" data-elementor-lightbox-title=\"Carnaval\" data-e-action-hash=\"#elementor-action%3Aaction%3Dlightbox%26settings%3DeyJpZCI6ODkxLCJ1cmwiOiJodHRwczpcL1wvd3d3LnR1cmlzbW92aWxsYW51ZXZhZGVsb3NpbmZhbnRlcy5lc1wvd3AtY29udGVudFwvdXBsb2Fkc1wvMjAyMlwvMDRcL0Rlc2ZpbGUtQ2Fycm96YXMteS1NYXNjYXJhcy00NC5qcGciLCJzbGlkZXNob3ciOiJmYjg1MTUzIn0%3D\" href='https:\/\/www.turismovillanuevadelosinfantes.es\/wp-content\/uploads\/2022\/04\/Desfile-Carrozas-y-Mascaras-44.jpg'><img loading=\"lazy\" decoding=\"async\" width=\"150\" height=\"150\" src=\"https:\/\/www.turismovillanuevadelosinfantes.es\/wp-content\/uploads\/2022\/04\/Desfile-Carrozas-y-Mascaras-44-150x150.jpg\" class=\"attachment-thumbnail size-thumbnail\" alt=\"\" sizes=\"100vw\" \/><\/a>\n\t\t\t<\/div><\/figure><figure class='gallery-item'>\n\t\t\t<div class='gallery-icon landscape'>\n\t\t\t\t<a data-elementor-open-lightbox=\"yes\" data-elementor-lightbox-slideshow=\"fb85153\" data-elementor-lightbox-title=\"Carnaval\" data-e-action-hash=\"#elementor-action%3Aaction%3Dlightbox%26settings%3DeyJpZCI6ODkyLCJ1cmwiOiJodHRwczpcL1wvd3d3LnR1cmlzbW92aWxsYW51ZXZhZGVsb3NpbmZhbnRlcy5lc1wvd3AtY29udGVudFwvdXBsb2Fkc1wvMjAyMlwvMDRcL0Rlc2ZpbGUtQ2Fycm96YXMteS1NYXNjYXJhcy01Mi5qcGciLCJzbGlkZXNob3ciOiJmYjg1MTUzIn0%3D\" href='https:\/\/www.turismovillanuevadelosinfantes.es\/wp-content\/uploads\/2022\/04\/Desfile-Carrozas-y-Mascaras-52.jpg'><img loading=\"lazy\" decoding=\"async\" width=\"150\" height=\"150\" src=\"https:\/\/www.turismovillanuevadelosinfantes.es\/wp-content\/uploads\/2022\/04\/Desfile-Carrozas-y-Mascaras-52-150x150.jpg\" class=\"attachment-thumbnail size-thumbnail\" alt=\"\" sizes=\"100vw\" \/><\/a>\n\t\t\t<\/div><\/figure><figure class='gallery-item'>\n\t\t\t<div class='gallery-icon landscape'>\n\t\t\t\t<a data-elementor-open-lightbox=\"yes\" data-elementor-lightbox-slideshow=\"fb85153\" data-elementor-lightbox-title=\"Carnaval\" data-e-action-hash=\"#elementor-action%3Aaction%3Dlightbox%26settings%3DeyJpZCI6ODkzLCJ1cmwiOiJodHRwczpcL1wvd3d3LnR1cmlzbW92aWxsYW51ZXZhZGVsb3NpbmZhbnRlcy5lc1wvd3AtY29udGVudFwvdXBsb2Fkc1wvMjAyMlwvMDRcL0Rlc2ZpbGUtQ2Fycm96YXMteS1NYXNjYXJhcy01NC5qcGciLCJzbGlkZXNob3ciOiJmYjg1MTUzIn0%3D\" href='https:\/\/www.turismovillanuevadelosinfantes.es\/wp-content\/uploads\/2022\/04\/Desfile-Carrozas-y-Mascaras-54.jpg'><img loading=\"lazy\" decoding=\"async\" width=\"150\" height=\"150\" src=\"https:\/\/www.turismovillanuevadelosinfantes.es\/wp-content\/uploads\/2022\/04\/Desfile-Carrozas-y-Mascaras-54-150x150.jpg\" class=\"attachment-thumbnail size-thumbnail\" alt=\"\" sizes=\"100vw\" \/><\/a>\n\t\t\t<\/div><\/figure><figure class='gallery-item'>\n\t\t\t<div class='gallery-icon landscape'>\n\t\t\t\t<a data-elementor-open-lightbox=\"yes\" data-elementor-lightbox-slideshow=\"fb85153\" data-elementor-lightbox-title=\"Carnaval\" data-e-action-hash=\"#elementor-action%3Aaction%3Dlightbox%26settings%3DeyJpZCI6ODk0LCJ1cmwiOiJodHRwczpcL1wvd3d3LnR1cmlzbW92aWxsYW51ZXZhZGVsb3NpbmZhbnRlcy5lc1wvd3AtY29udGVudFwvdXBsb2Fkc1wvMjAyMlwvMDRcL0Rlc2ZpbGUtQ2Fycm96YXMteS1NYXNjYXJhcy01Ni5qcGciLCJzbGlkZXNob3ciOiJmYjg1MTUzIn0%3D\" href='https:\/\/www.turismovillanuevadelosinfantes.es\/wp-content\/uploads\/2022\/04\/Desfile-Carrozas-y-Mascaras-56.jpg'><img loading=\"lazy\" decoding=\"async\" width=\"150\" height=\"150\" src=\"https:\/\/www.turismovillanuevadelosinfantes.es\/wp-content\/uploads\/2022\/04\/Desfile-Carrozas-y-Mascaras-56-150x150.jpg\" class=\"attachment-thumbnail size-thumbnail\" alt=\"\" sizes=\"100vw\" \/><\/a>\n\t\t\t<\/div><\/figure><figure class='gallery-item'>\n\t\t\t<div class='gallery-icon landscape'>\n\t\t\t\t<a data-elementor-open-lightbox=\"yes\" data-elementor-lightbox-slideshow=\"fb85153\" data-elementor-lightbox-title=\"Carnaval\" data-e-action-hash=\"#elementor-action%3Aaction%3Dlightbox%26settings%3DeyJpZCI6ODk1LCJ1cmwiOiJodHRwczpcL1wvd3d3LnR1cmlzbW92aWxsYW51ZXZhZGVsb3NpbmZhbnRlcy5lc1wvd3AtY29udGVudFwvdXBsb2Fkc1wvMjAyMlwvMDRcL0Rlc2ZpbGUtQ2Fycm96YXMteS1NYXNjYXJhcy01OS5qcGciLCJzbGlkZXNob3ciOiJmYjg1MTUzIn0%3D\" href='https:\/\/www.turismovillanuevadelosinfantes.es\/wp-content\/uploads\/2022\/04\/Desfile-Carrozas-y-Mascaras-59.jpg'><img loading=\"lazy\" decoding=\"async\" width=\"150\" height=\"150\" src=\"https:\/\/www.turismovillanuevadelosinfantes.es\/wp-content\/uploads\/2022\/04\/Desfile-Carrozas-y-Mascaras-59-150x150.jpg\" class=\"attachment-thumbnail size-thumbnail\" alt=\"\" sizes=\"100vw\" \/><\/a>\n\t\t\t<\/div><\/figure>\n\t\t<\/div>\n\t\t<\/div>\n\t\t\t\t\t\t<\/div>\n\t\t\t\t<\/div>\n\t\t\t\t\t<\/div>\n\t\t<\/div>\n\t\t\t\t<div class=\"elementor-column elementor-col-16 elementor-top-column elementor-element elementor-element-7f70037\" data-id=\"7f70037\" data-element_type=\"column\">\n\t\t\t<div class=\"elementor-widget-wrap\">\n\t\t\t\t\t\t\t<\/div>\n\t\t<\/div>\n\t\t\t\t\t<\/div>\n\t\t<\/section>\n\t\t\t\t<\/div>","protected":false},"excerpt":{"rendered":"<p>Carnaval Pr\u00f3xima celebraci\u00f3n: del 13 al 28 de febrero de 2026 PROGRAMA DE ACTOS 2026 Villanueva de los Infantes celebra cada a\u00f1o las fiestas de Carnaval atrayendo a numeroso p\u00fablico de la comarca del Campo de Montiel . En el Carnaval tienen cabida grandes y peque\u00f1os y el humor y el colorido son la nota &hellip; <\/p>\n<p class=\"link-more\"><a href=\"https:\/\/www.turismovillanuevadelosinfantes.es\/en\/carnaval\/\" class=\"more-link\">Read more<span class=\"screen-reader-text\"> \u00abCarnaval\u00bb<\/span><\/a><\/p>","protected":false},"author":1,"featured_media":867,"parent":0,"menu_order":0,"comment_status":"closed","ping_status":"closed","template":"page-templates\/full-width-no-title.php","meta":{"footnotes":""},"class_list":["post-877","page","type-page","status-publish","has-post-thumbnail","hentry"],"_links":{"self":[{"href":"https:\/\/www.turismovillanuevadelosinfantes.es\/en\/wp-json\/wp\/v2\/pages\/877","targetHints":{"allow":["GET"]}}],"collection":[{"href":"https:\/\/www.turismovillanuevadelosinfantes.es\/en\/wp-json\/wp\/v2\/pages"}],"about":[{"href":"https:\/\/www.turismovillanuevadelosinfantes.es\/en\/wp-json\/wp\/v2\/types\/page"}],"author":[{"embeddable":true,"href":"https:\/\/www.turismovillanuevadelosinfantes.es\/en\/wp-json\/wp\/v2\/users\/1"}],"replies":[{"embeddable":true,"href":"https:\/\/www.turismovillanuevadelosinfantes.es\/en\/wp-json\/wp\/v2\/comments?post=877"}],"version-history":[{"count":29,"href":"https:\/\/www.turismovillanuevadelosinfantes.es\/en\/wp-json\/wp\/v2\/pages\/877\/revisions"}],"predecessor-version":[{"id":3562,"href":"https:\/\/www.turismovillanuevadelosinfantes.es\/en\/wp-json\/wp\/v2\/pages\/877\/revisions\/3562"}],"wp:featuredmedia":[{"embeddable":true,"href":"https:\/\/www.turismovillanuevadelosinfantes.es\/en\/wp-json\/wp\/v2\/media\/867"}],"wp:attachment":[{"href":"https:\/\/www.turismovillanuevadelosinfantes.es\/en\/wp-json\/wp\/v2\/media?parent=877"}],"curies":[{"name":"wp","href":"https:\/\/api.w.org\/{rel}","templated":true}]}}