{"id":626,"date":"2022-03-29T12:00:15","date_gmt":"2022-03-29T12:00:15","guid":{"rendered":"https:\/\/www.turismovillanuevadelosinfantes.es\/?page_id=626"},"modified":"2024-08-28T10:11:34","modified_gmt":"2024-08-28T10:11:34","slug":"alrededores","status":"publish","type":"page","link":"https:\/\/www.turismovillanuevadelosinfantes.es\/en\/alrededores\/","title":{"rendered":"Near the town"},"content":{"rendered":"<div data-elementor-type=\"wp-page\" data-elementor-id=\"626\" class=\"elementor elementor-626\" data-elementor-post-type=\"page\">\n\t\t\t\t<\/p><div class=\"wp-block-column\" style=\"flex-basis: 66.66%;\"><p><\/p><p>Una jornada al sur del Campo de Montiel, donde hemos visto fortalezas, r\u00edos, museos, casas se\u00f1oriales, paisajes naturales, y una visita muy de moda hoy en d\u00eda como son las bodegas. A 10 km. de C\u00f3zar se encuentra Infantes, volvemos al lugar en la misma direcci\u00f3n, aunque por caminos diferentes, que don Quijote cuando volvi\u00f3 a su pueblo en la segunda salida de la Primera Parte. Nuestro h\u00e9roe se intern\u00f3 en lo m\u00e1s profundo de Sierra Morena buscando escapar a la acci\u00f3n de la justicia, para regresar de nuevo d\u00edas despu\u00e9s a la venta de Maritornes con motivo del enga\u00f1o urdido por el cura para recoger a don Quijote y traerlo a su pueblo. Obligatoriamente tuvo que recorrer parte de este \u00faltimo trayecto desde Sierra Morena- Castellar de Santiago donde se encuentra la Sierra del Cambr\u00f3n- Torre de Juan Abad- Villanueva de los Infantes- por el Campo de Montiel para volver a su pueblo.<\/p><h4><em>Pis\u00f3 por ella el uno y otro lado<\/em><br \/><em>De la gran Sierra Negra, y el famoso<\/em><br \/><em>Campo de Montiel,\u2026.<\/em><\/h4><\/div><\/div><\/div>\n\t\t\t\t\t\t\t\t\t<div class=\"elementor-tab-title elementor-tab-mobile-title\" aria-selected=\"false\" data-tab=\"7\" role=\"tab\" tabindex=\"-1\" aria-controls=\"elementor-tab-content-9087\" aria-expanded=\"false\">D\u00eda 7<\/div>\n\t\t\t\t\t<div id=\"elementor-tab-content-9087\" class=\"elementor-tab-content elementor-clearfix\" data-tab=\"7\" role=\"tabpanel\" aria-labelledby=\"elementor-tab-title-9087\" tabindex=\"0\" hidden=\"hidden\">\n<h2 class=\"wp-block-heading\">Carrizosa-Lagunas de Ruidera-Ossa de Montiel-Alhambra<\/h2>\n\n\n\n<p>Mirando estos paisajes rurales se comprenden mejor las salidas de don Quijote desde el Campo de Montiel y el regreso a su lugar. Tomando el camino muy de ma\u00f1ana con el sol de soslayo salimos del lugar. A 33 Km. iremos a Las Lagunas de Ruidera, paraje natural por excelencia del Campo de Montiel.<\/p>\n\n\n\n<p>Con direcci\u00f3n CM-3129 encontramos el pueblo de Carrizosa.<\/p>\n\n\n\n<div class=\"wp-block-columns is-layout-flex wp-container-core-columns-is-layout-28 wp-block-columns-is-layout-flex\">\n<div class=\"wp-block-column is-layout-flow wp-block-column-is-layout-flow\" style=\"flex-basis:40%\">\n<figure class=\"wp-block-image size-large is-style-default\"><img fetchpriority=\"high\" decoding=\"async\" width=\"1024\" height=\"681\" src=\"https:\/\/www.turismovillanuevadelosinfantes.es\/wp-content\/uploads\/2022\/04\/img4-2-1024x681.jpg\" alt=\"\" class=\"wp-image-1504\" srcset=\"https:\/\/www.turismovillanuevadelosinfantes.es\/wp-content\/uploads\/2022\/04\/img4-2-1024x681.jpg 1024w, https:\/\/www.turismovillanuevadelosinfantes.es\/wp-content\/uploads\/2022\/04\/img4-2-300x199.jpg 300w, https:\/\/www.turismovillanuevadelosinfantes.es\/wp-content\/uploads\/2022\/04\/img4-2-768x511.jpg 768w, https:\/\/www.turismovillanuevadelosinfantes.es\/wp-content\/uploads\/2022\/04\/img4-2-500x332.jpg 500w, https:\/\/www.turismovillanuevadelosinfantes.es\/wp-content\/uploads\/2022\/04\/img4-2-800x532.jpg 800w, https:\/\/www.turismovillanuevadelosinfantes.es\/wp-content\/uploads\/2022\/04\/img4-2-18x12.jpg 18w, https:\/\/www.turismovillanuevadelosinfantes.es\/wp-content\/uploads\/2022\/04\/img4-2.jpg 1182w\" sizes=\"(max-width: 1024px) 100vw, 1024px\" \/><\/figure>\n<\/div>\n\n\n\n<div class=\"wp-block-column is-layout-flow wp-block-column-is-layout-flow\" style=\"flex-basis:60%\">\n<h3 class=\"wp-block-heading\">Carrizosa<\/h3>\n\n\n\n<p>Seccionado en dos partes por el r\u00edo Ca\u00f1amares, cuyas calles tienen un trazado muy irregular, algunas tienen escaleras y sus casas presentan la tipolog\u00eda manchega.<\/p>\n\n\n\n<p>La iglesia parroquial de santa Catalina levantada recientemente conserva vestigios de un templo del s.<br>XVI. A 3 km. del pueblo por la carretera direcci\u00f3n a Villahermosa se localiza el paraje El Arroyo de los Toriles donde se puede visitar en \u00e9poca seca unas cuevas que contienen pinturas prehist\u00f3ricas.<\/p>\n<\/div>\n<\/div>\n\n\n\n<p>A unos 2,5 km. del pueblo hay una ermita bajo la advocaci\u00f3n de la Virgen del Salido, en la alameda del r\u00edo Azuer donde se encuentra la ermita, se celebra su romer\u00eda en la segunda quincena de agosto, siendo \u00e9sta muy populosa, donde d\u00eda y noche se come, se bebe y se baila. Cerca de estos contornos entre los l\u00edmites del t\u00e9rmino de Carrizosa,, Fuenllana y Villahermosa se encuentra la finca La Fuenlabrada donde tuvo lugar el episodio de las Bodas de Camacho. Despu\u00e9s de la boda don Quijote y Sancho acompa\u00f1aron a Basilio y Quiteria a su aldea, de la que seg\u00fan cuenta la tradici\u00f3n es el pueblo de Carrizosa.<\/p>\n\n\n\n<p>Despu\u00e9s de asistir a la mencionada boda cerca de los linderos de este pueblo, y en la que Basilio consigue casarse con Quiteria, tras la renuncia de Camacho el rico. Don Quijote muestra deseos de ir a Ruidera para entrar a la Cueva de Montesinos:<\/p>\n\n\n\n<h4 class=\"wp-block-heading\">\u2026mostr\u00f3 su deseo de entrar a la Cueva de Montesinos para ver si eran verdaderas las maravillas que de ella se dec\u00edan por todos estos contornos \u2026 el cual con micha voluntad le pondr\u00eda a la boca de la misma cueva y le ense\u00f1ar\u00eda las lagunas de Ruidera, famososas asimismo en toda La Mancha, y aun en toda Espa\u00f1a; [\u2026]ensill\u00f3 Sancho a Rocinante y aderez\u00f3 al rucio\u2026y despidi\u00e9ndose de todos, se pusieron en camino, tomando la derrota de la famosa Cueva de Montesinos[\u2026]se les pas\u00f3 el d\u00eda y a la noche se albergaron en una peque\u00f1a aldea\u2026( cap. XXII, II Parte).<\/h4>\n\n\n\n<p>Desde Carrizosa, nos dirigimos al norte por la carretera CR 642 para coger la N 430 y llegar al Parque Natural de las Lagunas de Ruidera, el cual acumula el agua de los nacimientos del Campo de Montiel formando 15 lagunas sucesivas, su nombre se atribuye al \u201cruido\u201d que hace el agua al saltar de una laguna a otra formando cascadas, hasta llegar a Ossa de Montiel, pueblo que desde 1833 pertenece a la provincia de Albacete.<\/p>\n\n\n\n<div class=\"wp-block-columns is-layout-flex wp-container-core-columns-is-layout-29 wp-block-columns-is-layout-flex\">\n<div class=\"wp-block-column is-layout-flow wp-block-column-is-layout-flow\" style=\"flex-basis:60%\">\n<h3 class=\"wp-block-heading\">Lagunas de Ruidera<\/h3>\n\n\n\n<p>Geomorfol\u00f3gicamente Las Lagunas pertenecen a la altiplanicie de la comarca natural del Campo de Montiel. Es un paraje natural formado por una serie de lagunas conectadas por peque\u00f1as cascadas. En el pueblo de Ruidera se encuentran la \u201cCasa de la P\u00f3lvora\u201d, trazada por el arquitecto Juan de Villanueva, actualmente Centro de Recepci\u00f3n de Visitantes. Dejando a un lado las lagunas de \u201cCenagal\u201d y \u201cColadilla\u201d, se encuentra la \u201cCascada del Hundimiento\u201d, donde desemboca el agua que discurre en las lagunas. Volviendo otra vez a la carretera a lo largo de 25 Km., al otro lado est\u00e1 la laguna \u201cdel Rey\u201d y siguiendo la carretera AB 650 se bordea todas las dem\u00e1s: \u201cColgada\u201d, Batana\u201d, \u201cLengua\u201d, \u201cRedondilla\u201d, \u201cSan Pedro\u201d, \u201cTinaja\u201d, \u201cConceja\u201d, \u201cBlanca\u201d y la \u201cNava\u201d. Se puede practicar deportes como la caza, pesca, senderismo, pirag\u00fcismo, y paseo a caballo.<\/p>\n<\/div>\n\n\n\n<div class=\"wp-block-column is-layout-flow wp-block-column-is-layout-flow\" style=\"flex-basis:40%\">\n<figure class=\"wp-block-image size-full is-style-default\"><img decoding=\"async\" width=\"640\" height=\"480\" src=\"https:\/\/www.turismovillanuevadelosinfantes.es\/wp-content\/uploads\/2022\/04\/img5-1.jpg\" alt=\"\" class=\"wp-image-1505\" srcset=\"https:\/\/www.turismovillanuevadelosinfantes.es\/wp-content\/uploads\/2022\/04\/img5-1.jpg 640w, https:\/\/www.turismovillanuevadelosinfantes.es\/wp-content\/uploads\/2022\/04\/img5-1-300x225.jpg 300w, https:\/\/www.turismovillanuevadelosinfantes.es\/wp-content\/uploads\/2022\/04\/img5-1-500x375.jpg 500w\" sizes=\"(max-width: 640px) 100vw, 640px\" \/><\/figure>\n<\/div>\n<\/div>\n\n\n\n<p>Desvi\u00e1ndose en la laguna de San Pedro, se llega a la famosa Cueva de Montesinos, de quien desde siempre tantas y tan admirables cosas en aquellos contornos se contaban.<\/p>\n\n\n\n<p>Para conocer e interpretar las aventuras de don Quijote y Sancho en estos parajes, hay que leer o haber le\u00eddo los cap\u00edtulos XVIII al XXVII de la segunda parte de El Quijote. Siguiendo los pasos del hidalgo manchego, llegar\u00e1 a una sima, bajando al interior a la derecha mano, se hace una gran concavidad y espacio capaz de caber en ella un gran carro con sus mulas. Aqu\u00ed fue donde don Quijote vivi\u00f3 uno de los momentos m\u00e1s surrealistas de su vida caballeresca. No lejos de aqu\u00ed- respondi\u00f3 el primo-, est\u00e1 una ermita que tiene una habitaci\u00f3n o peque\u00f1a casa (cap. XXIV, II Parte)\u2026\u201d.<\/p>\n\n\n\n<p>Cercano a Ossa de Montiel nos encontramos con el Castillo de Rochafrida, peque\u00f1a fortaleza de origen \u00e1rabe, situado en el valle del Alarconcillo y que paso a manos de la orden de Santiago, donde Cervantes sit\u00faa a la princesa Rosaflorida.<\/p>\n\n\n\n<p>En nuestro paso por este valle encontraremos la ermita de San Pedro de Verona, que tambi\u00e9n refleja Cervantes y cerca de ella la que dicen Venta del celem\u00edn.\u00bbJunto con la ermita tiene una peque\u00f1a casa. con todo, aunque chica, es capaz de recibir hu\u00e9spedes\u00bb (cap\u00edtulo XXIV). Y a apenas dos leguas de la venta la famosa cueva de montesinos\u201d. <\/p>\n\n\n\n<p>Esta venta pertenece al t\u00e9rmino de Ossa de Montiel.<\/p>\n\n\n\n<h3 class=\"wp-block-heading\">Ossa de Montiel<\/h3>\n\n\n\n<p>Este pueblo dista de Ruidera 14 Km. por la carretera N-430.<\/p>\n\n\n\n<p>Un pueblo tranquilo, de casas bajas. Tiene una iglesia dedicada a Santa Mar\u00eda Magdalena, con trazas g\u00f3tica parecida a una ermita rural por su sencillez, con un arco de medio punto enmarcado en un alfiz y campanario en forma de espa\u00f1ada\u00f1a. Cuenta con un Museo Etnogr\u00e1fico de artes y oficios, en el que hay que solicitar informaci\u00f3n de su visita con antelaci\u00f3n.<\/p>\n\n\n\n<p>El Rollo jurisdiccional o Picota est\u00e1 situado en el jard\u00edn de Nuestra Historia.<\/p>\n\n\n\n<p>Ossa de Montiel recibe el t\u00edtulo de villa el 28 de septiembre de 1410 de manos del infante D. Enrique (hijo del rey Fernando de Arag\u00f3n). Este hecho se representa con la construcci\u00f3n del denominado Rollo o Picota que es s\u00edmbolo de jurisdicci\u00f3n del pueblo. Se trata de una talla de piedra de 5 metros de altura en forma de columna, con ganchos en la parte de arriba, asentado sobre una base de 4 pelda\u00f1os en forma cil\u00edndrica. En \u00e9l se expon\u00edan a los reos para su verg\u00fcenza p\u00fablica.<\/p>\n\n\n\n<p>En las Lagunas de Ruidera se puede disfrutar de un ba\u00f1o si es \u00e9poca veraniega y a la hora de comer reservar mesa para degustar unos galianos, conejo al ajillo o perdiz en escabeche, para continuar con el viaje hacia Alhambra.<\/p>\n\n\n\n<p>Se volver\u00e1 al Centro de Recepci\u00f3n del Parque Natural de Las Lagunas para continuar por la carretera N 430 para llegar al cerro milenario que se asoma a la planicie manchega de colores rojizos.<\/p>\n\n\n\n<div class=\"wp-block-columns is-layout-flex wp-container-core-columns-is-layout-30 wp-block-columns-is-layout-flex\">\n<div class=\"wp-block-column is-layout-flow wp-block-column-is-layout-flow\" style=\"flex-basis:40%\">\n<figure class=\"wp-block-image size-full is-style-default\"><img decoding=\"async\" width=\"909\" height=\"606\" src=\"https:\/\/www.turismovillanuevadelosinfantes.es\/wp-content\/uploads\/2022\/04\/img11-2.jpg\" alt=\"\" class=\"wp-image-1506\" srcset=\"https:\/\/www.turismovillanuevadelosinfantes.es\/wp-content\/uploads\/2022\/04\/img11-2.jpg 909w, https:\/\/www.turismovillanuevadelosinfantes.es\/wp-content\/uploads\/2022\/04\/img11-2-300x200.jpg 300w, https:\/\/www.turismovillanuevadelosinfantes.es\/wp-content\/uploads\/2022\/04\/img11-2-768x512.jpg 768w, https:\/\/www.turismovillanuevadelosinfantes.es\/wp-content\/uploads\/2022\/04\/img11-2-500x333.jpg 500w, https:\/\/www.turismovillanuevadelosinfantes.es\/wp-content\/uploads\/2022\/04\/img11-2-800x533.jpg 800w\" sizes=\"(max-width: 909px) 100vw, 909px\" \/><\/figure>\n<\/div>\n\n\n\n<div class=\"wp-block-column is-layout-flow wp-block-column-is-layout-flow\" style=\"flex-basis:60%\">\n<h3 class=\"wp-block-heading\">Alhambra<\/h3>\n\n\n\n<p>Para dirigirse a esta villa romana, \u00e1rabe y cristiana a 20 km desde ese punto de la recepci\u00f3n del Parque Natural y a 24 km. de Villanueva de los Infantes por la carretera N 430. Este pueblo mantiene su legado hist\u00f3rico, pasando desde la Edad del Bronce, pasando por los \u00cdberos, Romanos, Visigodos, Musulmanes y la Edad Media, en el que su esplendor fue importante y estrat\u00e9gico. En la ladera de la meseta en uno de sus lados sobre un cerro, se ve el castillo de origen musulm\u00e1n.<\/p>\n<\/div>\n<\/div>\n\n\n\n<p>Tras la victoria de las Navas de Tolosa, Alfonso VIII otorg\u00f3 a los Caballeros de la Orden de Santiago el Campo de Montiel. A su vez don\u00f3 Alhambra al Conde \u00c1lvaro Nu\u00f1ez de Lara, para convertirse m\u00e1s tarde en la Encomienda m\u00e1s rica de la Orden. Su antig\u00fcedad y prestigio la convirtieron en la segunda cabecera del campo de Montiel. Aqu\u00ed se ubica la ciudad de Laminium, punto importante de cruce de v\u00edas romanas. En el casco urbano se puede contemplar estatuas, pedestales, sarc\u00f3fagos, ajuares funerarios, losas\u2026<\/p>\n\n\n\n<p>Cuenta con un museo de arqueolog\u00eda con importantes vestigios romanos, situado en la calle Calvario, abierto todos los d\u00edas previa cita y en el que se puede contemplar una colecci\u00f3n permanente de objetos arqueol\u00f3gicos. Alhambra est\u00e1 emplazada en un cerro que forma parte de la Sierra de Alhambra que presenta el color rojizo de donde procede el origen \u00e1rabe de su nombre: Al-amra (La Roja).<\/p>\n\n\n\n<p>Cuenta con un museo de arqueolog\u00eda con importantes vestigios romanos, situado en la calle Calvario, abierto todos los d\u00edas previa cita y en el que se puede contemplar una colecci\u00f3n permanente de objetos arqueol\u00f3gicos. Alhambra est\u00e1 emplazada en un cerro que forma parte de la Sierra de Alhambra que presenta el color rojizo de donde procede el origen \u00e1rabe de su nombre: Al-amra (La Roja).<\/p>\n\n\n\n<p>Destaca su urbanismo de trazado irregular isl\u00e1mico, con calles de cuesta y viviendas encaladas. La iglesia de san Bartolom\u00e9, tiene sus ra\u00edces en los restos de un antiguo templo romano, aprovechando sillares, columnas y dos esculturas togadas que se encuentran delante de la iglesia. En su interior se conservan dos retablos del siglo XV y un sagrario de la misma \u00e9poca. Las fiestas m\u00e1s populares son las que se celebran en honor a su patr\u00f3n san Bartolom\u00e9 del 23 al 27 de agosto y la romer\u00eda de Nuestra Sra. de F\u00e1tima, el segundo s\u00e1bado de mayo.<\/p>\n\n\n\n<p>Desde el mirador del Calvario se puede admirar la inmensidad del Campo de Montiel.<\/p>\n\n\n\n<p>En agosto Alhambra celebra unas Jornadas Ibero-Romanas para conmemorar la ciudad de Laminium y la convivencia entre las dos culturas.<\/p>\n\n\n\n<p>Tiene un interesante Museo Municipal de Arqueolog\u00eda y de Etnograf\u00eda, gestiona con apoyo del Ayuntamiento, en el cual se muestran los principales episodios y materiales de la historia local.<\/p>\n\n\n\n<p>Destaca su urbanismo de trazado irregular isl\u00e1mico, con calles de&nbsp;cuesta y viviendas encaladas.<\/p>\n\n\n\n<p>La iglesia de san Bartolom\u00e9, tiene sus ra\u00edces en los restos de un antiguo templo romano, aprovechando sillares, columnas y dos esculturas togadas que se encuentran delante de la iglesia. En su interior se conservan dos retablos del siglo XV y un sagrario de la misma \u00e9poca. Las fiestas m\u00e1s populares son las que se celebran en<br>honor a su patr\u00f3n san Bartolom\u00e9 del 23 al 27 de agosto y la romer\u00eda de Nuestra Sra. de F\u00e1tima, el segundo s\u00e1bado de mayo<\/p>\n\n\n\n<p>De nuevo por la N-430 con direcci\u00f3n a Ruidera, buscaremos el desv\u00edo de la CR-642 que nos llevar\u00e1 de nuevo a Carrizosa (10 km). El anochecer requiere volver al lugar. Descansar en cualquiera de los hoteles o casas rurales ser\u00e1 un placer, tras haber hecho la ruta que se acaba de explicar.<\/p>\n\n<\/div>\n\t\t\t\t\t\t\t\t\t<div class=\"elementor-tab-title elementor-tab-mobile-title\" aria-selected=\"false\" data-tab=\"8\" role=\"tab\" tabindex=\"-1\" aria-controls=\"elementor-tab-content-9088\" aria-expanded=\"false\">D\u00eda 8<\/div>\n\t\t\t\t\t<div id=\"elementor-tab-content-9088\" class=\"elementor-tab-content elementor-clearfix\" data-tab=\"8\" role=\"tabpanel\" aria-labelledby=\"elementor-tab-title-9088\" tabindex=\"0\" hidden=\"hidden\">\n<h2 class=\"wp-block-heading\">Villanueva de la Fuente- Villahermosa-Fuenllana<\/h2>\n\n\n\n<p>Para quienes quieran visitar esta clandestina ruta del agua, saliendo desde Villanueva de los Infantes por la CM 2127 a Montiel a 5 Km. de esta villa, en la carretera CRP 6311 en direcci\u00f3n a Villanueva de la Fuente nos<\/p>\n\n\n\n<p>encontramos con el paraje natural de los Ojos del Jabal\u00f3n, donde nace dicho r\u00edo, afluente del Guadiana. Siguiendo la carretera CR 6311 a 12 km. llegamos a Villanueva de la Fuente.<\/p>\n\n\n\n<div class=\"wp-block-columns is-layout-flex wp-container-core-columns-is-layout-31 wp-block-columns-is-layout-flex\">\n<div class=\"wp-block-column is-layout-flow wp-block-column-is-layout-flow\" style=\"flex-basis:40%\">\n<figure class=\"wp-block-image size-full is-style-default\"><img loading=\"lazy\" decoding=\"async\" width=\"400\" height=\"300\" src=\"https:\/\/www.turismovillanuevadelosinfantes.es\/wp-content\/uploads\/2022\/04\/img2-2.jpg\" alt=\"\" class=\"wp-image-1507\" srcset=\"https:\/\/www.turismovillanuevadelosinfantes.es\/wp-content\/uploads\/2022\/04\/img2-2.jpg 400w, https:\/\/www.turismovillanuevadelosinfantes.es\/wp-content\/uploads\/2022\/04\/img2-2-300x225.jpg 300w\" sizes=\"(max-width: 400px) 100vw, 400px\" \/><\/figure>\n<\/div>\n\n\n\n<div class=\"wp-block-column is-layout-flow wp-block-column-is-layout-flow\" style=\"flex-basis:60%\">\n<h3 class=\"wp-block-heading\">Villanueva de la Fuente<\/h3>\n\n\n\n<p>Nos encontramos en el acu\u00edfero 24 conocido como &#8216;acu\u00edfero del Campo de Montiel&#8217;, una inmensa bolsa de agua subterr\u00e1nea que ha sufrido en las \u00faltimas d\u00e9cadas una gran sobre explotaci\u00f3n por los regad\u00edos y que por sus rebosaderos da lugar al nacimiento de los r\u00edos de la comarca. Dicho pueblo est\u00e1 situado entre La Mancha y la sierra de Alcaraz. Algunos historiadores la identifican con la ciudad de Mentesa, importante ciudad romana de la provincia de Oretania. Tiene un yacimiento arqueol\u00f3gico con restos de cultura ibera, romana y medieval.<\/p>\n\n\n\n<p>Se puede visitar desde un museo etnol\u00f3gico a otro arqueol\u00f3gico, aunque habr\u00e1 que concertar la cita con antelaci\u00f3n si se quiere conocer estos interesantes recintos. En fechas de mediados de agosto se celebra en fin de semana una Feria de caza, turismo rural, artesan\u00eda y productos de la tierra (MENCATUR), donde adem\u00e1s hay actividades y exhibiciones. En Corpus Christi los vecinos engalanan las calles de hierbas arom\u00e1ticas; con serr\u00edn te\u00f1ido de colores, forman bellas alfombras dignas de admirar. Est\u00e1 declarado de Inter\u00e9s Tur\u00edstico Regional.<\/p>\n<\/div>\n<\/div>\n\n\n\n<p>En el mismo pueblo est\u00e1 el nacimiento del r\u00edo Villanueva, es un precioso paraje conocido como el oasis de la Mancha, acequias y manantiales contin\u00faan su cauce perdi\u00e9ndose entre las f\u00e9rtiles huertas de su vega.<\/p>\n\n\n\n<p>El cauce por este valle, en direcci\u00f3n a su nacimiento, nos encontramos con 3 batanes, que por el ruido de sus mazas, recuerdan a don Quijote y Sancho en la aventura de los batanes (I parte cap. XX). En los extramuros del pueblo, en la carretera direcci\u00f3n a Albaladejo, en la cima de un calar se encuentra la ermita-santuario de Ntra. Sra. de los Desamparados, donde desde el mirador sur se aprecia el r\u00edo Villanueva y las estribaciones de Sierra Morena. Celebra su romer\u00eda y fiestas a \u00faltimos de agosto donde se ofrecen festejos taurinos.<\/p>\n\n\n\n<p>Aproximadamente a 19 km de Villanueva de la Fuente en direcci\u00f3n oeste CM 412 se encuentra Villahermosa, antes habremos pasado por dos aldeas anejas a esta villa: Santa Mar\u00eda y Ca\u00f1amares con f\u00e9rtil vega del r\u00edo hom\u00f3nimo, actualmente con escasa poblaci\u00f3n.<\/p>\n\n\n\n<div class=\"wp-block-columns is-layout-flex wp-container-core-columns-is-layout-32 wp-block-columns-is-layout-flex\">\n<div class=\"wp-block-column is-layout-flow wp-block-column-is-layout-flow\" style=\"flex-basis:60%\">\n<h3 class=\"wp-block-heading\">Villahermosa<\/h3>\n\n\n\n<p>En Villahermosa el patrimonio art\u00edstico m\u00e1s valioso es la iglesia Nuestra Sra. de la Asunci\u00f3n, declarada Monumento Hist\u00f3rico-Art\u00edstico Nacional, de estilo g\u00f3tico tard\u00edo en su periodo de transici\u00f3n renacentista. Esta iglesia guarda un retablo-monumento con escenas de la Pasi\u00f3n, \u00fanico en el mundo, obra pict\u00f3rica estilo de la escuela florentina, que se montaba en la iglesia en la ma\u00f1ana de Jueves Santo. Merece verse con detenimiento sus capillas, la sacrist\u00eda, el coro, la torre, el p\u00f3rtico de estilo g\u00f3tico-isabelino, la puerta del Perd\u00f3n. Conserva una monumental tribuna de madera para el \u00f3rgano restaurado recientemente. Se celebran varios conciertos a lo largo del a\u00f1o, se puede asistir al menos a uno en agosto. Junto con Torre de Juan Abad y Terrinches ofrecen el ciclo de Conciertos Sonoridades.<\/p>\n<\/div>\n\n\n\n<div class=\"wp-block-column is-layout-flow wp-block-column-is-layout-flow\" style=\"flex-basis:40%\">\n<figure class=\"wp-block-image size-full is-style-default\"><img loading=\"lazy\" decoding=\"async\" width=\"480\" height=\"640\" src=\"https:\/\/www.turismovillanuevadelosinfantes.es\/wp-content\/uploads\/2022\/04\/img7.jpg\" alt=\"\" class=\"wp-image-1508\" srcset=\"https:\/\/www.turismovillanuevadelosinfantes.es\/wp-content\/uploads\/2022\/04\/img7.jpg 480w, https:\/\/www.turismovillanuevadelosinfantes.es\/wp-content\/uploads\/2022\/04\/img7-225x300.jpg 225w, https:\/\/www.turismovillanuevadelosinfantes.es\/wp-content\/uploads\/2022\/04\/img7-9x12.jpg 9w\" sizes=\"(max-width: 480px) 100vw, 480px\" \/><\/figure>\n<\/div>\n<\/div>\n\n\n\n<p>Los s\u00e1bados, Villahermosa tiene un variado \u201cmercadillo\u201d. Pero adem\u00e1s esta localidad posee otros recursos naturales que la convierten en un enclave para disfrutar del contacto con la naturaleza, situado al norte del t\u00e9rmino municipal por la carretera CR-640 direcci\u00f3n Osa de Montiel a nuestra izquierda nos encontramos a 15 Km. con La Laguna Blanca, la Laguna de la Nava y un Bosque de sabinares protegido por estar en v\u00edas de extinci\u00f3n.<\/p>\n\n\n\n<p>En la Laguna Blanca -nos podemos dar un buen chapuz\u00f3n-, da comienzo el Parque Natural de las Lagunas de Ruidera. El r\u00edo Guadiana, seg\u00fan algunos ge\u00f3grafos, nace en su t\u00e9rmino, en los manantiales de los Zampo\u00f1ones.<\/p>\n\n\n\n<p>Villahermosa es un sitio con numerosos manantiales y aguas permanentes.<\/p>\n\n\n\n<p>Visitada la Laguna Blanca y pasear por el bosque de sabinares, volveremos a Villahermosa para dirigirnos por la carretera CR-6421 direcci\u00f3n Carrizosa a 16 km. donde se encuentra el santuario de la Virgen de la Carrasca construido en el s. XVI, destaca el retablo barroco donde se encuentra el camar\u00edn de la virgen. Se celebra una romer\u00eda en su honor el segundo s\u00e1bado de septiembre Es un conjunto ermita-plaza de toros donde se festejan corridas. En esta misma direcci\u00f3n antes de llegar al Santuario, se encuentra dos parajes naturales de propiedad privada: La L\u00f3brega y la Fuenlabrada. El primero a 6 Km. de Villahermosa sale un camino a la derecha donde se encuentra el cortijo La L\u00f3brega, cerca del mismo, en la cima se sit\u00faa el v\u00e9rtice geod\u00e9sico de la L\u00f3brega. El segundo m\u00e1s adelante a la izquierda se encuentra otro cortijo de finales del s. XIX, flaqueado por dos torres gemelas llamado La Fuenlabrada, rodeado por un paraje de gran belleza, antiguo caser\u00edo de labor, propiedad del Conde de Leyva. Se puede llegar tambi\u00e9n desde Carrizosa ( ver Ruta 5) pasando por el camino de la ermita de la Virgen del Salido. Hay autores que sit\u00faan en este paraje natural la aventura de las Bodas de Camacho. El pasaje corresponde a la narraci\u00f3n de la suculenta comida que disfrutaron los invitados a la Boda.<\/p>\n\n\n\n<h4 class=\"wp-block-heading\"><em>\u2026 De la parte desta enramada, si no me enga\u00f1o, sale un tufo y olor harto m\u00e1s de torreznos asados que de juncos y tomillos: bodas que por tales olores comienzan, para mi santiguada que deben de ser abundantes y generosas\u2026 Lo primero que se le ofreci\u00f3 a la vista de Sancho fue, espetado en un asador de un olmo entero, un entero novillo; y en el fuego donde se hab\u00eda de asar ard\u00eda un mediano monte de le\u00f1a, y seis ollas que alrededor de la hoguera estaban no se hab\u00edan hecho en la com\u00fan turquesa de las dem\u00e1s ollas, porque eran seis medias tinajas, que cada una cab\u00eda un rastro de carne: as\u00ed embeb\u00edan y encerraban en s\u00ed carneros enteros, sin echarse de ver, como si fueran palominos\u2026 Cont\u00f3 Sancho m\u00e1s de sesenta zaques de m\u00e1s de a dos arrobas cada uno, y todos llenos, seg\u00fan despu\u00e9s pareci\u00f3, de generosos vinos; as\u00ed hab\u00eda rimeros de pan blanqu\u00edsimo como los suele haber de montones de trigo en las eras; los quesos, puestos como ladrillos enrejados, formaban una muralla, y dos calderas de aceite mayores que las de un tinte serv\u00edan de fre\u00edr cosas de masa, que con dos valientes palas las sacaban fritas y las zabull\u00edan en otra caldera de preparada miel que all\u00ed junto estaba. .. Los cocineros y cocineras pasaban de cincuenta, todos limpios, todos diligentes y todos contentos. En el dilatado vientre del novillo estaban doce tiernos y peque\u00f1os lechones que, cosidos por encima, serv\u00edan de darle sabor y enternecerle. Las especias de diversas suertes no parec\u00eda haberlas comprado por libras, sino por arrobas, y todas estaban de manifiesto en una grande arca. Finalmente, el aparato de la boda era r\u00fastico, pero tan abundante, que pod\u00eda sustentar a un ej\u00e9rcito.(Cap. XX, II Parte)<\/em><\/h4>\n\n\n\n<p>Posiblemente el rico Camacho era Juan P\u00e9rez Canuto, una de las personas de mayor riqueza del partido. Cervantes pudo encontrase en la comarca y fuese un distinguido invitado, y le sirvi\u00f3 de motivo de inspiraci\u00f3n para elaborar esta aventura nupcial, en la que Cervantes quiso resaltar la riqueza del contrayente Camacho, en contraste con la pobreza de Basilio, el novio de siempre de Quiteria. Despu\u00e9s de visitar el Santuario volveremos al punto inicial para coger la carretera CM-412 Villahermosa- Villanueva de los Infantes para terminar de disfrutar por este recorrido del agua.<\/p>\n\n\n\n<p>A nueve kil\u00f3metros y asentado entre dos cerros nos encontramos con Fuenllana.<a rel=\"noreferrer noopener\" href=\"..\/..\/..\/images\/galerias\/rutas_montiel\/ruta6\/villahermosa\/img6.jpg\" target=\"_blank\"><\/a><\/p>\n\n\n\n<div class=\"wp-block-columns is-layout-flex wp-container-core-columns-is-layout-33 wp-block-columns-is-layout-flex\">\n<div class=\"wp-block-column is-layout-flow wp-block-column-is-layout-flow\" style=\"flex-basis:40%\">\n<figure class=\"wp-block-image size-full is-style-default\"><img loading=\"lazy\" decoding=\"async\" width=\"640\" height=\"909\" src=\"https:\/\/www.turismovillanuevadelosinfantes.es\/wp-content\/uploads\/2022\/04\/img13-1.jpg\" alt=\"\" class=\"wp-image-1509\" srcset=\"https:\/\/www.turismovillanuevadelosinfantes.es\/wp-content\/uploads\/2022\/04\/img13-1.jpg 640w, https:\/\/www.turismovillanuevadelosinfantes.es\/wp-content\/uploads\/2022\/04\/img13-1-211x300.jpg 211w, https:\/\/www.turismovillanuevadelosinfantes.es\/wp-content\/uploads\/2022\/04\/img13-1-500x710.jpg 500w\" sizes=\"(max-width: 640px) 100vw, 640px\" \/><\/figure>\n<\/div>\n\n\n\n<div class=\"wp-block-column is-layout-flow wp-block-column-is-layout-flow\" style=\"flex-basis:60%\">\n<h3 class=\"wp-block-heading\">Fuenllana<\/h3>\n\n\n\n<p>Fuenllana es un precioso pueblecito coronado a los pies de uno de ellos por el castillo, actualmente en v\u00edas de reconstrucci\u00f3n, convertido en Iglesia tras la p\u00e9rdida de su funci\u00f3n defensiva en el s. XV.<\/p>\n\n\n\n<p>El pueblo toma su nombre de una generosa fuente que ten\u00eda el lugar. En las afueras el Lavadero de las Monjas, conjunto de pilas de piedra donde antiguamente las mujeres se reun\u00edan para lavar la ropa; entra\u00f1able testimonio de las penurias y las relaciones de un pasado reciente<\/p>\n\n\n\n<p>Este pintoresco pueblo tiene un bello ayuntamiento construido sobre lo que fue el convento de san Agust\u00edn, sobre la casa bautismal de santo Tom\u00e1s de Villanueva, patr\u00f3n de la localidad, en el que se puede visitar el claustro.<\/p>\n<\/div>\n<\/div>\n\n\n\n<p>Auspiciada por la Plataforma Campo de Montiel origen del Quijote La enramada Fuenllana celebra las Bodas de Camacho durante la primera quincena de julio. Es el escenario natural para recrear y observar la inspiraci\u00f3n de la que Cervantes plasm\u00f3 en el Quijote.<\/p>\n\n\n\n<p>Sus d\u00edas grandes son santa Rita, el 22 de mayo&nbsp;y el 18 de septiembre santo Tom\u00e1s de Villanueva.<\/p>\n\n\n\n<p>Apenas a 3 Km entre Fuenllana y Villanueva de los Infantes se encuentra unas cuestas llamadas Las Cabeza, justo antes de llegar al lugar se contempla la totalidad del pueblo para descender directamente hacia \u00e9l. Aqu\u00ed se encuentra el llamado suspiro de Sancho. Tras la derrota por el caballero de los Espejos en la playa de Barcelona, don Quijote y Sancho regresan a su pueblo:<\/p>\n\n\n\n<h4 class=\"wp-block-heading\"><em>\u2026 subieron una cuesta arriba, desde la cual descubrieron su aldea, la cual, vista de Sancho, se hinc\u00f3 de rodillas y dijo. \u2013 Abre los ojos, deseada patria, y mira que vuelve a ti Sancho Panza, tu hijo, \u2026<\/em><\/h4>\n\n\n\n<p>Con esto, bajaron de la cuesta y se fueron a su pueblo (Cap. 72, II Parte)<\/p>\n\n\n\n<p>La ruta 6 de esta octava jornada termina con la misi\u00f3n cumplida de haber disfrutado con la gastronom\u00eda local, haber visitado museos, ermitas- santuarios, r\u00edos, lagunas, manantiales y alg\u00fan chapuz\u00f3n en los innumerables puntos mencionados.<\/p>\n<\/div>\n\t\t\t\t\t\t\t<\/div>\n\t\t<\/div>\n\t\t\t\t\t\t<\/div>\n\t\t\t\t<\/div>\n\t\t\t\t\t<\/div>\n\t\t<\/div>\n\t\t\t\t<div class=\"elementor-column elementor-col-16 elementor-top-column elementor-element elementor-element-ad52dbd\" data-id=\"ad52dbd\" data-element_type=\"column\">\n\t\t\t<div class=\"elementor-widget-wrap\">\n\t\t\t\t\t\t\t<\/div>\n\t\t<\/div>\n\t\t\t\t\t<\/div>\n\t\t<\/section>\n\t\t\t\t<section class=\"elementor-section elementor-top-section elementor-element elementor-element-c11d257 elementor-section-boxed elementor-section-height-default elementor-section-height-default\" data-id=\"c11d257\" data-element_type=\"section\">\n\t\t\t\t\t\t<div class=\"elementor-container elementor-column-gap-default\">\n\t\t\t\t\t<div class=\"elementor-column elementor-col-100 elementor-top-column elementor-element elementor-element-a8536f2\" data-id=\"a8536f2\" data-element_type=\"column\">\n\t\t\t<div class=\"elementor-widget-wrap\">\n\t\t\t\t\t\t\t<\/div>\n\t\t<\/div>\n\t\t\t\t\t<\/div>\n\t\t<\/section>\n\t\t<\/p><p><\/p><div class=\"wp-block-column is-layout-flow wp-block-column-is-layout-flow\" style=\"flex-basis: 66.66%;\"><p><!-- wp:paragraph --><\/p><p>Una jornada al sur del Campo de Montiel, donde hemos visto fortalezas, r\u00edos, museos, casas se\u00f1oriales, paisajes naturales, y una visita muy de moda hoy en d\u00eda como son las bodegas. A 10 km. de C\u00f3zar se encuentra Infantes, volvemos al lugar en la misma direcci\u00f3n, aunque por caminos diferentes, que don Quijote cuando volvi\u00f3 a su pueblo en la segunda salida de la Primera Parte. Nuestro h\u00e9roe se intern\u00f3 en lo m\u00e1s profundo de Sierra Morena buscando escapar a la acci\u00f3n de la justicia, para regresar de nuevo d\u00edas despu\u00e9s a la venta de Maritornes con motivo del enga\u00f1o urdido por el cura para recoger a don Quijote y traerlo a su pueblo. Obligatoriamente tuvo que recorrer parte de este \u00faltimo trayecto desde Sierra Morena- Castellar de Santiago donde se encuentra la Sierra del Cambr\u00f3n- Torre de Juan Abad- Villanueva de los Infantes- por el Campo de Montiel para volver a su pueblo.<\/p><h4><em>Pis\u00f3 por ella el uno y otro lado<\/em><br \/><em>De la gran Sierra Negra, y el famoso<\/em><br \/><em>Campo de Montiel,\u2026.<\/em><\/h4><\/div><\/div><\/div>\n\t\t\t\t\t\t\t\t\t<div class=\"elementor-tab-title elementor-tab-mobile-title\" aria-selected=\"false\" data-tab=\"7\" role=\"tab\" tabindex=\"-1\" aria-controls=\"elementor-tab-content-9087\" aria-expanded=\"false\">D\u00eda 7<\/div>\n\t\t\t\t\t<div id=\"elementor-tab-content-9087\" class=\"elementor-tab-content elementor-clearfix\" data-tab=\"7\" role=\"tabpanel\" aria-labelledby=\"elementor-tab-title-9087\" tabindex=\"0\" hidden=\"hidden\"><!-- wp:heading -->\n<h2>Carrizosa-Lagunas de Ruidera-Ossa de Montiel-Alhambra<\/h2>\n<!-- \/wp:heading -->\n\n<!-- wp:paragraph -->\n<p>Mirando estos paisajes rurales se comprenden mejor las salidas de don Quijote desde el Campo de Montiel y el regreso a su lugar. Tomando el camino muy de ma\u00f1ana con el sol de soslayo salimos del lugar. A 33 Km. iremos a Las Lagunas de Ruidera, paraje natural por excelencia del Campo de Montiel.<\/p>\n<!-- \/wp:paragraph -->\n\n<!-- wp:paragraph -->\n<p>Con direcci\u00f3n CM-3129 encontramos el pueblo de Carrizosa.<\/p>\n<!-- \/wp:paragraph -->\n\n<!-- wp:columns -->\n<div class=\"wp-block-columns\"><!-- wp:column {\"width\":\"40%\"} -->\n<div class=\"wp-block-column\" style=\"flex-basis:40%\"><!-- wp:image {\"id\":1504,\"sizeSlug\":\"large\",\"linkDestination\":\"none\",\"className\":\"is-style-default\"} -->\n<figure class=\"wp-block-image size-large is-style-default\"><img fetchpriority=\"high\" decoding=\"async\" width=\"1024\" height=\"681\" src=\"https:\/\/www.turismovillanuevadelosinfantes.es\/wp-content\/uploads\/2022\/04\/img4-2-1024x681.jpg\" alt=\"\" class=\"wp-image-1504\" srcset=\"https:\/\/www.turismovillanuevadelosinfantes.es\/wp-content\/uploads\/2022\/04\/img4-2-1024x681.jpg 1024w, https:\/\/www.turismovillanuevadelosinfantes.es\/wp-content\/uploads\/2022\/04\/img4-2-300x199.jpg 300w, https:\/\/www.turismovillanuevadelosinfantes.es\/wp-content\/uploads\/2022\/04\/img4-2-768x511.jpg 768w, https:\/\/www.turismovillanuevadelosinfantes.es\/wp-content\/uploads\/2022\/04\/img4-2-500x332.jpg 500w, https:\/\/www.turismovillanuevadelosinfantes.es\/wp-content\/uploads\/2022\/04\/img4-2-800x532.jpg 800w, https:\/\/www.turismovillanuevadelosinfantes.es\/wp-content\/uploads\/2022\/04\/img4-2-18x12.jpg 18w, https:\/\/www.turismovillanuevadelosinfantes.es\/wp-content\/uploads\/2022\/04\/img4-2.jpg 1182w\" sizes=\"(max-width: 1024px) 100vw, 1024px\" \/><\/figure>\n<!-- \/wp:image --><\/div>\n<!-- \/wp:column -->\n\n<!-- wp:column {\"width\":\"60%\"} -->\n<div class=\"wp-block-column\" style=\"flex-basis:60%\"><!-- wp:heading {\"level\":3} -->\n<h3>Carrizosa<\/h3>\n<!-- \/wp:heading -->\n\n<!-- wp:paragraph -->\n<p>Seccionado en dos partes por el r\u00edo Ca\u00f1amares, cuyas calles tienen un trazado muy irregular, algunas tienen escaleras y sus casas presentan la tipolog\u00eda manchega.<\/p>\n<!-- \/wp:paragraph -->\n\n<!-- wp:paragraph -->\n<p>La iglesia parroquial de santa Catalina levantada recientemente conserva vestigios de un templo del s.<br>XVI. A 3 km. del pueblo por la carretera direcci\u00f3n a Villahermosa se localiza el paraje El Arroyo de los Toriles donde se puede visitar en \u00e9poca seca unas cuevas que contienen pinturas prehist\u00f3ricas.<\/p>\n<!-- \/wp:paragraph --><\/div>\n<!-- \/wp:column --><\/div>\n<!-- \/wp:columns -->\n\n<!-- wp:paragraph -->\n<p>A unos 2,5 km. del pueblo hay una ermita bajo la advocaci\u00f3n de la Virgen del Salido, en la alameda del r\u00edo Azuer donde se encuentra la ermita, se celebra su romer\u00eda en la segunda quincena de agosto, siendo \u00e9sta muy populosa, donde d\u00eda y noche se come, se bebe y se baila. Cerca de estos contornos entre los l\u00edmites del t\u00e9rmino de Carrizosa,, Fuenllana y Villahermosa se encuentra la finca La Fuenlabrada donde tuvo lugar el episodio de las Bodas de Camacho. Despu\u00e9s de la boda don Quijote y Sancho acompa\u00f1aron a Basilio y Quiteria a su aldea, de la que seg\u00fan cuenta la tradici\u00f3n es el pueblo de Carrizosa.<\/p>\n<!-- \/wp:paragraph -->\n\n<!-- wp:paragraph -->\n<p>Despu\u00e9s de asistir a la mencionada boda cerca de los linderos de este pueblo, y en la que Basilio consigue casarse con Quiteria, tras la renuncia de Camacho el rico. Don Quijote muestra deseos de ir a Ruidera para entrar a la Cueva de Montesinos:<\/p>\n<!-- \/wp:paragraph -->\n\n<!-- wp:heading {\"level\":4} -->\n<h4>\u2026mostr\u00f3 su deseo de entrar a la Cueva de Montesinos para ver si eran verdaderas las maravillas que de ella se dec\u00edan por todos estos contornos \u2026 el cual con micha voluntad le pondr\u00eda a la boca de la misma cueva y le ense\u00f1ar\u00eda las lagunas de Ruidera, famososas asimismo en toda La Mancha, y aun en toda Espa\u00f1a; [\u2026]ensill\u00f3 Sancho a Rocinante y aderez\u00f3 al rucio\u2026y despidi\u00e9ndose de todos, se pusieron en camino, tomando la derrota de la famosa Cueva de Montesinos[\u2026]se les pas\u00f3 el d\u00eda y a la noche se albergaron en una peque\u00f1a aldea\u2026( cap. XXII, II Parte).<\/h4>\n<!-- \/wp:heading -->\n\n<!-- wp:paragraph -->\n<p>Desde Carrizosa, nos dirigimos al norte por la carretera CR 642 para coger la N 430 y llegar al Parque Natural de las Lagunas de Ruidera, el cual acumula el agua de los nacimientos del Campo de Montiel formando 15 lagunas sucesivas, su nombre se atribuye al \u201cruido\u201d que hace el agua al saltar de una laguna a otra formando cascadas, hasta llegar a Ossa de Montiel, pueblo que desde 1833 pertenece a la provincia de Albacete.<\/p>\n<!-- \/wp:paragraph -->\n\n<!-- wp:columns -->\n<div class=\"wp-block-columns\"><!-- wp:column {\"width\":\"60%\"} -->\n<div class=\"wp-block-column\" style=\"flex-basis:60%\"><!-- wp:heading {\"level\":3} -->\n<h3>Lagunas de Ruidera<\/h3>\n<!-- \/wp:heading -->\n\n<!-- wp:paragraph -->\n<p>Geomorfol\u00f3gicamente Las Lagunas pertenecen a la altiplanicie de la comarca natural del Campo de Montiel. Es un paraje natural formado por una serie de lagunas conectadas por peque\u00f1as cascadas. En el pueblo de Ruidera se encuentran la \u201cCasa de la P\u00f3lvora\u201d, trazada por el arquitecto Juan de Villanueva, actualmente Centro de Recepci\u00f3n de Visitantes. Dejando a un lado las lagunas de \u201cCenagal\u201d y \u201cColadilla\u201d, se encuentra la \u201cCascada del Hundimiento\u201d, donde desemboca el agua que discurre en las lagunas. Volviendo otra vez a la carretera a lo largo de 25 Km., al otro lado est\u00e1 la laguna \u201cdel Rey\u201d y siguiendo la carretera AB 650 se bordea todas las dem\u00e1s: \u201cColgada\u201d, Batana\u201d, \u201cLengua\u201d, \u201cRedondilla\u201d, \u201cSan Pedro\u201d, \u201cTinaja\u201d, \u201cConceja\u201d, \u201cBlanca\u201d y la \u201cNava\u201d. Se puede practicar deportes como la caza, pesca, senderismo, pirag\u00fcismo, y paseo a caballo.<\/p>\n<!-- \/wp:paragraph --><\/div>\n<!-- \/wp:column -->\n\n<!-- wp:column {\"width\":\"40%\"} -->\n<div class=\"wp-block-column\" style=\"flex-basis:40%\"><!-- wp:image {\"id\":1505,\"sizeSlug\":\"full\",\"linkDestination\":\"none\",\"className\":\"is-style-default\"} -->\n<figure class=\"wp-block-image size-full is-style-default\"><img decoding=\"async\" width=\"640\" height=\"480\" src=\"https:\/\/www.turismovillanuevadelosinfantes.es\/wp-content\/uploads\/2022\/04\/img5-1.jpg\" alt=\"\" class=\"wp-image-1505\" srcset=\"https:\/\/www.turismovillanuevadelosinfantes.es\/wp-content\/uploads\/2022\/04\/img5-1.jpg 640w, https:\/\/www.turismovillanuevadelosinfantes.es\/wp-content\/uploads\/2022\/04\/img5-1-300x225.jpg 300w, https:\/\/www.turismovillanuevadelosinfantes.es\/wp-content\/uploads\/2022\/04\/img5-1-500x375.jpg 500w\" sizes=\"(max-width: 640px) 100vw, 640px\" \/><\/figure>\n<!-- \/wp:image --><\/div>\n<!-- \/wp:column --><\/div>\n<!-- \/wp:columns -->\n\n<!-- wp:paragraph -->\n<p>Desvi\u00e1ndose en la laguna de San Pedro, se llega a la famosa Cueva de Montesinos, de quien desde siempre tantas y tan admirables cosas en aquellos contornos se contaban.<\/p>\n<!-- \/wp:paragraph -->\n\n<!-- wp:paragraph -->\n<p>Para conocer e interpretar las aventuras de don Quijote y Sancho en estos parajes, hay que leer o haber le\u00eddo los cap\u00edtulos XVIII al XXVII de la segunda parte de El Quijote. Siguiendo los pasos del hidalgo manchego, llegar\u00e1 a una sima, bajando al interior a la derecha mano, se hace una gran concavidad y espacio capaz de caber en ella un gran carro con sus mulas. Aqu\u00ed fue donde don Quijote vivi\u00f3 uno de los momentos m\u00e1s surrealistas de su vida caballeresca. No lejos de aqu\u00ed- respondi\u00f3 el primo-, est\u00e1 una ermita que tiene una habitaci\u00f3n o peque\u00f1a casa (cap. XXIV, II Parte)\u2026\u201d.<\/p>\n<!-- \/wp:paragraph -->\n\n<!-- wp:paragraph -->\n<p>Cercano a Ossa de Montiel nos encontramos con el Castillo de Rochafrida, peque\u00f1a fortaleza de origen \u00e1rabe, situado en el valle del Alarconcillo y que paso a manos de la orden de Santiago, donde Cervantes sit\u00faa a la princesa Rosaflorida.<\/p>\n<!-- \/wp:paragraph -->\n\n<!-- wp:paragraph -->\n<p>En nuestro paso por este valle encontraremos la ermita de San Pedro de Verona, que tambi\u00e9n refleja Cervantes y cerca de ella la que dicen Venta del celem\u00edn.\u00bbJunto con la ermita tiene una peque\u00f1a casa. con todo, aunque chica, es capaz de recibir hu\u00e9spedes\u00bb (cap\u00edtulo XXIV). Y a apenas dos leguas de la venta la famosa cueva de montesinos\u201d. <\/p>\n<!-- \/wp:paragraph -->\n\n<!-- wp:paragraph -->\n<p>Esta venta pertenece al t\u00e9rmino de Ossa de Montiel.<\/p>\n<!-- \/wp:paragraph -->\n\n<!-- wp:heading {\"level\":3} -->\n<h3>Ossa de Montiel<\/h3>\n<!-- \/wp:heading -->\n\n<!-- wp:paragraph -->\n<p>Este pueblo dista de Ruidera 14 Km. por la carretera N-430.<\/p>\n<!-- \/wp:paragraph -->\n\n<!-- wp:paragraph -->\n<p>Un pueblo tranquilo, de casas bajas. Tiene una iglesia dedicada a Santa Mar\u00eda Magdalena, con trazas g\u00f3tica parecida a una ermita rural por su sencillez, con un arco de medio punto enmarcado en un alfiz y campanario en forma de espa\u00f1ada\u00f1a. Cuenta con un Museo Etnogr\u00e1fico de artes y oficios, en el que hay que solicitar informaci\u00f3n de su visita con antelaci\u00f3n.<\/p>\n<!-- \/wp:paragraph -->\n\n<!-- wp:paragraph -->\n<p>El Rollo jurisdiccional o Picota est\u00e1 situado en el jard\u00edn de Nuestra Historia.<\/p>\n<!-- \/wp:paragraph -->\n\n<!-- wp:paragraph -->\n<p>Ossa de Montiel recibe el t\u00edtulo de villa el 28 de septiembre de 1410 de manos del infante D. Enrique (hijo del rey Fernando de Arag\u00f3n). Este hecho se representa con la construcci\u00f3n del denominado Rollo o Picota que es s\u00edmbolo de jurisdicci\u00f3n del pueblo. Se trata de una talla de piedra de 5 metros de altura en forma de columna, con ganchos en la parte de arriba, asentado sobre una base de 4 pelda\u00f1os en forma cil\u00edndrica. En \u00e9l se expon\u00edan a los reos para su verg\u00fcenza p\u00fablica.<\/p>\n<!-- \/wp:paragraph -->\n\n<!-- wp:paragraph -->\n<p>En las Lagunas de Ruidera se puede disfrutar de un ba\u00f1o si es \u00e9poca veraniega y a la hora de comer reservar mesa para degustar unos galianos, conejo al ajillo o perdiz en escabeche, para continuar con el viaje hacia Alhambra.<\/p>\n<!-- \/wp:paragraph -->\n\n<!-- wp:paragraph -->\n<p>Se volver\u00e1 al Centro de Recepci\u00f3n del Parque Natural de Las Lagunas para continuar por la carretera N 430 para llegar al cerro milenario que se asoma a la planicie manchega de colores rojizos.<\/p>\n<!-- \/wp:paragraph -->\n\n<!-- wp:columns -->\n<div class=\"wp-block-columns\"><!-- wp:column {\"width\":\"40%\"} -->\n<div class=\"wp-block-column\" style=\"flex-basis:40%\"><!-- wp:image {\"id\":1506,\"sizeSlug\":\"full\",\"linkDestination\":\"none\",\"className\":\"is-style-default\"} -->\n<figure class=\"wp-block-image size-full is-style-default\"><img decoding=\"async\" width=\"909\" height=\"606\" src=\"https:\/\/www.turismovillanuevadelosinfantes.es\/wp-content\/uploads\/2022\/04\/img11-2.jpg\" alt=\"\" class=\"wp-image-1506\" srcset=\"https:\/\/www.turismovillanuevadelosinfantes.es\/wp-content\/uploads\/2022\/04\/img11-2.jpg 909w, https:\/\/www.turismovillanuevadelosinfantes.es\/wp-content\/uploads\/2022\/04\/img11-2-300x200.jpg 300w, https:\/\/www.turismovillanuevadelosinfantes.es\/wp-content\/uploads\/2022\/04\/img11-2-768x512.jpg 768w, https:\/\/www.turismovillanuevadelosinfantes.es\/wp-content\/uploads\/2022\/04\/img11-2-500x333.jpg 500w, https:\/\/www.turismovillanuevadelosinfantes.es\/wp-content\/uploads\/2022\/04\/img11-2-800x533.jpg 800w\" sizes=\"(max-width: 909px) 100vw, 909px\" \/><\/figure>\n<!-- \/wp:image --><\/div>\n<!-- \/wp:column -->\n\n<!-- wp:column {\"width\":\"60%\"} -->\n<div class=\"wp-block-column\" style=\"flex-basis:60%\"><!-- wp:heading {\"level\":3} -->\n<h3>Alhambra<\/h3>\n<!-- \/wp:heading -->\n\n<!-- wp:paragraph -->\n<p>Para dirigirse a esta villa romana, \u00e1rabe y cristiana a 20 km desde ese punto de la recepci\u00f3n del Parque Natural y a 24 km. de Villanueva de los Infantes por la carretera N 430. Este pueblo mantiene su legado hist\u00f3rico, pasando desde la Edad del Bronce, pasando por los \u00cdberos, Romanos, Visigodos, Musulmanes y la Edad Media, en el que su esplendor fue importante y estrat\u00e9gico. En la ladera de la meseta en uno de sus lados sobre un cerro, se ve el castillo de origen musulm\u00e1n.<\/p>\n<!-- \/wp:paragraph --><\/div>\n<!-- \/wp:column --><\/div>\n<!-- \/wp:columns -->\n\n<!-- wp:paragraph -->\n<p>Tras la victoria de las Navas de Tolosa, Alfonso VIII otorg\u00f3 a los Caballeros de la Orden de Santiago el Campo de Montiel. A su vez don\u00f3 Alhambra al Conde \u00c1lvaro Nu\u00f1ez de Lara, para convertirse m\u00e1s tarde en la Encomienda m\u00e1s rica de la Orden. Su antig\u00fcedad y prestigio la convirtieron en la segunda cabecera del campo de Montiel. Aqu\u00ed se ubica la ciudad de Laminium, punto importante de cruce de v\u00edas romanas. En el casco urbano se puede contemplar estatuas, pedestales, sarc\u00f3fagos, ajuares funerarios, losas\u2026<\/p>\n<!-- \/wp:paragraph -->\n\n<!-- wp:paragraph -->\n<p>Cuenta con un museo de arqueolog\u00eda con importantes vestigios romanos, situado en la calle Calvario, abierto todos los d\u00edas previa cita y en el que se puede contemplar una colecci\u00f3n permanente de objetos arqueol\u00f3gicos. Alhambra est\u00e1 emplazada en un cerro que forma parte de la Sierra de Alhambra que presenta el color rojizo de donde procede el origen \u00e1rabe de su nombre: Al-amra (La Roja).<\/p>\n<!-- \/wp:paragraph -->\n\n<!-- wp:paragraph -->\n<p>Cuenta con un museo de arqueolog\u00eda con importantes vestigios romanos, situado en la calle Calvario, abierto todos los d\u00edas previa cita y en el que se puede contemplar una colecci\u00f3n permanente de objetos arqueol\u00f3gicos. Alhambra est\u00e1 emplazada en un cerro que forma parte de la Sierra de Alhambra que presenta el color rojizo de donde procede el origen \u00e1rabe de su nombre: Al-amra (La Roja).<\/p>\n<!-- \/wp:paragraph -->\n\n<!-- wp:paragraph -->\n<p>Destaca su urbanismo de trazado irregular isl\u00e1mico, con calles de cuesta y viviendas encaladas. La iglesia de san Bartolom\u00e9, tiene sus ra\u00edces en los restos de un antiguo templo romano, aprovechando sillares, columnas y dos esculturas togadas que se encuentran delante de la iglesia. En su interior se conservan dos retablos del siglo XV y un sagrario de la misma \u00e9poca. Las fiestas m\u00e1s populares son las que se celebran en honor a su patr\u00f3n san Bartolom\u00e9 del 23 al 27 de agosto y la romer\u00eda de Nuestra Sra. de F\u00e1tima, el segundo s\u00e1bado de mayo.<\/p>\n<!-- \/wp:paragraph -->\n\n<!-- wp:paragraph -->\n<p>Desde el mirador del Calvario se puede admirar la inmensidad del Campo de Montiel.<\/p>\n<!-- \/wp:paragraph -->\n\n<!-- wp:paragraph -->\n<p>En agosto Alhambra celebra unas Jornadas Ibero-Romanas para conmemorar la ciudad de Laminium y la convivencia entre las dos culturas.<\/p>\n<!-- \/wp:paragraph -->\n\n<!-- wp:paragraph -->\n<p>Tiene un interesante Museo Municipal de Arqueolog\u00eda y de Etnograf\u00eda, gestiona con apoyo del Ayuntamiento, en el cual se muestran los principales episodios y materiales de la historia local.<\/p>\n<!-- \/wp:paragraph -->\n\n<!-- wp:paragraph -->\n<p>Destaca su urbanismo de trazado irregular isl\u00e1mico, con calles de&nbsp;cuesta y viviendas encaladas.<\/p>\n<!-- \/wp:paragraph -->\n\n<!-- wp:paragraph -->\n<p>La iglesia de san Bartolom\u00e9, tiene sus ra\u00edces en los restos de un antiguo templo romano, aprovechando sillares, columnas y dos esculturas togadas que se encuentran delante de la iglesia. En su interior se conservan dos retablos del siglo XV y un sagrario de la misma \u00e9poca. Las fiestas m\u00e1s populares son las que se celebran en<br>honor a su patr\u00f3n san Bartolom\u00e9 del 23 al 27 de agosto y la romer\u00eda de Nuestra Sra. de F\u00e1tima, el segundo s\u00e1bado de mayo<\/p>\n<!-- \/wp:paragraph -->\n\n<!-- wp:paragraph -->\n<p>De nuevo por la N-430 con direcci\u00f3n a Ruidera, buscaremos el desv\u00edo de la CR-642 que nos llevar\u00e1 de nuevo a Carrizosa (10 km). El anochecer requiere volver al lugar. Descansar en cualquiera de los hoteles o casas rurales ser\u00e1 un placer, tras haber hecho la ruta que se acaba de explicar.<\/p>\n<!-- \/wp:paragraph -->\n<\/div>\n\t\t\t\t\t\t\t\t\t<div class=\"elementor-tab-title elementor-tab-mobile-title\" aria-selected=\"false\" data-tab=\"8\" role=\"tab\" tabindex=\"-1\" aria-controls=\"elementor-tab-content-9088\" aria-expanded=\"false\">D\u00eda 8<\/div>\n\t\t\t\t\t<div id=\"elementor-tab-content-9088\" class=\"elementor-tab-content elementor-clearfix\" data-tab=\"8\" role=\"tabpanel\" aria-labelledby=\"elementor-tab-title-9088\" tabindex=\"0\" hidden=\"hidden\"><!-- wp:heading -->\n<h2>Villanueva de la Fuente- Villahermosa-Fuenllana<\/h2>\n<!-- \/wp:heading -->\n\n<!-- wp:paragraph -->\n<p>Para quienes quieran visitar esta clandestina ruta del agua, saliendo desde Villanueva de los Infantes por la CM 2127 a Montiel a 5 Km. de esta villa, en la carretera CRP 6311 en direcci\u00f3n a Villanueva de la Fuente nos<\/p>\n<!-- \/wp:paragraph -->\n\n<!-- wp:paragraph -->\n<p>encontramos con el paraje natural de los Ojos del Jabal\u00f3n, donde nace dicho r\u00edo, afluente del Guadiana. Siguiendo la carretera CR 6311 a 12 km. llegamos a Villanueva de la Fuente.<\/p>\n<!-- \/wp:paragraph -->\n\n<!-- wp:columns -->\n<div class=\"wp-block-columns\"><!-- wp:column {\"width\":\"40%\"} -->\n<div class=\"wp-block-column\" style=\"flex-basis:40%\"><!-- wp:image {\"id\":1507,\"sizeSlug\":\"full\",\"linkDestination\":\"none\",\"className\":\"is-style-default\"} -->\n<figure class=\"wp-block-image size-full is-style-default\"><img loading=\"lazy\" decoding=\"async\" width=\"400\" height=\"300\" src=\"https:\/\/www.turismovillanuevadelosinfantes.es\/wp-content\/uploads\/2022\/04\/img2-2.jpg\" alt=\"\" class=\"wp-image-1507\" srcset=\"https:\/\/www.turismovillanuevadelosinfantes.es\/wp-content\/uploads\/2022\/04\/img2-2.jpg 400w, https:\/\/www.turismovillanuevadelosinfantes.es\/wp-content\/uploads\/2022\/04\/img2-2-300x225.jpg 300w\" sizes=\"(max-width: 400px) 100vw, 400px\" \/><\/figure>\n<!-- \/wp:image --><\/div>\n<!-- \/wp:column -->\n\n<!-- wp:column {\"width\":\"60%\"} -->\n<div class=\"wp-block-column\" style=\"flex-basis:60%\"><!-- wp:heading {\"level\":3} -->\n<h3>Villanueva de la Fuente<\/h3>\n<!-- \/wp:heading -->\n\n<!-- wp:paragraph -->\n<p>Nos encontramos en el acu\u00edfero 24 conocido como &#8216;acu\u00edfero del Campo de Montiel&#8217;, una inmensa bolsa de agua subterr\u00e1nea que ha sufrido en las \u00faltimas d\u00e9cadas una gran sobre explotaci\u00f3n por los regad\u00edos y que por sus rebosaderos da lugar al nacimiento de los r\u00edos de la comarca. Dicho pueblo est\u00e1 situado entre La Mancha y la sierra de Alcaraz. Algunos historiadores la identifican con la ciudad de Mentesa, importante ciudad romana de la provincia de Oretania. Tiene un yacimiento arqueol\u00f3gico con restos de cultura ibera, romana y medieval.<\/p>\n<!-- \/wp:paragraph -->\n\n<!-- wp:paragraph -->\n<p>Se puede visitar desde un museo etnol\u00f3gico a otro arqueol\u00f3gico, aunque habr\u00e1 que concertar la cita con antelaci\u00f3n si se quiere conocer estos interesantes recintos. En fechas de mediados de agosto se celebra en fin de semana una Feria de caza, turismo rural, artesan\u00eda y productos de la tierra (MENCATUR), donde adem\u00e1s hay actividades y exhibiciones. En Corpus Christi los vecinos engalanan las calles de hierbas arom\u00e1ticas; con serr\u00edn te\u00f1ido de colores, forman bellas alfombras dignas de admirar. Est\u00e1 declarado de Inter\u00e9s Tur\u00edstico Regional.<\/p>\n<!-- \/wp:paragraph --><\/div>\n<!-- \/wp:column --><\/div>\n<!-- \/wp:columns -->\n\n<!-- wp:paragraph -->\n<p>En el mismo pueblo est\u00e1 el nacimiento del r\u00edo Villanueva, es un precioso paraje conocido como el oasis de la Mancha, acequias y manantiales contin\u00faan su cauce perdi\u00e9ndose entre las f\u00e9rtiles huertas de su vega.<\/p>\n<!-- \/wp:paragraph -->\n\n<!-- wp:paragraph -->\n<p>El cauce por este valle, en direcci\u00f3n a su nacimiento, nos encontramos con 3 batanes, que por el ruido de sus mazas, recuerdan a don Quijote y Sancho en la aventura de los batanes (I parte cap. XX). En los extramuros del pueblo, en la carretera direcci\u00f3n a Albaladejo, en la cima de un calar se encuentra la ermita-santuario de Ntra. Sra. de los Desamparados, donde desde el mirador sur se aprecia el r\u00edo Villanueva y las estribaciones de Sierra Morena. Celebra su romer\u00eda y fiestas a \u00faltimos de agosto donde se ofrecen festejos taurinos.<\/p>\n<!-- \/wp:paragraph -->\n\n<!-- wp:paragraph -->\n<p>Aproximadamente a 19 km de Villanueva de la Fuente en direcci\u00f3n oeste CM 412 se encuentra Villahermosa, antes habremos pasado por dos aldeas anejas a esta villa: Santa Mar\u00eda y Ca\u00f1amares con f\u00e9rtil vega del r\u00edo hom\u00f3nimo, actualmente con escasa poblaci\u00f3n.<\/p>\n<!-- \/wp:paragraph -->\n\n<!-- wp:columns -->\n<div class=\"wp-block-columns\"><!-- wp:column {\"width\":\"60%\"} -->\n<div class=\"wp-block-column\" style=\"flex-basis:60%\"><!-- wp:heading {\"level\":3} -->\n<h3>Villahermosa<\/h3>\n<!-- \/wp:heading -->\n\n<!-- wp:paragraph -->\n<p>En Villahermosa el patrimonio art\u00edstico m\u00e1s valioso es la iglesia Nuestra Sra. de la Asunci\u00f3n, declarada Monumento Hist\u00f3rico-Art\u00edstico Nacional, de estilo g\u00f3tico tard\u00edo en su periodo de transici\u00f3n renacentista. Esta iglesia guarda un retablo-monumento con escenas de la Pasi\u00f3n, \u00fanico en el mundo, obra pict\u00f3rica estilo de la escuela florentina, que se montaba en la iglesia en la ma\u00f1ana de Jueves Santo. Merece verse con detenimiento sus capillas, la sacrist\u00eda, el coro, la torre, el p\u00f3rtico de estilo g\u00f3tico-isabelino, la puerta del Perd\u00f3n. Conserva una monumental tribuna de madera para el \u00f3rgano restaurado recientemente. Se celebran varios conciertos a lo largo del a\u00f1o, se puede asistir al menos a uno en agosto. Junto con Torre de Juan Abad y Terrinches ofrecen el ciclo de Conciertos Sonoridades.<\/p>\n<!-- \/wp:paragraph --><\/div>\n<!-- \/wp:column -->\n\n<!-- wp:column {\"width\":\"40%\"} -->\n<div class=\"wp-block-column\" style=\"flex-basis:40%\"><!-- wp:image {\"id\":1508,\"sizeSlug\":\"full\",\"linkDestination\":\"none\",\"className\":\"is-style-default\"} -->\n<figure class=\"wp-block-image size-full is-style-default\"><img loading=\"lazy\" decoding=\"async\" width=\"480\" height=\"640\" src=\"https:\/\/www.turismovillanuevadelosinfantes.es\/wp-content\/uploads\/2022\/04\/img7.jpg\" alt=\"\" class=\"wp-image-1508\" srcset=\"https:\/\/www.turismovillanuevadelosinfantes.es\/wp-content\/uploads\/2022\/04\/img7.jpg 480w, https:\/\/www.turismovillanuevadelosinfantes.es\/wp-content\/uploads\/2022\/04\/img7-225x300.jpg 225w, https:\/\/www.turismovillanuevadelosinfantes.es\/wp-content\/uploads\/2022\/04\/img7-9x12.jpg 9w\" sizes=\"(max-width: 480px) 100vw, 480px\" \/><\/figure>\n<!-- \/wp:image --><\/div>\n<!-- \/wp:column --><\/div>\n<!-- \/wp:columns -->\n\n<!-- wp:paragraph -->\n<p>Los s\u00e1bados, Villahermosa tiene un variado \u201cmercadillo\u201d. Pero adem\u00e1s esta localidad posee otros recursos naturales que la convierten en un enclave para disfrutar del contacto con la naturaleza, situado al norte del t\u00e9rmino municipal por la carretera CR-640 direcci\u00f3n Osa de Montiel a nuestra izquierda nos encontramos a 15 Km. con La Laguna Blanca, la Laguna de la Nava y un Bosque de sabinares protegido por estar en v\u00edas de extinci\u00f3n.<\/p>\n<!-- \/wp:paragraph -->\n\n<!-- wp:paragraph -->\n<p>En la Laguna Blanca -nos podemos dar un buen chapuz\u00f3n-, da comienzo el Parque Natural de las Lagunas de Ruidera. El r\u00edo Guadiana, seg\u00fan algunos ge\u00f3grafos, nace en su t\u00e9rmino, en los manantiales de los Zampo\u00f1ones.<\/p>\n<!-- \/wp:paragraph -->\n\n<!-- wp:paragraph -->\n<p>Villahermosa es un sitio con numerosos manantiales y aguas permanentes.<\/p>\n<!-- \/wp:paragraph -->\n\n<!-- wp:paragraph -->\n<p>Visitada la Laguna Blanca y pasear por el bosque de sabinares, volveremos a Villahermosa para dirigirnos por la carretera CR-6421 direcci\u00f3n Carrizosa a 16 km. donde se encuentra el santuario de la Virgen de la Carrasca construido en el s. XVI, destaca el retablo barroco donde se encuentra el camar\u00edn de la virgen. Se celebra una romer\u00eda en su honor el segundo s\u00e1bado de septiembre Es un conjunto ermita-plaza de toros donde se festejan corridas. En esta misma direcci\u00f3n antes de llegar al Santuario, se encuentra dos parajes naturales de propiedad privada: La L\u00f3brega y la Fuenlabrada. El primero a 6 Km. de Villahermosa sale un camino a la derecha donde se encuentra el cortijo La L\u00f3brega, cerca del mismo, en la cima se sit\u00faa el v\u00e9rtice geod\u00e9sico de la L\u00f3brega. El segundo m\u00e1s adelante a la izquierda se encuentra otro cortijo de finales del s. XIX, flaqueado por dos torres gemelas llamado La Fuenlabrada, rodeado por un paraje de gran belleza, antiguo caser\u00edo de labor, propiedad del Conde de Leyva. Se puede llegar tambi\u00e9n desde Carrizosa ( ver Ruta 5) pasando por el camino de la ermita de la Virgen del Salido. Hay autores que sit\u00faan en este paraje natural la aventura de las Bodas de Camacho. El pasaje corresponde a la narraci\u00f3n de la suculenta comida que disfrutaron los invitados a la Boda.<\/p>\n<!-- \/wp:paragraph -->\n\n<!-- wp:heading {\"level\":4} -->\n<h4><em>\u2026 De la parte desta enramada, si no me enga\u00f1o, sale un tufo y olor harto m\u00e1s de torreznos asados que de juncos y tomillos: bodas que por tales olores comienzan, para mi santiguada que deben de ser abundantes y generosas\u2026 Lo primero que se le ofreci\u00f3 a la vista de Sancho fue, espetado en un asador de un olmo entero, un entero novillo; y en el fuego donde se hab\u00eda de asar ard\u00eda un mediano monte de le\u00f1a, y seis ollas que alrededor de la hoguera estaban no se hab\u00edan hecho en la com\u00fan turquesa de las dem\u00e1s ollas, porque eran seis medias tinajas, que cada una cab\u00eda un rastro de carne: as\u00ed embeb\u00edan y encerraban en s\u00ed carneros enteros, sin echarse de ver, como si fueran palominos\u2026 Cont\u00f3 Sancho m\u00e1s de sesenta zaques de m\u00e1s de a dos arrobas cada uno, y todos llenos, seg\u00fan despu\u00e9s pareci\u00f3, de generosos vinos; as\u00ed hab\u00eda rimeros de pan blanqu\u00edsimo como los suele haber de montones de trigo en las eras; los quesos, puestos como ladrillos enrejados, formaban una muralla, y dos calderas de aceite mayores que las de un tinte serv\u00edan de fre\u00edr cosas de masa, que con dos valientes palas las sacaban fritas y las zabull\u00edan en otra caldera de preparada miel que all\u00ed junto estaba. .. Los cocineros y cocineras pasaban de cincuenta, todos limpios, todos diligentes y todos contentos. En el dilatado vientre del novillo estaban doce tiernos y peque\u00f1os lechones que, cosidos por encima, serv\u00edan de darle sabor y enternecerle. Las especias de diversas suertes no parec\u00eda haberlas comprado por libras, sino por arrobas, y todas estaban de manifiesto en una grande arca. Finalmente, el aparato de la boda era r\u00fastico, pero tan abundante, que pod\u00eda sustentar a un ej\u00e9rcito.(Cap. XX, II Parte)<\/em><\/h4>\n<!-- \/wp:heading -->\n\n<!-- wp:paragraph -->\n<p>Posiblemente el rico Camacho era Juan P\u00e9rez Canuto, una de las personas de mayor riqueza del partido. Cervantes pudo encontrase en la comarca y fuese un distinguido invitado, y le sirvi\u00f3 de motivo de inspiraci\u00f3n para elaborar esta aventura nupcial, en la que Cervantes quiso resaltar la riqueza del contrayente Camacho, en contraste con la pobreza de Basilio, el novio de siempre de Quiteria. Despu\u00e9s de visitar el Santuario volveremos al punto inicial para coger la carretera CM-412 Villahermosa- Villanueva de los Infantes para terminar de disfrutar por este recorrido del agua.<\/p>\n<!-- \/wp:paragraph -->\n\n<!-- wp:paragraph -->\n<p>A nueve kil\u00f3metros y asentado entre dos cerros nos encontramos con Fuenllana.<a rel=\"noreferrer noopener\" href=\"..\/..\/..\/images\/galerias\/rutas_montiel\/ruta6\/villahermosa\/img6.jpg\" target=\"_blank\"><\/a><\/p>\n<!-- \/wp:paragraph -->\n\n<!-- wp:columns -->\n<div class=\"wp-block-columns\"><!-- wp:column {\"width\":\"40%\"} -->\n<div class=\"wp-block-column\" style=\"flex-basis:40%\"><!-- wp:image {\"id\":1509,\"sizeSlug\":\"full\",\"linkDestination\":\"none\",\"className\":\"is-style-default\"} -->\n<figure class=\"wp-block-image size-full is-style-default\"><img loading=\"lazy\" decoding=\"async\" width=\"640\" height=\"909\" src=\"https:\/\/www.turismovillanuevadelosinfantes.es\/wp-content\/uploads\/2022\/04\/img13-1.jpg\" alt=\"\" class=\"wp-image-1509\" srcset=\"https:\/\/www.turismovillanuevadelosinfantes.es\/wp-content\/uploads\/2022\/04\/img13-1.jpg 640w, https:\/\/www.turismovillanuevadelosinfantes.es\/wp-content\/uploads\/2022\/04\/img13-1-211x300.jpg 211w, https:\/\/www.turismovillanuevadelosinfantes.es\/wp-content\/uploads\/2022\/04\/img13-1-500x710.jpg 500w\" sizes=\"(max-width: 640px) 100vw, 640px\" \/><\/figure>\n<!-- \/wp:image --><\/div>\n<!-- \/wp:column -->\n\n<!-- wp:column {\"width\":\"60%\"} -->\n<div class=\"wp-block-column\" style=\"flex-basis:60%\"><!-- wp:heading {\"level\":3} -->\n<h3>Fuenllana<\/h3>\n<!-- \/wp:heading -->\n\n<!-- wp:paragraph -->\n<p>Fuenllana es un precioso pueblecito coronado a los pies de uno de ellos por el castillo, actualmente en v\u00edas de reconstrucci\u00f3n, convertido en Iglesia tras la p\u00e9rdida de su funci\u00f3n defensiva en el s. XV.<\/p>\n<!-- \/wp:paragraph -->\n\n<!-- wp:paragraph -->\n<p>El pueblo toma su nombre de una generosa fuente que ten\u00eda el lugar. En las afueras el Lavadero de las Monjas, conjunto de pilas de piedra donde antiguamente las mujeres se reun\u00edan para lavar la ropa; entra\u00f1able testimonio de las penurias y las relaciones de un pasado reciente<\/p>\n<!-- \/wp:paragraph -->\n\n<!-- wp:paragraph -->\n<p>Este pintoresco pueblo tiene un bello ayuntamiento construido sobre lo que fue el convento de san Agust\u00edn, sobre la casa bautismal de santo Tom\u00e1s de Villanueva, patr\u00f3n de la localidad, en el que se puede visitar el claustro.<\/p>\n<!-- \/wp:paragraph --><\/div>\n<!-- \/wp:column --><\/div>\n<!-- \/wp:columns -->\n\n<!-- wp:paragraph -->\n<p>Auspiciada por la Plataforma Campo de Montiel origen del Quijote La enramada Fuenllana celebra las Bodas de Camacho durante la primera quincena de julio. Es el escenario natural para recrear y observar la inspiraci\u00f3n de la que Cervantes plasm\u00f3 en el Quijote.<\/p>\n<!-- \/wp:paragraph -->\n\n<!-- wp:paragraph -->\n<p>Sus d\u00edas grandes son santa Rita, el 22 de mayo&nbsp;y el 18 de septiembre santo Tom\u00e1s de Villanueva.<\/p>\n<!-- \/wp:paragraph -->\n\n<!-- wp:paragraph -->\n<p>Apenas a 3 Km entre Fuenllana y Villanueva de los Infantes se encuentra unas cuestas llamadas Las Cabeza, justo antes de llegar al lugar se contempla la totalidad del pueblo para descender directamente hacia \u00e9l. Aqu\u00ed se encuentra el llamado suspiro de Sancho. Tras la derrota por el caballero de los Espejos en la playa de Barcelona, don Quijote y Sancho regresan a su pueblo:<\/p>\n<!-- \/wp:paragraph -->\n\n<!-- wp:heading {\"level\":4} -->\n<h4><em>\u2026 subieron una cuesta arriba, desde la cual descubrieron su aldea, la cual, vista de Sancho, se hinc\u00f3 de rodillas y dijo. \u2013 Abre los ojos, deseada patria, y mira que vuelve a ti Sancho Panza, tu hijo, \u2026<\/em><\/h4>\n<!-- \/wp:heading -->\n\n<!-- wp:paragraph -->\n<p>Con esto, bajaron de la cuesta y se fueron a su pueblo (Cap. 72, II Parte)<\/p>\n<!-- \/wp:paragraph -->\n\n<!-- wp:paragraph -->\n<p>La ruta 6 de esta octava jornada termina con la misi\u00f3n cumplida de haber disfrutado con la gastronom\u00eda local, haber visitado museos, ermitas- santuarios, r\u00edos, lagunas, manantiales y alg\u00fan chapuz\u00f3n en los innumerables puntos mencionados.<\/p>\n<!-- \/wp:paragraph --><\/div>\n\t\t\t\t\t\t\t<\/div>\n\t\t<\/div>\n\t\t\t\t\t\t<\/div>\n\t\t\t\t<\/div>\n\t\t\t\t\t<\/div>\n\t\t<\/div>\n\t\t\t\t<div class=\"elementor-column elementor-col-16 elementor-top-column elementor-element elementor-element-ad52dbd\" data-id=\"ad52dbd\" data-element_type=\"column\">\n\t\t\t<div class=\"elementor-widget-wrap\">\n\t\t\t\t\t\t\t<\/div>\n\t\t<\/div>\n\t\t\t\t\t<\/div>\n\t\t<\/section>\n\t\t\t\t<section class=\"elementor-section elementor-top-section elementor-element elementor-element-c11d257 elementor-section-boxed elementor-section-height-default elementor-section-height-default\" data-id=\"c11d257\" data-element_type=\"section\">\n\t\t\t\t\t\t<div class=\"elementor-container elementor-column-gap-default\">\n\t\t\t\t\t<div class=\"elementor-column elementor-col-100 elementor-top-column elementor-element elementor-element-a8536f2\" data-id=\"a8536f2\" data-element_type=\"column\">\n\t\t\t<div class=\"elementor-widget-wrap\">\n\t\t\t\t\t\t\t<\/div>\n\t\t<\/div>\n\t\t\t\t\t<\/div>\n\t\t<\/section>\n\t\t<\/p><p><\/p><div class=\"wp-block-columns is-layout-flex wp-container-core-columns-is-layout-34 wp-block-columns-is-layout-flex\"><p><\/p><div class=\"wp-block-column is-layout-flow wp-block-column-is-layout-flow\" style=\"flex-basis: 33.33%;\"><p><\/p><figure class=\"wp-block-image size-full is-style-default\"><img loading=\"lazy\" decoding=\"async\" width=\"351\" height=\"169\" class=\"wp-image-1503\" src=\"https:\/\/www.turismovillanuevadelosinfantes.es\/wp-content\/uploads\/2022\/04\/img21.jpg\" alt=\"\" srcset=\"https:\/\/www.turismovillanuevadelosinfantes.es\/wp-content\/uploads\/2022\/04\/img21.jpg 351w, https:\/\/www.turismovillanuevadelosinfantes.es\/wp-content\/uploads\/2022\/04\/img21-300x144.jpg 300w\" sizes=\"(max-width: 351px) 100vw, 351px\" \/><\/figure><p><\/p><\/div><p><\/p><p><!-- wp:column {\"width\":\"66.66%\"} --><\/p><div class=\"wp-block-column\" style=\"flex-basis: 66.66%;\"><p><!-- wp:paragraph --><\/p><p>Una jornada al sur del Campo de Montiel, donde hemos visto fortalezas, r\u00edos, museos, casas se\u00f1oriales, paisajes naturales, y una visita muy de moda hoy en d\u00eda como son las bodegas. A 10 km. de C\u00f3zar se encuentra Infantes, volvemos al lugar en la misma direcci\u00f3n, aunque por caminos diferentes, que don Quijote cuando volvi\u00f3 a su pueblo en la segunda salida de la Primera Parte. Nuestro h\u00e9roe se intern\u00f3 en lo m\u00e1s profundo de Sierra Morena buscando escapar a la acci\u00f3n de la justicia, para regresar de nuevo d\u00edas despu\u00e9s a la venta de Maritornes con motivo del enga\u00f1o urdido por el cura para recoger a don Quijote y traerlo a su pueblo. Obligatoriamente tuvo que recorrer parte de este \u00faltimo trayecto desde Sierra Morena- Castellar de Santiago donde se encuentra la Sierra del Cambr\u00f3n- Torre de Juan Abad- Villanueva de los Infantes- por el Campo de Montiel para volver a su pueblo.<\/p><h4><em>Pis\u00f3 por ella el uno y otro lado<\/em><br \/><em>De la gran Sierra Negra, y el famoso<\/em><br \/><em>Campo de Montiel,\u2026.<\/em><\/h4><\/div><\/div><\/div>\n\t\t\t\t\t\t\t\t\t<div class=\"elementor-tab-title elementor-tab-mobile-title\" aria-selected=\"false\" data-tab=\"7\" role=\"tab\" tabindex=\"-1\" aria-controls=\"elementor-tab-content-9087\" aria-expanded=\"false\">D\u00eda 7<\/div>\n\t\t\t\t\t<div id=\"elementor-tab-content-9087\" class=\"elementor-tab-content elementor-clearfix\" data-tab=\"7\" role=\"tabpanel\" aria-labelledby=\"elementor-tab-title-9087\" tabindex=\"0\" hidden=\"hidden\"><!-- wp:heading -->\n<h2>Carrizosa-Lagunas de Ruidera-Ossa de Montiel-Alhambra<\/h2>\n<!-- \/wp:heading -->\n\n<!-- wp:paragraph -->\n<p>Mirando estos paisajes rurales se comprenden mejor las salidas de don Quijote desde el Campo de Montiel y el regreso a su lugar. Tomando el camino muy de ma\u00f1ana con el sol de soslayo salimos del lugar. A 33 Km. iremos a Las Lagunas de Ruidera, paraje natural por excelencia del Campo de Montiel.<\/p>\n<!-- \/wp:paragraph -->\n\n<!-- wp:paragraph -->\n<p>Con direcci\u00f3n CM-3129 encontramos el pueblo de Carrizosa.<\/p>\n<!-- \/wp:paragraph -->\n\n<!-- wp:columns -->\n<div class=\"wp-block-columns\"><!-- wp:column {\"width\":\"40%\"} -->\n<div class=\"wp-block-column\" style=\"flex-basis:40%\"><!-- wp:image {\"id\":1504,\"sizeSlug\":\"large\",\"linkDestination\":\"none\",\"className\":\"is-style-default\"} -->\n<figure class=\"wp-block-image size-large is-style-default\"><img fetchpriority=\"high\" decoding=\"async\" width=\"1024\" height=\"681\" src=\"https:\/\/www.turismovillanuevadelosinfantes.es\/wp-content\/uploads\/2022\/04\/img4-2-1024x681.jpg\" alt=\"\" class=\"wp-image-1504\" srcset=\"https:\/\/www.turismovillanuevadelosinfantes.es\/wp-content\/uploads\/2022\/04\/img4-2-1024x681.jpg 1024w, https:\/\/www.turismovillanuevadelosinfantes.es\/wp-content\/uploads\/2022\/04\/img4-2-300x199.jpg 300w, https:\/\/www.turismovillanuevadelosinfantes.es\/wp-content\/uploads\/2022\/04\/img4-2-768x511.jpg 768w, https:\/\/www.turismovillanuevadelosinfantes.es\/wp-content\/uploads\/2022\/04\/img4-2-500x332.jpg 500w, https:\/\/www.turismovillanuevadelosinfantes.es\/wp-content\/uploads\/2022\/04\/img4-2-800x532.jpg 800w, https:\/\/www.turismovillanuevadelosinfantes.es\/wp-content\/uploads\/2022\/04\/img4-2-18x12.jpg 18w, https:\/\/www.turismovillanuevadelosinfantes.es\/wp-content\/uploads\/2022\/04\/img4-2.jpg 1182w\" sizes=\"(max-width: 1024px) 100vw, 1024px\" \/><\/figure>\n<!-- \/wp:image --><\/div>\n<!-- \/wp:column -->\n\n<!-- wp:column {\"width\":\"60%\"} -->\n<div class=\"wp-block-column\" style=\"flex-basis:60%\"><!-- wp:heading {\"level\":3} -->\n<h3>Carrizosa<\/h3>\n<!-- \/wp:heading -->\n\n<!-- wp:paragraph -->\n<p>Seccionado en dos partes por el r\u00edo Ca\u00f1amares, cuyas calles tienen un trazado muy irregular, algunas tienen escaleras y sus casas presentan la tipolog\u00eda manchega.<\/p>\n<!-- \/wp:paragraph -->\n\n<!-- wp:paragraph -->\n<p>La iglesia parroquial de santa Catalina levantada recientemente conserva vestigios de un templo del s.<br>XVI. A 3 km. del pueblo por la carretera direcci\u00f3n a Villahermosa se localiza el paraje El Arroyo de los Toriles donde se puede visitar en \u00e9poca seca unas cuevas que contienen pinturas prehist\u00f3ricas.<\/p>\n<!-- \/wp:paragraph --><\/div>\n<!-- \/wp:column --><\/div>\n<!-- \/wp:columns -->\n\n<!-- wp:paragraph -->\n<p>A unos 2,5 km. del pueblo hay una ermita bajo la advocaci\u00f3n de la Virgen del Salido, en la alameda del r\u00edo Azuer donde se encuentra la ermita, se celebra su romer\u00eda en la segunda quincena de agosto, siendo \u00e9sta muy populosa, donde d\u00eda y noche se come, se bebe y se baila. Cerca de estos contornos entre los l\u00edmites del t\u00e9rmino de Carrizosa,, Fuenllana y Villahermosa se encuentra la finca La Fuenlabrada donde tuvo lugar el episodio de las Bodas de Camacho. Despu\u00e9s de la boda don Quijote y Sancho acompa\u00f1aron a Basilio y Quiteria a su aldea, de la que seg\u00fan cuenta la tradici\u00f3n es el pueblo de Carrizosa.<\/p>\n<!-- \/wp:paragraph -->\n\n<!-- wp:paragraph -->\n<p>Despu\u00e9s de asistir a la mencionada boda cerca de los linderos de este pueblo, y en la que Basilio consigue casarse con Quiteria, tras la renuncia de Camacho el rico. Don Quijote muestra deseos de ir a Ruidera para entrar a la Cueva de Montesinos:<\/p>\n<!-- \/wp:paragraph -->\n\n<!-- wp:heading {\"level\":4} -->\n<h4>\u2026mostr\u00f3 su deseo de entrar a la Cueva de Montesinos para ver si eran verdaderas las maravillas que de ella se dec\u00edan por todos estos contornos \u2026 el cual con micha voluntad le pondr\u00eda a la boca de la misma cueva y le ense\u00f1ar\u00eda las lagunas de Ruidera, famososas asimismo en toda La Mancha, y aun en toda Espa\u00f1a; [\u2026]ensill\u00f3 Sancho a Rocinante y aderez\u00f3 al rucio\u2026y despidi\u00e9ndose de todos, se pusieron en camino, tomando la derrota de la famosa Cueva de Montesinos[\u2026]se les pas\u00f3 el d\u00eda y a la noche se albergaron en una peque\u00f1a aldea\u2026( cap. XXII, II Parte).<\/h4>\n<!-- \/wp:heading -->\n\n<!-- wp:paragraph -->\n<p>Desde Carrizosa, nos dirigimos al norte por la carretera CR 642 para coger la N 430 y llegar al Parque Natural de las Lagunas de Ruidera, el cual acumula el agua de los nacimientos del Campo de Montiel formando 15 lagunas sucesivas, su nombre se atribuye al \u201cruido\u201d que hace el agua al saltar de una laguna a otra formando cascadas, hasta llegar a Ossa de Montiel, pueblo que desde 1833 pertenece a la provincia de Albacete.<\/p>\n<!-- \/wp:paragraph -->\n\n<!-- wp:columns -->\n<div class=\"wp-block-columns\"><!-- wp:column {\"width\":\"60%\"} -->\n<div class=\"wp-block-column\" style=\"flex-basis:60%\"><!-- wp:heading {\"level\":3} -->\n<h3>Lagunas de Ruidera<\/h3>\n<!-- \/wp:heading -->\n\n<!-- wp:paragraph -->\n<p>Geomorfol\u00f3gicamente Las Lagunas pertenecen a la altiplanicie de la comarca natural del Campo de Montiel. Es un paraje natural formado por una serie de lagunas conectadas por peque\u00f1as cascadas. En el pueblo de Ruidera se encuentran la \u201cCasa de la P\u00f3lvora\u201d, trazada por el arquitecto Juan de Villanueva, actualmente Centro de Recepci\u00f3n de Visitantes. Dejando a un lado las lagunas de \u201cCenagal\u201d y \u201cColadilla\u201d, se encuentra la \u201cCascada del Hundimiento\u201d, donde desemboca el agua que discurre en las lagunas. Volviendo otra vez a la carretera a lo largo de 25 Km., al otro lado est\u00e1 la laguna \u201cdel Rey\u201d y siguiendo la carretera AB 650 se bordea todas las dem\u00e1s: \u201cColgada\u201d, Batana\u201d, \u201cLengua\u201d, \u201cRedondilla\u201d, \u201cSan Pedro\u201d, \u201cTinaja\u201d, \u201cConceja\u201d, \u201cBlanca\u201d y la \u201cNava\u201d. Se puede practicar deportes como la caza, pesca, senderismo, pirag\u00fcismo, y paseo a caballo.<\/p>\n<!-- \/wp:paragraph --><\/div>\n<!-- \/wp:column -->\n\n<!-- wp:column {\"width\":\"40%\"} -->\n<div class=\"wp-block-column\" style=\"flex-basis:40%\"><!-- wp:image {\"id\":1505,\"sizeSlug\":\"full\",\"linkDestination\":\"none\",\"className\":\"is-style-default\"} -->\n<figure class=\"wp-block-image size-full is-style-default\"><img decoding=\"async\" width=\"640\" height=\"480\" src=\"https:\/\/www.turismovillanuevadelosinfantes.es\/wp-content\/uploads\/2022\/04\/img5-1.jpg\" alt=\"\" class=\"wp-image-1505\" srcset=\"https:\/\/www.turismovillanuevadelosinfantes.es\/wp-content\/uploads\/2022\/04\/img5-1.jpg 640w, https:\/\/www.turismovillanuevadelosinfantes.es\/wp-content\/uploads\/2022\/04\/img5-1-300x225.jpg 300w, https:\/\/www.turismovillanuevadelosinfantes.es\/wp-content\/uploads\/2022\/04\/img5-1-500x375.jpg 500w\" sizes=\"(max-width: 640px) 100vw, 640px\" \/><\/figure>\n<!-- \/wp:image --><\/div>\n<!-- \/wp:column --><\/div>\n<!-- \/wp:columns -->\n\n<!-- wp:paragraph -->\n<p>Desvi\u00e1ndose en la laguna de San Pedro, se llega a la famosa Cueva de Montesinos, de quien desde siempre tantas y tan admirables cosas en aquellos contornos se contaban.<\/p>\n<!-- \/wp:paragraph -->\n\n<!-- wp:paragraph -->\n<p>Para conocer e interpretar las aventuras de don Quijote y Sancho en estos parajes, hay que leer o haber le\u00eddo los cap\u00edtulos XVIII al XXVII de la segunda parte de El Quijote. Siguiendo los pasos del hidalgo manchego, llegar\u00e1 a una sima, bajando al interior a la derecha mano, se hace una gran concavidad y espacio capaz de caber en ella un gran carro con sus mulas. Aqu\u00ed fue donde don Quijote vivi\u00f3 uno de los momentos m\u00e1s surrealistas de su vida caballeresca. No lejos de aqu\u00ed- respondi\u00f3 el primo-, est\u00e1 una ermita que tiene una habitaci\u00f3n o peque\u00f1a casa (cap. XXIV, II Parte)\u2026\u201d.<\/p>\n<!-- \/wp:paragraph -->\n\n<!-- wp:paragraph -->\n<p>Cercano a Ossa de Montiel nos encontramos con el Castillo de Rochafrida, peque\u00f1a fortaleza de origen \u00e1rabe, situado en el valle del Alarconcillo y que paso a manos de la orden de Santiago, donde Cervantes sit\u00faa a la princesa Rosaflorida.<\/p>\n<!-- \/wp:paragraph -->\n\n<!-- wp:paragraph -->\n<p>En nuestro paso por este valle encontraremos la ermita de San Pedro de Verona, que tambi\u00e9n refleja Cervantes y cerca de ella la que dicen Venta del celem\u00edn.\u00bbJunto con la ermita tiene una peque\u00f1a casa. con todo, aunque chica, es capaz de recibir hu\u00e9spedes\u00bb (cap\u00edtulo XXIV). Y a apenas dos leguas de la venta la famosa cueva de montesinos\u201d. <\/p>\n<!-- \/wp:paragraph -->\n\n<!-- wp:paragraph -->\n<p>Esta venta pertenece al t\u00e9rmino de Ossa de Montiel.<\/p>\n<!-- \/wp:paragraph -->\n\n<!-- wp:heading {\"level\":3} -->\n<h3>Ossa de Montiel<\/h3>\n<!-- \/wp:heading -->\n\n<!-- wp:paragraph -->\n<p>Este pueblo dista de Ruidera 14 Km. por la carretera N-430.<\/p>\n<!-- \/wp:paragraph -->\n\n<!-- wp:paragraph -->\n<p>Un pueblo tranquilo, de casas bajas. Tiene una iglesia dedicada a Santa Mar\u00eda Magdalena, con trazas g\u00f3tica parecida a una ermita rural por su sencillez, con un arco de medio punto enmarcado en un alfiz y campanario en forma de espa\u00f1ada\u00f1a. Cuenta con un Museo Etnogr\u00e1fico de artes y oficios, en el que hay que solicitar informaci\u00f3n de su visita con antelaci\u00f3n.<\/p>\n<!-- \/wp:paragraph -->\n\n<!-- wp:paragraph -->\n<p>El Rollo jurisdiccional o Picota est\u00e1 situado en el jard\u00edn de Nuestra Historia.<\/p>\n<!-- \/wp:paragraph -->\n\n<!-- wp:paragraph -->\n<p>Ossa de Montiel recibe el t\u00edtulo de villa el 28 de septiembre de 1410 de manos del infante D. Enrique (hijo del rey Fernando de Arag\u00f3n). Este hecho se representa con la construcci\u00f3n del denominado Rollo o Picota que es s\u00edmbolo de jurisdicci\u00f3n del pueblo. Se trata de una talla de piedra de 5 metros de altura en forma de columna, con ganchos en la parte de arriba, asentado sobre una base de 4 pelda\u00f1os en forma cil\u00edndrica. En \u00e9l se expon\u00edan a los reos para su verg\u00fcenza p\u00fablica.<\/p>\n<!-- \/wp:paragraph -->\n\n<!-- wp:paragraph -->\n<p>En las Lagunas de Ruidera se puede disfrutar de un ba\u00f1o si es \u00e9poca veraniega y a la hora de comer reservar mesa para degustar unos galianos, conejo al ajillo o perdiz en escabeche, para continuar con el viaje hacia Alhambra.<\/p>\n<!-- \/wp:paragraph -->\n\n<!-- wp:paragraph -->\n<p>Se volver\u00e1 al Centro de Recepci\u00f3n del Parque Natural de Las Lagunas para continuar por la carretera N 430 para llegar al cerro milenario que se asoma a la planicie manchega de colores rojizos.<\/p>\n<!-- \/wp:paragraph -->\n\n<!-- wp:columns -->\n<div class=\"wp-block-columns\"><!-- wp:column {\"width\":\"40%\"} -->\n<div class=\"wp-block-column\" style=\"flex-basis:40%\"><!-- wp:image {\"id\":1506,\"sizeSlug\":\"full\",\"linkDestination\":\"none\",\"className\":\"is-style-default\"} -->\n<figure class=\"wp-block-image size-full is-style-default\"><img decoding=\"async\" width=\"909\" height=\"606\" src=\"https:\/\/www.turismovillanuevadelosinfantes.es\/wp-content\/uploads\/2022\/04\/img11-2.jpg\" alt=\"\" class=\"wp-image-1506\" srcset=\"https:\/\/www.turismovillanuevadelosinfantes.es\/wp-content\/uploads\/2022\/04\/img11-2.jpg 909w, https:\/\/www.turismovillanuevadelosinfantes.es\/wp-content\/uploads\/2022\/04\/img11-2-300x200.jpg 300w, https:\/\/www.turismovillanuevadelosinfantes.es\/wp-content\/uploads\/2022\/04\/img11-2-768x512.jpg 768w, https:\/\/www.turismovillanuevadelosinfantes.es\/wp-content\/uploads\/2022\/04\/img11-2-500x333.jpg 500w, https:\/\/www.turismovillanuevadelosinfantes.es\/wp-content\/uploads\/2022\/04\/img11-2-800x533.jpg 800w\" sizes=\"(max-width: 909px) 100vw, 909px\" \/><\/figure>\n<!-- \/wp:image --><\/div>\n<!-- \/wp:column -->\n\n<!-- wp:column {\"width\":\"60%\"} -->\n<div class=\"wp-block-column\" style=\"flex-basis:60%\"><!-- wp:heading {\"level\":3} -->\n<h3>Alhambra<\/h3>\n<!-- \/wp:heading -->\n\n<!-- wp:paragraph -->\n<p>Para dirigirse a esta villa romana, \u00e1rabe y cristiana a 20 km desde ese punto de la recepci\u00f3n del Parque Natural y a 24 km. de Villanueva de los Infantes por la carretera N 430. Este pueblo mantiene su legado hist\u00f3rico, pasando desde la Edad del Bronce, pasando por los \u00cdberos, Romanos, Visigodos, Musulmanes y la Edad Media, en el que su esplendor fue importante y estrat\u00e9gico. En la ladera de la meseta en uno de sus lados sobre un cerro, se ve el castillo de origen musulm\u00e1n.<\/p>\n<!-- \/wp:paragraph --><\/div>\n<!-- \/wp:column --><\/div>\n<!-- \/wp:columns -->\n\n<!-- wp:paragraph -->\n<p>Tras la victoria de las Navas de Tolosa, Alfonso VIII otorg\u00f3 a los Caballeros de la Orden de Santiago el Campo de Montiel. A su vez don\u00f3 Alhambra al Conde \u00c1lvaro Nu\u00f1ez de Lara, para convertirse m\u00e1s tarde en la Encomienda m\u00e1s rica de la Orden. Su antig\u00fcedad y prestigio la convirtieron en la segunda cabecera del campo de Montiel. Aqu\u00ed se ubica la ciudad de Laminium, punto importante de cruce de v\u00edas romanas. En el casco urbano se puede contemplar estatuas, pedestales, sarc\u00f3fagos, ajuares funerarios, losas\u2026<\/p>\n<!-- \/wp:paragraph -->\n\n<!-- wp:paragraph -->\n<p>Cuenta con un museo de arqueolog\u00eda con importantes vestigios romanos, situado en la calle Calvario, abierto todos los d\u00edas previa cita y en el que se puede contemplar una colecci\u00f3n permanente de objetos arqueol\u00f3gicos. Alhambra est\u00e1 emplazada en un cerro que forma parte de la Sierra de Alhambra que presenta el color rojizo de donde procede el origen \u00e1rabe de su nombre: Al-amra (La Roja).<\/p>\n<!-- \/wp:paragraph -->\n\n<!-- wp:paragraph -->\n<p>Cuenta con un museo de arqueolog\u00eda con importantes vestigios romanos, situado en la calle Calvario, abierto todos los d\u00edas previa cita y en el que se puede contemplar una colecci\u00f3n permanente de objetos arqueol\u00f3gicos. Alhambra est\u00e1 emplazada en un cerro que forma parte de la Sierra de Alhambra que presenta el color rojizo de donde procede el origen \u00e1rabe de su nombre: Al-amra (La Roja).<\/p>\n<!-- \/wp:paragraph -->\n\n<!-- wp:paragraph -->\n<p>Destaca su urbanismo de trazado irregular isl\u00e1mico, con calles de cuesta y viviendas encaladas. La iglesia de san Bartolom\u00e9, tiene sus ra\u00edces en los restos de un antiguo templo romano, aprovechando sillares, columnas y dos esculturas togadas que se encuentran delante de la iglesia. En su interior se conservan dos retablos del siglo XV y un sagrario de la misma \u00e9poca. Las fiestas m\u00e1s populares son las que se celebran en honor a su patr\u00f3n san Bartolom\u00e9 del 23 al 27 de agosto y la romer\u00eda de Nuestra Sra. de F\u00e1tima, el segundo s\u00e1bado de mayo.<\/p>\n<!-- \/wp:paragraph -->\n\n<!-- wp:paragraph -->\n<p>Desde el mirador del Calvario se puede admirar la inmensidad del Campo de Montiel.<\/p>\n<!-- \/wp:paragraph -->\n\n<!-- wp:paragraph -->\n<p>En agosto Alhambra celebra unas Jornadas Ibero-Romanas para conmemorar la ciudad de Laminium y la convivencia entre las dos culturas.<\/p>\n<!-- \/wp:paragraph -->\n\n<!-- wp:paragraph -->\n<p>Tiene un interesante Museo Municipal de Arqueolog\u00eda y de Etnograf\u00eda, gestiona con apoyo del Ayuntamiento, en el cual se muestran los principales episodios y materiales de la historia local.<\/p>\n<!-- \/wp:paragraph -->\n\n<!-- wp:paragraph -->\n<p>Destaca su urbanismo de trazado irregular isl\u00e1mico, con calles de&nbsp;cuesta y viviendas encaladas.<\/p>\n<!-- \/wp:paragraph -->\n\n<!-- wp:paragraph -->\n<p>La iglesia de san Bartolom\u00e9, tiene sus ra\u00edces en los restos de un antiguo templo romano, aprovechando sillares, columnas y dos esculturas togadas que se encuentran delante de la iglesia. En su interior se conservan dos retablos del siglo XV y un sagrario de la misma \u00e9poca. Las fiestas m\u00e1s populares son las que se celebran en<br>honor a su patr\u00f3n san Bartolom\u00e9 del 23 al 27 de agosto y la romer\u00eda de Nuestra Sra. de F\u00e1tima, el segundo s\u00e1bado de mayo<\/p>\n<!-- \/wp:paragraph -->\n\n<!-- wp:paragraph -->\n<p>De nuevo por la N-430 con direcci\u00f3n a Ruidera, buscaremos el desv\u00edo de la CR-642 que nos llevar\u00e1 de nuevo a Carrizosa (10 km). El anochecer requiere volver al lugar. Descansar en cualquiera de los hoteles o casas rurales ser\u00e1 un placer, tras haber hecho la ruta que se acaba de explicar.<\/p>\n<!-- \/wp:paragraph -->\n<\/div>\n\t\t\t\t\t\t\t\t\t<div class=\"elementor-tab-title elementor-tab-mobile-title\" aria-selected=\"false\" data-tab=\"8\" role=\"tab\" tabindex=\"-1\" aria-controls=\"elementor-tab-content-9088\" aria-expanded=\"false\">D\u00eda 8<\/div>\n\t\t\t\t\t<div id=\"elementor-tab-content-9088\" class=\"elementor-tab-content elementor-clearfix\" data-tab=\"8\" role=\"tabpanel\" aria-labelledby=\"elementor-tab-title-9088\" tabindex=\"0\" hidden=\"hidden\"><!-- wp:heading -->\n<h2>Villanueva de la Fuente- Villahermosa-Fuenllana<\/h2>\n<!-- \/wp:heading -->\n\n<!-- wp:paragraph -->\n<p>Para quienes quieran visitar esta clandestina ruta del agua, saliendo desde Villanueva de los Infantes por la CM 2127 a Montiel a 5 Km. de esta villa, en la carretera CRP 6311 en direcci\u00f3n a Villanueva de la Fuente nos<\/p>\n<!-- \/wp:paragraph -->\n\n<!-- wp:paragraph -->\n<p>encontramos con el paraje natural de los Ojos del Jabal\u00f3n, donde nace dicho r\u00edo, afluente del Guadiana. Siguiendo la carretera CR 6311 a 12 km. llegamos a Villanueva de la Fuente.<\/p>\n<!-- \/wp:paragraph -->\n\n<!-- wp:columns -->\n<div class=\"wp-block-columns\"><!-- wp:column {\"width\":\"40%\"} -->\n<div class=\"wp-block-column\" style=\"flex-basis:40%\"><!-- wp:image {\"id\":1507,\"sizeSlug\":\"full\",\"linkDestination\":\"none\",\"className\":\"is-style-default\"} -->\n<figure class=\"wp-block-image size-full is-style-default\"><img loading=\"lazy\" decoding=\"async\" width=\"400\" height=\"300\" src=\"https:\/\/www.turismovillanuevadelosinfantes.es\/wp-content\/uploads\/2022\/04\/img2-2.jpg\" alt=\"\" class=\"wp-image-1507\" srcset=\"https:\/\/www.turismovillanuevadelosinfantes.es\/wp-content\/uploads\/2022\/04\/img2-2.jpg 400w, https:\/\/www.turismovillanuevadelosinfantes.es\/wp-content\/uploads\/2022\/04\/img2-2-300x225.jpg 300w\" sizes=\"(max-width: 400px) 100vw, 400px\" \/><\/figure>\n<!-- \/wp:image --><\/div>\n<!-- \/wp:column -->\n\n<!-- wp:column {\"width\":\"60%\"} -->\n<div class=\"wp-block-column\" style=\"flex-basis:60%\"><!-- wp:heading {\"level\":3} -->\n<h3>Villanueva de la Fuente<\/h3>\n<!-- \/wp:heading -->\n\n<!-- wp:paragraph -->\n<p>Nos encontramos en el acu\u00edfero 24 conocido como &#8216;acu\u00edfero del Campo de Montiel&#8217;, una inmensa bolsa de agua subterr\u00e1nea que ha sufrido en las \u00faltimas d\u00e9cadas una gran sobre explotaci\u00f3n por los regad\u00edos y que por sus rebosaderos da lugar al nacimiento de los r\u00edos de la comarca. Dicho pueblo est\u00e1 situado entre La Mancha y la sierra de Alcaraz. Algunos historiadores la identifican con la ciudad de Mentesa, importante ciudad romana de la provincia de Oretania. Tiene un yacimiento arqueol\u00f3gico con restos de cultura ibera, romana y medieval.<\/p>\n<!-- \/wp:paragraph -->\n\n<!-- wp:paragraph -->\n<p>Se puede visitar desde un museo etnol\u00f3gico a otro arqueol\u00f3gico, aunque habr\u00e1 que concertar la cita con antelaci\u00f3n si se quiere conocer estos interesantes recintos. En fechas de mediados de agosto se celebra en fin de semana una Feria de caza, turismo rural, artesan\u00eda y productos de la tierra (MENCATUR), donde adem\u00e1s hay actividades y exhibiciones. En Corpus Christi los vecinos engalanan las calles de hierbas arom\u00e1ticas; con serr\u00edn te\u00f1ido de colores, forman bellas alfombras dignas de admirar. Est\u00e1 declarado de Inter\u00e9s Tur\u00edstico Regional.<\/p>\n<!-- \/wp:paragraph --><\/div>\n<!-- \/wp:column --><\/div>\n<!-- \/wp:columns -->\n\n<!-- wp:paragraph -->\n<p>En el mismo pueblo est\u00e1 el nacimiento del r\u00edo Villanueva, es un precioso paraje conocido como el oasis de la Mancha, acequias y manantiales contin\u00faan su cauce perdi\u00e9ndose entre las f\u00e9rtiles huertas de su vega.<\/p>\n<!-- \/wp:paragraph -->\n\n<!-- wp:paragraph -->\n<p>El cauce por este valle, en direcci\u00f3n a su nacimiento, nos encontramos con 3 batanes, que por el ruido de sus mazas, recuerdan a don Quijote y Sancho en la aventura de los batanes (I parte cap. XX). En los extramuros del pueblo, en la carretera direcci\u00f3n a Albaladejo, en la cima de un calar se encuentra la ermita-santuario de Ntra. Sra. de los Desamparados, donde desde el mirador sur se aprecia el r\u00edo Villanueva y las estribaciones de Sierra Morena. Celebra su romer\u00eda y fiestas a \u00faltimos de agosto donde se ofrecen festejos taurinos.<\/p>\n<!-- \/wp:paragraph -->\n\n<!-- wp:paragraph -->\n<p>Aproximadamente a 19 km de Villanueva de la Fuente en direcci\u00f3n oeste CM 412 se encuentra Villahermosa, antes habremos pasado por dos aldeas anejas a esta villa: Santa Mar\u00eda y Ca\u00f1amares con f\u00e9rtil vega del r\u00edo hom\u00f3nimo, actualmente con escasa poblaci\u00f3n.<\/p>\n<!-- \/wp:paragraph -->\n\n<!-- wp:columns -->\n<div class=\"wp-block-columns\"><!-- wp:column {\"width\":\"60%\"} -->\n<div class=\"wp-block-column\" style=\"flex-basis:60%\"><!-- wp:heading {\"level\":3} -->\n<h3>Villahermosa<\/h3>\n<!-- \/wp:heading -->\n\n<!-- wp:paragraph -->\n<p>En Villahermosa el patrimonio art\u00edstico m\u00e1s valioso es la iglesia Nuestra Sra. de la Asunci\u00f3n, declarada Monumento Hist\u00f3rico-Art\u00edstico Nacional, de estilo g\u00f3tico tard\u00edo en su periodo de transici\u00f3n renacentista. Esta iglesia guarda un retablo-monumento con escenas de la Pasi\u00f3n, \u00fanico en el mundo, obra pict\u00f3rica estilo de la escuela florentina, que se montaba en la iglesia en la ma\u00f1ana de Jueves Santo. Merece verse con detenimiento sus capillas, la sacrist\u00eda, el coro, la torre, el p\u00f3rtico de estilo g\u00f3tico-isabelino, la puerta del Perd\u00f3n. Conserva una monumental tribuna de madera para el \u00f3rgano restaurado recientemente. Se celebran varios conciertos a lo largo del a\u00f1o, se puede asistir al menos a uno en agosto. Junto con Torre de Juan Abad y Terrinches ofrecen el ciclo de Conciertos Sonoridades.<\/p>\n<!-- \/wp:paragraph --><\/div>\n<!-- \/wp:column -->\n\n<!-- wp:column {\"width\":\"40%\"} -->\n<div class=\"wp-block-column\" style=\"flex-basis:40%\"><!-- wp:image {\"id\":1508,\"sizeSlug\":\"full\",\"linkDestination\":\"none\",\"className\":\"is-style-default\"} -->\n<figure class=\"wp-block-image size-full is-style-default\"><img loading=\"lazy\" decoding=\"async\" width=\"480\" height=\"640\" src=\"https:\/\/www.turismovillanuevadelosinfantes.es\/wp-content\/uploads\/2022\/04\/img7.jpg\" alt=\"\" class=\"wp-image-1508\" srcset=\"https:\/\/www.turismovillanuevadelosinfantes.es\/wp-content\/uploads\/2022\/04\/img7.jpg 480w, https:\/\/www.turismovillanuevadelosinfantes.es\/wp-content\/uploads\/2022\/04\/img7-225x300.jpg 225w, https:\/\/www.turismovillanuevadelosinfantes.es\/wp-content\/uploads\/2022\/04\/img7-9x12.jpg 9w\" sizes=\"(max-width: 480px) 100vw, 480px\" \/><\/figure>\n<!-- \/wp:image --><\/div>\n<!-- \/wp:column --><\/div>\n<!-- \/wp:columns -->\n\n<!-- wp:paragraph -->\n<p>Los s\u00e1bados, Villahermosa tiene un variado \u201cmercadillo\u201d. Pero adem\u00e1s esta localidad posee otros recursos naturales que la convierten en un enclave para disfrutar del contacto con la naturaleza, situado al norte del t\u00e9rmino municipal por la carretera CR-640 direcci\u00f3n Osa de Montiel a nuestra izquierda nos encontramos a 15 Km. con La Laguna Blanca, la Laguna de la Nava y un Bosque de sabinares protegido por estar en v\u00edas de extinci\u00f3n.<\/p>\n<!-- \/wp:paragraph -->\n\n<!-- wp:paragraph -->\n<p>En la Laguna Blanca -nos podemos dar un buen chapuz\u00f3n-, da comienzo el Parque Natural de las Lagunas de Ruidera. El r\u00edo Guadiana, seg\u00fan algunos ge\u00f3grafos, nace en su t\u00e9rmino, en los manantiales de los Zampo\u00f1ones.<\/p>\n<!-- \/wp:paragraph -->\n\n<!-- wp:paragraph -->\n<p>Villahermosa es un sitio con numerosos manantiales y aguas permanentes.<\/p>\n<!-- \/wp:paragraph -->\n\n<!-- wp:paragraph -->\n<p>Visitada la Laguna Blanca y pasear por el bosque de sabinares, volveremos a Villahermosa para dirigirnos por la carretera CR-6421 direcci\u00f3n Carrizosa a 16 km. donde se encuentra el santuario de la Virgen de la Carrasca construido en el s. XVI, destaca el retablo barroco donde se encuentra el camar\u00edn de la virgen. Se celebra una romer\u00eda en su honor el segundo s\u00e1bado de septiembre Es un conjunto ermita-plaza de toros donde se festejan corridas. En esta misma direcci\u00f3n antes de llegar al Santuario, se encuentra dos parajes naturales de propiedad privada: La L\u00f3brega y la Fuenlabrada. El primero a 6 Km. de Villahermosa sale un camino a la derecha donde se encuentra el cortijo La L\u00f3brega, cerca del mismo, en la cima se sit\u00faa el v\u00e9rtice geod\u00e9sico de la L\u00f3brega. El segundo m\u00e1s adelante a la izquierda se encuentra otro cortijo de finales del s. XIX, flaqueado por dos torres gemelas llamado La Fuenlabrada, rodeado por un paraje de gran belleza, antiguo caser\u00edo de labor, propiedad del Conde de Leyva. Se puede llegar tambi\u00e9n desde Carrizosa ( ver Ruta 5) pasando por el camino de la ermita de la Virgen del Salido. Hay autores que sit\u00faan en este paraje natural la aventura de las Bodas de Camacho. El pasaje corresponde a la narraci\u00f3n de la suculenta comida que disfrutaron los invitados a la Boda.<\/p>\n<!-- \/wp:paragraph -->\n\n<!-- wp:heading {\"level\":4} -->\n<h4><em>\u2026 De la parte desta enramada, si no me enga\u00f1o, sale un tufo y olor harto m\u00e1s de torreznos asados que de juncos y tomillos: bodas que por tales olores comienzan, para mi santiguada que deben de ser abundantes y generosas\u2026 Lo primero que se le ofreci\u00f3 a la vista de Sancho fue, espetado en un asador de un olmo entero, un entero novillo; y en el fuego donde se hab\u00eda de asar ard\u00eda un mediano monte de le\u00f1a, y seis ollas que alrededor de la hoguera estaban no se hab\u00edan hecho en la com\u00fan turquesa de las dem\u00e1s ollas, porque eran seis medias tinajas, que cada una cab\u00eda un rastro de carne: as\u00ed embeb\u00edan y encerraban en s\u00ed carneros enteros, sin echarse de ver, como si fueran palominos\u2026 Cont\u00f3 Sancho m\u00e1s de sesenta zaques de m\u00e1s de a dos arrobas cada uno, y todos llenos, seg\u00fan despu\u00e9s pareci\u00f3, de generosos vinos; as\u00ed hab\u00eda rimeros de pan blanqu\u00edsimo como los suele haber de montones de trigo en las eras; los quesos, puestos como ladrillos enrejados, formaban una muralla, y dos calderas de aceite mayores que las de un tinte serv\u00edan de fre\u00edr cosas de masa, que con dos valientes palas las sacaban fritas y las zabull\u00edan en otra caldera de preparada miel que all\u00ed junto estaba. .. Los cocineros y cocineras pasaban de cincuenta, todos limpios, todos diligentes y todos contentos. En el dilatado vientre del novillo estaban doce tiernos y peque\u00f1os lechones que, cosidos por encima, serv\u00edan de darle sabor y enternecerle. Las especias de diversas suertes no parec\u00eda haberlas comprado por libras, sino por arrobas, y todas estaban de manifiesto en una grande arca. Finalmente, el aparato de la boda era r\u00fastico, pero tan abundante, que pod\u00eda sustentar a un ej\u00e9rcito.(Cap. XX, II Parte)<\/em><\/h4>\n<!-- \/wp:heading -->\n\n<!-- wp:paragraph -->\n<p>Posiblemente el rico Camacho era Juan P\u00e9rez Canuto, una de las personas de mayor riqueza del partido. Cervantes pudo encontrase en la comarca y fuese un distinguido invitado, y le sirvi\u00f3 de motivo de inspiraci\u00f3n para elaborar esta aventura nupcial, en la que Cervantes quiso resaltar la riqueza del contrayente Camacho, en contraste con la pobreza de Basilio, el novio de siempre de Quiteria. Despu\u00e9s de visitar el Santuario volveremos al punto inicial para coger la carretera CM-412 Villahermosa- Villanueva de los Infantes para terminar de disfrutar por este recorrido del agua.<\/p>\n<!-- \/wp:paragraph -->\n\n<!-- wp:paragraph -->\n<p>A nueve kil\u00f3metros y asentado entre dos cerros nos encontramos con Fuenllana.<a rel=\"noreferrer noopener\" href=\"..\/..\/..\/images\/galerias\/rutas_montiel\/ruta6\/villahermosa\/img6.jpg\" target=\"_blank\"><\/a><\/p>\n<!-- \/wp:paragraph -->\n\n<!-- wp:columns -->\n<div class=\"wp-block-columns\"><!-- wp:column {\"width\":\"40%\"} -->\n<div class=\"wp-block-column\" style=\"flex-basis:40%\"><!-- wp:image {\"id\":1509,\"sizeSlug\":\"full\",\"linkDestination\":\"none\",\"className\":\"is-style-default\"} -->\n<figure class=\"wp-block-image size-full is-style-default\"><img loading=\"lazy\" decoding=\"async\" width=\"640\" height=\"909\" src=\"https:\/\/www.turismovillanuevadelosinfantes.es\/wp-content\/uploads\/2022\/04\/img13-1.jpg\" alt=\"\" class=\"wp-image-1509\" srcset=\"https:\/\/www.turismovillanuevadelosinfantes.es\/wp-content\/uploads\/2022\/04\/img13-1.jpg 640w, https:\/\/www.turismovillanuevadelosinfantes.es\/wp-content\/uploads\/2022\/04\/img13-1-211x300.jpg 211w, https:\/\/www.turismovillanuevadelosinfantes.es\/wp-content\/uploads\/2022\/04\/img13-1-500x710.jpg 500w\" sizes=\"(max-width: 640px) 100vw, 640px\" \/><\/figure>\n<!-- \/wp:image --><\/div>\n<!-- \/wp:column -->\n\n<!-- wp:column {\"width\":\"60%\"} -->\n<div class=\"wp-block-column\" style=\"flex-basis:60%\"><!-- wp:heading {\"level\":3} -->\n<h3>Fuenllana<\/h3>\n<!-- \/wp:heading -->\n\n<!-- wp:paragraph -->\n<p>Fuenllana es un precioso pueblecito coronado a los pies de uno de ellos por el castillo, actualmente en v\u00edas de reconstrucci\u00f3n, convertido en Iglesia tras la p\u00e9rdida de su funci\u00f3n defensiva en el s. XV.<\/p>\n<!-- \/wp:paragraph -->\n\n<!-- wp:paragraph -->\n<p>El pueblo toma su nombre de una generosa fuente que ten\u00eda el lugar. En las afueras el Lavadero de las Monjas, conjunto de pilas de piedra donde antiguamente las mujeres se reun\u00edan para lavar la ropa; entra\u00f1able testimonio de las penurias y las relaciones de un pasado reciente<\/p>\n<!-- \/wp:paragraph -->\n\n<!-- wp:paragraph -->\n<p>Este pintoresco pueblo tiene un bello ayuntamiento construido sobre lo que fue el convento de san Agust\u00edn, sobre la casa bautismal de santo Tom\u00e1s de Villanueva, patr\u00f3n de la localidad, en el que se puede visitar el claustro.<\/p>\n<!-- \/wp:paragraph --><\/div>\n<!-- \/wp:column --><\/div>\n<!-- \/wp:columns -->\n\n<!-- wp:paragraph -->\n<p>Auspiciada por la Plataforma Campo de Montiel origen del Quijote La enramada Fuenllana celebra las Bodas de Camacho durante la primera quincena de julio. Es el escenario natural para recrear y observar la inspiraci\u00f3n de la que Cervantes plasm\u00f3 en el Quijote.<\/p>\n<!-- \/wp:paragraph -->\n\n<!-- wp:paragraph -->\n<p>Sus d\u00edas grandes son santa Rita, el 22 de mayo&nbsp;y el 18 de septiembre santo Tom\u00e1s de Villanueva.<\/p>\n<!-- \/wp:paragraph -->\n\n<!-- wp:paragraph -->\n<p>Apenas a 3 Km entre Fuenllana y Villanueva de los Infantes se encuentra unas cuestas llamadas Las Cabeza, justo antes de llegar al lugar se contempla la totalidad del pueblo para descender directamente hacia \u00e9l. Aqu\u00ed se encuentra el llamado suspiro de Sancho. Tras la derrota por el caballero de los Espejos en la playa de Barcelona, don Quijote y Sancho regresan a su pueblo:<\/p>\n<!-- \/wp:paragraph -->\n\n<!-- wp:heading {\"level\":4} -->\n<h4><em>\u2026 subieron una cuesta arriba, desde la cual descubrieron su aldea, la cual, vista de Sancho, se hinc\u00f3 de rodillas y dijo. \u2013 Abre los ojos, deseada patria, y mira que vuelve a ti Sancho Panza, tu hijo, \u2026<\/em><\/h4>\n<!-- \/wp:heading -->\n\n<!-- wp:paragraph -->\n<p>Con esto, bajaron de la cuesta y se fueron a su pueblo (Cap. 72, II Parte)<\/p>\n<!-- \/wp:paragraph -->\n\n<!-- wp:paragraph -->\n<p>La ruta 6 de esta octava jornada termina con la misi\u00f3n cumplida de haber disfrutado con la gastronom\u00eda local, haber visitado museos, ermitas- santuarios, r\u00edos, lagunas, manantiales y alg\u00fan chapuz\u00f3n en los innumerables puntos mencionados.<\/p>\n<!-- \/wp:paragraph --><\/div>\n\t\t\t\t\t\t\t<\/div>\n\t\t<\/div>\n\t\t\t\t\t\t<\/div>\n\t\t\t\t<\/div>\n\t\t\t\t\t<\/div>\n\t\t<\/div>\n\t\t\t\t<div class=\"elementor-column elementor-col-16 elementor-top-column elementor-element elementor-element-ad52dbd\" data-id=\"ad52dbd\" data-element_type=\"column\">\n\t\t\t<div class=\"elementor-widget-wrap\">\n\t\t\t\t\t\t\t<\/div>\n\t\t<\/div>\n\t\t\t\t\t<\/div>\n\t\t<\/section>\n\t\t\t\t<section class=\"elementor-section elementor-top-section elementor-element elementor-element-c11d257 elementor-section-boxed elementor-section-height-default elementor-section-height-default\" data-id=\"c11d257\" data-element_type=\"section\">\n\t\t\t\t\t\t<div class=\"elementor-container elementor-column-gap-default\">\n\t\t\t\t\t<div class=\"elementor-column elementor-col-100 elementor-top-column elementor-element elementor-element-a8536f2\" data-id=\"a8536f2\" data-element_type=\"column\">\n\t\t\t<div class=\"elementor-widget-wrap\">\n\t\t\t\t\t\t\t<\/div>\n\t\t<\/div>\n\t\t\t\t\t<\/div>\n\t\t<\/section>\n\t\t<\/p><p><\/p><\/div>\n\t\t\t\t\t\t\t\t\t<div class=\"elementor-tab-title elementor-tab-mobile-title\" aria-selected=\"false\" data-tab=\"6\" role=\"tab\" tabindex=\"-1\" aria-controls=\"elementor-tab-content-9086\" aria-expanded=\"false\">D\u00eda 6<\/div>\n\t\t\t\t\t<div id=\"elementor-tab-content-9086\" class=\"elementor-tab-content elementor-clearfix\" data-tab=\"6\" role=\"tabpanel\" aria-labelledby=\"elementor-tab-title-9086\" tabindex=\"0\" hidden=\"hidden\"><p><\/p><h2 class=\"wp-block-heading\">Almedina-Puebla del Pr\u00edncipe-Villamanrique-Torre de Juan Abad-C\u00f3zar<\/h2><p><\/p><p><\/p><p>Partimos de Villanueva de los Infantes, punto neur\u00e1lgico de comunicaci\u00f3n con todos los pueblos del Campo de Montiel. En esta etapa se multiplican los pueblos pintorescos campomontiele\u00f1os. Avanzamos rumbo al sur a 14 Km. carretera CR-632 para llegar a Almedina.<\/p><p><\/p><p><\/p><div class=\"wp-block-columns is-layout-flex wp-container-core-columns-is-layout-35 wp-block-columns-is-layout-flex\"><p><\/p><div class=\"wp-block-column is-layout-flow wp-block-column-is-layout-flow\" style=\"flex-basis: 40%;\"><p><\/p><figure class=\"wp-block-image size-full is-style-default\"><img loading=\"lazy\" decoding=\"async\" width=\"670\" height=\"300\" class=\"wp-image-1499\" src=\"https:\/\/www.turismovillanuevadelosinfantes.es\/wp-content\/uploads\/2022\/04\/img3-2.jpg\" alt=\"\" srcset=\"https:\/\/www.turismovillanuevadelosinfantes.es\/wp-content\/uploads\/2022\/04\/img3-2.jpg 670w, https:\/\/www.turismovillanuevadelosinfantes.es\/wp-content\/uploads\/2022\/04\/img3-2-300x134.jpg 300w, https:\/\/www.turismovillanuevadelosinfantes.es\/wp-content\/uploads\/2022\/04\/img3-2-500x224.jpg 500w\" sizes=\"(max-width: 670px) 100vw, 670px\" \/><\/figure><p><\/p><\/div><p><\/p><p><\/p><div class=\"wp-block-column is-layout-flow wp-block-column-is-layout-flow\" style=\"flex-basis: 60%;\"><p><\/p><h3 class=\"wp-block-heading\">Almedina<\/h3><p><\/p><p><\/p><p>Puerta de entrada de Sierra Morena. Estamos ante un antiguo pueblo muy ligado a los avatares de la reconquista,<br \/>construido sobre un cerro, de calles empinadas e irregulares herencia de su pasado \u00e1rabe, muy cuidado y limpio.<\/p><p><\/p><\/div><p><\/p><\/div><p><\/p><p><\/p><p>Nos recibe la Fuente P\u00fablica, est\u00e1 amurallada, en la fachada se observa un escudo imperial de Carlos V y una inscripci\u00f3n que dice Encomienda Mayor de Castilla, se utilizaba hasta hace poco como abrevadero y lavadero de ropa.<\/p><p><\/p><p><\/p><p>Subiendo la empinada cuesta visitaremos la Iglesia de santa Mar\u00eda, asentada sobre una antigua mezquita \u00e1rabe, sobresale en su interior un magnifico artesonado y la torre poligonal.<\/p><p><\/p><p><\/p><p>El Ayuntamiento, recientemente restaurado, es la casa solariega de Juan Mu\u00f1oz de la Cueva del s. XVII, se conserva el p\u00f3rtico principal.<\/p><p><\/p><p><\/p><p>La ermita de la Virgen de los Remedios de estilo romano mud\u00e9jar, conserva una c\u00fapula donde se aprecian pinturas populares. Pasearemos por las calles desiguales y angostas de esta poblaci\u00f3n y podemos contemplar desde el mismo el entorno que la bordea la vega, en ella se encuentran huertos con bancales y albercas. Existen en su t\u00e9rmino 25 yacimientos y asentamientos de inter\u00e9s arqueol\u00f3gico: villas romanas, fortalezas, enterramientos, norias, etc.<\/p><p><\/p><p><\/p><p>Tiene un Museo al aire libre, un agradable recorrido por la pintura del Renacimiento Espa\u00f1ol. Se trata de 26 reproducciones en cer\u00e1mica de cuadros del pintor Fernando Y\u00e1\u00f1ez de la Almedina, ubicados cada uno de ellos en distintas fachadas de las calles de la villa. Todo un paseo did\u00e1ctico de este pintor disc\u00edpulo de Leonardo de Vinci.<\/p><p><\/p><p><\/p><p>Este pueblo est\u00e1 orgulloso de haber sido lugar de nacimiento del pintor. Sus composiciones se caracterizan por la amplitud de escenarios, la profundidad y serenidad de las figuras y la conjugaci\u00f3n de arquitectura y personajes. Tambi\u00e9n es cuna del maestro de ret\u00f3rica, Bartolom\u00e9 Jim\u00e9nez<\/p><p><\/p><p><\/p><p>Pat\u00f3n, uno de los humanistas de m\u00e1s prestigio e influencia entre los fil\u00f3sofos y escritores de los siglos XVI y XVII. Despu\u00e9s de este paseo podemos ir al Parque de las Estatuas, para seguir disfrutando del paisaje.<\/p><p><\/p><p><\/p><p>Cuenta el pueblo con siete cuevas, cada una de ellas con su leyenda. Algunas de ellas son visitables, pero antes hay que ponerse en contacto con un gu\u00eda para poder acceder a ellas.<\/p><p><\/p><p><\/p><p>Celebra sus fiestas del 7 al 9 de octubre en honor a Ntra. Del Rosario. Otra fiesta muy peculiar es el Baile de \u00c1nimas el 28 de diciembre, donde hombres y mujeres pujan para bailar con la persona elegida. San Gregorio, su patr\u00f3n el 8 de mayo.<\/p><p><\/p><p><\/p><p>A unos 3 Km. del pueblo direcci\u00f3n a Puebla del Pr\u00edncipe, se encuentran los Ba\u00f1os de Brochales de aguas ferruginosas medicinales.<\/p><p><\/p><p><\/p><p>Continuaremos el viaje adentr\u00e1ndonos en las frondosidades de la Sierra para llegar por la CR-632 a 8,2 km. a Puebla del Pr\u00edncipe.<\/p><p><\/p><p><\/p><div class=\"wp-block-columns is-layout-flex wp-container-core-columns-is-layout-36 wp-block-columns-is-layout-flex\"><p><\/p><div class=\"wp-block-column is-layout-flow wp-block-column-is-layout-flow\" style=\"flex-basis: 60%;\"><p><\/p><h3 class=\"wp-block-heading\">Puebla del Pr\u00edncipe<\/h3><p><\/p><p><\/p><p>Situado en una de las laderas de Sierra Morena, donde termina la Mancha y empieza Andaluc\u00eda. Entre los muros del Torre\u00f3n y la Iglesia se cre\u00f3 este pueblo genuinamente manchego.<\/p><p><\/p><p><\/p><p>Situado en una de las laderas de Sierra Morena, donde termina la Mancha y empieza Andaluc\u00eda. Entre los muros del Torre\u00f3n y la Iglesia se cre\u00f3 este pueblo genuinamente manchego.<\/p><p><\/p><p><\/p><p>El Torre\u00f3n-fortaleza reconstruido por los \u00e1rabes en plena dominaci\u00f3n musulmana, reconquistado por los cristianos en el s. XII para ser cedido por Alfonso VII a la Orden de Santiago, reconstruido en el a\u00f1o 2000, actualmente es un Centro Cultural. En la primera planta se encuentra una sala, antigua estancia del cuerpo de guardia. A la segunda se accede por una escalera de caracol, ambas salas tienen b\u00f3vedas en ladrillo de \u201cnido de golondrina\u201d.<\/p><p><\/p><\/div><p><\/p><p><\/p><div class=\"wp-block-column is-layout-flow wp-block-column-is-layout-flow\" style=\"flex-basis: 40%;\"><p><\/p><figure class=\"wp-block-image size-full is-style-default\"><img loading=\"lazy\" decoding=\"async\" width=\"307\" height=\"410\" class=\"wp-image-1500\" src=\"https:\/\/www.turismovillanuevadelosinfantes.es\/wp-content\/uploads\/2022\/04\/img4-1.jpg\" alt=\"\" srcset=\"https:\/\/www.turismovillanuevadelosinfantes.es\/wp-content\/uploads\/2022\/04\/img4-1.jpg 307w, https:\/\/www.turismovillanuevadelosinfantes.es\/wp-content\/uploads\/2022\/04\/img4-1-225x300.jpg 225w\" sizes=\"(max-width: 307px) 100vw, 307px\" \/><\/figure><p><\/p><\/div><p><\/p><\/div><p><\/p><p><\/p><p>La Iglesia de la Asunci\u00f3n, con su torre de almenas y grandes contrafuertes, m\u00e1s propio de un castillo que de una iglesia, de estilo g\u00f3tico. Entre el callej\u00f3n de la iglesia y casas bajas est\u00e1 ubicado Muy cerca del Torre\u00f3n y pegado ya a zona de huertos encontramos un lavadero, restaurado, que en su d\u00eda serv\u00eda de fuente y de aljibe para regar los huertos, as\u00ed como de lavadero de ropas.<\/p><p><\/p><p><\/p><p>Tiene una plaza acogedora, en la que poder descansar y reponer fuerzas para continuar con la Jornada.<\/p><p><\/p><p><\/p><p>A 2,5 km. del sur de la localidad, al pie de las agrestes cumbres est\u00e1 la Ermita de la Virgen de Mairena, levantada por los visigodos patrona de este pueblo y del pueblo vecino de Villamanrique, enclavada en un reducido y f\u00e9rtil valle, a sus pies una fuente de agua cristalina.<\/p><p><\/p><p><\/p><p>La virgen permanece todo el a\u00f1o en Puebla del Pr\u00edncipe, hasta el primer domingo de mayo, que es portada en andas desde Puebla del Pr\u00edncipe a Villamanrique, permaneciendo en este pueblo hasta el primer domingo de junio, que se traslada la imagen de Nuestra Se\u00f1ora de Mairena portada en andas por los devotos de Villamanrique desde su Iglesia hasta el l\u00edmite del t\u00e9rmino municipal de Puebla del Pr\u00edncipe, donde se produce el intercambio en el lugar conocido como las \u00abQuebradas\u00bb. Se entonan cantos a la virgen tras los cuales los poblatos toman la imagen y se encaminan hacia Puebla del Pr\u00edncipe. Celebra su fiestas patronales del 6 al 9 de septiembre.<\/p><p><\/p><p><\/p><h3 class=\"wp-block-heading\">Villamanrique<\/h3><p><\/p><p><\/p><p>Enclavado a los pies de una sierra llamada de San Crist\u00f3bal, situado en un paso natural entre la meseta y el valle del Guadalquivir y dominando el ancho y f\u00e9rtil valle regado por el r\u00edo Guadal\u00e9n.<\/p><p><\/p><p><\/p><p>En su fachada se ven unos balconcillos, como en la iglesia de La Solana y Villahermosa. Con una esbelta torre, de secci\u00f3n octogonal en la parte superior que se accede a ella por una escalera de caracol de piedra labrada.<\/p><p><\/p><p><\/p><p>Podemos ver la Iglesia de San Andr\u00e9s, declarada Monumento Nacional, de estilo g\u00f3tico tard\u00edo, con una bella portada plateresca, destacando el conjunto escult\u00f3rico del maestro cantero Juan de Arama, con un gran valor est\u00e9tico y simb\u00f3lico debido a los motivos decorativos y la iconograf\u00eda que presenta.<\/p><p><\/p><p><\/p><p>Continuaremos paseando por la calle Jer\u00f3nimo Fr\u00edas, en la que se puede contemplar algunas casas solariegas y el antiguo convento del Cister, del que solo se conserva la fachada labrada en piedra y la cruz de dicha Orden. Siguiendo la calle se encuentra la plaza del Ayuntamiento, otras casas solariegas, de las que solo queda algunos blasones.<\/p><p><\/p><p><\/p><p>Pr\u00f3ximo a la Casa Consistorial se halla La Casa de la Encomienda o Casa del Comendador de Montiz\u00f3n del poeta Jorge Manrique, muy deteriorada. Posee dicha casa un patio columnado y galer\u00edas con balaustres de madera.<\/p><p><\/p><p><\/p><p>Villamanrique cuenta con bellos parajes naturales, id\u00f3neos para la pr\u00e1ctica del senderismo y el contacto con la naturaleza. Al oeste, tomando un camino rural que une Villamanrique con Torre de Juan Abad,en un paisaje de gran belleza configurado por la hoz que forma el r\u00edo Guadal\u00e9n alrededor de la gran roca est\u00e1 el castillo de Montiz\u00f3n.<\/p><p><\/p><p><\/p><div class=\"wp-block-columns is-layout-flex wp-container-core-columns-is-layout-37 wp-block-columns-is-layout-flex\"><p><\/p><div class=\"wp-block-column is-layout-flow wp-block-column-is-layout-flow\" style=\"flex-basis: 40%;\"><p><\/p><figure class=\"wp-block-image size-full is-style-default\"><img loading=\"lazy\" decoding=\"async\" width=\"640\" height=\"480\" class=\"wp-image-1501\" src=\"https:\/\/www.turismovillanuevadelosinfantes.es\/wp-content\/uploads\/2022\/04\/img11-1.jpg\" alt=\"\" srcset=\"https:\/\/www.turismovillanuevadelosinfantes.es\/wp-content\/uploads\/2022\/04\/img11-1.jpg 640w, https:\/\/www.turismovillanuevadelosinfantes.es\/wp-content\/uploads\/2022\/04\/img11-1-300x225.jpg 300w, https:\/\/www.turismovillanuevadelosinfantes.es\/wp-content\/uploads\/2022\/04\/img11-1-500x375.jpg 500w\" sizes=\"(max-width: 640px) 100vw, 640px\" \/><\/figure><p><\/p><\/div><p><\/p><p><\/p><div class=\"wp-block-column is-layout-flow wp-block-column-is-layout-flow\" style=\"flex-basis: 60%;\"><p><\/p><p>Declarado Monumento Hist\u00f3rico Art\u00edstico, considerado Bien de Inter\u00e9s Cultural (BIC). Es la fortaleza, mejor conservada del Campo de Montiel, es de propiedad privada, est\u00e1 en uso y parcialmente restaurado. Se puede acceder concertando una visita previa, aunque por ser BIC deber\u00eda de estar abierto determinados d\u00edas al a\u00f1o. Es un castillo de fuertes y gruesos muros construido por la Orden de Santiago. Fue cabecera de la Encomienda de Montiz\u00f3n.<\/p><p><\/p><p><\/p><p>Las dependencias que se conservan son la puerta del castillo formada por un arco apuntado labrado en piedra de siller\u00eda, la torre del homenaje desde donde se divisa el r\u00edo Guadal\u00e9n, el patio de armas, las caballerizas, el algibe y diversos recintos. Aqu\u00ed vivi\u00f3 Jorge Manrique con su esposa do\u00f1a Guiomar de Casta\u00f1eda y sus hijos. En la tranquilidad de estas tierras escribi\u00f3 algunas de sus obras como \u201cCastillo de amor\u201d, en donde se reconoce el castillo de Montiz\u00f3n y el r\u00edo Guadal\u00e9n que pasa a sus pies, haciendo un paralelismo entre el castillo y su amada.<\/p><p><\/p><\/div><p><\/p><\/div><p><\/p><p><\/p><div class=\"wp-block-columns is-layout-flex wp-container-core-columns-is-layout-38 wp-block-columns-is-layout-flex\"><p><\/p><div class=\"wp-block-column is-layout-flow wp-block-column-is-layout-flow\" style=\"flex-basis: 66.66%;\"><p><\/p><p>Las dependencias que se conservan son la puerta del castillo formada por un arco apuntado labrado en piedra de siller\u00eda, la torre del homenaje desde donde se divisa el r\u00edo Guadal\u00e9n, el patio de armas, las caballerizas, el algibe y diversos recintos. Aqu\u00ed vivi\u00f3 Jorge Manrique con su esposa do\u00f1a Guiomar de Casta\u00f1eda y sus hijos. En la tranquilidad de estas tierras escribi\u00f3 algunas de sus obras como \u201cCastillo de amor\u201d, en donde se reconoce el castillo de Montiz\u00f3n y el r\u00edo Guadal\u00e9n que pasa a sus pies, haciendo un paralelismo entre el castillo y su amada.<\/p><p><\/p><p><\/p><p>En honor al poeta se celebran en mayo unas Jornadas Manrique\u00f1as con juegos medievales, mercadillo y otros actos culturales.<\/p><p><\/p><\/div><p><\/p><p><\/p><div class=\"wp-block-column is-layout-flow wp-block-column-is-layout-flow\" style=\"flex-basis: 33.33%;\"><p><\/p><h4 class=\"wp-block-heading\"><em>La fortaleza nombrada<br \/>esta en los altos alcores<br \/>de una mesta,<br \/>sobre una pe\u00f1a tejada,<br \/>maciza toda de amores,<br \/>muy bien puesta:<br \/>y tiene los baluartes<br \/>hacia el cabo que ha sentido<br \/>el olvidar,<br \/>y cerca de las otras partes,<br \/>un r\u00edo muy crecido,<br \/>que es nombrar.<\/em><\/h4><p><\/p><\/div><p><\/p><\/div><p><\/p><p><\/p><p>Otro lugar a resaltar en su t\u00e9rmino, en un cruce de caminos tomando la carretera de Villamanrique a Montiz\u00f3n, casi en el l\u00edmite con la provincia de Ja\u00e9n se encuentra la Venta Nueva del S. XVI, punto de confluencia de los caminos reales de Andaluc\u00eda a Valencia (Vereda de los Serranos), fue mandada construir por el duque de Medinasidonia como punto de descanso para los viajeros. Cosme de Medicis en su viaje a Espa\u00f1a, se alberg\u00f3 en ella y su acuarelista Baldi la ilustr\u00f3 para memoria de siempre. Algunos cervantistas identifican en esta venta el lugar donde Sancho Panza lleg\u00f3 para llevar la carta a Dulcinea y donde se le mante\u00f3.<\/p><p><\/p><p><\/p><p>Saliendo por la carretera que nos lleva al pueblo de Montiz\u00f3n, tras dejar la ermita de San Crist\u00f3bal, se halla los Ba\u00f1os de Perete, manantial de agua mineral.<\/p><p><\/p><p><\/p><p>Celebra las Fiestas de San Miguel, patr\u00f3n del pueblo el 29 de septiembre. Con encierros taurinos en la plaza y vacas sueltas por las calles, la peculiaridad de estos encierros es que las reses nunca son sacrificadas, sino devueltas a los ganaderos.<\/p><p><\/p><p><\/p><p>De vuelta a Villamanrique, se coge la carretera CM 3129 en direcci\u00f3n a Torre de Juan Abad, que dista 7 km., encontraremos sobre un cerro restos de una antigua fortaleza conocida como el castillo de Eznavejor, de origen isl\u00e1mico. A 2 km. llegaremos al se\u00f1or\u00edo de Torre de Juan Abad.<\/p><p><\/p><p><\/p><h3 class=\"wp-block-heading\">Torre de Juan Abad<\/h3><p><\/p><p><\/p><p>Enclave de los m\u00e1s antiguos de la Orden de Santiago. Su origen se vincula al anterior castillo mencionado. A lo largo del s. XV sufri\u00f3 diversas destrucciones provocadas por los recelos de los Manrique, comendadores de Montiz\u00f3n, deseosos de someter el t\u00e9rmino a su jurisdicci\u00f3n.<\/p><p><\/p><p><\/p><p>Cuenta Torre de Juan Abad con dos plazas, la plaza del Parador, donde est\u00e1 una bella escultura en bronce dedicada al ilustre escritor don Francisco de Quevedo, obra del artista manchego Joaqu\u00edn Garc\u00eda Donaire y la Plaza del Ayuntamiento donde est\u00e1 La Casa de la Tercia con soportales, donde se guardaba el pan de la Mesa Maestral, de piedra labrada.<\/p><p><\/p><p><\/p><div class=\"wp-block-columns is-layout-flex wp-container-core-columns-is-layout-39 wp-block-columns-is-layout-flex\"><p><\/p><div class=\"wp-block-column is-layout-flow wp-block-column-is-layout-flow\" style=\"flex-basis: 40%;\"><p><\/p><h4 class=\"wp-block-heading\"><em>Si me hallo, pregunt\u00e1is,<\/em><br \/><em>en este dulce retiro,<\/em><br \/><em>y es aqu\u00ed donde me hallo,<\/em><br \/><em>pues andaba all\u00ed perdido.<\/em><br \/><em>Aqu\u00ed me sobran los d\u00edas,<\/em><br \/><em>y los a\u00f1os fugitivos<\/em><br \/><em>parece que en estas tierras<\/em><br \/><em>entretienen el camino.<\/em><\/h4><p><\/p><\/div><p><\/p><p><\/p><div class=\"wp-block-column is-layout-flow wp-block-column-is-layout-flow\" style=\"flex-basis: 60%;\"><p><\/p><p>En 1597 Torre de Juan Abad compr\u00f3 su independencia jurisdiccional respecto al partido de Infantes. El esfuerzo result\u00f3 tan gravoso que determin\u00f3 un gran endeudamiento provocando la sumisi\u00f3n a un nuevo se\u00f1or: don Francisco de Quevedo. Se puede visitar la Casa Museo del escritor, donde el poeta residi\u00f3 en diferentes periodos de su vida.<\/p><p><\/p><p><\/p><p>Se conserva su tintero de cer\u00e1mica talaverana y el sill\u00f3n donde se sentaba. Cuenta con dos salas de exposiciones y otra dedicada a Quevedo, en ella se muestran documentos hist\u00f3ricos como su Testamento, en ella se ha ubicado el Centro de Estudios Quevedianos con una magnifica biblioteca especializada en el escritor y el Siglo de Oro espa\u00f1ol. Este museo alberga tambi\u00e9n en una sala el Museo del Detective, que cuenta con el primer pol\u00edgrafo utilizado en Espa\u00f1a.<\/p><p><\/p><\/div><p><\/p><\/div><p><\/p><p><\/p><p>Subiendo por la calle Empedrada iremos a la Iglesia de Nuestra Sra. de los Olmos, destaca su Retablo Mayor en madera tallada y policromada de finales del s. XVI, obra de Francisco Cano. El \u00d3rgano Hist\u00f3rico de Gaspar de la Redonda Zeballos, muy bien conservado, con caja de madera de \u00e9bano dorada y policromada, donde se celebran Conciertos de M\u00fasica a lo largo del a\u00f1o. Torre de Juan Abad, junto con Terrinches y Villahermosa realizan un Festival Internacional de Conciertos bajo el nombre de Sonoridades.<\/p><p><\/p><p><\/p><div class=\"wp-block-columns is-layout-flex wp-container-core-columns-is-layout-40 wp-block-columns-is-layout-flex\"><p><\/p><div class=\"wp-block-column is-layout-flow wp-block-column-is-layout-flow\" style=\"flex-basis: 66.66%;\"><p><\/p><p>A unos 4 km del pueblo est\u00e1 la Ermita de la Virgen de la Vega, rodeada por un claustro. Su origen data del s. XIII, construida por los Templarios, como lo atestigua una inscripci\u00f3n, para proteger a los peregrinos que iban a los Santos Lugares. Siendo visitado incluso por Santa Teresa de Jes\u00fas. En este paraje se celebra la romer\u00eda en honor a la virgen el 15 de agosto y las fiestas patronales del 7 al 10 de septiembre.<\/p><p><\/p><p><\/p><p>A 8 km. por la CM 3219 desde Torre de Juan Abad nos encontramos con C\u00f3zar, aqu\u00ed podemos desviarnos por la carretera CR-624 direcci\u00f3n Valdepe\u00f1as, para poder visitar el Pantano de la Cabezuela y las Bodegas Real en la Finca de Mari S\u00e1nchez, situados ambos en el hist\u00f3rico y antiguo Campo de Montiel. En ambos sitios hay Restaurante, y se conciertan visitas para conocer la Bodega Real.<\/p><p><\/p><p><\/p><p>\u00a0<\/p><p><\/p><\/div><p><\/p><p><\/p><div class=\"wp-block-column is-layout-flow wp-block-column-is-layout-flow\" style=\"flex-basis: 33.33%;\"><p><\/p><figure class=\"wp-block-image size-full is-style-default\"><img loading=\"lazy\" decoding=\"async\" width=\"640\" height=\"480\" class=\"wp-image-1502\" src=\"https:\/\/www.turismovillanuevadelosinfantes.es\/wp-content\/uploads\/2022\/04\/img18.jpg\" alt=\"\" srcset=\"https:\/\/www.turismovillanuevadelosinfantes.es\/wp-content\/uploads\/2022\/04\/img18.jpg 640w, https:\/\/www.turismovillanuevadelosinfantes.es\/wp-content\/uploads\/2022\/04\/img18-300x225.jpg 300w, https:\/\/www.turismovillanuevadelosinfantes.es\/wp-content\/uploads\/2022\/04\/img18-500x375.jpg 500w\" sizes=\"(max-width: 640px) 100vw, 640px\" \/><\/figure><p><\/p><\/div><p><\/p><\/div><p><\/p><p><\/p><h3 class=\"wp-block-heading\">C\u00f3zar<\/h3><p><\/p><p><\/p><p>En el pueblo de C\u00f3zar se puede ver la Iglesia de San Vicente M\u00e1rtir, declarada Monumento Hist\u00f3rico Art\u00edstico. De sus tres portadas, la m\u00e1s interesante es la principal, clasicista, realizada en el siglo XVII con escenas del Calvario. Junto a la iglesia se encuentra la Plaza, el Ayuntamiento y la Ermita del santo Cristo de la Vera Cruz, de gran valor sentimental para los cozare\u00f1os.<\/p><p><\/p><p><\/p><p>Se celebran las fiestas el 14 de septiembre y durante las fiestas hay un juego llamado \u201cLas tacillas\u201d duran 5 d\u00edas, cuyos or\u00edgenes se remontan al s. XIV y XV. Se practica entre los d\u00edas 13 al 17 de septiembre, coincidiendo con las fiestas en honor al Sant\u00edsimo Cristo de la Vera Cruz. Se conservan dos tacillas (concavidad en el suelo con unas ranuras a modo de asa), en la parte trasera de la Ermita del Cristo.<\/p><p><\/p><p><\/p><p>El juego consiste en dejar caer 8 bolas a la tacilla, si el\u00a0n\u00famero de bolas que caen en el interior de ella es par, gana la banca, si es impar, ganan los apostantes. Son subastadas p\u00fablicamente el d\u00eda que comienzan las fiestas y el dinero recaudado es destinado a la cofrad\u00eda del Cristo para el mantenimiento de su ermita. Tiene unas sencilla reglas que han sido heredadas de generaci\u00f3n en generaci\u00f3n. En este pueblo hay un Centro H\u00edpico llamado Yeguada El Azafranar, por el camino de Alcubillas a un 1 Km. del pueblo los que compartan la afici\u00f3n al caballo y a la naturaleza podr\u00e1n disfrutar de actividades ecuestres.<\/p><p><\/p><p><!-- wp:columns --><\/p><div class=\"wp-block-columns\"><p><!-- wp:column {\"width\":\"33.33%\"} --><\/p><div class=\"wp-block-column\" style=\"flex-basis: 33.33%;\"><p><!-- wp:image {\"id\":1503,\"sizeSlug\":\"full\",\"linkDestination\":\"none\",\"className\":\"is-style-default\"} --><\/p><figure class=\"wp-block-image size-full is-style-default\"><img loading=\"lazy\" decoding=\"async\" width=\"351\" height=\"169\" class=\"wp-image-1503\" src=\"https:\/\/www.turismovillanuevadelosinfantes.es\/wp-content\/uploads\/2022\/04\/img21.jpg\" alt=\"\" srcset=\"https:\/\/www.turismovillanuevadelosinfantes.es\/wp-content\/uploads\/2022\/04\/img21.jpg 351w, https:\/\/www.turismovillanuevadelosinfantes.es\/wp-content\/uploads\/2022\/04\/img21-300x144.jpg 300w\" sizes=\"(max-width: 351px) 100vw, 351px\" \/><\/figure><p><!-- \/wp:image --><\/p><\/div><p><!-- \/wp:column --><\/p><p><!-- wp:column {\"width\":\"66.66%\"} --><\/p><div class=\"wp-block-column\" style=\"flex-basis: 66.66%;\"><p><!-- wp:paragraph --><\/p><p>Una jornada al sur del Campo de Montiel, donde hemos visto fortalezas, r\u00edos, museos, casas se\u00f1oriales, paisajes naturales, y una visita muy de moda hoy en d\u00eda como son las bodegas. A 10 km. de C\u00f3zar se encuentra Infantes, volvemos al lugar en la misma direcci\u00f3n, aunque por caminos diferentes, que don Quijote cuando volvi\u00f3 a su pueblo en la segunda salida de la Primera Parte. Nuestro h\u00e9roe se intern\u00f3 en lo m\u00e1s profundo de Sierra Morena buscando escapar a la acci\u00f3n de la justicia, para regresar de nuevo d\u00edas despu\u00e9s a la venta de Maritornes con motivo del enga\u00f1o urdido por el cura para recoger a don Quijote y traerlo a su pueblo. Obligatoriamente tuvo que recorrer parte de este \u00faltimo trayecto desde Sierra Morena- Castellar de Santiago donde se encuentra la Sierra del Cambr\u00f3n- Torre de Juan Abad- Villanueva de los Infantes- por el Campo de Montiel para volver a su pueblo.<\/p><h4><em>Pis\u00f3 por ella el uno y otro lado<\/em><br \/><em>De la gran Sierra Negra, y el famoso<\/em><br \/><em>Campo de Montiel,\u2026.<\/em><\/h4><\/div><\/div><\/div>\n\t\t\t\t\t\t\t\t\t<div class=\"elementor-tab-title elementor-tab-mobile-title\" aria-selected=\"false\" data-tab=\"7\" role=\"tab\" tabindex=\"-1\" aria-controls=\"elementor-tab-content-9087\" aria-expanded=\"false\">D\u00eda 7<\/div>\n\t\t\t\t\t<div id=\"elementor-tab-content-9087\" class=\"elementor-tab-content elementor-clearfix\" data-tab=\"7\" role=\"tabpanel\" aria-labelledby=\"elementor-tab-title-9087\" tabindex=\"0\" hidden=\"hidden\"><!-- wp:heading -->\n<h2>Carrizosa-Lagunas de Ruidera-Ossa de Montiel-Alhambra<\/h2>\n<!-- \/wp:heading -->\n\n<!-- wp:paragraph -->\n<p>Mirando estos paisajes rurales se comprenden mejor las salidas de don Quijote desde el Campo de Montiel y el regreso a su lugar. Tomando el camino muy de ma\u00f1ana con el sol de soslayo salimos del lugar. A 33 Km. iremos a Las Lagunas de Ruidera, paraje natural por excelencia del Campo de Montiel.<\/p>\n<!-- \/wp:paragraph -->\n\n<!-- wp:paragraph -->\n<p>Con direcci\u00f3n CM-3129 encontramos el pueblo de Carrizosa.<\/p>\n<!-- \/wp:paragraph -->\n\n<!-- wp:columns -->\n<div class=\"wp-block-columns\"><!-- wp:column {\"width\":\"40%\"} -->\n<div class=\"wp-block-column\" style=\"flex-basis:40%\"><!-- wp:image {\"id\":1504,\"sizeSlug\":\"large\",\"linkDestination\":\"none\",\"className\":\"is-style-default\"} -->\n<figure class=\"wp-block-image size-large is-style-default\"><img fetchpriority=\"high\" decoding=\"async\" width=\"1024\" height=\"681\" src=\"https:\/\/www.turismovillanuevadelosinfantes.es\/wp-content\/uploads\/2022\/04\/img4-2-1024x681.jpg\" alt=\"\" class=\"wp-image-1504\" srcset=\"https:\/\/www.turismovillanuevadelosinfantes.es\/wp-content\/uploads\/2022\/04\/img4-2-1024x681.jpg 1024w, https:\/\/www.turismovillanuevadelosinfantes.es\/wp-content\/uploads\/2022\/04\/img4-2-300x199.jpg 300w, https:\/\/www.turismovillanuevadelosinfantes.es\/wp-content\/uploads\/2022\/04\/img4-2-768x511.jpg 768w, https:\/\/www.turismovillanuevadelosinfantes.es\/wp-content\/uploads\/2022\/04\/img4-2-500x332.jpg 500w, https:\/\/www.turismovillanuevadelosinfantes.es\/wp-content\/uploads\/2022\/04\/img4-2-800x532.jpg 800w, https:\/\/www.turismovillanuevadelosinfantes.es\/wp-content\/uploads\/2022\/04\/img4-2-18x12.jpg 18w, https:\/\/www.turismovillanuevadelosinfantes.es\/wp-content\/uploads\/2022\/04\/img4-2.jpg 1182w\" sizes=\"(max-width: 1024px) 100vw, 1024px\" \/><\/figure>\n<!-- \/wp:image --><\/div>\n<!-- \/wp:column -->\n\n<!-- wp:column {\"width\":\"60%\"} -->\n<div class=\"wp-block-column\" style=\"flex-basis:60%\"><!-- wp:heading {\"level\":3} -->\n<h3>Carrizosa<\/h3>\n<!-- \/wp:heading -->\n\n<!-- wp:paragraph -->\n<p>Seccionado en dos partes por el r\u00edo Ca\u00f1amares, cuyas calles tienen un trazado muy irregular, algunas tienen escaleras y sus casas presentan la tipolog\u00eda manchega.<\/p>\n<!-- \/wp:paragraph -->\n\n<!-- wp:paragraph -->\n<p>La iglesia parroquial de santa Catalina levantada recientemente conserva vestigios de un templo del s.<br>XVI. A 3 km. del pueblo por la carretera direcci\u00f3n a Villahermosa se localiza el paraje El Arroyo de los Toriles donde se puede visitar en \u00e9poca seca unas cuevas que contienen pinturas prehist\u00f3ricas.<\/p>\n<!-- \/wp:paragraph --><\/div>\n<!-- \/wp:column --><\/div>\n<!-- \/wp:columns -->\n\n<!-- wp:paragraph -->\n<p>A unos 2,5 km. del pueblo hay una ermita bajo la advocaci\u00f3n de la Virgen del Salido, en la alameda del r\u00edo Azuer donde se encuentra la ermita, se celebra su romer\u00eda en la segunda quincena de agosto, siendo \u00e9sta muy populosa, donde d\u00eda y noche se come, se bebe y se baila. Cerca de estos contornos entre los l\u00edmites del t\u00e9rmino de Carrizosa,, Fuenllana y Villahermosa se encuentra la finca La Fuenlabrada donde tuvo lugar el episodio de las Bodas de Camacho. Despu\u00e9s de la boda don Quijote y Sancho acompa\u00f1aron a Basilio y Quiteria a su aldea, de la que seg\u00fan cuenta la tradici\u00f3n es el pueblo de Carrizosa.<\/p>\n<!-- \/wp:paragraph -->\n\n<!-- wp:paragraph -->\n<p>Despu\u00e9s de asistir a la mencionada boda cerca de los linderos de este pueblo, y en la que Basilio consigue casarse con Quiteria, tras la renuncia de Camacho el rico. Don Quijote muestra deseos de ir a Ruidera para entrar a la Cueva de Montesinos:<\/p>\n<!-- \/wp:paragraph -->\n\n<!-- wp:heading {\"level\":4} -->\n<h4>\u2026mostr\u00f3 su deseo de entrar a la Cueva de Montesinos para ver si eran verdaderas las maravillas que de ella se dec\u00edan por todos estos contornos \u2026 el cual con micha voluntad le pondr\u00eda a la boca de la misma cueva y le ense\u00f1ar\u00eda las lagunas de Ruidera, famososas asimismo en toda La Mancha, y aun en toda Espa\u00f1a; [\u2026]ensill\u00f3 Sancho a Rocinante y aderez\u00f3 al rucio\u2026y despidi\u00e9ndose de todos, se pusieron en camino, tomando la derrota de la famosa Cueva de Montesinos[\u2026]se les pas\u00f3 el d\u00eda y a la noche se albergaron en una peque\u00f1a aldea\u2026( cap. XXII, II Parte).<\/h4>\n<!-- \/wp:heading -->\n\n<!-- wp:paragraph -->\n<p>Desde Carrizosa, nos dirigimos al norte por la carretera CR 642 para coger la N 430 y llegar al Parque Natural de las Lagunas de Ruidera, el cual acumula el agua de los nacimientos del Campo de Montiel formando 15 lagunas sucesivas, su nombre se atribuye al \u201cruido\u201d que hace el agua al saltar de una laguna a otra formando cascadas, hasta llegar a Ossa de Montiel, pueblo que desde 1833 pertenece a la provincia de Albacete.<\/p>\n<!-- \/wp:paragraph -->\n\n<!-- wp:columns -->\n<div class=\"wp-block-columns\"><!-- wp:column {\"width\":\"60%\"} -->\n<div class=\"wp-block-column\" style=\"flex-basis:60%\"><!-- wp:heading {\"level\":3} -->\n<h3>Lagunas de Ruidera<\/h3>\n<!-- \/wp:heading -->\n\n<!-- wp:paragraph -->\n<p>Geomorfol\u00f3gicamente Las Lagunas pertenecen a la altiplanicie de la comarca natural del Campo de Montiel. Es un paraje natural formado por una serie de lagunas conectadas por peque\u00f1as cascadas. En el pueblo de Ruidera se encuentran la \u201cCasa de la P\u00f3lvora\u201d, trazada por el arquitecto Juan de Villanueva, actualmente Centro de Recepci\u00f3n de Visitantes. Dejando a un lado las lagunas de \u201cCenagal\u201d y \u201cColadilla\u201d, se encuentra la \u201cCascada del Hundimiento\u201d, donde desemboca el agua que discurre en las lagunas. Volviendo otra vez a la carretera a lo largo de 25 Km., al otro lado est\u00e1 la laguna \u201cdel Rey\u201d y siguiendo la carretera AB 650 se bordea todas las dem\u00e1s: \u201cColgada\u201d, Batana\u201d, \u201cLengua\u201d, \u201cRedondilla\u201d, \u201cSan Pedro\u201d, \u201cTinaja\u201d, \u201cConceja\u201d, \u201cBlanca\u201d y la \u201cNava\u201d. Se puede practicar deportes como la caza, pesca, senderismo, pirag\u00fcismo, y paseo a caballo.<\/p>\n<!-- \/wp:paragraph --><\/div>\n<!-- \/wp:column -->\n\n<!-- wp:column {\"width\":\"40%\"} -->\n<div class=\"wp-block-column\" style=\"flex-basis:40%\"><!-- wp:image {\"id\":1505,\"sizeSlug\":\"full\",\"linkDestination\":\"none\",\"className\":\"is-style-default\"} -->\n<figure class=\"wp-block-image size-full is-style-default\"><img decoding=\"async\" width=\"640\" height=\"480\" src=\"https:\/\/www.turismovillanuevadelosinfantes.es\/wp-content\/uploads\/2022\/04\/img5-1.jpg\" alt=\"\" class=\"wp-image-1505\" srcset=\"https:\/\/www.turismovillanuevadelosinfantes.es\/wp-content\/uploads\/2022\/04\/img5-1.jpg 640w, https:\/\/www.turismovillanuevadelosinfantes.es\/wp-content\/uploads\/2022\/04\/img5-1-300x225.jpg 300w, https:\/\/www.turismovillanuevadelosinfantes.es\/wp-content\/uploads\/2022\/04\/img5-1-500x375.jpg 500w\" sizes=\"(max-width: 640px) 100vw, 640px\" \/><\/figure>\n<!-- \/wp:image --><\/div>\n<!-- \/wp:column --><\/div>\n<!-- \/wp:columns -->\n\n<!-- wp:paragraph -->\n<p>Desvi\u00e1ndose en la laguna de San Pedro, se llega a la famosa Cueva de Montesinos, de quien desde siempre tantas y tan admirables cosas en aquellos contornos se contaban.<\/p>\n<!-- \/wp:paragraph -->\n\n<!-- wp:paragraph -->\n<p>Para conocer e interpretar las aventuras de don Quijote y Sancho en estos parajes, hay que leer o haber le\u00eddo los cap\u00edtulos XVIII al XXVII de la segunda parte de El Quijote. Siguiendo los pasos del hidalgo manchego, llegar\u00e1 a una sima, bajando al interior a la derecha mano, se hace una gran concavidad y espacio capaz de caber en ella un gran carro con sus mulas. Aqu\u00ed fue donde don Quijote vivi\u00f3 uno de los momentos m\u00e1s surrealistas de su vida caballeresca. No lejos de aqu\u00ed- respondi\u00f3 el primo-, est\u00e1 una ermita que tiene una habitaci\u00f3n o peque\u00f1a casa (cap. XXIV, II Parte)\u2026\u201d.<\/p>\n<!-- \/wp:paragraph -->\n\n<!-- wp:paragraph -->\n<p>Cercano a Ossa de Montiel nos encontramos con el Castillo de Rochafrida, peque\u00f1a fortaleza de origen \u00e1rabe, situado en el valle del Alarconcillo y que paso a manos de la orden de Santiago, donde Cervantes sit\u00faa a la princesa Rosaflorida.<\/p>\n<!-- \/wp:paragraph -->\n\n<!-- wp:paragraph -->\n<p>En nuestro paso por este valle encontraremos la ermita de San Pedro de Verona, que tambi\u00e9n refleja Cervantes y cerca de ella la que dicen Venta del celem\u00edn.\u00bbJunto con la ermita tiene una peque\u00f1a casa. con todo, aunque chica, es capaz de recibir hu\u00e9spedes\u00bb (cap\u00edtulo XXIV). Y a apenas dos leguas de la venta la famosa cueva de montesinos\u201d. <\/p>\n<!-- \/wp:paragraph -->\n\n<!-- wp:paragraph -->\n<p>Esta venta pertenece al t\u00e9rmino de Ossa de Montiel.<\/p>\n<!-- \/wp:paragraph -->\n\n<!-- wp:heading {\"level\":3} -->\n<h3>Ossa de Montiel<\/h3>\n<!-- \/wp:heading -->\n\n<!-- wp:paragraph -->\n<p>Este pueblo dista de Ruidera 14 Km. por la carretera N-430.<\/p>\n<!-- \/wp:paragraph -->\n\n<!-- wp:paragraph -->\n<p>Un pueblo tranquilo, de casas bajas. Tiene una iglesia dedicada a Santa Mar\u00eda Magdalena, con trazas g\u00f3tica parecida a una ermita rural por su sencillez, con un arco de medio punto enmarcado en un alfiz y campanario en forma de espa\u00f1ada\u00f1a. Cuenta con un Museo Etnogr\u00e1fico de artes y oficios, en el que hay que solicitar informaci\u00f3n de su visita con antelaci\u00f3n.<\/p>\n<!-- \/wp:paragraph -->\n\n<!-- wp:paragraph -->\n<p>El Rollo jurisdiccional o Picota est\u00e1 situado en el jard\u00edn de Nuestra Historia.<\/p>\n<!-- \/wp:paragraph -->\n\n<!-- wp:paragraph -->\n<p>Ossa de Montiel recibe el t\u00edtulo de villa el 28 de septiembre de 1410 de manos del infante D. Enrique (hijo del rey Fernando de Arag\u00f3n). Este hecho se representa con la construcci\u00f3n del denominado Rollo o Picota que es s\u00edmbolo de jurisdicci\u00f3n del pueblo. Se trata de una talla de piedra de 5 metros de altura en forma de columna, con ganchos en la parte de arriba, asentado sobre una base de 4 pelda\u00f1os en forma cil\u00edndrica. En \u00e9l se expon\u00edan a los reos para su verg\u00fcenza p\u00fablica.<\/p>\n<!-- \/wp:paragraph -->\n\n<!-- wp:paragraph -->\n<p>En las Lagunas de Ruidera se puede disfrutar de un ba\u00f1o si es \u00e9poca veraniega y a la hora de comer reservar mesa para degustar unos galianos, conejo al ajillo o perdiz en escabeche, para continuar con el viaje hacia Alhambra.<\/p>\n<!-- \/wp:paragraph -->\n\n<!-- wp:paragraph -->\n<p>Se volver\u00e1 al Centro de Recepci\u00f3n del Parque Natural de Las Lagunas para continuar por la carretera N 430 para llegar al cerro milenario que se asoma a la planicie manchega de colores rojizos.<\/p>\n<!-- \/wp:paragraph -->\n\n<!-- wp:columns -->\n<div class=\"wp-block-columns\"><!-- wp:column {\"width\":\"40%\"} -->\n<div class=\"wp-block-column\" style=\"flex-basis:40%\"><!-- wp:image {\"id\":1506,\"sizeSlug\":\"full\",\"linkDestination\":\"none\",\"className\":\"is-style-default\"} -->\n<figure class=\"wp-block-image size-full is-style-default\"><img decoding=\"async\" width=\"909\" height=\"606\" src=\"https:\/\/www.turismovillanuevadelosinfantes.es\/wp-content\/uploads\/2022\/04\/img11-2.jpg\" alt=\"\" class=\"wp-image-1506\" srcset=\"https:\/\/www.turismovillanuevadelosinfantes.es\/wp-content\/uploads\/2022\/04\/img11-2.jpg 909w, https:\/\/www.turismovillanuevadelosinfantes.es\/wp-content\/uploads\/2022\/04\/img11-2-300x200.jpg 300w, https:\/\/www.turismovillanuevadelosinfantes.es\/wp-content\/uploads\/2022\/04\/img11-2-768x512.jpg 768w, https:\/\/www.turismovillanuevadelosinfantes.es\/wp-content\/uploads\/2022\/04\/img11-2-500x333.jpg 500w, https:\/\/www.turismovillanuevadelosinfantes.es\/wp-content\/uploads\/2022\/04\/img11-2-800x533.jpg 800w\" sizes=\"(max-width: 909px) 100vw, 909px\" \/><\/figure>\n<!-- \/wp:image --><\/div>\n<!-- \/wp:column -->\n\n<!-- wp:column {\"width\":\"60%\"} -->\n<div class=\"wp-block-column\" style=\"flex-basis:60%\"><!-- wp:heading {\"level\":3} -->\n<h3>Alhambra<\/h3>\n<!-- \/wp:heading -->\n\n<!-- wp:paragraph -->\n<p>Para dirigirse a esta villa romana, \u00e1rabe y cristiana a 20 km desde ese punto de la recepci\u00f3n del Parque Natural y a 24 km. de Villanueva de los Infantes por la carretera N 430. Este pueblo mantiene su legado hist\u00f3rico, pasando desde la Edad del Bronce, pasando por los \u00cdberos, Romanos, Visigodos, Musulmanes y la Edad Media, en el que su esplendor fue importante y estrat\u00e9gico. En la ladera de la meseta en uno de sus lados sobre un cerro, se ve el castillo de origen musulm\u00e1n.<\/p>\n<!-- \/wp:paragraph --><\/div>\n<!-- \/wp:column --><\/div>\n<!-- \/wp:columns -->\n\n<!-- wp:paragraph -->\n<p>Tras la victoria de las Navas de Tolosa, Alfonso VIII otorg\u00f3 a los Caballeros de la Orden de Santiago el Campo de Montiel. A su vez don\u00f3 Alhambra al Conde \u00c1lvaro Nu\u00f1ez de Lara, para convertirse m\u00e1s tarde en la Encomienda m\u00e1s rica de la Orden. Su antig\u00fcedad y prestigio la convirtieron en la segunda cabecera del campo de Montiel. Aqu\u00ed se ubica la ciudad de Laminium, punto importante de cruce de v\u00edas romanas. En el casco urbano se puede contemplar estatuas, pedestales, sarc\u00f3fagos, ajuares funerarios, losas\u2026<\/p>\n<!-- \/wp:paragraph -->\n\n<!-- wp:paragraph -->\n<p>Cuenta con un museo de arqueolog\u00eda con importantes vestigios romanos, situado en la calle Calvario, abierto todos los d\u00edas previa cita y en el que se puede contemplar una colecci\u00f3n permanente de objetos arqueol\u00f3gicos. Alhambra est\u00e1 emplazada en un cerro que forma parte de la Sierra de Alhambra que presenta el color rojizo de donde procede el origen \u00e1rabe de su nombre: Al-amra (La Roja).<\/p>\n<!-- \/wp:paragraph -->\n\n<!-- wp:paragraph -->\n<p>Cuenta con un museo de arqueolog\u00eda con importantes vestigios romanos, situado en la calle Calvario, abierto todos los d\u00edas previa cita y en el que se puede contemplar una colecci\u00f3n permanente de objetos arqueol\u00f3gicos. Alhambra est\u00e1 emplazada en un cerro que forma parte de la Sierra de Alhambra que presenta el color rojizo de donde procede el origen \u00e1rabe de su nombre: Al-amra (La Roja).<\/p>\n<!-- \/wp:paragraph -->\n\n<!-- wp:paragraph -->\n<p>Destaca su urbanismo de trazado irregular isl\u00e1mico, con calles de cuesta y viviendas encaladas. La iglesia de san Bartolom\u00e9, tiene sus ra\u00edces en los restos de un antiguo templo romano, aprovechando sillares, columnas y dos esculturas togadas que se encuentran delante de la iglesia. En su interior se conservan dos retablos del siglo XV y un sagrario de la misma \u00e9poca. Las fiestas m\u00e1s populares son las que se celebran en honor a su patr\u00f3n san Bartolom\u00e9 del 23 al 27 de agosto y la romer\u00eda de Nuestra Sra. de F\u00e1tima, el segundo s\u00e1bado de mayo.<\/p>\n<!-- \/wp:paragraph -->\n\n<!-- wp:paragraph -->\n<p>Desde el mirador del Calvario se puede admirar la inmensidad del Campo de Montiel.<\/p>\n<!-- \/wp:paragraph -->\n\n<!-- wp:paragraph -->\n<p>En agosto Alhambra celebra unas Jornadas Ibero-Romanas para conmemorar la ciudad de Laminium y la convivencia entre las dos culturas.<\/p>\n<!-- \/wp:paragraph -->\n\n<!-- wp:paragraph -->\n<p>Tiene un interesante Museo Municipal de Arqueolog\u00eda y de Etnograf\u00eda, gestiona con apoyo del Ayuntamiento, en el cual se muestran los principales episodios y materiales de la historia local.<\/p>\n<!-- \/wp:paragraph -->\n\n<!-- wp:paragraph -->\n<p>Destaca su urbanismo de trazado irregular isl\u00e1mico, con calles de&nbsp;cuesta y viviendas encaladas.<\/p>\n<!-- \/wp:paragraph -->\n\n<!-- wp:paragraph -->\n<p>La iglesia de san Bartolom\u00e9, tiene sus ra\u00edces en los restos de un antiguo templo romano, aprovechando sillares, columnas y dos esculturas togadas que se encuentran delante de la iglesia. En su interior se conservan dos retablos del siglo XV y un sagrario de la misma \u00e9poca. Las fiestas m\u00e1s populares son las que se celebran en<br>honor a su patr\u00f3n san Bartolom\u00e9 del 23 al 27 de agosto y la romer\u00eda de Nuestra Sra. de F\u00e1tima, el segundo s\u00e1bado de mayo<\/p>\n<!-- \/wp:paragraph -->\n\n<!-- wp:paragraph -->\n<p>De nuevo por la N-430 con direcci\u00f3n a Ruidera, buscaremos el desv\u00edo de la CR-642 que nos llevar\u00e1 de nuevo a Carrizosa (10 km). El anochecer requiere volver al lugar. Descansar en cualquiera de los hoteles o casas rurales ser\u00e1 un placer, tras haber hecho la ruta que se acaba de explicar.<\/p>\n<!-- \/wp:paragraph -->\n<\/div>\n\t\t\t\t\t\t\t\t\t<div class=\"elementor-tab-title elementor-tab-mobile-title\" aria-selected=\"false\" data-tab=\"8\" role=\"tab\" tabindex=\"-1\" aria-controls=\"elementor-tab-content-9088\" aria-expanded=\"false\">D\u00eda 8<\/div>\n\t\t\t\t\t<div id=\"elementor-tab-content-9088\" class=\"elementor-tab-content elementor-clearfix\" data-tab=\"8\" role=\"tabpanel\" aria-labelledby=\"elementor-tab-title-9088\" tabindex=\"0\" hidden=\"hidden\"><!-- wp:heading -->\n<h2>Villanueva de la Fuente- Villahermosa-Fuenllana<\/h2>\n<!-- \/wp:heading -->\n\n<!-- wp:paragraph -->\n<p>Para quienes quieran visitar esta clandestina ruta del agua, saliendo desde Villanueva de los Infantes por la CM 2127 a Montiel a 5 Km. de esta villa, en la carretera CRP 6311 en direcci\u00f3n a Villanueva de la Fuente nos<\/p>\n<!-- \/wp:paragraph -->\n\n<!-- wp:paragraph -->\n<p>encontramos con el paraje natural de los Ojos del Jabal\u00f3n, donde nace dicho r\u00edo, afluente del Guadiana. Siguiendo la carretera CR 6311 a 12 km. llegamos a Villanueva de la Fuente.<\/p>\n<!-- \/wp:paragraph -->\n\n<!-- wp:columns -->\n<div class=\"wp-block-columns\"><!-- wp:column {\"width\":\"40%\"} -->\n<div class=\"wp-block-column\" style=\"flex-basis:40%\"><!-- wp:image {\"id\":1507,\"sizeSlug\":\"full\",\"linkDestination\":\"none\",\"className\":\"is-style-default\"} -->\n<figure class=\"wp-block-image size-full is-style-default\"><img loading=\"lazy\" decoding=\"async\" width=\"400\" height=\"300\" src=\"https:\/\/www.turismovillanuevadelosinfantes.es\/wp-content\/uploads\/2022\/04\/img2-2.jpg\" alt=\"\" class=\"wp-image-1507\" srcset=\"https:\/\/www.turismovillanuevadelosinfantes.es\/wp-content\/uploads\/2022\/04\/img2-2.jpg 400w, https:\/\/www.turismovillanuevadelosinfantes.es\/wp-content\/uploads\/2022\/04\/img2-2-300x225.jpg 300w\" sizes=\"(max-width: 400px) 100vw, 400px\" \/><\/figure>\n<!-- \/wp:image --><\/div>\n<!-- \/wp:column -->\n\n<!-- wp:column {\"width\":\"60%\"} -->\n<div class=\"wp-block-column\" style=\"flex-basis:60%\"><!-- wp:heading {\"level\":3} -->\n<h3>Villanueva de la Fuente<\/h3>\n<!-- \/wp:heading -->\n\n<!-- wp:paragraph -->\n<p>Nos encontramos en el acu\u00edfero 24 conocido como &#8216;acu\u00edfero del Campo de Montiel&#8217;, una inmensa bolsa de agua subterr\u00e1nea que ha sufrido en las \u00faltimas d\u00e9cadas una gran sobre explotaci\u00f3n por los regad\u00edos y que por sus rebosaderos da lugar al nacimiento de los r\u00edos de la comarca. Dicho pueblo est\u00e1 situado entre La Mancha y la sierra de Alcaraz. Algunos historiadores la identifican con la ciudad de Mentesa, importante ciudad romana de la provincia de Oretania. Tiene un yacimiento arqueol\u00f3gico con restos de cultura ibera, romana y medieval.<\/p>\n<!-- \/wp:paragraph -->\n\n<!-- wp:paragraph -->\n<p>Se puede visitar desde un museo etnol\u00f3gico a otro arqueol\u00f3gico, aunque habr\u00e1 que concertar la cita con antelaci\u00f3n si se quiere conocer estos interesantes recintos. En fechas de mediados de agosto se celebra en fin de semana una Feria de caza, turismo rural, artesan\u00eda y productos de la tierra (MENCATUR), donde adem\u00e1s hay actividades y exhibiciones. En Corpus Christi los vecinos engalanan las calles de hierbas arom\u00e1ticas; con serr\u00edn te\u00f1ido de colores, forman bellas alfombras dignas de admirar. Est\u00e1 declarado de Inter\u00e9s Tur\u00edstico Regional.<\/p>\n<!-- \/wp:paragraph --><\/div>\n<!-- \/wp:column --><\/div>\n<!-- \/wp:columns -->\n\n<!-- wp:paragraph -->\n<p>En el mismo pueblo est\u00e1 el nacimiento del r\u00edo Villanueva, es un precioso paraje conocido como el oasis de la Mancha, acequias y manantiales contin\u00faan su cauce perdi\u00e9ndose entre las f\u00e9rtiles huertas de su vega.<\/p>\n<!-- \/wp:paragraph -->\n\n<!-- wp:paragraph -->\n<p>El cauce por este valle, en direcci\u00f3n a su nacimiento, nos encontramos con 3 batanes, que por el ruido de sus mazas, recuerdan a don Quijote y Sancho en la aventura de los batanes (I parte cap. XX). En los extramuros del pueblo, en la carretera direcci\u00f3n a Albaladejo, en la cima de un calar se encuentra la ermita-santuario de Ntra. Sra. de los Desamparados, donde desde el mirador sur se aprecia el r\u00edo Villanueva y las estribaciones de Sierra Morena. Celebra su romer\u00eda y fiestas a \u00faltimos de agosto donde se ofrecen festejos taurinos.<\/p>\n<!-- \/wp:paragraph -->\n\n<!-- wp:paragraph -->\n<p>Aproximadamente a 19 km de Villanueva de la Fuente en direcci\u00f3n oeste CM 412 se encuentra Villahermosa, antes habremos pasado por dos aldeas anejas a esta villa: Santa Mar\u00eda y Ca\u00f1amares con f\u00e9rtil vega del r\u00edo hom\u00f3nimo, actualmente con escasa poblaci\u00f3n.<\/p>\n<!-- \/wp:paragraph -->\n\n<!-- wp:columns -->\n<div class=\"wp-block-columns\"><!-- wp:column {\"width\":\"60%\"} -->\n<div class=\"wp-block-column\" style=\"flex-basis:60%\"><!-- wp:heading {\"level\":3} -->\n<h3>Villahermosa<\/h3>\n<!-- \/wp:heading -->\n\n<!-- wp:paragraph -->\n<p>En Villahermosa el patrimonio art\u00edstico m\u00e1s valioso es la iglesia Nuestra Sra. de la Asunci\u00f3n, declarada Monumento Hist\u00f3rico-Art\u00edstico Nacional, de estilo g\u00f3tico tard\u00edo en su periodo de transici\u00f3n renacentista. Esta iglesia guarda un retablo-monumento con escenas de la Pasi\u00f3n, \u00fanico en el mundo, obra pict\u00f3rica estilo de la escuela florentina, que se montaba en la iglesia en la ma\u00f1ana de Jueves Santo. Merece verse con detenimiento sus capillas, la sacrist\u00eda, el coro, la torre, el p\u00f3rtico de estilo g\u00f3tico-isabelino, la puerta del Perd\u00f3n. Conserva una monumental tribuna de madera para el \u00f3rgano restaurado recientemente. Se celebran varios conciertos a lo largo del a\u00f1o, se puede asistir al menos a uno en agosto. Junto con Torre de Juan Abad y Terrinches ofrecen el ciclo de Conciertos Sonoridades.<\/p>\n<!-- \/wp:paragraph --><\/div>\n<!-- \/wp:column -->\n\n<!-- wp:column {\"width\":\"40%\"} -->\n<div class=\"wp-block-column\" style=\"flex-basis:40%\"><!-- wp:image {\"id\":1508,\"sizeSlug\":\"full\",\"linkDestination\":\"none\",\"className\":\"is-style-default\"} -->\n<figure class=\"wp-block-image size-full is-style-default\"><img loading=\"lazy\" decoding=\"async\" width=\"480\" height=\"640\" src=\"https:\/\/www.turismovillanuevadelosinfantes.es\/wp-content\/uploads\/2022\/04\/img7.jpg\" alt=\"\" class=\"wp-image-1508\" srcset=\"https:\/\/www.turismovillanuevadelosinfantes.es\/wp-content\/uploads\/2022\/04\/img7.jpg 480w, https:\/\/www.turismovillanuevadelosinfantes.es\/wp-content\/uploads\/2022\/04\/img7-225x300.jpg 225w, https:\/\/www.turismovillanuevadelosinfantes.es\/wp-content\/uploads\/2022\/04\/img7-9x12.jpg 9w\" sizes=\"(max-width: 480px) 100vw, 480px\" \/><\/figure>\n<!-- \/wp:image --><\/div>\n<!-- \/wp:column --><\/div>\n<!-- \/wp:columns -->\n\n<!-- wp:paragraph -->\n<p>Los s\u00e1bados, Villahermosa tiene un variado \u201cmercadillo\u201d. Pero adem\u00e1s esta localidad posee otros recursos naturales que la convierten en un enclave para disfrutar del contacto con la naturaleza, situado al norte del t\u00e9rmino municipal por la carretera CR-640 direcci\u00f3n Osa de Montiel a nuestra izquierda nos encontramos a 15 Km. con La Laguna Blanca, la Laguna de la Nava y un Bosque de sabinares protegido por estar en v\u00edas de extinci\u00f3n.<\/p>\n<!-- \/wp:paragraph -->\n\n<!-- wp:paragraph -->\n<p>En la Laguna Blanca -nos podemos dar un buen chapuz\u00f3n-, da comienzo el Parque Natural de las Lagunas de Ruidera. El r\u00edo Guadiana, seg\u00fan algunos ge\u00f3grafos, nace en su t\u00e9rmino, en los manantiales de los Zampo\u00f1ones.<\/p>\n<!-- \/wp:paragraph -->\n\n<!-- wp:paragraph -->\n<p>Villahermosa es un sitio con numerosos manantiales y aguas permanentes.<\/p>\n<!-- \/wp:paragraph -->\n\n<!-- wp:paragraph -->\n<p>Visitada la Laguna Blanca y pasear por el bosque de sabinares, volveremos a Villahermosa para dirigirnos por la carretera CR-6421 direcci\u00f3n Carrizosa a 16 km. donde se encuentra el santuario de la Virgen de la Carrasca construido en el s. XVI, destaca el retablo barroco donde se encuentra el camar\u00edn de la virgen. Se celebra una romer\u00eda en su honor el segundo s\u00e1bado de septiembre Es un conjunto ermita-plaza de toros donde se festejan corridas. En esta misma direcci\u00f3n antes de llegar al Santuario, se encuentra dos parajes naturales de propiedad privada: La L\u00f3brega y la Fuenlabrada. El primero a 6 Km. de Villahermosa sale un camino a la derecha donde se encuentra el cortijo La L\u00f3brega, cerca del mismo, en la cima se sit\u00faa el v\u00e9rtice geod\u00e9sico de la L\u00f3brega. El segundo m\u00e1s adelante a la izquierda se encuentra otro cortijo de finales del s. XIX, flaqueado por dos torres gemelas llamado La Fuenlabrada, rodeado por un paraje de gran belleza, antiguo caser\u00edo de labor, propiedad del Conde de Leyva. Se puede llegar tambi\u00e9n desde Carrizosa ( ver Ruta 5) pasando por el camino de la ermita de la Virgen del Salido. Hay autores que sit\u00faan en este paraje natural la aventura de las Bodas de Camacho. El pasaje corresponde a la narraci\u00f3n de la suculenta comida que disfrutaron los invitados a la Boda.<\/p>\n<!-- \/wp:paragraph -->\n\n<!-- wp:heading {\"level\":4} -->\n<h4><em>\u2026 De la parte desta enramada, si no me enga\u00f1o, sale un tufo y olor harto m\u00e1s de torreznos asados que de juncos y tomillos: bodas que por tales olores comienzan, para mi santiguada que deben de ser abundantes y generosas\u2026 Lo primero que se le ofreci\u00f3 a la vista de Sancho fue, espetado en un asador de un olmo entero, un entero novillo; y en el fuego donde se hab\u00eda de asar ard\u00eda un mediano monte de le\u00f1a, y seis ollas que alrededor de la hoguera estaban no se hab\u00edan hecho en la com\u00fan turquesa de las dem\u00e1s ollas, porque eran seis medias tinajas, que cada una cab\u00eda un rastro de carne: as\u00ed embeb\u00edan y encerraban en s\u00ed carneros enteros, sin echarse de ver, como si fueran palominos\u2026 Cont\u00f3 Sancho m\u00e1s de sesenta zaques de m\u00e1s de a dos arrobas cada uno, y todos llenos, seg\u00fan despu\u00e9s pareci\u00f3, de generosos vinos; as\u00ed hab\u00eda rimeros de pan blanqu\u00edsimo como los suele haber de montones de trigo en las eras; los quesos, puestos como ladrillos enrejados, formaban una muralla, y dos calderas de aceite mayores que las de un tinte serv\u00edan de fre\u00edr cosas de masa, que con dos valientes palas las sacaban fritas y las zabull\u00edan en otra caldera de preparada miel que all\u00ed junto estaba. .. Los cocineros y cocineras pasaban de cincuenta, todos limpios, todos diligentes y todos contentos. En el dilatado vientre del novillo estaban doce tiernos y peque\u00f1os lechones que, cosidos por encima, serv\u00edan de darle sabor y enternecerle. Las especias de diversas suertes no parec\u00eda haberlas comprado por libras, sino por arrobas, y todas estaban de manifiesto en una grande arca. Finalmente, el aparato de la boda era r\u00fastico, pero tan abundante, que pod\u00eda sustentar a un ej\u00e9rcito.(Cap. XX, II Parte)<\/em><\/h4>\n<!-- \/wp:heading -->\n\n<!-- wp:paragraph -->\n<p>Posiblemente el rico Camacho era Juan P\u00e9rez Canuto, una de las personas de mayor riqueza del partido. Cervantes pudo encontrase en la comarca y fuese un distinguido invitado, y le sirvi\u00f3 de motivo de inspiraci\u00f3n para elaborar esta aventura nupcial, en la que Cervantes quiso resaltar la riqueza del contrayente Camacho, en contraste con la pobreza de Basilio, el novio de siempre de Quiteria. Despu\u00e9s de visitar el Santuario volveremos al punto inicial para coger la carretera CM-412 Villahermosa- Villanueva de los Infantes para terminar de disfrutar por este recorrido del agua.<\/p>\n<!-- \/wp:paragraph -->\n\n<!-- wp:paragraph -->\n<p>A nueve kil\u00f3metros y asentado entre dos cerros nos encontramos con Fuenllana.<a rel=\"noreferrer noopener\" href=\"..\/..\/..\/images\/galerias\/rutas_montiel\/ruta6\/villahermosa\/img6.jpg\" target=\"_blank\"><\/a><\/p>\n<!-- \/wp:paragraph -->\n\n<!-- wp:columns -->\n<div class=\"wp-block-columns\"><!-- wp:column {\"width\":\"40%\"} -->\n<div class=\"wp-block-column\" style=\"flex-basis:40%\"><!-- wp:image {\"id\":1509,\"sizeSlug\":\"full\",\"linkDestination\":\"none\",\"className\":\"is-style-default\"} -->\n<figure class=\"wp-block-image size-full is-style-default\"><img loading=\"lazy\" decoding=\"async\" width=\"640\" height=\"909\" src=\"https:\/\/www.turismovillanuevadelosinfantes.es\/wp-content\/uploads\/2022\/04\/img13-1.jpg\" alt=\"\" class=\"wp-image-1509\" srcset=\"https:\/\/www.turismovillanuevadelosinfantes.es\/wp-content\/uploads\/2022\/04\/img13-1.jpg 640w, https:\/\/www.turismovillanuevadelosinfantes.es\/wp-content\/uploads\/2022\/04\/img13-1-211x300.jpg 211w, https:\/\/www.turismovillanuevadelosinfantes.es\/wp-content\/uploads\/2022\/04\/img13-1-500x710.jpg 500w\" sizes=\"(max-width: 640px) 100vw, 640px\" \/><\/figure>\n<!-- \/wp:image --><\/div>\n<!-- \/wp:column -->\n\n<!-- wp:column {\"width\":\"60%\"} -->\n<div class=\"wp-block-column\" style=\"flex-basis:60%\"><!-- wp:heading {\"level\":3} -->\n<h3>Fuenllana<\/h3>\n<!-- \/wp:heading -->\n\n<!-- wp:paragraph -->\n<p>Fuenllana es un precioso pueblecito coronado a los pies de uno de ellos por el castillo, actualmente en v\u00edas de reconstrucci\u00f3n, convertido en Iglesia tras la p\u00e9rdida de su funci\u00f3n defensiva en el s. XV.<\/p>\n<!-- \/wp:paragraph -->\n\n<!-- wp:paragraph -->\n<p>El pueblo toma su nombre de una generosa fuente que ten\u00eda el lugar. En las afueras el Lavadero de las Monjas, conjunto de pilas de piedra donde antiguamente las mujeres se reun\u00edan para lavar la ropa; entra\u00f1able testimonio de las penurias y las relaciones de un pasado reciente<\/p>\n<!-- \/wp:paragraph -->\n\n<!-- wp:paragraph -->\n<p>Este pintoresco pueblo tiene un bello ayuntamiento construido sobre lo que fue el convento de san Agust\u00edn, sobre la casa bautismal de santo Tom\u00e1s de Villanueva, patr\u00f3n de la localidad, en el que se puede visitar el claustro.<\/p>\n<!-- \/wp:paragraph --><\/div>\n<!-- \/wp:column --><\/div>\n<!-- \/wp:columns -->\n\n<!-- wp:paragraph -->\n<p>Auspiciada por la Plataforma Campo de Montiel origen del Quijote La enramada Fuenllana celebra las Bodas de Camacho durante la primera quincena de julio. Es el escenario natural para recrear y observar la inspiraci\u00f3n de la que Cervantes plasm\u00f3 en el Quijote.<\/p>\n<!-- \/wp:paragraph -->\n\n<!-- wp:paragraph -->\n<p>Sus d\u00edas grandes son santa Rita, el 22 de mayo&nbsp;y el 18 de septiembre santo Tom\u00e1s de Villanueva.<\/p>\n<!-- \/wp:paragraph -->\n\n<!-- wp:paragraph -->\n<p>Apenas a 3 Km entre Fuenllana y Villanueva de los Infantes se encuentra unas cuestas llamadas Las Cabeza, justo antes de llegar al lugar se contempla la totalidad del pueblo para descender directamente hacia \u00e9l. Aqu\u00ed se encuentra el llamado suspiro de Sancho. Tras la derrota por el caballero de los Espejos en la playa de Barcelona, don Quijote y Sancho regresan a su pueblo:<\/p>\n<!-- \/wp:paragraph -->\n\n<!-- wp:heading {\"level\":4} -->\n<h4><em>\u2026 subieron una cuesta arriba, desde la cual descubrieron su aldea, la cual, vista de Sancho, se hinc\u00f3 de rodillas y dijo. \u2013 Abre los ojos, deseada patria, y mira que vuelve a ti Sancho Panza, tu hijo, \u2026<\/em><\/h4>\n<!-- \/wp:heading -->\n\n<!-- wp:paragraph -->\n<p>Con esto, bajaron de la cuesta y se fueron a su pueblo (Cap. 72, II Parte)<\/p>\n<!-- \/wp:paragraph -->\n\n<!-- wp:paragraph -->\n<p>La ruta 6 de esta octava jornada termina con la misi\u00f3n cumplida de haber disfrutado con la gastronom\u00eda local, haber visitado museos, ermitas- santuarios, r\u00edos, lagunas, manantiales y alg\u00fan chapuz\u00f3n en los innumerables puntos mencionados.<\/p>\n<!-- \/wp:paragraph --><\/div>\n\t\t\t\t\t\t\t<\/div>\n\t\t<\/div>\n\t\t\t\t\t\t<\/div>\n\t\t\t\t<\/div>\n\t\t\t\t\t<\/div>\n\t\t<\/div>\n\t\t\t\t<div class=\"elementor-column elementor-col-16 elementor-top-column elementor-element elementor-element-ad52dbd\" data-id=\"ad52dbd\" data-element_type=\"column\">\n\t\t\t<div class=\"elementor-widget-wrap\">\n\t\t\t\t\t\t\t<\/div>\n\t\t<\/div>\n\t\t\t\t\t<\/div>\n\t\t<\/section>\n\t\t\t\t<section class=\"elementor-section elementor-top-section elementor-element elementor-element-c11d257 elementor-section-boxed elementor-section-height-default elementor-section-height-default\" data-id=\"c11d257\" data-element_type=\"section\">\n\t\t\t\t\t\t<div class=\"elementor-container elementor-column-gap-default\">\n\t\t\t\t\t<div class=\"elementor-column elementor-col-100 elementor-top-column elementor-element elementor-element-a8536f2\" data-id=\"a8536f2\" data-element_type=\"column\">\n\t\t\t<div class=\"elementor-widget-wrap\">\n\t\t\t\t\t\t\t<\/div>\n\t\t<\/div>\n\t\t\t\t\t<\/div>\n\t\t<\/section>\n\t\t\t\t<section class=\"elementor-section elementor-top-section elementor-element elementor-element-4acc1ab elementor-section-full_width elementor-section-height-min-height elementor-section-height-default elementor-section-items-middle\" data-id=\"4acc1ab\" data-element_type=\"section\" data-settings=\"{&quot;background_background&quot;:&quot;classic&quot;,&quot;background_motion_fx_motion_fx_scrolling&quot;:&quot;yes&quot;,&quot;background_motion_fx_translateY_effect&quot;:&quot;yes&quot;,&quot;background_motion_fx_translateY_speed&quot;:{&quot;unit&quot;:&quot;px&quot;,&quot;size&quot;:5,&quot;sizes&quot;:[]},&quot;shape_divider_top&quot;:&quot;wave-brush&quot;,&quot;shape_divider_bottom&quot;:&quot;wave-brush&quot;,&quot;background_motion_fx_translateY_affectedRange&quot;:{&quot;unit&quot;:&quot;%&quot;,&quot;size&quot;:&quot;&quot;,&quot;sizes&quot;:{&quot;start&quot;:0,&quot;end&quot;:100}},&quot;background_motion_fx_devices&quot;:[&quot;desktop&quot;,&quot;tablet&quot;,&quot;mobile&quot;]}\">\n\t\t\t\t\t\t\t<div class=\"elementor-background-overlay\"><\/div>\n\t\t\t\t\t\t<div class=\"elementor-shape elementor-shape-top\" aria-hidden=\"true\" data-negative=\"false\">\n\t\t\t<svg xmlns=\"http:\/\/www.w3.org\/2000\/svg\" viewbox=\"0 0 283.5 27.8\" preserveaspectratio=\"none\">\n\t<path class=\"elementor-shape-fill\" d=\"M283.5,9.7c0,0-7.3,4.3-14,4.6c-6.8,0.3-12.6,0-20.9-1.5c-11.3-2-33.1-10.1-44.7-5.7\ts-12.1,4.6-18,7.4c-6.6,3.2-20,9.6-36.6,9.3C131.6,23.5,99.5,7.2,86.3,8c-1.4,0.1-6.6,0.8-10.5,2c-3.8,1.2-9.4,3.8-17,4.7\tc-3.2,0.4-8.3,1.1-14.2,0.9c-1.5-0.1-6.3-0.4-12-1.6c-5.7-1.2-11-3.1-15.8-3.7C6.5,9.2,0,10.8,0,10.8V0h283.5V9.7z M260.8,11.3\tc-0.7-1-2-0.4-4.3-0.4c-2.3,0-6.1-1.2-5.8-1.1c0.3,0.1,3.1,1.5,6,1.9C259.7,12.2,261.4,12.3,260.8,11.3z M242.4,8.6\tc0,0-2.4-0.2-5.6-0.9c-3.2-0.8-10.3-2.8-15.1-3.5c-8.2-1.1-15.8,0-15.1,0.1c0.8,0.1,9.6-0.6,17.6,1.1c3.3,0.7,9.3,2.2,12.4,2.7\tC239.9,8.7,242.4,8.6,242.4,8.6z M185.2,8.5c1.7-0.7-13.3,4.7-18.5,6.1c-2.1,0.6-6.2,1.6-10,2c-3.9,0.4-8.9,0.4-8.8,0.5\tc0,0.2,5.8,0.8,11.2,0c5.4-0.8,5.2-1.1,7.6-1.6C170.5,14.7,183.5,9.2,185.2,8.5z M199.1,6.9c0.2,0-0.8-0.4-4.8,1.1\tc-4,1.5-6.7,3.5-6.9,3.7c-0.2,0.1,3.5-1.8,6.6-3C197,7.5,199,6.9,199.1,6.9z M283,6c-0.1,0.1-1.9,1.1-4.8,2.5s-6.9,2.8-6.7,2.7\tc0.2,0,3.5-0.6,7.4-2.5C282.8,6.8,283.1,5.9,283,6z M31.3,11.6c0.1-0.2-1.9-0.2-4.5-1.2s-5.4-1.6-7.8-2C15,7.6,7.3,8.5,7.7,8.6\tC8,8.7,15.9,8.3,20.2,9.3c2.2,0.5,2.4,0.5,5.7,1.6S31.2,11.9,31.3,11.6z M73,9.2c0.4-0.1,3.5-1.6,8.4-2.6c4.9-1.1,8.9-0.5,8.9-0.8\tc0-0.3-1-0.9-6.2-0.3S72.6,9.3,73,9.2z M71.6,6.7C71.8,6.8,75,5.4,77.3,5c2.3-0.3,1.9-0.5,1.9-0.6c0-0.1-1.1-0.2-2.7,0.2\tC74.8,5.1,71.4,6.6,71.6,6.7z M93.6,4.4c0.1,0.2,3.5,0.8,5.6,1.8c2.1,1,1.8,0.6,1.9,0.5c0.1-0.1-0.8-0.8-2.4-1.3\tC97.1,4.8,93.5,4.2,93.6,4.4z M65.4,11.1c-0.1,0.3,0.3,0.5,1.9-0.2s2.6-1.3,2.2-1.2s-0.9,0.4-2.5,0.8C65.3,10.9,65.5,10.8,65.4,11.1\tz M34.5,12.4c-0.2,0,2.1,0.8,3.3,0.9c1.2,0.1,2,0.1,2-0.2c0-0.3-0.1-0.5-1.6-0.4C36.6,12.8,34.7,12.4,34.5,12.4z M152.2,21.1\tc-0.1,0.1-2.4-0.3-7.5-0.3c-5,0-13.6-2.4-17.2-3.5c-3.6-1.1,10,3.9,16.5,4.1C150.5,21.6,152.3,21,152.2,21.1z\"\/>\n\t<path class=\"elementor-shape-fill\" d=\"M269.6,18c-0.1-0.1-4.6,0.3-7.2,0c-7.3-0.7-17-3.2-16.6-2.9c0.4,0.3,13.7,3.1,17,3.3\tC267.7,18.8,269.7,18,269.6,18z\"\/>\n\t<path class=\"elementor-shape-fill\" d=\"M227.4,9.8c-0.2-0.1-4.5-1-9.5-1.2c-5-0.2-12.7,0.6-12.3,0.5c0.3-0.1,5.9-1.8,13.3-1.2\tS227.6,9.9,227.4,9.8z\"\/>\n\t<path class=\"elementor-shape-fill\" d=\"M204.5,13.4c-0.1-0.1,2-1,3.2-1.1c1.2-0.1,2,0,2,0.3c0,0.3-0.1,0.5-1.6,0.4\tC206.4,12.9,204.6,13.5,204.5,13.4z\"\/>\n\t<path class=\"elementor-shape-fill\" d=\"M201,10.6c0-0.1-4.4,1.2-6.3,2.2c-1.9,0.9-6.2,3.1-6.1,3.1c0.1,0.1,4.2-1.6,6.3-2.6\tS201,10.7,201,10.6z\"\/>\n\t<path class=\"elementor-shape-fill\" d=\"M154.5,26.7c-0.1-0.1-4.6,0.3-7.2,0c-7.3-0.7-17-3.2-16.6-2.9c0.4,0.3,13.7,3.1,17,3.3\tC152.6,27.5,154.6,26.8,154.5,26.7z\"\/>\n\t<path class=\"elementor-shape-fill\" d=\"M41.9,19.3c0,0,1.2-0.3,2.9-0.1c1.7,0.2,5.8,0.9,8.2,0.7c4.2-0.4,7.4-2.7,7-2.6\tc-0.4,0-4.3,2.2-8.6,1.9c-1.8-0.1-5.1-0.5-6.7-0.4S41.9,19.3,41.9,19.3z\"\/>\n\t<path class=\"elementor-shape-fill\" d=\"M75.5,12.6c0.2,0.1,2-0.8,4.3-1.1c2.3-0.2,2.1-0.3,2.1-0.5c0-0.1-1.8-0.4-3.4,0\tC76.9,11.5,75.3,12.5,75.5,12.6z\"\/>\n\t<path class=\"elementor-shape-fill\" d=\"M15.6,13.2c0-0.1,4.3,0,6.7,0.5c2.4,0.5,5,1.9,5,2c0,0.1-2.7-0.8-5.1-1.4\tC19.9,13.7,15.7,13.3,15.6,13.2z\"\/>\n<\/svg>\t\t<\/div>\n\t\t\t\t<div class=\"elementor-shape elementor-shape-bottom\" aria-hidden=\"true\" data-negative=\"false\">\n\t\t\t<svg xmlns=\"http:\/\/www.w3.org\/2000\/svg\" viewbox=\"0 0 283.5 27.8\" preserveaspectratio=\"none\">\n\t<path class=\"elementor-shape-fill\" d=\"M283.5,9.7c0,0-7.3,4.3-14,4.6c-6.8,0.3-12.6,0-20.9-1.5c-11.3-2-33.1-10.1-44.7-5.7\ts-12.1,4.6-18,7.4c-6.6,3.2-20,9.6-36.6,9.3C131.6,23.5,99.5,7.2,86.3,8c-1.4,0.1-6.6,0.8-10.5,2c-3.8,1.2-9.4,3.8-17,4.7\tc-3.2,0.4-8.3,1.1-14.2,0.9c-1.5-0.1-6.3-0.4-12-1.6c-5.7-1.2-11-3.1-15.8-3.7C6.5,9.2,0,10.8,0,10.8V0h283.5V9.7z M260.8,11.3\tc-0.7-1-2-0.4-4.3-0.4c-2.3,0-6.1-1.2-5.8-1.1c0.3,0.1,3.1,1.5,6,1.9C259.7,12.2,261.4,12.3,260.8,11.3z M242.4,8.6\tc0,0-2.4-0.2-5.6-0.9c-3.2-0.8-10.3-2.8-15.1-3.5c-8.2-1.1-15.8,0-15.1,0.1c0.8,0.1,9.6-0.6,17.6,1.1c3.3,0.7,9.3,2.2,12.4,2.7\tC239.9,8.7,242.4,8.6,242.4,8.6z M185.2,8.5c1.7-0.7-13.3,4.7-18.5,6.1c-2.1,0.6-6.2,1.6-10,2c-3.9,0.4-8.9,0.4-8.8,0.5\tc0,0.2,5.8,0.8,11.2,0c5.4-0.8,5.2-1.1,7.6-1.6C170.5,14.7,183.5,9.2,185.2,8.5z M199.1,6.9c0.2,0-0.8-0.4-4.8,1.1\tc-4,1.5-6.7,3.5-6.9,3.7c-0.2,0.1,3.5-1.8,6.6-3C197,7.5,199,6.9,199.1,6.9z M283,6c-0.1,0.1-1.9,1.1-4.8,2.5s-6.9,2.8-6.7,2.7\tc0.2,0,3.5-0.6,7.4-2.5C282.8,6.8,283.1,5.9,283,6z M31.3,11.6c0.1-0.2-1.9-0.2-4.5-1.2s-5.4-1.6-7.8-2C15,7.6,7.3,8.5,7.7,8.6\tC8,8.7,15.9,8.3,20.2,9.3c2.2,0.5,2.4,0.5,5.7,1.6S31.2,11.9,31.3,11.6z M73,9.2c0.4-0.1,3.5-1.6,8.4-2.6c4.9-1.1,8.9-0.5,8.9-0.8\tc0-0.3-1-0.9-6.2-0.3S72.6,9.3,73,9.2z M71.6,6.7C71.8,6.8,75,5.4,77.3,5c2.3-0.3,1.9-0.5,1.9-0.6c0-0.1-1.1-0.2-2.7,0.2\tC74.8,5.1,71.4,6.6,71.6,6.7z M93.6,4.4c0.1,0.2,3.5,0.8,5.6,1.8c2.1,1,1.8,0.6,1.9,0.5c0.1-0.1-0.8-0.8-2.4-1.3\tC97.1,4.8,93.5,4.2,93.6,4.4z M65.4,11.1c-0.1,0.3,0.3,0.5,1.9-0.2s2.6-1.3,2.2-1.2s-0.9,0.4-2.5,0.8C65.3,10.9,65.5,10.8,65.4,11.1\tz M34.5,12.4c-0.2,0,2.1,0.8,3.3,0.9c1.2,0.1,2,0.1,2-0.2c0-0.3-0.1-0.5-1.6-0.4C36.6,12.8,34.7,12.4,34.5,12.4z M152.2,21.1\tc-0.1,0.1-2.4-0.3-7.5-0.3c-5,0-13.6-2.4-17.2-3.5c-3.6-1.1,10,3.9,16.5,4.1C150.5,21.6,152.3,21,152.2,21.1z\"\/>\n\t<path class=\"elementor-shape-fill\" d=\"M269.6,18c-0.1-0.1-4.6,0.3-7.2,0c-7.3-0.7-17-3.2-16.6-2.9c0.4,0.3,13.7,3.1,17,3.3\tC267.7,18.8,269.7,18,269.6,18z\"\/>\n\t<path class=\"elementor-shape-fill\" d=\"M227.4,9.8c-0.2-0.1-4.5-1-9.5-1.2c-5-0.2-12.7,0.6-12.3,0.5c0.3-0.1,5.9-1.8,13.3-1.2\tS227.6,9.9,227.4,9.8z\"\/>\n\t<path class=\"elementor-shape-fill\" d=\"M204.5,13.4c-0.1-0.1,2-1,3.2-1.1c1.2-0.1,2,0,2,0.3c0,0.3-0.1,0.5-1.6,0.4\tC206.4,12.9,204.6,13.5,204.5,13.4z\"\/>\n\t<path class=\"elementor-shape-fill\" d=\"M201,10.6c0-0.1-4.4,1.2-6.3,2.2c-1.9,0.9-6.2,3.1-6.1,3.1c0.1,0.1,4.2-1.6,6.3-2.6\tS201,10.7,201,10.6z\"\/>\n\t<path class=\"elementor-shape-fill\" d=\"M154.5,26.7c-0.1-0.1-4.6,0.3-7.2,0c-7.3-0.7-17-3.2-16.6-2.9c0.4,0.3,13.7,3.1,17,3.3\tC152.6,27.5,154.6,26.8,154.5,26.7z\"\/>\n\t<path class=\"elementor-shape-fill\" d=\"M41.9,19.3c0,0,1.2-0.3,2.9-0.1c1.7,0.2,5.8,0.9,8.2,0.7c4.2-0.4,7.4-2.7,7-2.6\tc-0.4,0-4.3,2.2-8.6,1.9c-1.8-0.1-5.1-0.5-6.7-0.4S41.9,19.3,41.9,19.3z\"\/>\n\t<path class=\"elementor-shape-fill\" d=\"M75.5,12.6c0.2,0.1,2-0.8,4.3-1.1c2.3-0.2,2.1-0.3,2.1-0.5c0-0.1-1.8-0.4-3.4,0\tC76.9,11.5,75.3,12.5,75.5,12.6z\"\/>\n\t<path class=\"elementor-shape-fill\" d=\"M15.6,13.2c0-0.1,4.3,0,6.7,0.5c2.4,0.5,5,1.9,5,2c0,0.1-2.7-0.8-5.1-1.4\tC19.9,13.7,15.7,13.3,15.6,13.2z\"\/>\n<\/svg>\t\t<\/div>\n\t\t\t\t\t<div class=\"elementor-container elementor-column-gap-default\">\n\t\t\t\t\t<div class=\"elementor-column elementor-col-100 elementor-top-column elementor-element elementor-element-2a897c9\" data-id=\"2a897c9\" data-element_type=\"column\">\n\t\t\t<div class=\"elementor-widget-wrap elementor-element-populated\">\n\t\t\t\t\t\t<div class=\"elementor-element elementor-element-913aa9e elementor-widget elementor-widget-theme-post-title elementor-page-title elementor-widget-heading\" data-id=\"913aa9e\" data-element_type=\"widget\" data-widget_type=\"theme-post-title.default\">\n\t\t\t\t<div class=\"elementor-widget-container\">\n\t\t\t\t\t<h1 class=\"elementor-heading-title elementor-size-default\">Near the town<\/h1>\t\t\t\t<\/div>\n\t\t\t\t<\/div>\n\t\t\t\t\t<\/div>\n\t\t<\/div>\n\t\t\t\t\t<\/div>\n\t\t<\/section>\n\t\t\t\t<section class=\"elementor-section elementor-top-section elementor-element elementor-element-e56c94e elementor-section-boxed elementor-section-height-default elementor-section-height-default\" data-id=\"e56c94e\" data-element_type=\"section\">\n\t\t\t\t\t\t<div class=\"elementor-container elementor-column-gap-default\">\n\t\t\t\t\t<div class=\"elementor-column elementor-col-100 elementor-top-column elementor-element elementor-element-a275d99\" data-id=\"a275d99\" data-element_type=\"column\">\n\t\t\t<div class=\"elementor-widget-wrap elementor-element-populated\">\n\t\t\t\t\t\t<div class=\"elementor-element elementor-element-087b8a9 elementor-widget elementor-widget-spacer\" data-id=\"087b8a9\" data-element_type=\"widget\" data-widget_type=\"spacer.default\">\n\t\t\t\t<div class=\"elementor-widget-container\">\n\t\t\t\t\t\t\t<div class=\"elementor-spacer\">\n\t\t\t<div class=\"elementor-spacer-inner\"><\/div>\n\t\t<\/div>\n\t\t\t\t\t\t<\/div>\n\t\t\t\t<\/div>\n\t\t\t\t\t<\/div>\n\t\t<\/div>\n\t\t\t\t\t<\/div>\n\t\t<\/section>\n\t\t\t\t<section class=\"elementor-section elementor-top-section elementor-element elementor-element-07c14e8 elementor-section-boxed elementor-section-height-default elementor-section-height-default\" data-id=\"07c14e8\" data-element_type=\"section\">\n\t\t\t\t\t\t<div class=\"elementor-container elementor-column-gap-default\">\n\t\t\t\t\t<div class=\"elementor-column elementor-col-33 elementor-top-column elementor-element elementor-element-a3553f9\" data-id=\"a3553f9\" data-element_type=\"column\">\n\t\t\t<div class=\"elementor-widget-wrap elementor-element-populated\">\n\t\t\t\t\t\t<div class=\"elementor-element elementor-element-e01dfbc elementor-align-center elementor-widget elementor-widget-button\" data-id=\"e01dfbc\" data-element_type=\"widget\" data-widget_type=\"button.default\">\n\t\t\t\t<div class=\"elementor-widget-container\">\n\t\t\t\t\t\t\t\t\t<div class=\"elementor-button-wrapper\">\n\t\t\t\t\t<a class=\"elementor-button elementor-button-link elementor-size-sm\" href=\"#espaciosnaturales\">\n\t\t\t\t\t\t<span class=\"elementor-button-content-wrapper\">\n\t\t\t\t\t\t\t\t\t<span class=\"elementor-button-text\">espacios naturales<\/span>\n\t\t\t\t\t<\/span>\n\t\t\t\t\t<\/a>\n\t\t\t\t<\/div>\n\t\t\t\t\t\t\t\t<\/div>\n\t\t\t\t<\/div>\n\t\t\t\t\t<\/div>\n\t\t<\/div>\n\t\t\t\t<div class=\"elementor-column elementor-col-33 elementor-top-column elementor-element elementor-element-123e8f6\" data-id=\"123e8f6\" data-element_type=\"column\">\n\t\t\t<div class=\"elementor-widget-wrap elementor-element-populated\">\n\t\t\t\t\t\t<div class=\"elementor-element elementor-element-1fae039 elementor-align-center elementor-widget elementor-widget-button\" data-id=\"1fae039\" data-element_type=\"widget\" data-widget_type=\"button.default\">\n\t\t\t\t<div class=\"elementor-widget-container\">\n\t\t\t\t\t\t\t\t\t<div class=\"elementor-button-wrapper\">\n\t\t\t\t\t<a class=\"elementor-button elementor-button-link elementor-size-sm\" href=\"#ciudadreal\">\n\t\t\t\t\t\t<span class=\"elementor-button-content-wrapper\">\n\t\t\t\t\t\t\t\t\t<span class=\"elementor-button-text\">PROVINCIA DE CIUDAD REAL<\/span>\n\t\t\t\t\t<\/span>\n\t\t\t\t\t<\/a>\n\t\t\t\t<\/div>\n\t\t\t\t\t\t\t\t<\/div>\n\t\t\t\t<\/div>\n\t\t\t\t\t<\/div>\n\t\t<\/div>\n\t\t\t\t<div class=\"elementor-column elementor-col-33 elementor-top-column elementor-element elementor-element-f7e7228\" data-id=\"f7e7228\" data-element_type=\"column\">\n\t\t\t<div class=\"elementor-widget-wrap elementor-element-populated\">\n\t\t\t\t\t\t<div class=\"elementor-element elementor-element-72a3cb7 elementor-align-center elementor-widget elementor-widget-button\" data-id=\"72a3cb7\" data-element_type=\"widget\" data-widget_type=\"button.default\">\n\t\t\t\t<div class=\"elementor-widget-container\">\n\t\t\t\t\t\t\t\t\t<div class=\"elementor-button-wrapper\">\n\t\t\t\t\t<a class=\"elementor-button elementor-button-link elementor-size-sm\" href=\"#campodemontiel\">\n\t\t\t\t\t\t<span class=\"elementor-button-content-wrapper\">\n\t\t\t\t\t\t\t\t\t<span class=\"elementor-button-text\">Campo de Montiel<\/span>\n\t\t\t\t\t<\/span>\n\t\t\t\t\t<\/a>\n\t\t\t\t<\/div>\n\t\t\t\t\t\t\t\t<\/div>\n\t\t\t\t<\/div>\n\t\t\t\t\t<\/div>\n\t\t<\/div>\n\t\t\t\t\t<\/div>\n\t\t<\/section>\n\t\t\t\t<section class=\"elementor-section elementor-top-section elementor-element elementor-element-be7d23f elementor-section-boxed elementor-section-height-default elementor-section-height-default\" data-id=\"be7d23f\" data-element_type=\"section\">\n\t\t\t\t\t\t<div class=\"elementor-container elementor-column-gap-default\">\n\t\t\t\t\t<div class=\"elementor-column elementor-col-100 elementor-top-column elementor-element elementor-element-387fc3b\" data-id=\"387fc3b\" data-element_type=\"column\">\n\t\t\t<div class=\"elementor-widget-wrap elementor-element-populated\">\n\t\t\t\t\t\t<div class=\"elementor-element elementor-element-7fa41bf elementor-widget elementor-widget-spacer\" data-id=\"7fa41bf\" data-element_type=\"widget\" data-widget_type=\"spacer.default\">\n\t\t\t\t<div class=\"elementor-widget-container\">\n\t\t\t\t\t\t\t<div class=\"elementor-spacer\">\n\t\t\t<div class=\"elementor-spacer-inner\"><\/div>\n\t\t<\/div>\n\t\t\t\t\t\t<\/div>\n\t\t\t\t<\/div>\n\t\t\t\t\t<\/div>\n\t\t<\/div>\n\t\t\t\t\t<\/div>\n\t\t<\/section>\n\t\t\t\t<section class=\"elementor-section elementor-top-section elementor-element elementor-element-d0065c5 elementor-section-boxed elementor-section-height-default elementor-section-height-default\" data-id=\"d0065c5\" data-element_type=\"section\" id=\"espaciosnaturales\">\n\t\t\t\t\t\t<div class=\"elementor-container elementor-column-gap-default\">\n\t\t\t\t\t<div class=\"elementor-column elementor-col-16 elementor-top-column elementor-element elementor-element-0ec29d7\" data-id=\"0ec29d7\" data-element_type=\"column\">\n\t\t\t<div class=\"elementor-widget-wrap\">\n\t\t\t\t\t\t\t<\/div>\n\t\t<\/div>\n\t\t\t\t<div class=\"elementor-column elementor-col-66 elementor-top-column elementor-element elementor-element-d442c41\" data-id=\"d442c41\" data-element_type=\"column\">\n\t\t\t<div class=\"elementor-widget-wrap elementor-element-populated\">\n\t\t\t\t\t\t<div class=\"elementor-element elementor-element-d4a589c elementor-widget elementor-widget-heading\" data-id=\"d4a589c\" data-element_type=\"widget\" data-widget_type=\"heading.default\">\n\t\t\t\t<div class=\"elementor-widget-container\">\n\t\t\t\t\t<h1 class=\"elementor-heading-title elementor-size-default\">Espacios naturales<\/h1>\t\t\t\t<\/div>\n\t\t\t\t<\/div>\n\t\t\t\t\t<\/div>\n\t\t<\/div>\n\t\t\t\t<div class=\"elementor-column elementor-col-16 elementor-top-column elementor-element elementor-element-2f25abe\" data-id=\"2f25abe\" data-element_type=\"column\">\n\t\t\t<div class=\"elementor-widget-wrap\">\n\t\t\t\t\t\t\t<\/div>\n\t\t<\/div>\n\t\t\t\t\t<\/div>\n\t\t<\/section>\n\t\t\t\t<section class=\"elementor-section elementor-top-section elementor-element elementor-element-95b0407 elementor-section-boxed elementor-section-height-default elementor-section-height-default\" data-id=\"95b0407\" data-element_type=\"section\">\n\t\t\t\t\t\t<div class=\"elementor-container elementor-column-gap-default\">\n\t\t\t\t\t<div class=\"elementor-column elementor-col-100 elementor-top-column elementor-element elementor-element-b1c0e65\" data-id=\"b1c0e65\" data-element_type=\"column\">\n\t\t\t<div class=\"elementor-widget-wrap elementor-element-populated\">\n\t\t\t\t\t\t<div class=\"elementor-element elementor-element-4deabd9 eael-fg-card-content-align-left elementor-widget elementor-widget-eael-filterable-gallery\" data-id=\"4deabd9\" data-element_type=\"widget\" data-settings=\"{&quot;photo_gallery&quot;:&quot;yes&quot;,&quot;pagination&quot;:&quot;false&quot;}\" data-widget_type=\"eael-filterable-gallery.default\">\n\t\t\t\t<div class=\"elementor-widget-container\">\n\t\t\t\t\t<style id=\"eael-fg-inline-css-4deabd9\">@media only screen and (max-width: 2399px) {\n\t\t\t\t\t.elementor-element.elementor-element-4deabd9 .eael-filterable-gallery-item-wrap {\n\t\t\t\t\t        width: 33.333333333333%;\n\t\t\t\t\t    }\n\t\t\t\t\t}@media only screen and (max-width: 1024px) {\n\t\t\t\t\t.elementor-element.elementor-element-4deabd9  .eael-filterable-gallery-item-wrap {\n\t\t\t\t\t        width: 50%;\n\t\t\t\t\t    }\n\t\t\t\t\t}@media only screen and (max-width: 767px) {\n\t\t\t\t\t.elementor-element.elementor-element-4deabd9  .eael-filterable-gallery-item-wrap {\n\t\t\t\t\t        width: 100%;\n\t\t\t\t\t    }\n\t\t\t\t\t}<\/style>        <div id=\"eael-filter-gallery-wrapper-4deabd9\" class=\"eael-filter-gallery-wrapper\" data-layout-mode=\"card\" data-breakpoints=\"{&quot;mobile&quot;:{&quot;label&quot;:&quot;M\\u00f3vil vertical&quot;,&quot;value&quot;:767,&quot;default_value&quot;:767,&quot;direction&quot;:&quot;max&quot;,&quot;is_enabled&quot;:true},&quot;mobile_extra&quot;:{&quot;label&quot;:&quot;M\\u00f3vil horizontal&quot;,&quot;value&quot;:880,&quot;default_value&quot;:880,&quot;direction&quot;:&quot;max&quot;,&quot;is_enabled&quot;:false},&quot;tablet&quot;:{&quot;label&quot;:&quot;Tableta vertical&quot;,&quot;value&quot;:1024,&quot;default_value&quot;:1024,&quot;direction&quot;:&quot;max&quot;,&quot;is_enabled&quot;:true},&quot;tablet_extra&quot;:{&quot;label&quot;:&quot;Tableta horizontal&quot;,&quot;value&quot;:1200,&quot;default_value&quot;:1200,&quot;direction&quot;:&quot;max&quot;,&quot;is_enabled&quot;:false},&quot;laptop&quot;:{&quot;label&quot;:&quot;Port\\u00e1til&quot;,&quot;value&quot;:1366,&quot;default_value&quot;:1366,&quot;direction&quot;:&quot;max&quot;,&quot;is_enabled&quot;:false},&quot;widescreen&quot;:{&quot;label&quot;:&quot;Pantalla grande&quot;,&quot;value&quot;:2400,&quot;default_value&quot;:2400,&quot;direction&quot;:&quot;min&quot;,&quot;is_enabled&quot;:false}}\" data-default_control_key=\"0\" data-custom_default_control=\"1\">\n                    <div class=\"eael-filter-gallery-container eael-filter-gallery-grid\" data-images-per-page=\"\" data-total-gallery-items=\"3\" data-nomore-item-text=\"\" data-is-randomize=\"no\" data-settings=\"{&quot;grid_style&quot;:&quot;grid&quot;,&quot;popup&quot;:&quot;buttons&quot;,&quot;duration&quot;:500,&quot;gallery_enabled&quot;:&quot;yes&quot;,&quot;video_gallery_yt_privacy&quot;:&quot;&quot;,&quot;control_all_text&quot;:null,&quot;post_id&quot;:626,&quot;widget_id&quot;:&quot;4deabd9&quot;}\" data-search-all=\"\" data-gallery-items=\"WyI8ZGl2IGNsYXNzPVwiZWFlbC1maWx0ZXJhYmxlLWdhbGxlcnktaXRlbS13cmFwXCI+XG5cdFx0XHRcdDxkaXYgY2xhc3M9XCJlYWVsLWdhbGxlcnktZ3JpZC1pdGVtXCI+PGEgaHJlZj1cImh0dHA6XC9cL3d3dy5tYWdyYW1hLmdvYi5lc1wvZXNcL3JlZC1wYXJxdWVzLW5hY2lvbmFsZXNcL251ZXN0cm9zLXBhcnF1ZXNcL2RhaW1pZWxcL1wiPjxkaXYgY2xhc3M9XCJnYWxsZXJ5LWl0ZW0tdGh1bWJuYWlsLXdyYXBcIj48aW1nIHNyYz1cImh0dHBzOlwvXC93d3cudHVyaXNtb3ZpbGxhbnVldmFkZWxvc2luZmFudGVzLmVzXC93cC1jb250ZW50XC91cGxvYWRzXC8yMDIyXC8wNFwvdGFibGFzLWRhaW1pZWwuanBnXCIgZGF0YS1sYXp5LXNyYz1cImh0dHBzOlwvXC93d3cudHVyaXNtb3ZpbGxhbnVldmFkZWxvc2luZmFudGVzLmVzXC93cC1jb250ZW50XC91cGxvYWRzXC8yMDIyXC8wNFwvdGFibGFzLWRhaW1pZWwuanBnXCIgYWx0PVwiUGFycXVlIE5hY2lvbmFsIGRlIExhcyBUYWJsYXMgZGUgRGFpbWllbFwiIGNsYXNzPVwiZ2FsbGVyeS1pdGVtLXRodW1ibmFpbFwiPjxcL2Rpdj48XC9hPjxkaXYgY2xhc3M9XCJnYWxsZXJ5LWl0ZW0tY2FwdGlvbi13cmFwIGNhcHRpb24tc3R5bGUtY2FyZCBcIj48ZGl2IGNsYXNzPVwiZ2FsbGVyeS1pdGVtLWNhcHRpb24tb3ZlclwiPjxoMiBjbGFzcz1cImZnLWl0ZW0tdGl0bGVcIj5QYXJxdWUgTmFjaW9uYWwgZGUgTGFzIFRhYmxhcyBkZSBEYWltaWVsPFwvaDI+PGRpdiBjbGFzcz1cImZnLWl0ZW0tY29udGVudFwiPjxwPlx1MDBhYkxhcyBUYWJsYXMgZGUgRGFpbWllbCBzb24gZWwgXHUwMGZhbHRpbW8gcmVwcmVzZW50YW50ZSBkZSBsYXMgbGxhbnVyYXMgZGUgaW51bmRhY2lcdTAwZjNuIGVuIGxhIE1hbmNoYS5cdTAwYmI8XC9wPlxuPFwvZGl2PjxcL2Rpdj48XC9kaXY+PFwvZGl2PjxcL2Rpdj4iLCI8ZGl2IGNsYXNzPVwiZWFlbC1maWx0ZXJhYmxlLWdhbGxlcnktaXRlbS13cmFwXCI+XG5cdFx0XHRcdDxkaXYgY2xhc3M9XCJlYWVsLWdhbGxlcnktZ3JpZC1pdGVtXCI+PGEgaHJlZj1cImh0dHA6XC9cL3BhcnF1ZW5hdHVyYWxkZWxhc2xhZ3VuYXNkZXJ1aWRlcmEuYmxvZ3Nwb3QuY29tLmVzXC9cIj48ZGl2IGNsYXNzPVwiZ2FsbGVyeS1pdGVtLXRodW1ibmFpbC13cmFwXCI+PGltZyBzcmM9XCJodHRwczpcL1wvd3d3LnR1cmlzbW92aWxsYW51ZXZhZGVsb3NpbmZhbnRlcy5lc1wvd3AtY29udGVudFwvdXBsb2Fkc1wvMjAyMlwvMDRcL2xhZ3VuYXNfcnVpZGVyYS5qcGdcIiBkYXRhLWxhenktc3JjPVwiaHR0cHM6XC9cL3d3dy50dXJpc21vdmlsbGFudWV2YWRlbG9zaW5mYW50ZXMuZXNcL3dwLWNvbnRlbnRcL3VwbG9hZHNcLzIwMjJcLzA0XC9sYWd1bmFzX3J1aWRlcmEuanBnXCIgYWx0PVwiUGFycXVlIE5hdHVyYWwgZGUgTGFzIExhZ3VuYXMgZGUgUnVpZGVyYVwiIGNsYXNzPVwiZ2FsbGVyeS1pdGVtLXRodW1ibmFpbFwiPjxcL2Rpdj48XC9hPjxkaXYgY2xhc3M9XCJnYWxsZXJ5LWl0ZW0tY2FwdGlvbi13cmFwIGNhcHRpb24tc3R5bGUtY2FyZCBcIj48ZGl2IGNsYXNzPVwiZ2FsbGVyeS1pdGVtLWNhcHRpb24tb3ZlclwiPjxoMiBjbGFzcz1cImZnLWl0ZW0tdGl0bGVcIj5QYXJxdWUgTmF0dXJhbCBkZSBMYXMgTGFndW5hcyBkZSBSdWlkZXJhPFwvaDI+PGRpdiBjbGFzcz1cImZnLWl0ZW0tY29udGVudFwiPjxwPlNvbiB1biByb3NhcmlvIGRlIGxhZ3VuYXMgZGUgYWd1YSBhenVsIHR1cnF1ZXNhIGZvcm1hZGFzIHBvciBiYXJyZXJhcyBkZSB0cmF2ZXJ0aW5vIHF1ZSBzb24gbGEgc2VcdTAwZjFhIGRlIGlkZW50aWRhZCBkZSBwYXJxdWUuPFwvcD5cbjxcL2Rpdj48XC9kaXY+PFwvZGl2PjxcL2Rpdj48XC9kaXY+IiwiPGRpdiBjbGFzcz1cImVhZWwtZmlsdGVyYWJsZS1nYWxsZXJ5LWl0ZW0td3JhcFwiPlxuXHRcdFx0XHQ8ZGl2IGNsYXNzPVwiZWFlbC1nYWxsZXJ5LWdyaWQtaXRlbVwiPjxhIGhyZWY9XCJodHRwOlwvXC93d3cucmlvcGFyLmNvbVwvXCI+PGRpdiBjbGFzcz1cImdhbGxlcnktaXRlbS10aHVtYm5haWwtd3JhcFwiPjxpbWcgc3JjPVwiaHR0cHM6XC9cL3d3dy50dXJpc21vdmlsbGFudWV2YWRlbG9zaW5mYW50ZXMuZXNcL3dwLWNvbnRlbnRcL3VwbG9hZHNcLzIwMjJcLzA0XC9uYWNpbWllbnRvX3Jpb19tdW5kby5qcGdcIiBkYXRhLWxhenktc3JjPVwiaHR0cHM6XC9cL3d3dy50dXJpc21vdmlsbGFudWV2YWRlbG9zaW5mYW50ZXMuZXNcL3dwLWNvbnRlbnRcL3VwbG9hZHNcLzIwMjJcLzA0XC9uYWNpbWllbnRvX3Jpb19tdW5kby5qcGdcIiBhbHQ9XCJOYWNpbWllbnRvIGRlbCBSXHUwMGVkbyBNdW5kb1wiIGNsYXNzPVwiZ2FsbGVyeS1pdGVtLXRodW1ibmFpbFwiPjxcL2Rpdj48XC9hPjxkaXYgY2xhc3M9XCJnYWxsZXJ5LWl0ZW0tY2FwdGlvbi13cmFwIGNhcHRpb24tc3R5bGUtY2FyZCBcIj48ZGl2IGNsYXNzPVwiZ2FsbGVyeS1pdGVtLWNhcHRpb24tb3ZlclwiPjxoMiBjbGFzcz1cImZnLWl0ZW0tdGl0bGVcIj5OYWNpbWllbnRvIGRlbCBSXHUwMGVkbyBNdW5kbzxcL2gyPjxkaXYgY2xhc3M9XCJmZy1pdGVtLWNvbnRlbnRcIj48cD5cdTAwYTBTZSBoYWxsYSB1YmljYWRvIGVuIHVuIHZhbGxlIGRlIGFsdGFzIHBhcmVkZXMgdmVydGljYWxlcyBkb25kZSBzZSBhYnJlIGxhIEN1ZXZhIGRlIGxvcyBDaG9ycm9zLCBkZXNkZSBsYSBxdWUgZWwgUlx1MDBlZG8gTXVuZG8gc2UgcHJlY2lwaXRhIGVuIHVuYSBjYVx1MDBlZGRhIGRlIG1cdTAwZTFzIGRlIDgwIG0gZm9ybWFuZG8gdW5hIGRlIGxhcyBjYXNjYWRhcyBtXHUwMGUxcyBlc3BlY3RhY3VsYXJlcyB5IGJlbGxhcyBkZSBFc3BhXHUwMGYxYS48XC9wPlxuPFwvZGl2PjxcL2Rpdj48XC9kaXY+PFwvZGl2PjxcL2Rpdj4iXQ==\" data-init-show=\"4\">\n            <div class=\"eael-filterable-gallery-item-wrap\">\n\t\t\t\t<div class=\"eael-gallery-grid-item\"><a href=\"http:\/\/www.magrama.gob.es\/es\/red-parques-nacionales\/nuestros-parques\/daimiel\/\"><div class=\"gallery-item-thumbnail-wrap\"><img decoding=\"async\" src=\"https:\/\/www.turismovillanuevadelosinfantes.es\/wp-content\/uploads\/2022\/04\/tablas-daimiel.jpg\" data-lazy-src=\"https:\/\/www.turismovillanuevadelosinfantes.es\/wp-content\/uploads\/2022\/04\/tablas-daimiel.jpg\" alt=\"Parque Nacional de Las Tablas de Daimiel\" class=\"gallery-item-thumbnail\"><\/div><\/a><div class=\"gallery-item-caption-wrap caption-style-card\"><div class=\"gallery-item-caption-over\"><h2 class=\"fg-item-title\">Parque Nacional de Las Tablas de Daimiel<\/h2><div class=\"fg-item-content\"><p>\u00abLas Tablas de Daimiel son el \u00faltimo representante de las llanuras de inundaci\u00f3n en la Mancha.\u00bb<\/p>\n<\/div><\/div><\/div><\/div><\/div><div class=\"eael-filterable-gallery-item-wrap\">\n\t\t\t\t<div class=\"eael-gallery-grid-item\"><a href=\"http:\/\/parquenaturaldelaslagunasderuidera.blogspot.com.es\/\"><div class=\"gallery-item-thumbnail-wrap\"><img decoding=\"async\" src=\"https:\/\/www.turismovillanuevadelosinfantes.es\/wp-content\/uploads\/2022\/04\/lagunas_ruidera.jpg\" data-lazy-src=\"https:\/\/www.turismovillanuevadelosinfantes.es\/wp-content\/uploads\/2022\/04\/lagunas_ruidera.jpg\" alt=\"Parque Natural de Las Lagunas de Ruidera\" class=\"gallery-item-thumbnail\"><\/div><\/a><div class=\"gallery-item-caption-wrap caption-style-card\"><div class=\"gallery-item-caption-over\"><h2 class=\"fg-item-title\">Parque Natural de Las Lagunas de Ruidera<\/h2><div class=\"fg-item-content\"><p>Son un rosario de lagunas de agua azul turquesa formadas por barreras de travertino que son la se\u00f1a de identidad de parque.<\/p>\n<\/div><\/div><\/div><\/div><\/div><div class=\"eael-filterable-gallery-item-wrap\">\n\t\t\t\t<div class=\"eael-gallery-grid-item\"><a href=\"http:\/\/www.riopar.com\/\"><div class=\"gallery-item-thumbnail-wrap\"><img decoding=\"async\" src=\"https:\/\/www.turismovillanuevadelosinfantes.es\/wp-content\/uploads\/2022\/04\/nacimiento_rio_mundo.jpg\" data-lazy-src=\"https:\/\/www.turismovillanuevadelosinfantes.es\/wp-content\/uploads\/2022\/04\/nacimiento_rio_mundo.jpg\" alt=\"Nacimiento del R\u00edo Mundo\" class=\"gallery-item-thumbnail\"><\/div><\/a><div class=\"gallery-item-caption-wrap caption-style-card\"><div class=\"gallery-item-caption-over\"><h2 class=\"fg-item-title\">Nacimiento del R\u00edo Mundo<\/h2><div class=\"fg-item-content\"><p>\u00a0Se halla ubicado en un valle de altas paredes verticales donde se abre la Cueva de los Chorros, desde la que el R\u00edo Mundo se precipita en una ca\u00edda de m\u00e1s de 80 m formando una de las cascadas m\u00e1s espectaculares y bellas de Espa\u00f1a.<\/p>\n<\/div><\/div><\/div><\/div><\/div>        <\/div>\n                <\/div>\n        \n        \t\t\t\t<\/div>\n\t\t\t\t<\/div>\n\t\t\t\t\t<\/div>\n\t\t<\/div>\n\t\t\t\t\t<\/div>\n\t\t<\/section>\n\t\t\t\t<section class=\"elementor-section elementor-top-section elementor-element elementor-element-580b92f elementor-section-boxed elementor-section-height-default elementor-section-height-default\" data-id=\"580b92f\" data-element_type=\"section\" id=\"ciudadreal\">\n\t\t\t\t\t\t<div class=\"elementor-container elementor-column-gap-default\">\n\t\t\t\t\t<div class=\"elementor-column elementor-col-16 elementor-top-column elementor-element elementor-element-e034ca5\" data-id=\"e034ca5\" data-element_type=\"column\">\n\t\t\t<div class=\"elementor-widget-wrap\">\n\t\t\t\t\t\t\t<\/div>\n\t\t<\/div>\n\t\t\t\t<div class=\"elementor-column elementor-col-66 elementor-top-column elementor-element elementor-element-1873814\" data-id=\"1873814\" data-element_type=\"column\">\n\t\t\t<div class=\"elementor-widget-wrap elementor-element-populated\">\n\t\t\t\t\t\t<div class=\"elementor-element elementor-element-7a43d10 elementor-widget elementor-widget-heading\" data-id=\"7a43d10\" data-element_type=\"widget\" data-widget_type=\"heading.default\">\n\t\t\t\t<div class=\"elementor-widget-container\">\n\t\t\t\t\t<h1 class=\"elementor-heading-title elementor-size-default\">Descubre la provincia de Ciudad Real<\/h1>\t\t\t\t<\/div>\n\t\t\t\t<\/div>\n\t\t\t\t\t<\/div>\n\t\t<\/div>\n\t\t\t\t<div class=\"elementor-column elementor-col-16 elementor-top-column elementor-element elementor-element-6c49e81\" data-id=\"6c49e81\" data-element_type=\"column\">\n\t\t\t<div class=\"elementor-widget-wrap\">\n\t\t\t\t\t\t\t<\/div>\n\t\t<\/div>\n\t\t\t\t\t<\/div>\n\t\t<\/section>\n\t\t\t\t<section class=\"elementor-section elementor-top-section elementor-element elementor-element-4738cfa elementor-section-boxed elementor-section-height-default elementor-section-height-default\" data-id=\"4738cfa\" data-element_type=\"section\">\n\t\t\t\t\t\t<div class=\"elementor-container elementor-column-gap-default\">\n\t\t\t\t\t<div class=\"elementor-column elementor-col-100 elementor-top-column elementor-element elementor-element-b5ebc61\" data-id=\"b5ebc61\" data-element_type=\"column\">\n\t\t\t<div class=\"elementor-widget-wrap elementor-element-populated\">\n\t\t\t\t\t\t<div class=\"elementor-element elementor-element-d5f7ce4 eael-fg-card-content-align-left elementor-widget elementor-widget-eael-filterable-gallery\" data-id=\"d5f7ce4\" data-element_type=\"widget\" data-settings=\"{&quot;photo_gallery&quot;:&quot;yes&quot;,&quot;pagination&quot;:&quot;false&quot;}\" data-widget_type=\"eael-filterable-gallery.default\">\n\t\t\t\t<div class=\"elementor-widget-container\">\n\t\t\t\t\t<style id=\"eael-fg-inline-css-d5f7ce4\">@media only screen and (max-width: 2399px) {\n\t\t\t\t\t.elementor-element.elementor-element-d5f7ce4 .eael-filterable-gallery-item-wrap {\n\t\t\t\t\t        width: 33.333333333333%;\n\t\t\t\t\t    }\n\t\t\t\t\t}@media only screen and (max-width: 1024px) {\n\t\t\t\t\t.elementor-element.elementor-element-d5f7ce4  .eael-filterable-gallery-item-wrap {\n\t\t\t\t\t        width: 50%;\n\t\t\t\t\t    }\n\t\t\t\t\t}@media only screen and (max-width: 767px) {\n\t\t\t\t\t.elementor-element.elementor-element-d5f7ce4  .eael-filterable-gallery-item-wrap {\n\t\t\t\t\t        width: 100%;\n\t\t\t\t\t    }\n\t\t\t\t\t}<\/style>        <div id=\"eael-filter-gallery-wrapper-d5f7ce4\" class=\"eael-filter-gallery-wrapper\" data-layout-mode=\"card\" data-breakpoints=\"{&quot;mobile&quot;:{&quot;label&quot;:&quot;M\\u00f3vil vertical&quot;,&quot;value&quot;:767,&quot;default_value&quot;:767,&quot;direction&quot;:&quot;max&quot;,&quot;is_enabled&quot;:true},&quot;mobile_extra&quot;:{&quot;label&quot;:&quot;M\\u00f3vil horizontal&quot;,&quot;value&quot;:880,&quot;default_value&quot;:880,&quot;direction&quot;:&quot;max&quot;,&quot;is_enabled&quot;:false},&quot;tablet&quot;:{&quot;label&quot;:&quot;Tableta vertical&quot;,&quot;value&quot;:1024,&quot;default_value&quot;:1024,&quot;direction&quot;:&quot;max&quot;,&quot;is_enabled&quot;:true},&quot;tablet_extra&quot;:{&quot;label&quot;:&quot;Tableta horizontal&quot;,&quot;value&quot;:1200,&quot;default_value&quot;:1200,&quot;direction&quot;:&quot;max&quot;,&quot;is_enabled&quot;:false},&quot;laptop&quot;:{&quot;label&quot;:&quot;Port\\u00e1til&quot;,&quot;value&quot;:1366,&quot;default_value&quot;:1366,&quot;direction&quot;:&quot;max&quot;,&quot;is_enabled&quot;:false},&quot;widescreen&quot;:{&quot;label&quot;:&quot;Pantalla grande&quot;,&quot;value&quot;:2400,&quot;default_value&quot;:2400,&quot;direction&quot;:&quot;min&quot;,&quot;is_enabled&quot;:false}}\" data-default_control_key=\"0\" data-custom_default_control=\"1\">\n                    <div class=\"eael-filter-gallery-container eael-filter-gallery-grid\" data-images-per-page=\"\" data-total-gallery-items=\"6\" data-nomore-item-text=\"\" data-is-randomize=\"no\" data-settings=\"{&quot;grid_style&quot;:&quot;grid&quot;,&quot;popup&quot;:&quot;buttons&quot;,&quot;duration&quot;:500,&quot;gallery_enabled&quot;:&quot;yes&quot;,&quot;video_gallery_yt_privacy&quot;:&quot;&quot;,&quot;control_all_text&quot;:null,&quot;post_id&quot;:626,&quot;widget_id&quot;:&quot;d5f7ce4&quot;}\" data-search-all=\"\" data-gallery-items=\"WyI8ZGl2IGNsYXNzPVwiZWFlbC1maWx0ZXJhYmxlLWdhbGxlcnktaXRlbS13cmFwXCI+XG5cdFx0XHRcdDxkaXYgY2xhc3M9XCJlYWVsLWdhbGxlcnktZ3JpZC1pdGVtXCI+PGEgaHJlZj1cImh0dHA6XC9cL3d3dy5jaXVkYWQtYWxtYWdyby5jb21cL1wiPjxkaXYgY2xhc3M9XCJnYWxsZXJ5LWl0ZW0tdGh1bWJuYWlsLXdyYXBcIj48aW1nIHNyYz1cImh0dHBzOlwvXC93d3cudHVyaXNtb3ZpbGxhbnVldmFkZWxvc2luZmFudGVzLmVzXC93cC1jb250ZW50XC91cGxvYWRzXC8yMDIyXC8wNFwvcG1heW9yLWFsbWFncm8uanBnXCIgZGF0YS1sYXp5LXNyYz1cImh0dHBzOlwvXC93d3cudHVyaXNtb3ZpbGxhbnVldmFkZWxvc2luZmFudGVzLmVzXC93cC1jb250ZW50XC91cGxvYWRzXC8yMDIyXC8wNFwvcG1heW9yLWFsbWFncm8uanBnXCIgYWx0PVwiQWxtYWdyb1wiIGNsYXNzPVwiZ2FsbGVyeS1pdGVtLXRodW1ibmFpbFwiPjxcL2Rpdj48XC9hPjxkaXYgY2xhc3M9XCJnYWxsZXJ5LWl0ZW0tY2FwdGlvbi13cmFwIGNhcHRpb24tc3R5bGUtY2FyZCBcIj48ZGl2IGNsYXNzPVwiZ2FsbGVyeS1pdGVtLWNhcHRpb24tb3ZlclwiPjxoMiBjbGFzcz1cImZnLWl0ZW0tdGl0bGVcIj5BbG1hZ3JvPFwvaDI+PGRpdiBjbGFzcz1cImZnLWl0ZW0tY29udGVudFwiPjxwPkVuIEFsbWFncm8gY29uZmx1eWVuIGRlc2RlIGxhIEVkYWQgTWVkaWEgbWFuaWZlc3RhY2lvbmVzIGN1bHR1cmFsZXMsIGFydFx1MDBlZHN0aWNhcywgaGlzdFx1MDBmM3JpY2FzIHkgc29jaWFsZXMsIGxvIHF1ZSBoYSBzZXJ2aWRvIHBhcmEgZW5yaXF1ZWNlciB5IGNvbmZvcm1hciBlbCBwYXRyaW1vbmlvIGRlIGxhIGNpdWRhZC4gUGFzZWFyIHBvciBBbG1hZ3JvIGVzIHJldHJvdHJhZXJub3MgdmFyaW9zIHNpZ2xvcywgdHJhc2xhZFx1MDBlMW5kb25vcyBhIGFxdWVsbG9zIGVzY2VuYXJpb3MgcXVlIGFudGFcdTAwZjFvIG9jdXBhcm9uIG5vYmxlcywgZnJhaWxlcywgY29tcGFcdTAwZjFcdTAwZWRhcyBkZSB0ZWF0cm8gZSBpbmNsdXNvIGVzdHVkaWFudGVzIHVuaXZlcnNpdGFyaW9zLjxcL3A+XG48XC9kaXY+PFwvZGl2PjxcL2Rpdj48XC9kaXY+PFwvZGl2PiIsIjxkaXYgY2xhc3M9XCJlYWVsLWZpbHRlcmFibGUtZ2FsbGVyeS1pdGVtLXdyYXBcIj5cblx0XHRcdFx0PGRpdiBjbGFzcz1cImVhZWwtZ2FsbGVyeS1ncmlkLWl0ZW1cIj48YSBocmVmPVwiaHR0cDpcL1wvd3d3LnRpZXJyYWRlZ2lnYW50ZXMuZXNcL1wiPjxkaXYgY2xhc3M9XCJnYWxsZXJ5LWl0ZW0tdGh1bWJuYWlsLXdyYXBcIj48aW1nIHNyYz1cImh0dHBzOlwvXC93d3cudHVyaXNtb3ZpbGxhbnVldmFkZWxvc2luZmFudGVzLmVzXC93cC1jb250ZW50XC91cGxvYWRzXC8yMDIyXC8wNFwvbW9saW5vc19jYW1wb19jcmlwdGFuYS5qcGdcIiBkYXRhLWxhenktc3JjPVwiaHR0cHM6XC9cL3d3dy50dXJpc21vdmlsbGFudWV2YWRlbG9zaW5mYW50ZXMuZXNcL3dwLWNvbnRlbnRcL3VwbG9hZHNcLzIwMjJcLzA0XC9tb2xpbm9zX2NhbXBvX2NyaXB0YW5hLmpwZ1wiIGFsdD1cIkNhbXBvIGRlIENyaXB0YW5hXCIgY2xhc3M9XCJnYWxsZXJ5LWl0ZW0tdGh1bWJuYWlsXCI+PFwvZGl2PjxcL2E+PGRpdiBjbGFzcz1cImdhbGxlcnktaXRlbS1jYXB0aW9uLXdyYXAgY2FwdGlvbi1zdHlsZS1jYXJkIFwiPjxkaXYgY2xhc3M9XCJnYWxsZXJ5LWl0ZW0tY2FwdGlvbi1vdmVyXCI+PGgyIGNsYXNzPVwiZmctaXRlbS10aXRsZVwiPkNhbXBvIGRlIENyaXB0YW5hPFwvaDI+PGRpdiBjbGFzcz1cImZnLWl0ZW0tY29udGVudFwiPjxwPkNhbXBvIGRlIENyaXB0YW5hLCBjdXlhIFNpZXJyYSBkZSBsb3MgTW9saW5vcyBmdWUgZWwgZXNjZW5hcmlvIGRlIGxhIGx1Y2hhIGRlIERvbiBRdWlqb3RlIGNvbnRyYSBsb3MgZ2lnYW50ZXMsIGNvbnNlcnZhIDMgbW9saW5vcyBkZWwgc2lnbG8gWFZJLCBhZGVtXHUwMGUxcyBkZSBvdHJvcyA3LiBObyBzZSBsb3MgcGllcmRhLCBhc1x1MDBlZCBjb21vIHRhbXBvY28gbG9zIG11c2VvcyBkZSBFbG95IFRlbm8geSBTYXJhIE1vbnRpZWwsIGxhcyBlcm1pdGFzIGRlbCBDcmlzdG8gZGUgVmlsbGFqb3MgeSBkZSBsYSBWaXJnZW4gZGUgQ3JpcHRhbmEsIGxhIENhc2EgQ3VldmEgeSBlbCBQXHUwMGYzc2l0byBSZWFsLjxcL3A+XG48XC9kaXY+PFwvZGl2PjxcL2Rpdj48XC9kaXY+PFwvZGl2PiIsIjxkaXYgY2xhc3M9XCJlYWVsLWZpbHRlcmFibGUtZ2FsbGVyeS1pdGVtLXdyYXBcIj5cblx0XHRcdFx0PGRpdiBjbGFzcz1cImVhZWwtZ2FsbGVyeS1ncmlkLWl0ZW1cIj48YSBocmVmPVwiaHR0cDpcL1wvd3d3LmNpdWRhZHJlYWwuZXNcL1wiPjxkaXYgY2xhc3M9XCJnYWxsZXJ5LWl0ZW0tdGh1bWJuYWlsLXdyYXBcIj48aW1nIHNyYz1cImh0dHBzOlwvXC93d3cudHVyaXNtb3ZpbGxhbnVldmFkZWxvc2luZmFudGVzLmVzXC93cC1jb250ZW50XC91cGxvYWRzXC8yMDIyXC8wNFwvYWxmb25zby14LWVsLXNhYmlvLmpwZ1wiIGRhdGEtbGF6eS1zcmM9XCJodHRwczpcL1wvd3d3LnR1cmlzbW92aWxsYW51ZXZhZGVsb3NpbmZhbnRlcy5lc1wvd3AtY29udGVudFwvdXBsb2Fkc1wvMjAyMlwvMDRcL2FsZm9uc28teC1lbC1zYWJpby5qcGdcIiBhbHQ9XCJDaXVkYWQgUmVhbFwiIGNsYXNzPVwiZ2FsbGVyeS1pdGVtLXRodW1ibmFpbFwiPjxcL2Rpdj48XC9hPjxkaXYgY2xhc3M9XCJnYWxsZXJ5LWl0ZW0tY2FwdGlvbi13cmFwIGNhcHRpb24tc3R5bGUtY2FyZCBcIj48ZGl2IGNsYXNzPVwiZ2FsbGVyeS1pdGVtLWNhcHRpb24tb3ZlclwiPjxoMiBjbGFzcz1cImZnLWl0ZW0tdGl0bGVcIj5DaXVkYWQgUmVhbDxcL2gyPjxkaXYgY2xhc3M9XCJmZy1pdGVtLWNvbnRlbnRcIj48cD5DaXVkYWQgUmVhbCwgdW5hIGNpdWRhZCBsbGVuYSBkZSB2aWRhLCBxdWUgZW5hbW9yYSBjb24gbGEgaHVlbGxhIGRlbCBRdWlqb3RlIGVuIGNhZGEgdW5vIGRlIHN1cyByaW5jb25lcy48XC9wPlxuPFwvZGl2PjxcL2Rpdj48XC9kaXY+PFwvZGl2PjxcL2Rpdj4iLCI8ZGl2IGNsYXNzPVwiZWFlbC1maWx0ZXJhYmxlLWdhbGxlcnktaXRlbS13cmFwXCI+XG5cdFx0XHRcdDxkaXYgY2xhc3M9XCJlYWVsLWdhbGxlcnktZ3JpZC1pdGVtXCI+PGEgaHJlZj1cImh0dHA6XC9cL3NhbmNhcmxvc2RlbHZhbGxlLmluZm9tYW5jaGEuY29tXC9cIj48ZGl2IGNsYXNzPVwiZ2FsbGVyeS1pdGVtLXRodW1ibmFpbC13cmFwXCI+PGltZyBzcmM9XCJodHRwczpcL1wvd3d3LnR1cmlzbW92aWxsYW51ZXZhZGVsb3NpbmZhbnRlcy5lc1wvd3AtY29udGVudFwvdXBsb2Fkc1wvMjAyMlwvMDRcL1Nhbl9DYXJsb3NfZGVsX1ZhbGxlX3BsYXphLmpwZ1wiIGRhdGEtbGF6eS1zcmM9XCJodHRwczpcL1wvd3d3LnR1cmlzbW92aWxsYW51ZXZhZGVsb3NpbmZhbnRlcy5lc1wvd3AtY29udGVudFwvdXBsb2Fkc1wvMjAyMlwvMDRcL1Nhbl9DYXJsb3NfZGVsX1ZhbGxlX3BsYXphLmpwZ1wiIGFsdD1cIlNhbiBDYXJsb3MgZGVsIFZhbGxlXCIgY2xhc3M9XCJnYWxsZXJ5LWl0ZW0tdGh1bWJuYWlsXCI+PFwvZGl2PjxcL2E+PGRpdiBjbGFzcz1cImdhbGxlcnktaXRlbS1jYXB0aW9uLXdyYXAgY2FwdGlvbi1zdHlsZS1jYXJkIFwiPjxkaXYgY2xhc3M9XCJnYWxsZXJ5LWl0ZW0tY2FwdGlvbi1vdmVyXCI+PGgyIGNsYXNzPVwiZmctaXRlbS10aXRsZVwiPlNhbiBDYXJsb3MgZGVsIFZhbGxlPFwvaDI+PGRpdiBjbGFzcz1cImZnLWl0ZW0tY29udGVudFwiPjxwPlNhbiBDYXJsb3MgZGVsIFZhbGxlIHBvc2VlIHVuYSBkZSBsYXMgbVx1MDBlMXMgYmVsbGFzIHkgYWRtaXJhZGFzIHBsYXphcyBkZSB0b2RhIGxhIHByb3ZpbmNpYSwgcXVlIGVzdFx1MDBlMSBkZWNsYXJhZGEgTW9udW1lbnRvIE5hY2lvbmFsLiBFc3RhbW9zIGFudGUgdW4gYm9uaXRvIHB1ZWJsbyBkZSBjb2xvbml6YWNpXHUwMGYzbiBhZ3JcdTAwZWRjb2xhIGRlIGxhIFx1MDBlOXBvY2EgZGUgQ2FybG9zIElJSSwgdHJhemFkbyBzb2JyZSBwbGFubyB5IGVzdHJ1Y3R1cmFkbyBlbiB0b3JubyBhIGxhIGNhcnJldGVyYSBxdWUgbG8gZGl2aWRlIGVuIGRvcy4gTGEgSWdsZXNpYSBmdWUgY29uc3RydWlkYSBlbnRyZSBsb3MgYVx1MDBmMW9zIDE3MTMgeSAxNzI5IHNpZW5kbyByZXkgRmVsaXBlIFYuIFRlcm1pbmFkbyBlbCB0ZW1wbG8geSBkdXJhbnRlIGVsIG1pc21vIHJlaW5hZG8gc2UgbGV2YW50XHUwMGYzIGxhIGJlbGxcdTAwZWRzaW1hIFBsYXphIE1heW9yLiBFcyB1biBtYXJhdmlsbG9zbyBjb25qdW50byBQbGF6YS1JZ2xlc2lhIGxsYW1hZG8gXHUyMDFjRWwgUGVxdWVcdTAwZjFvIFZhdGljYW5vXHUyMDFkLjxcL3A+XG48cD5Gb3RvZ3JhZlx1MDBlZGE6IFJvYmVydG8gQWJpemFuZGE8XC9wPlxuPFwvZGl2PjxcL2Rpdj48XC9kaXY+PFwvZGl2PjxcL2Rpdj4iLCI8ZGl2IGNsYXNzPVwiZWFlbC1maWx0ZXJhYmxlLWdhbGxlcnktaXRlbS13cmFwXCI+XG5cdFx0XHRcdDxkaXYgY2xhc3M9XCJlYWVsLWdhbGxlcnktZ3JpZC1pdGVtXCI+PGEgaHJlZj1cImh0dHA6XC9cL3d3dy52YWxkZXBlbmFzLmVzXCI+PGRpdiBjbGFzcz1cImdhbGxlcnktaXRlbS10aHVtYm5haWwtd3JhcFwiPjxpbWcgc3JjPVwiaHR0cHM6XC9cL3d3dy50dXJpc21vdmlsbGFudWV2YWRlbG9zaW5mYW50ZXMuZXNcL3dwLWNvbnRlbnRcL3VwbG9hZHNcLzIwMjJcLzA0XC9ib2RlZ2EuanBnXCIgZGF0YS1sYXp5LXNyYz1cImh0dHBzOlwvXC93d3cudHVyaXNtb3ZpbGxhbnVldmFkZWxvc2luZmFudGVzLmVzXC93cC1jb250ZW50XC91cGxvYWRzXC8yMDIyXC8wNFwvYm9kZWdhLmpwZ1wiIGFsdD1cIlZhbGRlcGVcdTAwZjFhc1wiIGNsYXNzPVwiZ2FsbGVyeS1pdGVtLXRodW1ibmFpbFwiPjxcL2Rpdj48XC9hPjxkaXYgY2xhc3M9XCJnYWxsZXJ5LWl0ZW0tY2FwdGlvbi13cmFwIGNhcHRpb24tc3R5bGUtY2FyZCBcIj48ZGl2IGNsYXNzPVwiZ2FsbGVyeS1pdGVtLWNhcHRpb24tb3ZlclwiPjxoMiBjbGFzcz1cImZnLWl0ZW0tdGl0bGVcIj5WYWxkZXBlXHUwMGYxYXM8XC9oMj48ZGl2IGNsYXNzPVwiZmctaXRlbS1jb250ZW50XCI+PHA+VmFsZGVwZVx1MDBmMWFzIGN1ZW50YSBjb24gdW5hIGdyYW4gcmlxdWV6YSBhcnF1ZW9sXHUwMGYzZ2ljYSwgcHJ1ZWJhIGRlIGVsbG8gZXMgbGEgQ2l1ZGFkIEliXHUwMGU5cmljYSBkZWwgcy5JViBhLkMuIGRlbCBZYWNpbWllbnRvIHkgQ2VudHJvIGRlIEludGVycHJldGFjaVx1MDBmM24gZGVsIENlcnJvIGRlIExhcyBDYWJlemFzLiBFcyB1bmEgY2l1ZGFkIHZvbGNhZGEgY29uIGxhIGN1bHR1cmEgeSBlbCB2aW5vLCBkaXNwb25lIGRlIHZhcmlhZG9zIG11c2VvcyBlbnRyZSBlbGxvcyBlbCBNdXNlbyBkZWwgVmlubywgYW50aWd1YSBib2RlZ2EgZGUgMTkwMSwgYWNvZ2UgZW4gc3UgaW50ZXJpb3IgdG9kYSBsYSBoaXN0b3JpYSB5IHRyYWRpY2lcdTAwZjNuIGRlIGxhIERlbm9taW5hY2lcdTAwZjNuIGRlIE9yaWdlbiBkZSBWYWxkZXBlXHUwMGYxYXMuPFwvcD5cbjxcL2Rpdj48XC9kaXY+PFwvZGl2PjxcL2Rpdj48XC9kaXY+IiwiPGRpdiBjbGFzcz1cImVhZWwtZmlsdGVyYWJsZS1nYWxsZXJ5LWl0ZW0td3JhcFwiPlxuXHRcdFx0XHQ8ZGl2IGNsYXNzPVwiZWFlbC1nYWxsZXJ5LWdyaWQtaXRlbVwiPjxhIGhyZWY9XCJodHRwOlwvXC90dXJpc21vdmlzb2RlbG1hcnF1ZXMuZXNcL1wiPjxkaXYgY2xhc3M9XCJnYWxsZXJ5LWl0ZW0tdGh1bWJuYWlsLXdyYXBcIj48aW1nIHNyYz1cImh0dHBzOlwvXC93d3cudHVyaXNtb3ZpbGxhbnVldmFkZWxvc2luZmFudGVzLmVzXC93cC1jb250ZW50XC91cGxvYWRzXC8yMDIyXC8wNFwvcGFsYWNpby1kZS1kYWx2YXJvLWRlLWJhemFuLmpwZ1wiIGRhdGEtbGF6eS1zcmM9XCJodHRwczpcL1wvd3d3LnR1cmlzbW92aWxsYW51ZXZhZGVsb3NpbmZhbnRlcy5lc1wvd3AtY29udGVudFwvdXBsb2Fkc1wvMjAyMlwvMDRcL3BhbGFjaW8tZGUtZGFsdmFyby1kZS1iYXphbi5qcGdcIiBhbHQ9XCJWaXNvIGRlbCBNYXJxdVx1MDBlOXNcIiBjbGFzcz1cImdhbGxlcnktaXRlbS10aHVtYm5haWxcIj48XC9kaXY+PFwvYT48ZGl2IGNsYXNzPVwiZ2FsbGVyeS1pdGVtLWNhcHRpb24td3JhcCBjYXB0aW9uLXN0eWxlLWNhcmQgXCI+PGRpdiBjbGFzcz1cImdhbGxlcnktaXRlbS1jYXB0aW9uLW92ZXJcIj48aDIgY2xhc3M9XCJmZy1pdGVtLXRpdGxlXCI+VmlzbyBkZWwgTWFycXVcdTAwZTlzPFwvaDI+PGRpdiBjbGFzcz1cImZnLWl0ZW0tY29udGVudFwiPjxwPkpveWEgZGVsIFJlbmFjaW1pZW50byBFc3BhXHUwMGYxb2wsIGNvbiBtXHUwMGUxcyBkZSA4LjAwMCBtXHUwMGIyIGRlIHBpbnR1cmFzIGFsIGZyZXNjby4gRnVlIGRlY2xhcmFkbyBNb251bWVudG8gTmFjaW9uYWwgZW4gMTkzMSB5LCBlbiBsYSBhY3R1YWxpZGFkLCBlc3RcdTAwZTEgYXJyZW5kYWRvIGEgbGEgQXJtYWRhIEVzcGFcdTAwZjFvbGEgcG9yIGVsIHByZWNpbyBzaW1iXHUwMGYzbGljbyBkZSAxIHBlc2V0YSBhbCBhXHUwMGYxby48XC9wPlxuPFwvZGl2PjxcL2Rpdj48XC9kaXY+PFwvZGl2PjxcL2Rpdj4iXQ==\" data-init-show=\"10\">\n            <div class=\"eael-filterable-gallery-item-wrap\">\n\t\t\t\t<div class=\"eael-gallery-grid-item\"><a href=\"http:\/\/www.ciudad-almagro.com\/\"><div class=\"gallery-item-thumbnail-wrap\"><img decoding=\"async\" src=\"https:\/\/www.turismovillanuevadelosinfantes.es\/wp-content\/uploads\/2022\/04\/pmayor-almagro.jpg\" data-lazy-src=\"https:\/\/www.turismovillanuevadelosinfantes.es\/wp-content\/uploads\/2022\/04\/pmayor-almagro.jpg\" alt=\"Almagro\" class=\"gallery-item-thumbnail\"><\/div><\/a><div class=\"gallery-item-caption-wrap caption-style-card\"><div class=\"gallery-item-caption-over\"><h2 class=\"fg-item-title\">Almagro<\/h2><div class=\"fg-item-content\"><p>En Almagro confluyen desde la Edad Media manifestaciones culturales, art\u00edsticas, hist\u00f3ricas y sociales, lo que ha servido para enriquecer y conformar el patrimonio de la ciudad. Pasear por Almagro es retrotraernos varios siglos, traslad\u00e1ndonos a aquellos escenarios que anta\u00f1o ocuparon nobles, frailes, compa\u00f1\u00edas de teatro e incluso estudiantes universitarios.<\/p>\n<\/div><\/div><\/div><\/div><\/div><div class=\"eael-filterable-gallery-item-wrap\">\n\t\t\t\t<div class=\"eael-gallery-grid-item\"><a href=\"http:\/\/www.tierradegigantes.es\/\"><div class=\"gallery-item-thumbnail-wrap\"><img decoding=\"async\" src=\"https:\/\/www.turismovillanuevadelosinfantes.es\/wp-content\/uploads\/2022\/04\/molinos_campo_criptana.jpg\" data-lazy-src=\"https:\/\/www.turismovillanuevadelosinfantes.es\/wp-content\/uploads\/2022\/04\/molinos_campo_criptana.jpg\" alt=\"Campo de Criptana\" class=\"gallery-item-thumbnail\"><\/div><\/a><div class=\"gallery-item-caption-wrap caption-style-card\"><div class=\"gallery-item-caption-over\"><h2 class=\"fg-item-title\">Campo de Criptana<\/h2><div class=\"fg-item-content\"><p>Campo de Criptana, cuya Sierra de los Molinos fue el escenario de la lucha de Don Quijote contra los gigantes, conserva 3 molinos del siglo XVI, adem\u00e1s de otros 7. No se los pierda, as\u00ed como tampoco los museos de Eloy Teno y Sara Montiel, las ermitas del Cristo de Villajos y de la Virgen de Criptana, la Casa Cueva y el P\u00f3sito Real.<\/p>\n<\/div><\/div><\/div><\/div><\/div><div class=\"eael-filterable-gallery-item-wrap\">\n\t\t\t\t<div class=\"eael-gallery-grid-item\"><a href=\"http:\/\/www.ciudadreal.es\/\"><div class=\"gallery-item-thumbnail-wrap\"><img decoding=\"async\" src=\"https:\/\/www.turismovillanuevadelosinfantes.es\/wp-content\/uploads\/2022\/04\/alfonso-x-el-sabio.jpg\" data-lazy-src=\"https:\/\/www.turismovillanuevadelosinfantes.es\/wp-content\/uploads\/2022\/04\/alfonso-x-el-sabio.jpg\" alt=\"Ciudad Real\" class=\"gallery-item-thumbnail\"><\/div><\/a><div class=\"gallery-item-caption-wrap caption-style-card\"><div class=\"gallery-item-caption-over\"><h2 class=\"fg-item-title\">Ciudad Real<\/h2><div class=\"fg-item-content\"><p>Ciudad Real, una ciudad llena de vida, que enamora con la huella del Quijote en cada uno de sus rincones.<\/p>\n<\/div><\/div><\/div><\/div><\/div><div class=\"eael-filterable-gallery-item-wrap\">\n\t\t\t\t<div class=\"eael-gallery-grid-item\"><a href=\"http:\/\/sancarlosdelvalle.infomancha.com\/\"><div class=\"gallery-item-thumbnail-wrap\"><img decoding=\"async\" src=\"https:\/\/www.turismovillanuevadelosinfantes.es\/wp-content\/uploads\/2022\/04\/San_Carlos_del_Valle_plaza.jpg\" data-lazy-src=\"https:\/\/www.turismovillanuevadelosinfantes.es\/wp-content\/uploads\/2022\/04\/San_Carlos_del_Valle_plaza.jpg\" alt=\"San Carlos del Valle\" class=\"gallery-item-thumbnail\"><\/div><\/a><div class=\"gallery-item-caption-wrap caption-style-card\"><div class=\"gallery-item-caption-over\"><h2 class=\"fg-item-title\">San Carlos del Valle<\/h2><div class=\"fg-item-content\"><p>San Carlos del Valle posee una de las m\u00e1s bellas y admiradas plazas de toda la provincia, que est\u00e1 declarada Monumento Nacional. Estamos ante un bonito pueblo de colonizaci\u00f3n agr\u00edcola de la \u00e9poca de Carlos III, trazado sobre plano y estructurado en torno a la carretera que lo divide en dos. La Iglesia fue construida entre los a\u00f1os 1713 y 1729 siendo rey Felipe V. Terminado el templo y durante el mismo reinado se levant\u00f3 la bell\u00edsima Plaza Mayor. Es un maravilloso conjunto Plaza-Iglesia llamado \u201cEl Peque\u00f1o Vaticano\u201d.<\/p>\n<p>Fotograf\u00eda: Roberto Abizanda<\/p>\n<\/div><\/div><\/div><\/div><\/div><div class=\"eael-filterable-gallery-item-wrap\">\n\t\t\t\t<div class=\"eael-gallery-grid-item\"><a href=\"http:\/\/www.valdepenas.es\"><div class=\"gallery-item-thumbnail-wrap\"><img decoding=\"async\" src=\"https:\/\/www.turismovillanuevadelosinfantes.es\/wp-content\/uploads\/2022\/04\/bodega.jpg\" data-lazy-src=\"https:\/\/www.turismovillanuevadelosinfantes.es\/wp-content\/uploads\/2022\/04\/bodega.jpg\" alt=\"Valdepe\u00f1as\" class=\"gallery-item-thumbnail\"><\/div><\/a><div class=\"gallery-item-caption-wrap caption-style-card\"><div class=\"gallery-item-caption-over\"><h2 class=\"fg-item-title\">Valdepe\u00f1as<\/h2><div class=\"fg-item-content\"><p>Valdepe\u00f1as cuenta con una gran riqueza arqueol\u00f3gica, prueba de ello es la Ciudad Ib\u00e9rica del s.IV a.C. del Yacimiento y Centro de Interpretaci\u00f3n del Cerro de Las Cabezas. Es una ciudad volcada con la cultura y el vino, dispone de variados museos entre ellos el Museo del Vino, antigua bodega de 1901, acoge en su interior toda la historia y tradici\u00f3n de la Denominaci\u00f3n de Origen de Valdepe\u00f1as.<\/p>\n<\/div><\/div><\/div><\/div><\/div><div class=\"eael-filterable-gallery-item-wrap\">\n\t\t\t\t<div class=\"eael-gallery-grid-item\"><a href=\"http:\/\/turismovisodelmarques.es\/\"><div class=\"gallery-item-thumbnail-wrap\"><img decoding=\"async\" src=\"https:\/\/www.turismovillanuevadelosinfantes.es\/wp-content\/uploads\/2022\/04\/palacio-de-dalvaro-de-bazan.jpg\" data-lazy-src=\"https:\/\/www.turismovillanuevadelosinfantes.es\/wp-content\/uploads\/2022\/04\/palacio-de-dalvaro-de-bazan.jpg\" alt=\"Viso del Marqu\u00e9s\" class=\"gallery-item-thumbnail\"><\/div><\/a><div class=\"gallery-item-caption-wrap caption-style-card\"><div class=\"gallery-item-caption-over\"><h2 class=\"fg-item-title\">Viso del Marqu\u00e9s<\/h2><div class=\"fg-item-content\"><p>Joya del Renacimiento Espa\u00f1ol, con m\u00e1s de 8.000 m\u00b2 de pinturas al fresco. Fue declarado Monumento Nacional en 1931 y, en la actualidad, est\u00e1 arrendado a la Armada Espa\u00f1ola por el precio simb\u00f3lico de 1 peseta al a\u00f1o.<\/p>\n<\/div><\/div><\/div><\/div><\/div>        <\/div>\n                <\/div>\n        \n        \t\t\t\t<\/div>\n\t\t\t\t<\/div>\n\t\t\t\t\t<\/div>\n\t\t<\/div>\n\t\t\t\t\t<\/div>\n\t\t<\/section>\n\t\t\t\t<section class=\"elementor-section elementor-top-section elementor-element elementor-element-d7a70ba elementor-section-boxed elementor-section-height-default elementor-section-height-default\" data-id=\"d7a70ba\" data-element_type=\"section\" id=\"campodemontiel\">\n\t\t\t\t\t\t<div class=\"elementor-container elementor-column-gap-default\">\n\t\t\t\t\t<div class=\"elementor-column elementor-col-16 elementor-top-column elementor-element elementor-element-1f7cce5\" data-id=\"1f7cce5\" data-element_type=\"column\">\n\t\t\t<div class=\"elementor-widget-wrap\">\n\t\t\t\t\t\t\t<\/div>\n\t\t<\/div>\n\t\t\t\t<div class=\"elementor-column elementor-col-66 elementor-top-column elementor-element elementor-element-9cf74aa\" data-id=\"9cf74aa\" data-element_type=\"column\">\n\t\t\t<div class=\"elementor-widget-wrap elementor-element-populated\">\n\t\t\t\t\t\t<div class=\"elementor-element elementor-element-d4e8d0a elementor-widget elementor-widget-heading\" data-id=\"d4e8d0a\" data-element_type=\"widget\" data-widget_type=\"heading.default\">\n\t\t\t\t<div class=\"elementor-widget-container\">\n\t\t\t\t\t<h1 class=\"elementor-heading-title elementor-size-default\">Ruta por el Campo de Montiel en 8 d\u00edas<\/h1>\t\t\t\t<\/div>\n\t\t\t\t<\/div>\n\t\t\t\t<div class=\"elementor-element elementor-element-925cd5b elementor-widget elementor-widget-heading\" data-id=\"925cd5b\" data-element_type=\"widget\" data-widget_type=\"heading.default\">\n\t\t\t\t<div class=\"elementor-widget-container\">\n\t\t\t\t\t<h4 class=\"elementor-heading-title elementor-size-default\">Textos y fotograf\u00edas de M\u00aa \u00c1ngeles Jim\u00e9nez<\/h4>\t\t\t\t<\/div>\n\t\t\t\t<\/div>\n\t\t\t\t<div class=\"elementor-element elementor-element-56a8b8c elementor-tabs-view-horizontal elementor-widget elementor-widget-tabs\" data-id=\"56a8b8c\" data-element_type=\"widget\" data-widget_type=\"tabs.default\">\n\t\t\t\t<div class=\"elementor-widget-container\">\n\t\t\t\t\t\t\t<div class=\"elementor-tabs\">\n\t\t\t<div class=\"elementor-tabs-wrapper\" role=\"tablist\" >\n\t\t\t\t\t\t\t\t\t<div id=\"elementor-tab-title-9081\" class=\"elementor-tab-title elementor-tab-desktop-title\" aria-selected=\"true\" data-tab=\"1\" role=\"tab\" tabindex=\"0\" aria-controls=\"elementor-tab-content-9081\" aria-expanded=\"false\">D\u00eda 1<\/div>\n\t\t\t\t\t\t\t\t\t<div id=\"elementor-tab-title-9082\" class=\"elementor-tab-title elementor-tab-desktop-title\" aria-selected=\"false\" data-tab=\"2\" role=\"tab\" tabindex=\"-1\" aria-controls=\"elementor-tab-content-9082\" aria-expanded=\"false\">D\u00eda 2<\/div>\n\t\t\t\t\t\t\t\t\t<div id=\"elementor-tab-title-9083\" class=\"elementor-tab-title elementor-tab-desktop-title\" aria-selected=\"false\" data-tab=\"3\" role=\"tab\" tabindex=\"-1\" aria-controls=\"elementor-tab-content-9083\" aria-expanded=\"false\">D\u00eda 3<\/div>\n\t\t\t\t\t\t\t\t\t<div id=\"elementor-tab-title-9084\" class=\"elementor-tab-title elementor-tab-desktop-title\" aria-selected=\"false\" data-tab=\"4\" role=\"tab\" tabindex=\"-1\" aria-controls=\"elementor-tab-content-9084\" aria-expanded=\"false\">D\u00eda 4<\/div>\n\t\t\t\t\t\t\t\t\t<div id=\"elementor-tab-title-9085\" class=\"elementor-tab-title elementor-tab-desktop-title\" aria-selected=\"false\" data-tab=\"5\" role=\"tab\" tabindex=\"-1\" aria-controls=\"elementor-tab-content-9085\" aria-expanded=\"false\">D\u00eda 5<\/div>\n\t\t\t\t\t\t\t\t\t<div id=\"elementor-tab-title-9086\" class=\"elementor-tab-title elementor-tab-desktop-title\" aria-selected=\"false\" data-tab=\"6\" role=\"tab\" tabindex=\"-1\" aria-controls=\"elementor-tab-content-9086\" aria-expanded=\"false\">D\u00eda 6<\/div>\n\t\t\t\t\t\t\t\t\t<div id=\"elementor-tab-title-9087\" class=\"elementor-tab-title elementor-tab-desktop-title\" aria-selected=\"false\" data-tab=\"7\" role=\"tab\" tabindex=\"-1\" aria-controls=\"elementor-tab-content-9087\" aria-expanded=\"false\">D\u00eda 7<\/div>\n\t\t\t\t\t\t\t\t\t<div id=\"elementor-tab-title-9088\" class=\"elementor-tab-title elementor-tab-desktop-title\" aria-selected=\"false\" data-tab=\"8\" role=\"tab\" tabindex=\"-1\" aria-controls=\"elementor-tab-content-9088\" aria-expanded=\"false\">D\u00eda 8<\/div>\n\t\t\t\t\t\t\t<\/div>\n\t\t\t<div class=\"elementor-tabs-content-wrapper\" role=\"tablist\" aria-orientation=\"vertical\">\n\t\t\t\t\t\t\t\t\t<div class=\"elementor-tab-title elementor-tab-mobile-title\" aria-selected=\"true\" data-tab=\"1\" role=\"tab\" tabindex=\"0\" aria-controls=\"elementor-tab-content-9081\" aria-expanded=\"false\">D\u00eda 1<\/div>\n\t\t\t\t\t<div id=\"elementor-tab-content-9081\" class=\"elementor-tab-content elementor-clearfix\" data-tab=\"1\" role=\"tabpanel\" aria-labelledby=\"elementor-tab-title-9081\" tabindex=\"0\" hidden=\"false\">\n<h2 class=\"wp-block-heading\">Villanueva de los Infantes (1)<\/h2>\n\n<div class=\"wp-block-columns is-layout-flex wp-container-core-columns-is-layout-41 wp-block-columns-is-layout-flex\">\n\n<div class=\"wp-block-column is-layout-flow wp-block-column-is-layout-flow\" style=\"flex-basis: 33.33%;\">\n\n<figure class=\"wp-block-image size-full is-style-default\"><img loading=\"lazy\" decoding=\"async\" width=\"611\" height=\"921\" class=\"wp-image-1478\" src=\"https:\/\/www.turismovillanuevadelosinfantes.es\/wp-content\/uploads\/2022\/04\/img2.jpg\" alt=\"\" srcset=\"https:\/\/www.turismovillanuevadelosinfantes.es\/wp-content\/uploads\/2022\/04\/img2.jpg 611w, https:\/\/www.turismovillanuevadelosinfantes.es\/wp-content\/uploads\/2022\/04\/img2-199x300.jpg 199w, https:\/\/www.turismovillanuevadelosinfantes.es\/wp-content\/uploads\/2022\/04\/img2-500x754.jpg 500w, https:\/\/www.turismovillanuevadelosinfantes.es\/wp-content\/uploads\/2022\/04\/img2-8x12.jpg 8w\" sizes=\"(max-width: 611px) 100vw, 611px\" \/><\/figure>\n\n\n<\/div>\n\n\n<div class=\"wp-block-column is-layout-flow wp-block-column-is-layout-flow\" style=\"flex-basis: 66.66%;\">\n\nVisitar los 31 puntos de inter\u00e9s tur\u00edstico en Villanueva de los Infantes nos llevar\u00e1 m\u00e1s de un d\u00eda, porque pasear por esta ciudad es tropezarse con el ingenioso hidalgo don Quijote o con el genial poeta don Francisco de Quevedo. Esta ciudad literaria rezuma historia, tradici\u00f3n y arte por todos sus rincones. En la Plaza Mayor desde todos los \u00e1ngulos se capta entre real y abstracto el monumento a don Quijote y Sancho, uno con su caballo Rocinante, el otro con su rucio, esculpidos por el escultor infante\u00f1o J.A. Giraldo. Don Quijote est\u00e1 armado con aperos t\u00edpicos de su hacienda, que ha confundido en un ataque de locura con una lanza y adarga antigua. Forman parte de los viandantes.\n\n\n\n\n\nEn el atrio de la Iglesia gravita la estatua de santo Tom\u00e1s con el leg\u00edtimo peso de la virtud de ser compartida la santidad patronal con el vecino pueblo de Fuenllana. Desde la plaza paseando hacia el sur por la calle Mayor se llega a la plaza de san Juan, presidida por un sencillo monumento erigido al genial poeta don Francisco de Quevedo, custodiado con bajorrelieves de las Musas.\n\n<\/div>\n\n<\/div>\n\n\nAl anochecer si coincide el viaje en la \u00faltima quincena de julio se puede asistir desde a Jornadas Literarias con\u00a0escritores, poetas, cr\u00edticos de arte, etc., (laureados algunos con Premios Nacionales, como el Cervantes o el Nadal) a Encuentros Quevedianos y Cervantinos celebrados con una periodicidad irregular, donde se analiza la obra de ambos escritores, junto con otros como el dramaturgo Lope de Vega o el fil\u00f3logo Jim\u00e9nez Pat\u00f3n o descubrir la relaci\u00f3n de estos escritores con Cervantes.\n\n\n\n\n\nDurante la primera quincena de agosto se celebra el Festival Internacional de M\u00fasica Cl\u00e1sica, un acontecimiento con un merecido prestigio dentro del panorama musical.\n\n\n\n\n<div class=\"wp-block-columns are-vertically-aligned-top is-layout-flex wp-container-core-columns-is-layout-42 wp-block-columns-is-layout-flex\">\n\n\n<div class=\"wp-block-column is-vertically-aligned-top is-layout-flow wp-block-column-is-layout-flow\" style=\"flex-basis: 66.66%;\">\n\n\n\nLa puesta en valor del patrimonio de Infantes se puede disfrutar en el puente o fin de semana de la festividad del Pilar (12 de octubre) con la Ruta de los Patios, donde los vecinos muestran su propiedad particular con lecturas y m\u00fasica barroca. Los turistas tienen la posibilidad de visitarlos, cuenta adem\u00e1s con actividades complementarias como paseos en carruajes y teatro del Siglo de Oro en los patios de propiedad municipal de La Alh\u00f3ndiga, los Claustros de Santo Domingo, Casa del Estudio y el Palacio de los Ballesteros, donde se pretende realzar el magn\u00edfico entorno arquitect\u00f3nico.\n\n\n\n<\/div>\n\n\n\n<div class=\"wp-block-column is-vertically-aligned-top is-layout-flow wp-block-column-is-layout-flow\" style=\"flex-basis: 33.33%;\">\n\n\n<figure class=\"wp-block-image size-full is-style-default\"><img loading=\"lazy\" decoding=\"async\" width=\"640\" height=\"480\" class=\"wp-image-1479\" src=\"https:\/\/www.turismovillanuevadelosinfantes.es\/wp-content\/uploads\/2022\/04\/img3.jpg\" alt=\"\" srcset=\"https:\/\/www.turismovillanuevadelosinfantes.es\/wp-content\/uploads\/2022\/04\/img3.jpg 640w, https:\/\/www.turismovillanuevadelosinfantes.es\/wp-content\/uploads\/2022\/04\/img3-300x225.jpg 300w, https:\/\/www.turismovillanuevadelosinfantes.es\/wp-content\/uploads\/2022\/04\/img3-500x375.jpg 500w, https:\/\/www.turismovillanuevadelosinfantes.es\/wp-content\/uploads\/2022\/04\/img3-16x12.jpg 16w\" sizes=\"(max-width: 640px) 100vw, 640px\" \/><\/figure>\n\n\n<\/div>\n\n\n<\/div>\n\n\n\n\nPosteriormente, despu\u00e9s de asistir a algunos de los actos mencionados anteriormente, podemos dejarnos llevar por el instinto de satisfacer los sentidos en una velada nocturna en cualquiera de las terrazas distribuidas\u00a0desde la calle Rey Juan Carlos, Plaza Mayor, Calle Cervantes, Plaza de san Juan, Paseo de la Constituci\u00f3n, en La Terracita cerca de la Cruz del Siglo. Es tiempo para degustar pl\u00e1cidamente cualquier tapa o condumio que nos ofrezcan con el refrigerio.\n\n<\/div>\n\t\t\t\t\t\t\t\t\t<div class=\"elementor-tab-title elementor-tab-mobile-title\" aria-selected=\"false\" data-tab=\"2\" role=\"tab\" tabindex=\"-1\" aria-controls=\"elementor-tab-content-9082\" aria-expanded=\"false\">D\u00eda 2<\/div>\n\t\t\t\t\t<div id=\"elementor-tab-content-9082\" class=\"elementor-tab-content elementor-clearfix\" data-tab=\"2\" role=\"tabpanel\" aria-labelledby=\"elementor-tab-title-9082\" tabindex=\"0\" hidden=\"hidden\">\n<h2 class=\"wp-block-heading\">Villanueva de los Infantes (2)<\/h2>\n\n\n\n<div class=\"wp-block-columns is-layout-flex wp-container-core-columns-is-layout-43 wp-block-columns-is-layout-flex\">\n<div class=\"wp-block-column is-layout-flow wp-block-column-is-layout-flow\" style=\"flex-basis:40%\">\n<figure class=\"wp-block-image size-full is-style-default\"><img loading=\"lazy\" decoding=\"async\" width=\"981\" height=\"847\" src=\"https:\/\/www.turismovillanuevadelosinfantes.es\/wp-content\/uploads\/2022\/04\/img11.jpg\" alt=\"\" class=\"wp-image-1483\" srcset=\"https:\/\/www.turismovillanuevadelosinfantes.es\/wp-content\/uploads\/2022\/04\/img11.jpg 981w, https:\/\/www.turismovillanuevadelosinfantes.es\/wp-content\/uploads\/2022\/04\/img11-300x259.jpg 300w, https:\/\/www.turismovillanuevadelosinfantes.es\/wp-content\/uploads\/2022\/04\/img11-768x663.jpg 768w, https:\/\/www.turismovillanuevadelosinfantes.es\/wp-content\/uploads\/2022\/04\/img11-500x432.jpg 500w, https:\/\/www.turismovillanuevadelosinfantes.es\/wp-content\/uploads\/2022\/04\/img11-800x691.jpg 800w\" sizes=\"(max-width: 981px) 100vw, 981px\" \/><\/figure>\n<\/div>\n\n\n\n<div class=\"wp-block-column is-layout-flow wp-block-column-is-layout-flow\" style=\"flex-basis:60%\">\n<p>Monumental e hidalga. Ciudad Literaria. \u201cEl lugar de la Mancha\u201d. Conjunto hist\u00f3rico art\u00edstico. Enclave del Renacimiento y del Barroco. Uno de los pueblos m\u00e1s hermosos de la Mancha. Cuna de santo Tom\u00e1s, y de los personajes literarios don Quijote y Sancho, sepultura de Quevedo. As\u00ed es Villanueva de los Infantes. V\u00edctor de la Serna la compar\u00f3 con Santillana del Mar, calific\u00e1ndola como la Santillana de la Mancha, en sus cr\u00f3nicas de viaje: la v\u00eda del calatrave\u00f1o en 1960. Garc\u00eda Lorca descubri\u00f3 aqu\u00ed su amistad y su acercamiento melanc\u00f3lico con Quevedo en 1933. Empezamos el recorrido en la Calle Cervantes de la calle Mayor, donde se encuentra la Oficina de Turismo, en un edificio llamado El mercado. <\/p>\n<\/div>\n<\/div>\n\n\n\n<p>En \u00e9l podemos visitar el Museo de Arte Contempor\u00e1neo en la planta segunda y en la de abajo el mercado de abastos. Esta Oficina ofrece al visitante informaci\u00f3n para contratar una visita guiada. La historia de Villanueva de los Infantes es rica, de la cual dan fe sus monumentos, conventos, casas se\u00f1oriales y personajes que residieron en esta villa. Un recorrido aproximado de dos horas donde de forma documentada, amena y placentera se podr\u00e1 disfrutar de la visita guiada. Calle Mayor, Palacio del Marqu\u00e9s de Melgarejo, Casa del Caballero del Verde Gab\u00e1n descrita por Cervantes en el cap. XVIII de la segunda parte. Casa Palacio del Marqu\u00e9s de Camacho. Casa de Bastimento de la Mesa Maestral de la Orden de Santiago\u2026<\/p>\n\n\n\n<div class=\"wp-block-columns is-layout-flex wp-container-core-columns-is-layout-44 wp-block-columns-is-layout-flex\">\n<div class=\"wp-block-column is-layout-flow wp-block-column-is-layout-flow\" style=\"flex-basis:66%\">\n<p>Continuaremos hasta llegar a la Plaza Mayor y admirar la Iglesia de San Andr\u00e9s, donde est\u00e1n depositados los restos de don Francisco de Quevedo. El Hospital de Santiago. La Alh\u00f3ndiga. Casa del Arco. Casa de los Estudios. Casa de santo Tom\u00e1s de Villanueva. Casa de la Inquisici\u00f3n. Convento de santo Domingo donde se conserva la celda donde pas\u00f3 sus \u00faltimos d\u00edas y muri\u00f3 el gran escritor don Francisco de Quevedo. Palacio Rebuelta. Convento de la Encarnaci\u00f3n. Casas manchegas de ricos hidalgos y nobles, construidas entre los siglos XVI al XVIII. Constituyen lo m\u00e1s representativo de la arquitectura civil y religiosa de la parte sur de la ciudad. Alrededor de la Iglesia se desarrolla un peque\u00f1o n\u00facleo surcado por callejuelas estrechas y quebradas de clara vinculaci\u00f3n musulmana, como por ejemplo la \u201ccalle la Ese\u201d, cerca de esta calle el convento de la Trinidad.<\/p>\n<\/div>\n\n\n\n<div class=\"wp-block-column is-layout-flow wp-block-column-is-layout-flow\" style=\"flex-basis:33%\">\n<figure class=\"wp-block-image size-full is-style-default\"><img loading=\"lazy\" decoding=\"async\" width=\"807\" height=\"976\" src=\"https:\/\/www.turismovillanuevadelosinfantes.es\/wp-content\/uploads\/2022\/04\/img4.jpg\" alt=\"\" class=\"wp-image-1484\" srcset=\"https:\/\/www.turismovillanuevadelosinfantes.es\/wp-content\/uploads\/2022\/04\/img4.jpg 807w, https:\/\/www.turismovillanuevadelosinfantes.es\/wp-content\/uploads\/2022\/04\/img4-248x300.jpg 248w, https:\/\/www.turismovillanuevadelosinfantes.es\/wp-content\/uploads\/2022\/04\/img4-768x929.jpg 768w, https:\/\/www.turismovillanuevadelosinfantes.es\/wp-content\/uploads\/2022\/04\/img4-500x605.jpg 500w, https:\/\/www.turismovillanuevadelosinfantes.es\/wp-content\/uploads\/2022\/04\/img4-800x968.jpg 800w\" sizes=\"(max-width: 807px) 100vw, 807px\" \/><\/figure>\n<\/div>\n<\/div>\n\n\n\n<p>Adentrarse por las calles de Villanueva de los Infantes es todo un deleite. La visita conviene que sea espaciada, con momentos de descanso para darle gusto al paladar, en la que sobresalen, las migas, los galianos, los huevos a la porreta, chuletas a la gavilla, el asadillo, el pisto, ensalada de lim\u00f3n\u2026 M\u00e1s encanto a\u00fan encierra la ciudad cuando se celebran los mayos la noche del 30 de abril al 1 de mayo y las cruces del 2 al 3 del mes de mayo. Mayos que cantan los mozos a las damas la noche del \u00faltimo d\u00eda del mes de abril para recibir mayo. Cantos donde se aprecia un paralelismo casi exacto de las \u201cletras del mayo a las damas\u201d, con la descripci\u00f3n que don Quijote hace para describir a Dulcinea, con los atributos propios para ensalzar su belleza (cap\u00edtulo XIII, I Parte). Aunque no sea mayo, en las fiestas de agosto, la Asociaci\u00f3n de Folklore Cruz de Santiago organiza un trayecto por patios con la Lectura de algunos fragmentos del Quijote, en el que no falta este pasaje, incluido el mayo a las damas. Es el \u201cdibujo\u201d de don Quijote a su amada Dulcinea:<\/p>\n\n\n\n<blockquote class=\"wp-block-quote is-layout-flow wp-block-quote-is-layout-flow\"><p>Aqu\u00ed dio un gran suspiro don quijote y dijo:- su nombre es Dulcinea; su patria, el Toboso, un lugar de la Mancha, su calidad, por lo menos, ha de ser princesa, pues es reina y se\u00f1ora m\u00eda su hermosura sobrehumana, pues en ella se vienen a hacer verdaderos todos los imposibles y quim\u00e9ricos atributos de belleza que los poetas dan a sus damas; que sus cabellos son oro, su frente campos el\u00edseos, sus cejas arcos del cielo, sus ojos soles, sus mejillas rosas, sus labios corales, perlas sus dientes, alabastro su cuello, m\u00e1rmol su pecho, marfil sus manos, su blancura nieve\u2026 (I, XIII).<\/p><\/blockquote>\n\n\n\n<p>Se necesita m\u00e1s tiempo para terminar de visitar esta ciudad por lo que bien merece otra Jornada.<\/p>\n<\/div>\n\t\t\t\t\t\t\t\t\t<div class=\"elementor-tab-title elementor-tab-mobile-title\" aria-selected=\"false\" data-tab=\"3\" role=\"tab\" tabindex=\"-1\" aria-controls=\"elementor-tab-content-9083\" aria-expanded=\"false\">D\u00eda 3<\/div>\n\t\t\t\t\t<div id=\"elementor-tab-content-9083\" class=\"elementor-tab-content elementor-clearfix\" data-tab=\"3\" role=\"tabpanel\" aria-labelledby=\"elementor-tab-title-9083\" tabindex=\"0\" hidden=\"hidden\">\n<h2 class=\"wp-block-heading\">Villanueva de los Infantes (3)<\/h2>\n\n\n\n<div class=\"wp-block-columns is-layout-flex wp-container-core-columns-is-layout-45 wp-block-columns-is-layout-flex\">\n<div class=\"wp-block-column is-layout-flow wp-block-column-is-layout-flow\" style=\"flex-basis:40%\">\n<figure class=\"wp-block-image size-full is-style-default\"><img loading=\"lazy\" decoding=\"async\" width=\"540\" height=\"720\" src=\"https:\/\/www.turismovillanuevadelosinfantes.es\/wp-content\/uploads\/2022\/04\/img10.jpg\" alt=\"\" class=\"wp-image-1488\" srcset=\"https:\/\/www.turismovillanuevadelosinfantes.es\/wp-content\/uploads\/2022\/04\/img10.jpg 540w, https:\/\/www.turismovillanuevadelosinfantes.es\/wp-content\/uploads\/2022\/04\/img10-225x300.jpg 225w, https:\/\/www.turismovillanuevadelosinfantes.es\/wp-content\/uploads\/2022\/04\/img10-500x667.jpg 500w, https:\/\/www.turismovillanuevadelosinfantes.es\/wp-content\/uploads\/2022\/04\/img10-9x12.jpg 9w\" sizes=\"(max-width: 540px) 100vw, 540px\" \/><\/figure>\n<\/div>\n\n\n\n<div class=\"wp-block-column is-layout-flow wp-block-column-is-layout-flow\" style=\"flex-basis:60%\">\n<p>El viajero deber\u00e1 descubrir algunas de las sorpresas que todav\u00eda le aguardan en Villanueva de los Infantes, resulta imposible dejar de pasear por lo que queda todav\u00eda por visitar. Por la ma\u00f1ana, lo mejor<br>es alejarse del centro y dirigirse al Santuario de la Virgen de la Antigua, el Puente de la Virgen, el yacimiento de J\u00e1mila, el Puente de Trevi\u00f1o, El Castell\u00f3n, Arroyo del Toril, La Mora y las numerosas ermitas situadas en el extrarradio: san Miguel, san Ant\u00f3n, Jes\u00fas en Pie, El Calvario, de las cuales la Oficina de Turismo puede dar amplia informaci\u00f3n, al igual que de la ruta de senderismo por estos parajes.<\/p>\n\n\n\n<p>Para el turismo entre cipreses, el cementerio puede ser interesante por su valor art\u00edstico en cuanto por los conjuntos escult\u00f3ricos y arquitect\u00f3nicos que el mismo contiene. En este cementerio de San Antonio Abad estuvo interesado el cineasta manchego Pedro Almod\u00f3var para rodar algunas de las secuencias de la pel\u00edcula \u201cVolver\u201d.<\/p>\n<\/div>\n<\/div>\n\n\n\n<p>Entre el medio d\u00eda y la siesta, comer, descansar pl\u00e1cidamente en el lugar donde se est\u00e9 hospedado. Al atardecer podemos ir a la parte Este, transitar por la calle Rey Juan Carlos, llamada antiguamente calle Las<br>Tiendas, donde podemos encontrar el Palacio de los Ballesteros, la Casa de don Manolito, la Iglesia de las Monjas Franciscanas y la Plaza de la Fuente Vieja. Melanc\u00f3lica belleza de calle y plaza. Hay quien dice que por entre estas portadas adinteladas o por estas columnas toscanas o d\u00f3ricas, es a\u00fan posible imaginar a los gram\u00e1ticos paseando con sus cartapacios bajo el brazo. A su paso por esta calle misma, una librer\u00eda, bares, joyer\u00edas, tiendas de moda y un poco m\u00e1s rec\u00f3ndito un horno de pan que se puede visitar. De vuelta en el centro, una parada para visitar el Museo de Arte Contempor\u00e1neo \u201cEl Mercado\u201d, que alberga la exposici\u00f3n permanente de Arte Moderno, propiedad del infante\u00f1o Juli\u00e1n Castilla. Cuadros de Mir\u00f3, Eduardo Arroyo, Manuel Vald\u00e9s, Equipo Cr\u00f3nica, Manolo Quejido, Sigfrido Mart\u00edn Begu\u00e9, fotograf\u00edas de Francesc Catal\u00e1 Roca o de Ouka Leele, son algunas de las muestras.<\/p>\n\n\n\n<div class=\"wp-block-columns is-layout-flex wp-container-core-columns-is-layout-46 wp-block-columns-is-layout-flex\">\n<div class=\"wp-block-column is-layout-flow wp-block-column-is-layout-flow\" style=\"flex-basis:66%\">\n<p>Si el viajero le coincide su estancia en un fin de semana de mediados de junio,puede participar en la Ruta don Quijote cabalga de nuevo por el Campo de Montiel, organizado por TURINFA (Asociaci\u00f3n para el desarrollo tur\u00edstico del Campo de Montiel) la ruta se inicia en la Fuente Vieja hasta el Santuario de la Virgen de la Antigua con un tentempi\u00e9 en la mitad del camino. En ella se puede ver a don Quijote, a Sancho, al Cura, al Barbero, a Sans\u00f3n Carrasco, al Caballero del Verde Gab\u00e1n, a Maese Pedro, a las Damas de la Corte, a Roque Guinard, etc\u2026, todo un elenco de personajes para revivir la novela de Cervantes, buscando un escenario propicio para atar los cabos sueltos de la literatura.<\/p>\n\n\n\n<p>Villanueva de los Infantes celebra su feria y fiestas del 26 al 30 de agosto, coincidiendo en s\u00e1bado se celebra la Carrera de las Antorchas, un recorrido singular de 10 km. para los amantes del atletismo. El d\u00eda 28 de agosto tiene lugar el Certamen Internacional de Poes\u00eda de la Orden Literaria \u201cFrancisco de Quevedo\u201d en el convento de santo Domingo con ceremonial, uso y costumbres del s. XVII.<\/p>\n<\/div>\n\n\n\n<div class=\"wp-block-column is-layout-flow wp-block-column-is-layout-flow\" style=\"flex-basis:33%\">\n<figure class=\"wp-block-image size-large is-style-default\"><img loading=\"lazy\" decoding=\"async\" width=\"766\" height=\"1024\" src=\"https:\/\/www.turismovillanuevadelosinfantes.es\/wp-content\/uploads\/2022\/04\/img12-766x1024.jpg\" alt=\"\" class=\"wp-image-1489\" srcset=\"https:\/\/www.turismovillanuevadelosinfantes.es\/wp-content\/uploads\/2022\/04\/img12-766x1024.jpg 766w, https:\/\/www.turismovillanuevadelosinfantes.es\/wp-content\/uploads\/2022\/04\/img12-224x300.jpg 224w, https:\/\/www.turismovillanuevadelosinfantes.es\/wp-content\/uploads\/2022\/04\/img12-768x1027.jpg 768w, https:\/\/www.turismovillanuevadelosinfantes.es\/wp-content\/uploads\/2022\/04\/img12-500x668.jpg 500w, https:\/\/www.turismovillanuevadelosinfantes.es\/wp-content\/uploads\/2022\/04\/img12-800x1069.jpg 800w, https:\/\/www.turismovillanuevadelosinfantes.es\/wp-content\/uploads\/2022\/04\/img12.jpg 814w\" sizes=\"(max-width: 766px) 100vw, 766px\" \/><\/figure>\n<\/div>\n<\/div>\n\n\n\n<p>El primer fin de semana de septiembre se celebra las Jornadas de Folklore, culminando el domingo con un gran Pisto Gigante Manchego, donde se concentran miles de visitantes de toda la comarca para<br>promocionaresta hortaliza aut\u00f3ctona de excelente calidad. Las fiestas patronales en torno a la Virgen el 8 de septiembre.<\/p>\n\n\n\n<p>El primer fin de semana de septiembre se celebra las Jornadas de Folklore, culminando el domingo con un gran Pisto Gigante Manchego, donde se concentran miles de visitantes de toda la comarca para<br>promocionaresta hortaliza aut\u00f3ctona de excelente calidad. Las fiestas patronales en torno a la Virgen el 8 de septiembre.<\/p>\n<\/div>\n\t\t\t\t\t\t\t\t\t<div class=\"elementor-tab-title elementor-tab-mobile-title\" aria-selected=\"false\" data-tab=\"4\" role=\"tab\" tabindex=\"-1\" aria-controls=\"elementor-tab-content-9084\" aria-expanded=\"false\">D\u00eda 4<\/div>\n\t\t\t\t\t<div id=\"elementor-tab-content-9084\" class=\"elementor-tab-content elementor-clearfix\" data-tab=\"4\" role=\"tabpanel\" aria-labelledby=\"elementor-tab-title-9084\" tabindex=\"0\" hidden=\"hidden\"><p><\/p><h2 class=\"wp-block-heading\">Montiel-Albaladejo-Terrinches-Santa Cruz de los C\u00e1\u00f1amos<\/h2><p><\/p><p><\/p><p>La ciudad de Villanueva de los Infantes es punto de partida hacia otros lugares. Con la fresca, muy de ma\u00f1ana, con un desayuno de chocolate con churros en su Plaza Mayor nos dirigimos por la carretera CM 3127 a Montiel.<\/p><p><\/p><p><\/p><div class=\"wp-block-columns is-layout-flex wp-container-core-columns-is-layout-47 wp-block-columns-is-layout-flex\"><p><\/p><div class=\"wp-block-column is-layout-flow wp-block-column-is-layout-flow\" style=\"flex-basis: 40%;\"><p><\/p><figure class=\"wp-block-image size-full is-resized is-style-default\"><img loading=\"lazy\" decoding=\"async\" class=\"wp-image-1491\" src=\"https:\/\/www.turismovillanuevadelosinfantes.es\/wp-content\/uploads\/2022\/04\/img3-1.jpg\" alt=\"\" width=\"323\" height=\"242\" srcset=\"https:\/\/www.turismovillanuevadelosinfantes.es\/wp-content\/uploads\/2022\/04\/img3-1.jpg 960w, https:\/\/www.turismovillanuevadelosinfantes.es\/wp-content\/uploads\/2022\/04\/img3-1-300x225.jpg 300w, https:\/\/www.turismovillanuevadelosinfantes.es\/wp-content\/uploads\/2022\/04\/img3-1-768x576.jpg 768w, https:\/\/www.turismovillanuevadelosinfantes.es\/wp-content\/uploads\/2022\/04\/img3-1-500x375.jpg 500w, https:\/\/www.turismovillanuevadelosinfantes.es\/wp-content\/uploads\/2022\/04\/img3-1-800x600.jpg 800w\" sizes=\"(max-width: 323px) 100vw, 323px\" \/><\/figure><p><\/p><\/div><p><\/p><p><\/p><div class=\"wp-block-column is-layout-flow wp-block-column-is-layout-flow\" style=\"flex-basis: 60%;\"><p><\/p><h3 class=\"wp-block-heading\">Montiel<\/h3><p><\/p><p><\/p><p>Montiel es un pueblo con restos de dos castillos: el de San Polo y el de la Estrella. Esta villa es una de las m\u00e1s antiguas de la comarca, fue capital del Campo de Montiel hasta 1573. En marzo, en estas tierras los caballeros medievales vuelven a ocupar el Castillo de la Estrella, las gentes\u00a0ataviadas con trajes de \u00e9poca conmemoran la muerte del Rey Pedro I de Castilla, acaecida en esta villa, se hacen luchas con espadas, se representa la Batalla de Montiel y se puede disfrutar de un mercadillo medieval.\u00a0<\/p><p><\/p><\/div><p><\/p><\/div><p><\/p><p><\/p><p>En los \u00faltimos\u00a0trabajos arqueol\u00f3gicos se ha hallado un sarc\u00f3fago del s. XIV con decoraci\u00f3n her\u00e1ldica, situado en el descubierto templo g\u00f3tico de la Virgen de la Estrella (s.<br \/>XIII-XIV)<\/p><p><\/p><p><\/p><p>Del 14 al 16 de septiembre se celebran las fiestas del Cristo de la Expiraci\u00f3n, cuya ermita se encuentra en la falda del castillo de la Estrella, imagen muy venerada por estas tierras, sin olvidar de visitar la iglesia de san Sebasti\u00e1n de estilo g\u00f3tico tard\u00edo. Celebra el 20 de enero, en honor de su patr\u00f3n san Sebasti\u00e1n, con la tradici\u00f3n de luminarias.<\/p><p><\/p><p><\/p><p>A 10,64 km. de Montiel por la carretera CM 3127, en un amplio valle hacia el saliente y el mediod\u00eda con la sierra de Alcaraz al fondo se encuentra Albaladejo, que significa camino.<\/p><p><\/p><p><\/p><div class=\"wp-block-columns is-layout-flex wp-container-core-columns-is-layout-48 wp-block-columns-is-layout-flex\"><p><\/p><div class=\"wp-block-column is-layout-flow wp-block-column-is-layout-flow\" style=\"flex-basis: 60%;\"><p><\/p><h3 class=\"wp-block-heading\">Albaladejo<\/h3><p><\/p><p><\/p><p>Recorrer los apacibles caminos nos lleva a visitar la iglesia de Santiago Ap\u00f3stol y los restos del castillo. Hay quien dice que es de origen romano, conquistado por los \u00e1rabes tras la batalla de las Navas de Tolosa, reconstruido posteriormente por la Orden de Santiago para defensa del Campo de Montiel y previa cita visitar los pavimentos que se conservan de la villa romana \u201cPuente de la Olmilla\u201d.<\/p><p><\/p><\/div><p><\/p><p><\/p><div class=\"wp-block-column is-layout-flow wp-block-column-is-layout-flow\" style=\"flex-basis: 40%;\"><p><\/p><figure class=\"wp-block-image size-full is-style-default\"><img loading=\"lazy\" decoding=\"async\" width=\"640\" height=\"480\" class=\"wp-image-1492\" src=\"https:\/\/www.turismovillanuevadelosinfantes.es\/wp-content\/uploads\/2022\/04\/img5.jpg\" alt=\"\" srcset=\"https:\/\/www.turismovillanuevadelosinfantes.es\/wp-content\/uploads\/2022\/04\/img5.jpg 640w, https:\/\/www.turismovillanuevadelosinfantes.es\/wp-content\/uploads\/2022\/04\/img5-300x225.jpg 300w, https:\/\/www.turismovillanuevadelosinfantes.es\/wp-content\/uploads\/2022\/04\/img5-500x375.jpg 500w\" sizes=\"(max-width: 640px) 100vw, 640px\" \/><\/figure><p><\/p><\/div><p><\/p><\/div><p><\/p><p><\/p><p>El domingo de Resurrecci\u00f3n se celebra la \u201ccarrera del ni\u00f1o\u201d, la cual consiste en llevar en andas al Cristo Resucitado corriendo por todo el pueblo hasta encontrarse con la Virgen del Rosario, una manifestaci\u00f3n religiosa-popular de inter\u00e9s.<\/p><p><\/p><p><\/p><p>Albaladejo celebra sus fiestas el 25 de julio y es c\u00e9lebre la vaquilla ensogada. El \u00faltimo d\u00eda de Carnaval celebra la Danza de las \u00c1nimas, que consiste en vestir y desvestir una vara de madera de varios metros de colores al comp\u00e1s de la m\u00fasica.<\/p><p><\/p><p><\/p><p>Dicha danza aparece descrita en un fragmento del Quijote, en la aventura de las Bodas de Camacho, a esta boda acudieron gentes de toda la comarca, que con sus bailes, danzas y juegos amenizaron la pomposa ceremonia.<\/p><p><\/p><p><\/p><h4 class=\"wp-block-heading\"><em>\u2026De all\u00ed a poco comenzaron a entrar por diversas partes de la enramada muchas y diferentes danzas, entre las cuales ven\u00eda una de espadas, de hasta veinte y cuatro zagales\u2026 (Cap\u00edtulo 20, II Parte)\u2026<\/em><\/h4><p><\/p><p><\/p><p>A tan solo 5 km. el viaje al pasado contin\u00faa a un valle accidentado y desigual surcado por numerosos arroyos que vienen a confluir a la Plaza Mayor de Terrinches.<\/p><p><\/p><p><\/p><div class=\"wp-block-columns is-layout-flex wp-container-core-columns-is-layout-49 wp-block-columns-is-layout-flex\"><p><\/p><div class=\"wp-block-column is-layout-flow wp-block-column-is-layout-flow\" style=\"flex-basis: 60%;\"><p><\/p><h3 class=\"wp-block-heading\">Terrinches<\/h3><p><\/p><p><\/p><p>Su urbanismo es t\u00edpicamente serrano, casas que se apoyan unas sobre otras, callejuelas empinadas. En lo m\u00e1s alto de las calles est\u00e1 el castillo, de antecedentes \u00e1rabes, form\u00f3 parte de la red de defensas instaladas al sur del Campo de Montiel por los caballeros de la Orden de Santiago para la protecci\u00f3n del enemigo situado en el Al-Andalus.<\/p><p><\/p><\/div><p><\/p><p><\/p><div class=\"wp-block-column is-layout-flow wp-block-column-is-layout-flow\" style=\"flex-basis: 40%;\"><p><\/p><figure class=\"wp-block-image size-full is-style-default\"><img loading=\"lazy\" decoding=\"async\" width=\"750\" height=\"552\" class=\"wp-image-1493\" src=\"https:\/\/www.turismovillanuevadelosinfantes.es\/wp-content\/uploads\/2022\/04\/img14.jpg\" alt=\"\" srcset=\"https:\/\/www.turismovillanuevadelosinfantes.es\/wp-content\/uploads\/2022\/04\/img14.jpg 750w, https:\/\/www.turismovillanuevadelosinfantes.es\/wp-content\/uploads\/2022\/04\/img14-300x221.jpg 300w, https:\/\/www.turismovillanuevadelosinfantes.es\/wp-content\/uploads\/2022\/04\/img14-500x368.jpg 500w\" sizes=\"(max-width: 750px) 100vw, 750px\" \/><\/figure><p><\/p><\/div><p><\/p><\/div><p><\/p><p><\/p><p>El Ayuntamiento adquiri\u00f3 este castillo en el a\u00f1o 2000, los pasos para su rehabilitaci\u00f3n como Centro de Interpretaci\u00f3n de la Orden de Santiago han sido complejos por los numerosos trabajos de estudios hist\u00f3rico-art\u00edsticos, excavaciones arqueol\u00f3gicas, consolidaci\u00f3n, restauraci\u00f3n y rehabilitaci\u00f3n del inmueble declarado Bien de Inter\u00e9s Cultural con la categor\u00eda de Monumento. Pero ha merecido la pena. Tras el paso elevado que atraviesa el foso, su entrada es sensacional, atractiva, sorprendente. Nos encontramos en un edificio en el que se ha cuidado minuciosamente tanto el continente como el contenido, ayud\u00e1ndonos a comprender la historia de Terrinches y toda la comarca en la \u00e9poca medieval, en el contexto de las luchas cristiano- musulmanas.<\/p><p><\/p><p><\/p><p>La ruta puede continuar en esta villa visitando dentro del casco urbano la iglesia de santo Domingo de Guzm\u00e1n, que conserva un esplendido retablo del s. XVII con pinturas sobre tabla recientemente restaurado y un \u00f3rgano hist\u00f3rico donde se programan conciertos, formando parte del Festival de M\u00fasica Sacra \u201cSonoridades\u201d.<\/p><p><\/p><p><\/p><p>En la antigua \u201cF\u00e1brica de Harinas\u201d se puede visitar una sala museogr\u00e1fica de los yacimientos arqueol\u00f3gicos que Terrinches posee en su t\u00e9rmino municipal.<\/p><p><\/p><p><\/p><p>En el extrarradio se puede visitar el yacimiento de las termas romanas de recreo de La Ontavia excelentemente conservadas, un lugar clave en la V\u00eda Augusta para entender el legado romano del Campo<br \/>de Montiel.\u00a0<\/p><p><\/p><p><\/p><p>Otro yacimiento arqueol\u00f3gico de inter\u00e9s es El castillejo del Bonete, Se trata de un conjunto de t\u00famulos enormes conectados entre s\u00ed mediante corredores subterr\u00e1neos y edificados sobre una cueva subterr\u00e1nea natural que fue monumentalizada durante la Prehistoria. En este lugar las gentes de la Cultura de las Motillas llevaron a cabo complejos ritos funerarios, que inclu\u00edan el movimiento y tratamiento de los restos humanos de los difuntos, enterrados en este lugar junto a objetos suntuarios y de ajuar.<\/p><p><\/p><p><\/p><p>\u00a0A unos 800 m. del n\u00facleo urbano el santuario de la Virgen de Luciana, que conserva un magnifico retablo con bellas pinturas al temple. Siguiendo 1 km. hacia el sur se encuentra un Paraje Natural llamado de las Hoces de san Isidro, un lugar con barbacoas y merendero. Entre sus fiestas destacan las de santo Domingo de Guzm\u00e1n y Ntra. Sra. de Luciana, el 8 y el 15 de agosto, respectivamente.<\/p><p><\/p><p><\/p><p>Continuaremos el viaje por la carretera CR 6631 a 4,8 km. se encuentra Santa Cruz de los C\u00e1\u00f1amos.<\/p><p><\/p><p><\/p><div class=\"wp-block-columns is-layout-flex wp-container-core-columns-is-layout-50 wp-block-columns-is-layout-flex\"><p><\/p><div class=\"wp-block-column is-layout-flow wp-block-column-is-layout-flow\" style=\"flex-basis: 40%;\"><p><\/p><figure class=\"wp-block-image size-full is-style-default\"><img loading=\"lazy\" decoding=\"async\" width=\"640\" height=\"480\" class=\"wp-image-1494\" src=\"https:\/\/www.turismovillanuevadelosinfantes.es\/wp-content\/uploads\/2022\/04\/img16.jpg\" alt=\"\" srcset=\"https:\/\/www.turismovillanuevadelosinfantes.es\/wp-content\/uploads\/2022\/04\/img16.jpg 640w, https:\/\/www.turismovillanuevadelosinfantes.es\/wp-content\/uploads\/2022\/04\/img16-300x225.jpg 300w, https:\/\/www.turismovillanuevadelosinfantes.es\/wp-content\/uploads\/2022\/04\/img16-500x375.jpg 500w, https:\/\/www.turismovillanuevadelosinfantes.es\/wp-content\/uploads\/2022\/04\/img16-16x12.jpg 16w\" sizes=\"(max-width: 640px) 100vw, 640px\" \/><\/figure><p><\/p><\/div><p><\/p><p><\/p><div class=\"wp-block-column is-layout-flow wp-block-column-is-layout-flow\" style=\"flex-basis: 60%;\"><p><\/p><h3 class=\"wp-block-heading\">Santa Cruz de los C\u00e1\u00f1amos<\/h3><p><\/p><p><\/p><p>Muy cerca del n\u00facleo urbano transcurre el camino conocido como Camino de An\u00edbal, V\u00eda Augusta o V\u00eda Herc\u00falea, la calzada romana que une C\u00e1diz con Cartagena y Roma pasando por Tarragona<\/p><p><\/p><p><\/p><p>Detenernos a su paso en el pil\u00f3n, un paseo por la alameda y subir al mirador donde se encuentra la Iglesia g\u00f3tica del s. XV de san Bartolom\u00e9. Celebra las fiestas patronales de san Bartolom\u00e9 el 24 de agosto y san Isidro el 15 de mayo.<\/p><p><\/p><p><\/p><p>Volveremos al lugar de partida por la carretera CR 633 para tomar la CM 3127 direcci\u00f3n Villanueva de los Infantes.<\/p><p><\/p><\/div><p><\/p><\/div><p><\/p><\/div>\n\t\t\t\t\t\t\t\t\t<div class=\"elementor-tab-title elementor-tab-mobile-title\" aria-selected=\"false\" data-tab=\"5\" role=\"tab\" tabindex=\"-1\" aria-controls=\"elementor-tab-content-9085\" aria-expanded=\"false\">D\u00eda 5<\/div>\n\t\t\t\t\t<div id=\"elementor-tab-content-9085\" class=\"elementor-tab-content elementor-clearfix\" data-tab=\"5\" role=\"tabpanel\" aria-labelledby=\"elementor-tab-title-9085\" tabindex=\"0\" hidden=\"hidden\"><p><\/p><h2 class=\"wp-block-heading\">La Solana-Membrilla-San Carlos del Valle-Alcubillas<\/h2><p><\/p><p><\/p><p>En esta quinta jornada no debemos dejarnos amedrentar por la distancia, tomando la misma salida de don Quijote en su primera salida tomaremos desde Villanueva de los Infantes direcci\u00f3n a La Solana.<\/p><p><\/p><p><\/p><h4 class=\"wp-block-heading\">\u2026Cuando el famoso caballero don Quijote de la Mancha, dejando las ociosas plumas, subi\u00f3 sobre su famosos caballo Rocinante, y comenz\u00f3 a caminar por el antiguo y conocido campo de Montiel. Y era verdad que por \u00e9l caminaba. (Cap\u00edtulo II, II Parte).<\/h4><p><\/p><p><\/p><p>Tomaremos la CM 3127 direcci\u00f3n a Manzanares, antes de llegar a La Solana a 21 Km. entre la sierra de Alhambra se encuentra el Pantano de Vallehermoso, excelente punto natural donde confluye la flora mediterr\u00e1nea.<\/p><p><\/p><p><\/p><p>Continuando la misma carretera a 8 km. del pantano encontraremos La Solana.<\/p><p><\/p><p><\/p><div class=\"wp-block-columns is-layout-flex wp-container-core-columns-is-layout-51 wp-block-columns-is-layout-flex\"><p><\/p><div class=\"wp-block-column is-layout-flow wp-block-column-is-layout-flow\" style=\"flex-basis: 40%;\"><p><\/p><figure class=\"wp-block-image size-full is-style-default\"><img loading=\"lazy\" decoding=\"async\" width=\"591\" height=\"401\" class=\"wp-image-1495\" src=\"https:\/\/www.turismovillanuevadelosinfantes.es\/wp-content\/uploads\/2022\/04\/img2-1.jpg\" alt=\"\" srcset=\"https:\/\/www.turismovillanuevadelosinfantes.es\/wp-content\/uploads\/2022\/04\/img2-1.jpg 591w, https:\/\/www.turismovillanuevadelosinfantes.es\/wp-content\/uploads\/2022\/04\/img2-1-300x204.jpg 300w, https:\/\/www.turismovillanuevadelosinfantes.es\/wp-content\/uploads\/2022\/04\/img2-1-500x339.jpg 500w\" sizes=\"(max-width: 591px) 100vw, 591px\" \/><\/figure><p><\/p><\/div><p><\/p><p><\/p><div class=\"wp-block-column is-layout-flow wp-block-column-is-layout-flow\" style=\"flex-basis: 60%;\"><p><\/p><h3 class=\"wp-block-heading\">La Solana<\/h3><p><\/p><p><\/p><p>Pueblo de calles empinadas y estrechas con sabor medieval. En el centro de la poblaci\u00f3n est\u00e1 la Plaza Mayor de planta rectangular, que da cobijo a la Iglesia de santa Catalina y al Ayuntamiento, en torno a ella surge y se desarrolla buena parte de la vida local. El Ayuntamiento del s. XVI conserva la sala de audiencia, utilizada como sala de Juntas.<\/p><p><\/p><p><\/p><p>La Iglesia de santa Catalina, declarada B.I.C., a la espalda de la plaza se encuentra el convento de las Madres Dominicas, siendo habitado en la actualidad por religiosas de esta orden de clausura que han obtenido justa fama por los dulces que hacen en sus fogones y que se conocen como \u201csuspiros de monja\u201d, en el interior se puede contemplar un bello retablo y cuidada decoraci\u00f3n de sus b\u00f3vedas.<\/p><p><\/p><\/div><p><\/p><\/div><p><\/p><p><\/p><p>Siguiendo la calle se llega a la Iglesia de san Juan Bautista, antiguo convento trinitario.<\/p><p><\/p><p><\/p><p>Otro punto de inter\u00e9s es la Iglesia de san Sebasti\u00e1n que conserva un interesante artesonado mud\u00e9jar.<\/p><p><\/p><p><\/p><p>Cerca de la plaza est\u00e1 la Oficina de Turismo, se encuentra en la Casa de don Diego; el Catastro de los Bienes Seculares del Marqu\u00e9s de la Ensenada, redactado a mediados del siglo XVIII aparece dicha casa como propiedad de do\u00f1a Josefa Serafina Canuto, una mitad y la otra de don Luis Cameros, ambos de Villanueva de los Infantes, posteriormente fue del Conde de Casa Valiente.<\/p><p><\/p><p><\/p><p>Adem\u00e1s, en su casco urbano se puede ver algunas casas nobles como la casa de la Encomienda, antigua residencia de los comendadores que habitaron en la localidad. Cuenta con varias ermitas: la de san Ant\u00f3n, santa Quiteria, el Calvario, el Cristo del Amor y la del Humilladero.La Solana celebra sus Fiestas en honor a Santiago y santa Ana la \u00faltima semana del mes de julio. La Semana de la Zarzuela en octubre, ocasi\u00f3n para escuchar las m\u00e1s famosas voces de la l\u00edrica y admirar los campos te\u00f1idos del color viol\u00e1ceo por el crecimiento de esta flor. Aqu\u00ed surgi\u00f3 la inspiraci\u00f3n para componer la famosa Zarzuela \u201cLa rosa del Azafr\u00e1n\u201d.<\/p><p><\/p><p><\/p><p>Tambi\u00e9n viene celebrando la segunda semana de diciembre el Festival de Cine y Vino, en el que incluye actividades paralelas de gastronom\u00eda, exposiciones y talleres, proyecciones de pel\u00edculas y documentales. Comparte patrona y santuario con Argamasilla de Alba, la Virgen de Pe\u00f1arroya.<\/p><p><\/p><p><\/p><h2 class=\"wp-block-heading\">Membrilla<\/h2><p><\/p><p><\/p><p>Sus l\u00edmites fueron siempre motivo de pleitos entre la Orden de Santiago y san Juan. Localidad con marcadas resonancias literarias: Lope de Vega la inmortaliz\u00f3 en su obra El Gal\u00e1n de la Membrilla.<\/p><p><\/p><p><\/p><p>Certeramente que Miguel de Cervantes tendr\u00eda conocimiento de esta villa por sus cinco o seis tiendas de mercer\u00eda de pa\u00f1os y sedas que se prove\u00edan de Toledo, se labraban pa\u00f1os vellor\u00eds muy buenos. Por estos lares se encontrar\u00edan don Quijote y el Caballero don Diego de Miranda, Cervantes realza la descripci\u00f3n de este hidalgo en su vestimenta:<\/p><p><\/p><p><\/p><h4 class=\"wp-block-heading\"><em>\u2026En estas razones estaban cuando los alcanz\u00f3 un hombre que detr\u00e1s dellos<\/em><br \/><em>por el mismo camino ven\u00eda sobre una muy hermosa yegua tordilla, vestido un gab\u00e1n de pa\u00f1o fino verde, jironado de terciopelo leonado, con una montera del mismo terciopelo; el aderezo de la yegua era de campo y de la jineta, asimismo de morado\u00a0<\/em><em style=\"font-size: 1rem;\">y verde. Tra\u00eda un alfanje morisco pendiente de un ancho tahal\u00ed de verde y oro, y los borcegu\u00edes eran de la labor del tahal\u00ed; las espuelas no eran doradas, sino dadas con un barniz verde, tan tersas y bru\u00f1idas que, por hacer labor con todo el vestido, parec\u00edan mejor que si fuera de oro puro. Cuando lleg\u00f3 a ellos, el caminante los salud\u00f3 cort\u00e9smente, y, picando a la yegua, se pasaba de largo; pero don Quijote le dijo: \u2026<\/em><\/h4><p><\/p><p><\/p><h4 class=\"wp-block-heading\"><em>\u2026\u2013Se\u00f1or gal\u00e1n, si es que vuestra merced lleva el camino que nosotros y no importa el darse priesa, merced recibir\u00eda en que nos fu\u00e9semos juntos\u2026<\/em><\/h4><p><\/p><p><\/p><h4 class=\"wp-block-heading\"><em>\u2026Yo, se\u00f1or Caballero de la Triste Figura, soy un hidalgo natural de un lugar donde iremos a comer hoy,(Cp. 16, 2\u00aa parte)<\/em><\/h4><p><\/p><p><\/p><div class=\"wp-block-columns is-layout-flex wp-container-core-columns-is-layout-52 wp-block-columns-is-layout-flex\"><p><\/p><div class=\"wp-block-column is-layout-flow wp-block-column-is-layout-flow\" style=\"flex-basis: 60%;\"><p><\/p><p>Con la palabra gal\u00e1n, en tono de cortes\u00eda en La Solana y en Membrilla se saludan. Despu\u00e9s de cuatro d\u00edas en casa de don Diego, don Quijote decide proseguir su camino a Zaragoza, antes quiere ir a la Cueva de Montesinos. Es en la Relaci\u00f3n Topogr\u00e1ficas de Felipe II del pueblo de La Solana, donde se recoge la leyenda de Montesinos, tendremos ocasi\u00f3n de visitarla en la posterior Jornada.<\/p><p><\/p><p><\/p><p>Francisco de Quevedo visitar\u00eda Membrilla asiduamente en connivencia con su amigo Lope y del fil\u00f3logo Bartolom\u00e9 Jim\u00e9nez Pat\u00f3n.<\/p><p><\/p><p><\/p><p>Son centros de inter\u00e9s La Iglesia renacentista de Santiago el Mayor con sus portadas de estilo g\u00f3tico flam\u00edgero y la galer\u00eda de arcadas ciegas que recorren la parte superior de los muros. El convento de las Concepcionistas Franciscanas, un edificio de grandes proporciones de tres plantas, marcado por la austeridad decorativa.<\/p><p><\/p><\/div><p><\/p><p><\/p><div class=\"wp-block-column is-layout-flow wp-block-column-is-layout-flow\" style=\"flex-basis: 40%;\"><p><\/p><figure class=\"wp-block-image size-full is-style-default\"><img loading=\"lazy\" decoding=\"async\" width=\"492\" height=\"352\" class=\"wp-image-1496\" src=\"https:\/\/www.turismovillanuevadelosinfantes.es\/wp-content\/uploads\/2022\/04\/img9.jpg\" alt=\"\" srcset=\"https:\/\/www.turismovillanuevadelosinfantes.es\/wp-content\/uploads\/2022\/04\/img9.jpg 492w, https:\/\/www.turismovillanuevadelosinfantes.es\/wp-content\/uploads\/2022\/04\/img9-300x215.jpg 300w\" sizes=\"(max-width: 492px) 100vw, 492px\" \/><\/figure><p><\/p><\/div><p><\/p><\/div><p><\/p><p><\/p><p>La ermita de arquitectura popular Virgen del Espino, patrona de la localidad, situada en un altozano con una frondosa arboleda, se levant\u00f3 sobre las antiguas ruinas del castillo del Toc\u00f3n. Sus calles largas y estrechas confluyen en el centro.<\/p><p><\/p><p><\/p><p>Destaca en el centro del pueblo la Torre del Reloj. Este pueblo, junto con La Solana, ha sabido conservar tradiciones como la rosa del azafr\u00e1n, el cultivo viol\u00e1ceo que hombres y mujeres mondan con paciencia. A una de estas mujeres est\u00e1 erigida una escultura en un destacado lugar del pueblo. Son muchas las fiestas que celebra Membrilla, destaca las fiestas patronales de Santiago (25 de julio) y Los Desposorios en honor a la Virgen del Espino (pen\u00faltimo fin de semana de agosto), en la que se conmemora la boda de la Virgen con san Jos\u00e9, es organizada por los alabarderos, una cofrad\u00eda de car\u00e1cter militar.<\/p><p><\/p><p><\/p><p>En las afueras en las riberas del r\u00edo Azuer, se encuentra el molino de agua El Rezuelo, recientemente recuperado, ofrece una visi\u00f3n de c\u00f3mo se trabajaba en estos molinos de agua.<\/p><p><\/p><p><\/p><p>Continuaremos la Ruta para volver a La Solana por la carretera N430 y desde esta localidad para acceder a San Carlos del Valle por la CR 644 (22km. aproximadamente).<\/p><p><\/p><p><\/p><div class=\"wp-block-columns is-layout-flex wp-container-core-columns-is-layout-53 wp-block-columns-is-layout-flex\"><p><\/p><div class=\"wp-block-column is-layout-flow wp-block-column-is-layout-flow\" style=\"flex-basis: 60%;\"><p><\/p><h3 class=\"wp-block-heading\">San Carlos del Valle<\/h3><p><\/p><p><\/p><p>San Carlos del Valle se encuentra entre dos cerros: el cerro del Cristo y la Sierra de Alhambra, en una hondonada. Estamos ante un bello pueblo de colonizaci\u00f3n agr\u00edcola de la \u00e9poca de Carlos III. Con intenci\u00f3n de abrir un nuevo camino hacia el sur por Despe\u00f1aperros. Fue dise\u00f1ado y construido por el arquitecto Pablo de Olavide, que concibi\u00f3 un nuevo pueblo con un plano regular octogonal, estructurado en torno a un eje, con calles rectas y amplias. Villa singular, dicen que construyeron r\u00e1pido pero con gusto. Tiene una plaza porticada que merece su visita, se accede por unas arcadas que serv\u00edan de cierre para evitar ataques de enemigos y de grupos de bandoleros.<\/p><p><\/p><\/div><p><\/p><p><\/p><div class=\"wp-block-column is-layout-flow wp-block-column-is-layout-flow\" style=\"flex-basis: 40%;\"><p><\/p><figure class=\"wp-block-image size-full is-style-default\"><img loading=\"lazy\" decoding=\"async\" width=\"404\" height=\"337\" class=\"wp-image-1497\" src=\"https:\/\/www.turismovillanuevadelosinfantes.es\/wp-content\/uploads\/2022\/04\/img13.jpg\" alt=\"\" srcset=\"https:\/\/www.turismovillanuevadelosinfantes.es\/wp-content\/uploads\/2022\/04\/img13.jpg 404w, https:\/\/www.turismovillanuevadelosinfantes.es\/wp-content\/uploads\/2022\/04\/img13-300x250.jpg 300w, https:\/\/www.turismovillanuevadelosinfantes.es\/wp-content\/uploads\/2022\/04\/img13-14x12.jpg 14w\" sizes=\"(max-width: 404px) 100vw, 404px\" \/><\/figure><p><\/p><\/div><p><\/p><\/div><p><\/p><p><\/p><p>La Plaza declarada Monumento Nacional da cobijo a la Iglesia Parroquial del Sant\u00edsimo Cristo del Valle del s. XVIII, destaca la gran c\u00fapula envuelta al exterior por un alto tambor octogonal, el relieve en la fachada meridional de Santiago Matamoros y las cuatro figuras grotescas que decoran cada uno de los \u00e1ngulos de las torres de la iglesia.<\/p><p><\/p><p><\/p><p>La Casa Grande de la Hospeder\u00eda, fue utilizada como lugar de reposo para los viajeros y peregrinos del Camino Real. El viajero no quedar\u00e1 indiferente, por ello es conocida como el peque\u00f1o Vaticano. Festeja La Pur\u00edsima, el 8 de diciembre con grandes hogueras la noche anterior.<\/p><p><\/p><p><\/p><p>San Carlos del Valle posee un bello conjunto barroco en torno a la iglesia y la plaza, \u00e9sta \u00faltima como un gran Corral de Comedias donde brillan las representaciones de obras de teatro y bailes populares.<\/p><p><\/p><p><\/p><p>Las fiestas de santa Elena entre el 13 y el 18 de agosto y el Cristo del 12 al 15 de septiembre. La plaza se viste de gala para celebrar la becerrada. El manteo de peleles la tarde del domingo de Resurrecci\u00f3n.<\/p><p><\/p><p><\/p><p>Continuando por la carretera 644, llegaremos al Pozo de la Serna, es una aldea, que ha crecido unido a la historia de la Ca\u00f1ada que por aqu\u00ed pasa. EL trazado irregular de sus calles es consecuencia del crecimiento del caser\u00edo sin un planeamiento urban\u00edstico, dando como resultado calles tortuosas y manzanas sin comunicaci\u00f3n. Es interesante la ruta de senderismo hasta el Cerro de la Jarosa, en el que confluyen los l\u00edmites municipales de Alhambra y Valdepe\u00f1as. Aqu\u00ed se sit\u00faa el v\u00e9rtice geod\u00e9sico hom\u00f3nimo. En este pueblo cogeremos la carretera CM-412 que enlaza Valdepe\u00f1as y Villanueva los Infantes con direcci\u00f3n a \u00e9ste \u00faltimo para continuar con el itinerario hasta llegar a Alcubillas.<\/p><p><\/p><p><\/p><div class=\"wp-block-columns is-layout-flex wp-container-core-columns-is-layout-54 wp-block-columns-is-layout-flex\"><p><\/p><div class=\"wp-block-column is-layout-flow wp-block-column-is-layout-flow\" style=\"flex-basis: 40%;\"><p><\/p><div class=\"wp-block-image is-style-default\"><figure class=\"alignleft size-full\"><img loading=\"lazy\" decoding=\"async\" width=\"678\" height=\"974\" class=\"wp-image-1498\" src=\"https:\/\/www.turismovillanuevadelosinfantes.es\/wp-content\/uploads\/2022\/04\/img17.jpg\" alt=\"\" srcset=\"https:\/\/www.turismovillanuevadelosinfantes.es\/wp-content\/uploads\/2022\/04\/img17.jpg 678w, https:\/\/www.turismovillanuevadelosinfantes.es\/wp-content\/uploads\/2022\/04\/img17-209x300.jpg 209w, https:\/\/www.turismovillanuevadelosinfantes.es\/wp-content\/uploads\/2022\/04\/img17-500x718.jpg 500w\" sizes=\"(max-width: 678px) 100vw, 678px\" \/><\/figure><\/div><p><\/p><\/div><p><\/p><p><\/p><div class=\"wp-block-column is-layout-flow wp-block-column-is-layout-flow\" style=\"flex-basis: 60%;\"><p><\/p><h3 class=\"wp-block-heading\">Alcubillas<\/h3><p><\/p><p><\/p><p>Alcubillas significa arca del agua, es un pueblo antiguo que aparece en el a\u00f1o 1213 como torre de defensa y con parroquia propia.<\/p><p><\/p><p><\/p><p>La iglesia de la Magdalena, reconstruida en 1571 sobre las ruinas de un templo del s. XIII, est\u00e1 en la plaza rodeada de casas bajas t\u00edpicamente manchegas.<\/p><p><\/p><p><\/p><p>En los aleda\u00f1os se encuentra la ermita de san Ant\u00f3n, El Calvario y en el cerro la de san Isidro. Festeja el d\u00eda de este santo el 15 de mayo, la fiesta del emigrante del 10 al 13 de agosto y las fiestas patronales, dedicadas a la Virgen del Rosario, el primer domingo de octubre.<\/p><p>\u00a0<\/p><p>Pervive en este pueblo la artesan\u00eda de encajes de bolillos e hilados. El parque situado en la punta sureste es un lugar perfecto para descansar y picotear, muy cerca se encuentra la piscina municipal. A su salida para regresar a Villanueva de los Infantes nos encontramos con tres cerros, en el primero se encuentra la ermita de san Isidro.<\/p><p><\/p><\/div><p><\/p><\/div><p><\/p><p><!-- wp:paragraph --><\/p><\/div>\n\t\t\t\t\t\t\t\t\t<div class=\"elementor-tab-title elementor-tab-mobile-title\" aria-selected=\"false\" data-tab=\"6\" role=\"tab\" tabindex=\"-1\" aria-controls=\"elementor-tab-content-9086\" aria-expanded=\"false\">D\u00eda 6<\/div>\n\t\t\t\t\t<div id=\"elementor-tab-content-9086\" class=\"elementor-tab-content elementor-clearfix\" data-tab=\"6\" role=\"tabpanel\" aria-labelledby=\"elementor-tab-title-9086\" tabindex=\"0\" hidden=\"hidden\"><p><!-- wp:heading --><\/p><h2>Almedina-Puebla del Pr\u00edncipe-Villamanrique-Torre de Juan Abad-C\u00f3zar<\/h2><p><!-- \/wp:heading --><\/p><p><!-- wp:paragraph --><\/p><p>Partimos de Villanueva de los Infantes, punto neur\u00e1lgico de comunicaci\u00f3n con todos los pueblos del Campo de Montiel. En esta etapa se multiplican los pueblos pintorescos campomontiele\u00f1os. Avanzamos rumbo al sur a 14 Km. carretera CR-632 para llegar a Almedina.<\/p><p><!-- \/wp:paragraph --><\/p><p><!-- wp:columns --><\/p><div class=\"wp-block-columns\"><p><!-- wp:column {\"width\":\"40%\"} --><\/p><div class=\"wp-block-column\" style=\"flex-basis: 40%;\"><p><!-- wp:image {\"id\":1499,\"sizeSlug\":\"full\",\"linkDestination\":\"none\",\"className\":\"is-style-default\"} --><\/p><figure class=\"wp-block-image size-full is-style-default\"><img loading=\"lazy\" decoding=\"async\" width=\"670\" height=\"300\" class=\"wp-image-1499\" src=\"https:\/\/www.turismovillanuevadelosinfantes.es\/wp-content\/uploads\/2022\/04\/img3-2.jpg\" alt=\"\" srcset=\"https:\/\/www.turismovillanuevadelosinfantes.es\/wp-content\/uploads\/2022\/04\/img3-2.jpg 670w, https:\/\/www.turismovillanuevadelosinfantes.es\/wp-content\/uploads\/2022\/04\/img3-2-300x134.jpg 300w, https:\/\/www.turismovillanuevadelosinfantes.es\/wp-content\/uploads\/2022\/04\/img3-2-500x224.jpg 500w\" sizes=\"(max-width: 670px) 100vw, 670px\" \/><\/figure><p><!-- \/wp:image --><\/p><\/div><p><!-- \/wp:column --><\/p><p><!-- wp:column {\"width\":\"60%\"} --><\/p><div class=\"wp-block-column\" style=\"flex-basis: 60%;\"><p><!-- wp:heading {\"level\":3} --><\/p><h3>Almedina<\/h3><p><!-- \/wp:heading --><\/p><p><!-- wp:paragraph --><\/p><p>Puerta de entrada de Sierra Morena. Estamos ante un antiguo pueblo muy ligado a los avatares de la reconquista,<br \/>construido sobre un cerro, de calles empinadas e irregulares herencia de su pasado \u00e1rabe, muy cuidado y limpio.<\/p><p><!-- \/wp:paragraph --><\/p><\/div><p><!-- \/wp:column --><\/p><\/div><p><!-- \/wp:columns --><\/p><p><!-- wp:paragraph --><\/p><p>Nos recibe la Fuente P\u00fablica, est\u00e1 amurallada, en la fachada se observa un escudo imperial de Carlos V y una inscripci\u00f3n que dice Encomienda Mayor de Castilla, se utilizaba hasta hace poco como abrevadero y lavadero de ropa.<\/p><p><!-- \/wp:paragraph --><\/p><p><!-- wp:paragraph --><\/p><p>Subiendo la empinada cuesta visitaremos la Iglesia de santa Mar\u00eda, asentada sobre una antigua mezquita \u00e1rabe, sobresale en su interior un magnifico artesonado y la torre poligonal.<\/p><p><!-- \/wp:paragraph --><\/p><p><!-- wp:paragraph --><\/p><p>El Ayuntamiento, recientemente restaurado, es la casa solariega de Juan Mu\u00f1oz de la Cueva del s. XVII, se conserva el p\u00f3rtico principal.<\/p><p><!-- \/wp:paragraph --><\/p><p><!-- wp:paragraph --><\/p><p>La ermita de la Virgen de los Remedios de estilo romano mud\u00e9jar, conserva una c\u00fapula donde se aprecian pinturas populares. Pasearemos por las calles desiguales y angostas de esta poblaci\u00f3n y podemos contemplar desde el mismo el entorno que la bordea la vega, en ella se encuentran huertos con bancales y albercas. Existen en su t\u00e9rmino 25 yacimientos y asentamientos de inter\u00e9s arqueol\u00f3gico: villas romanas, fortalezas, enterramientos, norias, etc.<\/p><p><!-- \/wp:paragraph --><\/p><p><!-- wp:paragraph --><\/p><p>Tiene un Museo al aire libre, un agradable recorrido por la pintura del Renacimiento Espa\u00f1ol. Se trata de 26 reproducciones en cer\u00e1mica de cuadros del pintor Fernando Y\u00e1\u00f1ez de la Almedina, ubicados cada uno de ellos en distintas fachadas de las calles de la villa. Todo un paseo did\u00e1ctico de este pintor disc\u00edpulo de Leonardo de Vinci.<\/p><p><!-- \/wp:paragraph --><\/p><p><!-- wp:paragraph --><\/p><p>Este pueblo est\u00e1 orgulloso de haber sido lugar de nacimiento del pintor. Sus composiciones se caracterizan por la amplitud de escenarios, la profundidad y serenidad de las figuras y la conjugaci\u00f3n de arquitectura y personajes. Tambi\u00e9n es cuna del maestro de ret\u00f3rica, Bartolom\u00e9 Jim\u00e9nez<\/p><p><!-- \/wp:paragraph --><\/p><p><!-- wp:paragraph --><\/p><p>Pat\u00f3n, uno de los humanistas de m\u00e1s prestigio e influencia entre los fil\u00f3sofos y escritores de los siglos XVI y XVII. Despu\u00e9s de este paseo podemos ir al Parque de las Estatuas, para seguir disfrutando del paisaje.<\/p><p><!-- \/wp:paragraph --><\/p><p><!-- wp:paragraph --><\/p><p>Cuenta el pueblo con siete cuevas, cada una de ellas con su leyenda. Algunas de ellas son visitables, pero antes hay que ponerse en contacto con un gu\u00eda para poder acceder a ellas.<\/p><p><!-- \/wp:paragraph --><\/p><p><!-- wp:paragraph --><\/p><p>Celebra sus fiestas del 7 al 9 de octubre en honor a Ntra. Del Rosario. Otra fiesta muy peculiar es el Baile de \u00c1nimas el 28 de diciembre, donde hombres y mujeres pujan para bailar con la persona elegida. San Gregorio, su patr\u00f3n el 8 de mayo.<\/p><p><!-- \/wp:paragraph --><\/p><p><!-- wp:paragraph --><\/p><p>A unos 3 Km. del pueblo direcci\u00f3n a Puebla del Pr\u00edncipe, se encuentran los Ba\u00f1os de Brochales de aguas ferruginosas medicinales.<\/p><p><!-- \/wp:paragraph --><\/p><p><!-- wp:paragraph --><\/p><p>Continuaremos el viaje adentr\u00e1ndonos en las frondosidades de la Sierra para llegar por la CR-632 a 8,2 km. a Puebla del Pr\u00edncipe.<\/p><p><!-- \/wp:paragraph --><\/p><p><!-- wp:columns --><\/p><div class=\"wp-block-columns\"><p><!-- wp:column {\"width\":\"60%\"} --><\/p><div class=\"wp-block-column\" style=\"flex-basis: 60%;\"><p><!-- wp:heading {\"level\":3} --><\/p><h3>Puebla del Pr\u00edncipe<\/h3><p><!-- \/wp:heading --><\/p><p><!-- wp:paragraph --><\/p><p>Situado en una de las laderas de Sierra Morena, donde termina la Mancha y empieza Andaluc\u00eda. Entre los muros del Torre\u00f3n y la Iglesia se cre\u00f3 este pueblo genuinamente manchego.<\/p><p><!-- \/wp:paragraph --><\/p><p><!-- wp:paragraph --><\/p><p>Situado en una de las laderas de Sierra Morena, donde termina la Mancha y empieza Andaluc\u00eda. Entre los muros del Torre\u00f3n y la Iglesia se cre\u00f3 este pueblo genuinamente manchego.<\/p><p><!-- \/wp:paragraph --><\/p><p><!-- wp:paragraph --><\/p><p>El Torre\u00f3n-fortaleza reconstruido por los \u00e1rabes en plena dominaci\u00f3n musulmana, reconquistado por los cristianos en el s. XII para ser cedido por Alfonso VII a la Orden de Santiago, reconstruido en el a\u00f1o 2000, actualmente es un Centro Cultural. En la primera planta se encuentra una sala, antigua estancia del cuerpo de guardia. A la segunda se accede por una escalera de caracol, ambas salas tienen b\u00f3vedas en ladrillo de \u201cnido de golondrina\u201d.<\/p><p><!-- \/wp:paragraph --><\/p><\/div><p><!-- \/wp:column --><\/p><p><!-- wp:column {\"width\":\"40%\"} --><\/p><div class=\"wp-block-column\" style=\"flex-basis: 40%;\"><p><!-- wp:image {\"id\":1500,\"sizeSlug\":\"full\",\"linkDestination\":\"none\",\"className\":\"is-style-default\"} --><\/p><figure class=\"wp-block-image size-full is-style-default\"><img loading=\"lazy\" decoding=\"async\" width=\"307\" height=\"410\" class=\"wp-image-1500\" src=\"https:\/\/www.turismovillanuevadelosinfantes.es\/wp-content\/uploads\/2022\/04\/img4-1.jpg\" alt=\"\" srcset=\"https:\/\/www.turismovillanuevadelosinfantes.es\/wp-content\/uploads\/2022\/04\/img4-1.jpg 307w, https:\/\/www.turismovillanuevadelosinfantes.es\/wp-content\/uploads\/2022\/04\/img4-1-225x300.jpg 225w\" sizes=\"(max-width: 307px) 100vw, 307px\" \/><\/figure><p><!-- \/wp:image --><\/p><\/div><p><!-- \/wp:column --><\/p><\/div><p><!-- \/wp:columns --><\/p><p><!-- wp:paragraph --><\/p><p>La Iglesia de la Asunci\u00f3n, con su torre de almenas y grandes contrafuertes, m\u00e1s propio de un castillo que de una iglesia, de estilo g\u00f3tico. Entre el callej\u00f3n de la iglesia y casas bajas est\u00e1 ubicado Muy cerca del Torre\u00f3n y pegado ya a zona de huertos encontramos un lavadero, restaurado, que en su d\u00eda serv\u00eda de fuente y de aljibe para regar los huertos, as\u00ed como de lavadero de ropas.<\/p><p><!-- \/wp:paragraph --><\/p><p><!-- wp:paragraph --><\/p><p>Tiene una plaza acogedora, en la que poder descansar y reponer fuerzas para continuar con la Jornada.<\/p><p><!-- \/wp:paragraph --><\/p><p><!-- wp:paragraph --><\/p><p>A 2,5 km. del sur de la localidad, al pie de las agrestes cumbres est\u00e1 la Ermita de la Virgen de Mairena, levantada por los visigodos patrona de este pueblo y del pueblo vecino de Villamanrique, enclavada en un reducido y f\u00e9rtil valle, a sus pies una fuente de agua cristalina.<\/p><p><!-- \/wp:paragraph --><\/p><p><!-- wp:paragraph --><\/p><p>La virgen permanece todo el a\u00f1o en Puebla del Pr\u00edncipe, hasta el primer domingo de mayo, que es portada en andas desde Puebla del Pr\u00edncipe a Villamanrique, permaneciendo en este pueblo hasta el primer domingo de junio, que se traslada la imagen de Nuestra Se\u00f1ora de Mairena portada en andas por los devotos de Villamanrique desde su Iglesia hasta el l\u00edmite del t\u00e9rmino municipal de Puebla del Pr\u00edncipe, donde se produce el intercambio en el lugar conocido como las \u00abQuebradas\u00bb. Se entonan cantos a la virgen tras los cuales los poblatos toman la imagen y se encaminan hacia Puebla del Pr\u00edncipe. Celebra su fiestas patronales del 6 al 9 de septiembre.<\/p><p><!-- \/wp:paragraph --><\/p><p><!-- wp:heading {\"level\":3} --><\/p><h3>Villamanrique<\/h3><p><!-- \/wp:heading --><\/p><p><!-- wp:paragraph --><\/p><p>Enclavado a los pies de una sierra llamada de San Crist\u00f3bal, situado en un paso natural entre la meseta y el valle del Guadalquivir y dominando el ancho y f\u00e9rtil valle regado por el r\u00edo Guadal\u00e9n.<\/p><p><!-- \/wp:paragraph --><\/p><p><!-- wp:paragraph --><\/p><p>En su fachada se ven unos balconcillos, como en la iglesia de La Solana y Villahermosa. Con una esbelta torre, de secci\u00f3n octogonal en la parte superior que se accede a ella por una escalera de caracol de piedra labrada.<\/p><p><!-- \/wp:paragraph --><\/p><p><!-- wp:paragraph --><\/p><p>Podemos ver la Iglesia de San Andr\u00e9s, declarada Monumento Nacional, de estilo g\u00f3tico tard\u00edo, con una bella portada plateresca, destacando el conjunto escult\u00f3rico del maestro cantero Juan de Arama, con un gran valor est\u00e9tico y simb\u00f3lico debido a los motivos decorativos y la iconograf\u00eda que presenta.<\/p><p><!-- \/wp:paragraph --><\/p><p><!-- wp:paragraph --><\/p><p>Continuaremos paseando por la calle Jer\u00f3nimo Fr\u00edas, en la que se puede contemplar algunas casas solariegas y el antiguo convento del Cister, del que solo se conserva la fachada labrada en piedra y la cruz de dicha Orden. Siguiendo la calle se encuentra la plaza del Ayuntamiento, otras casas solariegas, de las que solo queda algunos blasones.<\/p><p><!-- \/wp:paragraph --><\/p><p><!-- wp:paragraph --><\/p><p>Pr\u00f3ximo a la Casa Consistorial se halla La Casa de la Encomienda o Casa del Comendador de Montiz\u00f3n del poeta Jorge Manrique, muy deteriorada. Posee dicha casa un patio columnado y galer\u00edas con balaustres de madera.<\/p><p><!-- \/wp:paragraph --><\/p><p><!-- wp:paragraph --><\/p><p>Villamanrique cuenta con bellos parajes naturales, id\u00f3neos para la pr\u00e1ctica del senderismo y el contacto con la naturaleza. Al oeste, tomando un camino rural que une Villamanrique con Torre de Juan Abad,en un paisaje de gran belleza configurado por la hoz que forma el r\u00edo Guadal\u00e9n alrededor de la gran roca est\u00e1 el castillo de Montiz\u00f3n.<\/p><p><!-- \/wp:paragraph --><\/p><p><!-- wp:columns --><\/p><div class=\"wp-block-columns\"><p><!-- wp:column {\"width\":\"40%\"} --><\/p><div class=\"wp-block-column\" style=\"flex-basis: 40%;\"><p><!-- wp:image {\"id\":1501,\"sizeSlug\":\"full\",\"linkDestination\":\"none\",\"className\":\"is-style-default\"} --><\/p><figure class=\"wp-block-image size-full is-style-default\"><img loading=\"lazy\" decoding=\"async\" width=\"640\" height=\"480\" class=\"wp-image-1501\" src=\"https:\/\/www.turismovillanuevadelosinfantes.es\/wp-content\/uploads\/2022\/04\/img11-1.jpg\" alt=\"\" srcset=\"https:\/\/www.turismovillanuevadelosinfantes.es\/wp-content\/uploads\/2022\/04\/img11-1.jpg 640w, https:\/\/www.turismovillanuevadelosinfantes.es\/wp-content\/uploads\/2022\/04\/img11-1-300x225.jpg 300w, https:\/\/www.turismovillanuevadelosinfantes.es\/wp-content\/uploads\/2022\/04\/img11-1-500x375.jpg 500w\" sizes=\"(max-width: 640px) 100vw, 640px\" \/><\/figure><p><!-- \/wp:image --><\/p><\/div><p><!-- \/wp:column --><\/p><p><!-- wp:column {\"width\":\"60%\"} --><\/p><div class=\"wp-block-column\" style=\"flex-basis: 60%;\"><p><!-- wp:paragraph --><\/p><p>Declarado Monumento Hist\u00f3rico Art\u00edstico, considerado Bien de Inter\u00e9s Cultural (BIC). Es la fortaleza, mejor conservada del Campo de Montiel, es de propiedad privada, est\u00e1 en uso y parcialmente restaurado. Se puede acceder concertando una visita previa, aunque por ser BIC deber\u00eda de estar abierto determinados d\u00edas al a\u00f1o. Es un castillo de fuertes y gruesos muros construido por la Orden de Santiago. Fue cabecera de la Encomienda de Montiz\u00f3n.<\/p><p><!-- \/wp:paragraph --><\/p><p><!-- wp:paragraph --><\/p><p>Las dependencias que se conservan son la puerta del castillo formada por un arco apuntado labrado en piedra de siller\u00eda, la torre del homenaje desde donde se divisa el r\u00edo Guadal\u00e9n, el patio de armas, las caballerizas, el algibe y diversos recintos. Aqu\u00ed vivi\u00f3 Jorge Manrique con su esposa do\u00f1a Guiomar de Casta\u00f1eda y sus hijos. En la tranquilidad de estas tierras escribi\u00f3 algunas de sus obras como \u201cCastillo de amor\u201d, en donde se reconoce el castillo de Montiz\u00f3n y el r\u00edo Guadal\u00e9n que pasa a sus pies, haciendo un paralelismo entre el castillo y su amada.<\/p><p><!-- \/wp:paragraph --><\/p><\/div><p><!-- \/wp:column --><\/p><\/div><p><!-- \/wp:columns --><\/p><p><!-- wp:columns --><\/p><div class=\"wp-block-columns\"><p><!-- wp:column {\"width\":\"66.66%\"} --><\/p><div class=\"wp-block-column\" style=\"flex-basis: 66.66%;\"><p><!-- wp:paragraph --><\/p><p>Las dependencias que se conservan son la puerta del castillo formada por un arco apuntado labrado en piedra de siller\u00eda, la torre del homenaje desde donde se divisa el r\u00edo Guadal\u00e9n, el patio de armas, las caballerizas, el algibe y diversos recintos. Aqu\u00ed vivi\u00f3 Jorge Manrique con su esposa do\u00f1a Guiomar de Casta\u00f1eda y sus hijos. En la tranquilidad de estas tierras escribi\u00f3 algunas de sus obras como \u201cCastillo de amor\u201d, en donde se reconoce el castillo de Montiz\u00f3n y el r\u00edo Guadal\u00e9n que pasa a sus pies, haciendo un paralelismo entre el castillo y su amada.<\/p><p><!-- \/wp:paragraph --><\/p><p><!-- wp:paragraph --><\/p><p>En honor al poeta se celebran en mayo unas Jornadas Manrique\u00f1as con juegos medievales, mercadillo y otros actos culturales.<\/p><p><!-- \/wp:paragraph --><\/p><\/div><p><!-- \/wp:column --><\/p><p><!-- wp:column {\"width\":\"33.33%\"} --><\/p><div class=\"wp-block-column\" style=\"flex-basis: 33.33%;\"><p><!-- wp:heading {\"level\":4} --><\/p><h4><em>La fortaleza nombrada<br \/>esta en los altos alcores<br \/>de una mesta,<br \/>sobre una pe\u00f1a tejada,<br \/>maciza toda de amores,<br \/>muy bien puesta:<br \/>y tiene los baluartes<br \/>hacia el cabo que ha sentido<br \/>el olvidar,<br \/>y cerca de las otras partes,<br \/>un r\u00edo muy crecido,<br \/>que es nombrar.<\/em><\/h4><p><!-- \/wp:heading --><\/p><\/div><p><!-- \/wp:column --><\/p><\/div><p><!-- \/wp:columns --><\/p><p><!-- wp:paragraph --><\/p><p>Otro lugar a resaltar en su t\u00e9rmino, en un cruce de caminos tomando la carretera de Villamanrique a Montiz\u00f3n, casi en el l\u00edmite con la provincia de Ja\u00e9n se encuentra la Venta Nueva del S. XVI, punto de confluencia de los caminos reales de Andaluc\u00eda a Valencia (Vereda de los Serranos), fue mandada construir por el duque de Medinasidonia como punto de descanso para los viajeros. Cosme de Medicis en su viaje a Espa\u00f1a, se alberg\u00f3 en ella y su acuarelista Baldi la ilustr\u00f3 para memoria de siempre. Algunos cervantistas identifican en esta venta el lugar donde Sancho Panza lleg\u00f3 para llevar la carta a Dulcinea y donde se le mante\u00f3.<\/p><p><!-- \/wp:paragraph --><\/p><p><!-- wp:paragraph --><\/p><p>Saliendo por la carretera que nos lleva al pueblo de Montiz\u00f3n, tras dejar la ermita de San Crist\u00f3bal, se halla los Ba\u00f1os de Perete, manantial de agua mineral.<\/p><p><!-- \/wp:paragraph --><\/p><p><!-- wp:paragraph --><\/p><p>Celebra las Fiestas de San Miguel, patr\u00f3n del pueblo el 29 de septiembre. Con encierros taurinos en la plaza y vacas sueltas por las calles, la peculiaridad de estos encierros es que las reses nunca son sacrificadas, sino devueltas a los ganaderos.<\/p><p><!-- \/wp:paragraph --><\/p><p><!-- wp:paragraph --><\/p><p>De vuelta a Villamanrique, se coge la carretera CM 3129 en direcci\u00f3n a Torre de Juan Abad, que dista 7 km., encontraremos sobre un cerro restos de una antigua fortaleza conocida como el castillo de Eznavejor, de origen isl\u00e1mico. A 2 km. llegaremos al se\u00f1or\u00edo de Torre de Juan Abad.<\/p><p><!-- \/wp:paragraph --><\/p><p><!-- wp:heading {\"level\":3} --><\/p><h3>Torre de Juan Abad<\/h3><p><!-- \/wp:heading --><\/p><p><!-- wp:paragraph --><\/p><p>Enclave de los m\u00e1s antiguos de la Orden de Santiago. Su origen se vincula al anterior castillo mencionado. A lo largo del s. XV sufri\u00f3 diversas destrucciones provocadas por los recelos de los Manrique, comendadores de Montiz\u00f3n, deseosos de someter el t\u00e9rmino a su jurisdicci\u00f3n.<\/p><p><!-- \/wp:paragraph --><\/p><p><!-- wp:paragraph --><\/p><p>Cuenta Torre de Juan Abad con dos plazas, la plaza del Parador, donde est\u00e1 una bella escultura en bronce dedicada al ilustre escritor don Francisco de Quevedo, obra del artista manchego Joaqu\u00edn Garc\u00eda Donaire y la Plaza del Ayuntamiento donde est\u00e1 La Casa de la Tercia con soportales, donde se guardaba el pan de la Mesa Maestral, de piedra labrada.<\/p><p><!-- \/wp:paragraph --><\/p><p><!-- wp:columns --><\/p><div class=\"wp-block-columns\"><p><!-- wp:column {\"width\":\"40%\"} --><\/p><div class=\"wp-block-column\" style=\"flex-basis: 40%;\"><p><!-- wp:heading {\"level\":4} --><\/p><h4><em>Si me hallo, pregunt\u00e1is,<\/em><br \/><em>en este dulce retiro,<\/em><br \/><em>y es aqu\u00ed donde me hallo,<\/em><br \/><em>pues andaba all\u00ed perdido.<\/em><br \/><em>Aqu\u00ed me sobran los d\u00edas,<\/em><br \/><em>y los a\u00f1os fugitivos<\/em><br \/><em>parece que en estas tierras<\/em><br \/><em>entretienen el camino.<\/em><\/h4><p><!-- \/wp:heading --><\/p><\/div><p><!-- \/wp:column --><\/p><p><!-- wp:column {\"width\":\"60%\"} --><\/p><div class=\"wp-block-column\" style=\"flex-basis: 60%;\"><p><!-- wp:paragraph --><\/p><p>En 1597 Torre de Juan Abad compr\u00f3 su independencia jurisdiccional respecto al partido de Infantes. El esfuerzo result\u00f3 tan gravoso que determin\u00f3 un gran endeudamiento provocando la sumisi\u00f3n a un nuevo se\u00f1or: don Francisco de Quevedo. Se puede visitar la Casa Museo del escritor, donde el poeta residi\u00f3 en diferentes periodos de su vida.<\/p><p><!-- \/wp:paragraph --><\/p><p><!-- wp:paragraph --><\/p><p>Se conserva su tintero de cer\u00e1mica talaverana y el sill\u00f3n donde se sentaba. Cuenta con dos salas de exposiciones y otra dedicada a Quevedo, en ella se muestran documentos hist\u00f3ricos como su Testamento, en ella se ha ubicado el Centro de Estudios Quevedianos con una magnifica biblioteca especializada en el escritor y el Siglo de Oro espa\u00f1ol. Este museo alberga tambi\u00e9n en una sala el Museo del Detective, que cuenta con el primer pol\u00edgrafo utilizado en Espa\u00f1a.<\/p><p><!-- \/wp:paragraph --><\/p><\/div><p><!-- \/wp:column --><\/p><\/div><p><!-- \/wp:columns --><\/p><p><!-- wp:paragraph --><\/p><p>Subiendo por la calle Empedrada iremos a la Iglesia de Nuestra Sra. de los Olmos, destaca su Retablo Mayor en madera tallada y policromada de finales del s. XVI, obra de Francisco Cano. El \u00d3rgano Hist\u00f3rico de Gaspar de la Redonda Zeballos, muy bien conservado, con caja de madera de \u00e9bano dorada y policromada, donde se celebran Conciertos de M\u00fasica a lo largo del a\u00f1o. Torre de Juan Abad, junto con Terrinches y Villahermosa realizan un Festival Internacional de Conciertos bajo el nombre de Sonoridades.<\/p><p><!-- \/wp:paragraph --><\/p><p><!-- wp:columns --><\/p><div class=\"wp-block-columns\"><p><!-- wp:column {\"width\":\"66.66%\"} --><\/p><div class=\"wp-block-column\" style=\"flex-basis: 66.66%;\"><p><!-- wp:paragraph --><\/p><p>A unos 4 km del pueblo est\u00e1 la Ermita de la Virgen de la Vega, rodeada por un claustro. Su origen data del s. XIII, construida por los Templarios, como lo atestigua una inscripci\u00f3n, para proteger a los peregrinos que iban a los Santos Lugares. Siendo visitado incluso por Santa Teresa de Jes\u00fas. En este paraje se celebra la romer\u00eda en honor a la virgen el 15 de agosto y las fiestas patronales del 7 al 10 de septiembre.<\/p><p><!-- \/wp:paragraph --><\/p><p><!-- wp:paragraph --><\/p><p>A 8 km. por la CM 3219 desde Torre de Juan Abad nos encontramos con C\u00f3zar, aqu\u00ed podemos desviarnos por la carretera CR-624 direcci\u00f3n Valdepe\u00f1as, para poder visitar el Pantano de la Cabezuela y las Bodegas Real en la Finca de Mari S\u00e1nchez, situados ambos en el hist\u00f3rico y antiguo Campo de Montiel. En ambos sitios hay Restaurante, y se conciertan visitas para conocer la Bodega Real.<\/p><p><!-- \/wp:paragraph --><\/p><p><!-- wp:paragraph --><\/p><p>\u00a0<\/p><p><!-- \/wp:paragraph --><\/p><\/div><p><!-- \/wp:column --><\/p><p><!-- wp:column {\"width\":\"33.33%\"} --><\/p><div class=\"wp-block-column\" style=\"flex-basis: 33.33%;\"><p><!-- wp:image {\"id\":1502,\"sizeSlug\":\"full\",\"linkDestination\":\"none\",\"className\":\"is-style-default\"} --><\/p><figure class=\"wp-block-image size-full is-style-default\"><img loading=\"lazy\" decoding=\"async\" width=\"640\" height=\"480\" class=\"wp-image-1502\" src=\"https:\/\/www.turismovillanuevadelosinfantes.es\/wp-content\/uploads\/2022\/04\/img18.jpg\" alt=\"\" srcset=\"https:\/\/www.turismovillanuevadelosinfantes.es\/wp-content\/uploads\/2022\/04\/img18.jpg 640w, https:\/\/www.turismovillanuevadelosinfantes.es\/wp-content\/uploads\/2022\/04\/img18-300x225.jpg 300w, https:\/\/www.turismovillanuevadelosinfantes.es\/wp-content\/uploads\/2022\/04\/img18-500x375.jpg 500w\" sizes=\"(max-width: 640px) 100vw, 640px\" \/><\/figure><p><!-- \/wp:image --><\/p><\/div><p><!-- \/wp:column --><\/p><\/div><p><!-- \/wp:columns --><\/p><p><!-- wp:heading {\"level\":3} --><\/p><h3>C\u00f3zar<\/h3><p><!-- \/wp:heading --><\/p><p><!-- wp:paragraph --><\/p><p>En el pueblo de C\u00f3zar se puede ver la Iglesia de San Vicente M\u00e1rtir, declarada Monumento Hist\u00f3rico Art\u00edstico. De sus tres portadas, la m\u00e1s interesante es la principal, clasicista, realizada en el siglo XVII con escenas del Calvario. Junto a la iglesia se encuentra la Plaza, el Ayuntamiento y la Ermita del santo Cristo de la Vera Cruz, de gran valor sentimental para los cozare\u00f1os.<\/p><p><!-- \/wp:paragraph --><\/p><p><!-- wp:paragraph --><\/p><p>Se celebran las fiestas el 14 de septiembre y durante las fiestas hay un juego llamado \u201cLas tacillas\u201d duran 5 d\u00edas, cuyos or\u00edgenes se remontan al s. XIV y XV. Se practica entre los d\u00edas 13 al 17 de septiembre, coincidiendo con las fiestas en honor al Sant\u00edsimo Cristo de la Vera Cruz. Se conservan dos tacillas (concavidad en el suelo con unas ranuras a modo de asa), en la parte trasera de la Ermita del Cristo.<\/p><p><!-- \/wp:paragraph --><\/p><p><!-- wp:paragraph --><\/p><p>El juego consiste en dejar caer 8 bolas a la tacilla, si el\u00a0n\u00famero de bolas que caen en el interior de ella es par, gana la banca, si es impar, ganan los apostantes. Son subastadas p\u00fablicamente el d\u00eda que comienzan las fiestas y el dinero recaudado es destinado a la cofrad\u00eda del Cristo para el mantenimiento de su ermita. Tiene unas sencilla reglas que han sido heredadas de generaci\u00f3n en generaci\u00f3n. En este pueblo hay un Centro H\u00edpico llamado Yeguada El Azafranar, por el camino de Alcubillas a un 1 Km. del pueblo los que compartan la afici\u00f3n al caballo y a la naturaleza podr\u00e1n disfrutar de actividades ecuestres.<\/p><p><!-- \/wp:paragraph --><\/p><p><!-- wp:columns --><\/p><div class=\"wp-block-columns\"><p><!-- wp:column {\"width\":\"33.33%\"} --><\/p><div class=\"wp-block-column\" style=\"flex-basis: 33.33%;\"><p><!-- wp:image {\"id\":1503,\"sizeSlug\":\"full\",\"linkDestination\":\"none\",\"className\":\"is-style-default\"} --><\/p><figure class=\"wp-block-image size-full is-style-default\"><img loading=\"lazy\" decoding=\"async\" width=\"351\" height=\"169\" class=\"wp-image-1503\" src=\"https:\/\/www.turismovillanuevadelosinfantes.es\/wp-content\/uploads\/2022\/04\/img21.jpg\" alt=\"\" srcset=\"https:\/\/www.turismovillanuevadelosinfantes.es\/wp-content\/uploads\/2022\/04\/img21.jpg 351w, https:\/\/www.turismovillanuevadelosinfantes.es\/wp-content\/uploads\/2022\/04\/img21-300x144.jpg 300w\" sizes=\"(max-width: 351px) 100vw, 351px\" \/><\/figure><p><!-- \/wp:image --><\/p><\/div><p><!-- \/wp:column --><\/p><p><!-- wp:column {\"width\":\"66.66%\"} --><\/p><div class=\"wp-block-column\" style=\"flex-basis: 66.66%;\"><p><!-- wp:paragraph --><\/p><p>Una jornada al sur del Campo de Montiel, donde hemos visto fortalezas, r\u00edos, museos, casas se\u00f1oriales, paisajes naturales, y una visita muy de moda hoy en d\u00eda como son las bodegas. A 10 km. de C\u00f3zar se encuentra Infantes, volvemos al lugar en la misma direcci\u00f3n, aunque por caminos diferentes, que don Quijote cuando volvi\u00f3 a su pueblo en la segunda salida de la Primera Parte. Nuestro h\u00e9roe se intern\u00f3 en lo m\u00e1s profundo de Sierra Morena buscando escapar a la acci\u00f3n de la justicia, para regresar de nuevo d\u00edas despu\u00e9s a la venta de Maritornes con motivo del enga\u00f1o urdido por el cura para recoger a don Quijote y traerlo a su pueblo. Obligatoriamente tuvo que recorrer parte de este \u00faltimo trayecto desde Sierra Morena- Castellar de Santiago donde se encuentra la Sierra del Cambr\u00f3n- Torre de Juan Abad- Villanueva de los Infantes- por el Campo de Montiel para volver a su pueblo.<\/p><h4><em>Pis\u00f3 por ella el uno y otro lado<\/em><br \/><em>De la gran Sierra Negra, y el famoso<\/em><br \/><em>Campo de Montiel,\u2026.<\/em><\/h4><\/div><\/div><\/div>\n\t\t\t\t\t\t\t\t\t<div class=\"elementor-tab-title elementor-tab-mobile-title\" aria-selected=\"false\" data-tab=\"7\" role=\"tab\" tabindex=\"-1\" aria-controls=\"elementor-tab-content-9087\" aria-expanded=\"false\">D\u00eda 7<\/div>\n\t\t\t\t\t<div id=\"elementor-tab-content-9087\" class=\"elementor-tab-content elementor-clearfix\" data-tab=\"7\" role=\"tabpanel\" aria-labelledby=\"elementor-tab-title-9087\" tabindex=\"0\" hidden=\"hidden\"><!-- wp:heading -->\n<h2>Carrizosa-Lagunas de Ruidera-Ossa de Montiel-Alhambra<\/h2>\n<!-- \/wp:heading -->\n\n<!-- wp:paragraph -->\n<p>Mirando estos paisajes rurales se comprenden mejor las salidas de don Quijote desde el Campo de Montiel y el regreso a su lugar. Tomando el camino muy de ma\u00f1ana con el sol de soslayo salimos del lugar. A 33 Km. iremos a Las Lagunas de Ruidera, paraje natural por excelencia del Campo de Montiel.<\/p>\n<!-- \/wp:paragraph -->\n\n<!-- wp:paragraph -->\n<p>Con direcci\u00f3n CM-3129 encontramos el pueblo de Carrizosa.<\/p>\n<!-- \/wp:paragraph -->\n\n<!-- wp:columns -->\n<div class=\"wp-block-columns\"><!-- wp:column {\"width\":\"40%\"} -->\n<div class=\"wp-block-column\" style=\"flex-basis:40%\"><!-- wp:image {\"id\":1504,\"sizeSlug\":\"large\",\"linkDestination\":\"none\",\"className\":\"is-style-default\"} -->\n<figure class=\"wp-block-image size-large is-style-default\"><img fetchpriority=\"high\" decoding=\"async\" width=\"1024\" height=\"681\" src=\"https:\/\/www.turismovillanuevadelosinfantes.es\/wp-content\/uploads\/2022\/04\/img4-2-1024x681.jpg\" alt=\"\" class=\"wp-image-1504\" srcset=\"https:\/\/www.turismovillanuevadelosinfantes.es\/wp-content\/uploads\/2022\/04\/img4-2-1024x681.jpg 1024w, https:\/\/www.turismovillanuevadelosinfantes.es\/wp-content\/uploads\/2022\/04\/img4-2-300x199.jpg 300w, https:\/\/www.turismovillanuevadelosinfantes.es\/wp-content\/uploads\/2022\/04\/img4-2-768x511.jpg 768w, https:\/\/www.turismovillanuevadelosinfantes.es\/wp-content\/uploads\/2022\/04\/img4-2-500x332.jpg 500w, https:\/\/www.turismovillanuevadelosinfantes.es\/wp-content\/uploads\/2022\/04\/img4-2-800x532.jpg 800w, https:\/\/www.turismovillanuevadelosinfantes.es\/wp-content\/uploads\/2022\/04\/img4-2-18x12.jpg 18w, https:\/\/www.turismovillanuevadelosinfantes.es\/wp-content\/uploads\/2022\/04\/img4-2.jpg 1182w\" sizes=\"(max-width: 1024px) 100vw, 1024px\" \/><\/figure>\n<!-- \/wp:image --><\/div>\n<!-- \/wp:column -->\n\n<!-- wp:column {\"width\":\"60%\"} -->\n<div class=\"wp-block-column\" style=\"flex-basis:60%\"><!-- wp:heading {\"level\":3} -->\n<h3>Carrizosa<\/h3>\n<!-- \/wp:heading -->\n\n<!-- wp:paragraph -->\n<p>Seccionado en dos partes por el r\u00edo Ca\u00f1amares, cuyas calles tienen un trazado muy irregular, algunas tienen escaleras y sus casas presentan la tipolog\u00eda manchega.<\/p>\n<!-- \/wp:paragraph -->\n\n<!-- wp:paragraph -->\n<p>La iglesia parroquial de santa Catalina levantada recientemente conserva vestigios de un templo del s.<br>XVI. A 3 km. del pueblo por la carretera direcci\u00f3n a Villahermosa se localiza el paraje El Arroyo de los Toriles donde se puede visitar en \u00e9poca seca unas cuevas que contienen pinturas prehist\u00f3ricas.<\/p>\n<!-- \/wp:paragraph --><\/div>\n<!-- \/wp:column --><\/div>\n<!-- \/wp:columns -->\n\n<!-- wp:paragraph -->\n<p>A unos 2,5 km. del pueblo hay una ermita bajo la advocaci\u00f3n de la Virgen del Salido, en la alameda del r\u00edo Azuer donde se encuentra la ermita, se celebra su romer\u00eda en la segunda quincena de agosto, siendo \u00e9sta muy populosa, donde d\u00eda y noche se come, se bebe y se baila. Cerca de estos contornos entre los l\u00edmites del t\u00e9rmino de Carrizosa,, Fuenllana y Villahermosa se encuentra la finca La Fuenlabrada donde tuvo lugar el episodio de las Bodas de Camacho. Despu\u00e9s de la boda don Quijote y Sancho acompa\u00f1aron a Basilio y Quiteria a su aldea, de la que seg\u00fan cuenta la tradici\u00f3n es el pueblo de Carrizosa.<\/p>\n<!-- \/wp:paragraph -->\n\n<!-- wp:paragraph -->\n<p>Despu\u00e9s de asistir a la mencionada boda cerca de los linderos de este pueblo, y en la que Basilio consigue casarse con Quiteria, tras la renuncia de Camacho el rico. Don Quijote muestra deseos de ir a Ruidera para entrar a la Cueva de Montesinos:<\/p>\n<!-- \/wp:paragraph -->\n\n<!-- wp:heading {\"level\":4} -->\n<h4>\u2026mostr\u00f3 su deseo de entrar a la Cueva de Montesinos para ver si eran verdaderas las maravillas que de ella se dec\u00edan por todos estos contornos \u2026 el cual con micha voluntad le pondr\u00eda a la boca de la misma cueva y le ense\u00f1ar\u00eda las lagunas de Ruidera, famososas asimismo en toda La Mancha, y aun en toda Espa\u00f1a; [\u2026]ensill\u00f3 Sancho a Rocinante y aderez\u00f3 al rucio\u2026y despidi\u00e9ndose de todos, se pusieron en camino, tomando la derrota de la famosa Cueva de Montesinos[\u2026]se les pas\u00f3 el d\u00eda y a la noche se albergaron en una peque\u00f1a aldea\u2026( cap. XXII, II Parte).<\/h4>\n<!-- \/wp:heading -->\n\n<!-- wp:paragraph -->\n<p>Desde Carrizosa, nos dirigimos al norte por la carretera CR 642 para coger la N 430 y llegar al Parque Natural de las Lagunas de Ruidera, el cual acumula el agua de los nacimientos del Campo de Montiel formando 15 lagunas sucesivas, su nombre se atribuye al \u201cruido\u201d que hace el agua al saltar de una laguna a otra formando cascadas, hasta llegar a Ossa de Montiel, pueblo que desde 1833 pertenece a la provincia de Albacete.<\/p>\n<!-- \/wp:paragraph -->\n\n<!-- wp:columns -->\n<div class=\"wp-block-columns\"><!-- wp:column {\"width\":\"60%\"} -->\n<div class=\"wp-block-column\" style=\"flex-basis:60%\"><!-- wp:heading {\"level\":3} -->\n<h3>Lagunas de Ruidera<\/h3>\n<!-- \/wp:heading -->\n\n<!-- wp:paragraph -->\n<p>Geomorfol\u00f3gicamente Las Lagunas pertenecen a la altiplanicie de la comarca natural del Campo de Montiel. Es un paraje natural formado por una serie de lagunas conectadas por peque\u00f1as cascadas. En el pueblo de Ruidera se encuentran la \u201cCasa de la P\u00f3lvora\u201d, trazada por el arquitecto Juan de Villanueva, actualmente Centro de Recepci\u00f3n de Visitantes. Dejando a un lado las lagunas de \u201cCenagal\u201d y \u201cColadilla\u201d, se encuentra la \u201cCascada del Hundimiento\u201d, donde desemboca el agua que discurre en las lagunas. Volviendo otra vez a la carretera a lo largo de 25 Km., al otro lado est\u00e1 la laguna \u201cdel Rey\u201d y siguiendo la carretera AB 650 se bordea todas las dem\u00e1s: \u201cColgada\u201d, Batana\u201d, \u201cLengua\u201d, \u201cRedondilla\u201d, \u201cSan Pedro\u201d, \u201cTinaja\u201d, \u201cConceja\u201d, \u201cBlanca\u201d y la \u201cNava\u201d. Se puede practicar deportes como la caza, pesca, senderismo, pirag\u00fcismo, y paseo a caballo.<\/p>\n<!-- \/wp:paragraph --><\/div>\n<!-- \/wp:column -->\n\n<!-- wp:column {\"width\":\"40%\"} -->\n<div class=\"wp-block-column\" style=\"flex-basis:40%\"><!-- wp:image {\"id\":1505,\"sizeSlug\":\"full\",\"linkDestination\":\"none\",\"className\":\"is-style-default\"} -->\n<figure class=\"wp-block-image size-full is-style-default\"><img decoding=\"async\" width=\"640\" height=\"480\" src=\"https:\/\/www.turismovillanuevadelosinfantes.es\/wp-content\/uploads\/2022\/04\/img5-1.jpg\" alt=\"\" class=\"wp-image-1505\" srcset=\"https:\/\/www.turismovillanuevadelosinfantes.es\/wp-content\/uploads\/2022\/04\/img5-1.jpg 640w, https:\/\/www.turismovillanuevadelosinfantes.es\/wp-content\/uploads\/2022\/04\/img5-1-300x225.jpg 300w, https:\/\/www.turismovillanuevadelosinfantes.es\/wp-content\/uploads\/2022\/04\/img5-1-500x375.jpg 500w\" sizes=\"(max-width: 640px) 100vw, 640px\" \/><\/figure>\n<!-- \/wp:image --><\/div>\n<!-- \/wp:column --><\/div>\n<!-- \/wp:columns -->\n\n<!-- wp:paragraph -->\n<p>Desvi\u00e1ndose en la laguna de San Pedro, se llega a la famosa Cueva de Montesinos, de quien desde siempre tantas y tan admirables cosas en aquellos contornos se contaban.<\/p>\n<!-- \/wp:paragraph -->\n\n<!-- wp:paragraph -->\n<p>Para conocer e interpretar las aventuras de don Quijote y Sancho en estos parajes, hay que leer o haber le\u00eddo los cap\u00edtulos XVIII al XXVII de la segunda parte de El Quijote. Siguiendo los pasos del hidalgo manchego, llegar\u00e1 a una sima, bajando al interior a la derecha mano, se hace una gran concavidad y espacio capaz de caber en ella un gran carro con sus mulas. Aqu\u00ed fue donde don Quijote vivi\u00f3 uno de los momentos m\u00e1s surrealistas de su vida caballeresca. No lejos de aqu\u00ed- respondi\u00f3 el primo-, est\u00e1 una ermita que tiene una habitaci\u00f3n o peque\u00f1a casa (cap. XXIV, II Parte)\u2026\u201d.<\/p>\n<!-- \/wp:paragraph -->\n\n<!-- wp:paragraph -->\n<p>Cercano a Ossa de Montiel nos encontramos con el Castillo de Rochafrida, peque\u00f1a fortaleza de origen \u00e1rabe, situado en el valle del Alarconcillo y que paso a manos de la orden de Santiago, donde Cervantes sit\u00faa a la princesa Rosaflorida.<\/p>\n<!-- \/wp:paragraph -->\n\n<!-- wp:paragraph -->\n<p>En nuestro paso por este valle encontraremos la ermita de San Pedro de Verona, que tambi\u00e9n refleja Cervantes y cerca de ella la que dicen Venta del celem\u00edn.\u00bbJunto con la ermita tiene una peque\u00f1a casa. con todo, aunque chica, es capaz de recibir hu\u00e9spedes\u00bb (cap\u00edtulo XXIV). Y a apenas dos leguas de la venta la famosa cueva de montesinos\u201d. <\/p>\n<!-- \/wp:paragraph -->\n\n<!-- wp:paragraph -->\n<p>Esta venta pertenece al t\u00e9rmino de Ossa de Montiel.<\/p>\n<!-- \/wp:paragraph -->\n\n<!-- wp:heading {\"level\":3} -->\n<h3>Ossa de Montiel<\/h3>\n<!-- \/wp:heading -->\n\n<!-- wp:paragraph -->\n<p>Este pueblo dista de Ruidera 14 Km. por la carretera N-430.<\/p>\n<!-- \/wp:paragraph -->\n\n<!-- wp:paragraph -->\n<p>Un pueblo tranquilo, de casas bajas. Tiene una iglesia dedicada a Santa Mar\u00eda Magdalena, con trazas g\u00f3tica parecida a una ermita rural por su sencillez, con un arco de medio punto enmarcado en un alfiz y campanario en forma de espa\u00f1ada\u00f1a. Cuenta con un Museo Etnogr\u00e1fico de artes y oficios, en el que hay que solicitar informaci\u00f3n de su visita con antelaci\u00f3n.<\/p>\n<!-- \/wp:paragraph -->\n\n<!-- wp:paragraph -->\n<p>El Rollo jurisdiccional o Picota est\u00e1 situado en el jard\u00edn de Nuestra Historia.<\/p>\n<!-- \/wp:paragraph -->\n\n<!-- wp:paragraph -->\n<p>Ossa de Montiel recibe el t\u00edtulo de villa el 28 de septiembre de 1410 de manos del infante D. Enrique (hijo del rey Fernando de Arag\u00f3n). Este hecho se representa con la construcci\u00f3n del denominado Rollo o Picota que es s\u00edmbolo de jurisdicci\u00f3n del pueblo. Se trata de una talla de piedra de 5 metros de altura en forma de columna, con ganchos en la parte de arriba, asentado sobre una base de 4 pelda\u00f1os en forma cil\u00edndrica. En \u00e9l se expon\u00edan a los reos para su verg\u00fcenza p\u00fablica.<\/p>\n<!-- \/wp:paragraph -->\n\n<!-- wp:paragraph -->\n<p>En las Lagunas de Ruidera se puede disfrutar de un ba\u00f1o si es \u00e9poca veraniega y a la hora de comer reservar mesa para degustar unos galianos, conejo al ajillo o perdiz en escabeche, para continuar con el viaje hacia Alhambra.<\/p>\n<!-- \/wp:paragraph -->\n\n<!-- wp:paragraph -->\n<p>Se volver\u00e1 al Centro de Recepci\u00f3n del Parque Natural de Las Lagunas para continuar por la carretera N 430 para llegar al cerro milenario que se asoma a la planicie manchega de colores rojizos.<\/p>\n<!-- \/wp:paragraph -->\n\n<!-- wp:columns -->\n<div class=\"wp-block-columns\"><!-- wp:column {\"width\":\"40%\"} -->\n<div class=\"wp-block-column\" style=\"flex-basis:40%\"><!-- wp:image {\"id\":1506,\"sizeSlug\":\"full\",\"linkDestination\":\"none\",\"className\":\"is-style-default\"} -->\n<figure class=\"wp-block-image size-full is-style-default\"><img decoding=\"async\" width=\"909\" height=\"606\" src=\"https:\/\/www.turismovillanuevadelosinfantes.es\/wp-content\/uploads\/2022\/04\/img11-2.jpg\" alt=\"\" class=\"wp-image-1506\" srcset=\"https:\/\/www.turismovillanuevadelosinfantes.es\/wp-content\/uploads\/2022\/04\/img11-2.jpg 909w, https:\/\/www.turismovillanuevadelosinfantes.es\/wp-content\/uploads\/2022\/04\/img11-2-300x200.jpg 300w, https:\/\/www.turismovillanuevadelosinfantes.es\/wp-content\/uploads\/2022\/04\/img11-2-768x512.jpg 768w, https:\/\/www.turismovillanuevadelosinfantes.es\/wp-content\/uploads\/2022\/04\/img11-2-500x333.jpg 500w, https:\/\/www.turismovillanuevadelosinfantes.es\/wp-content\/uploads\/2022\/04\/img11-2-800x533.jpg 800w\" sizes=\"(max-width: 909px) 100vw, 909px\" \/><\/figure>\n<!-- \/wp:image --><\/div>\n<!-- \/wp:column -->\n\n<!-- wp:column {\"width\":\"60%\"} -->\n<div class=\"wp-block-column\" style=\"flex-basis:60%\"><!-- wp:heading {\"level\":3} -->\n<h3>Alhambra<\/h3>\n<!-- \/wp:heading -->\n\n<!-- wp:paragraph -->\n<p>Para dirigirse a esta villa romana, \u00e1rabe y cristiana a 20 km desde ese punto de la recepci\u00f3n del Parque Natural y a 24 km. de Villanueva de los Infantes por la carretera N 430. Este pueblo mantiene su legado hist\u00f3rico, pasando desde la Edad del Bronce, pasando por los \u00cdberos, Romanos, Visigodos, Musulmanes y la Edad Media, en el que su esplendor fue importante y estrat\u00e9gico. En la ladera de la meseta en uno de sus lados sobre un cerro, se ve el castillo de origen musulm\u00e1n.<\/p>\n<!-- \/wp:paragraph --><\/div>\n<!-- \/wp:column --><\/div>\n<!-- \/wp:columns -->\n\n<!-- wp:paragraph -->\n<p>Tras la victoria de las Navas de Tolosa, Alfonso VIII otorg\u00f3 a los Caballeros de la Orden de Santiago el Campo de Montiel. A su vez don\u00f3 Alhambra al Conde \u00c1lvaro Nu\u00f1ez de Lara, para convertirse m\u00e1s tarde en la Encomienda m\u00e1s rica de la Orden. Su antig\u00fcedad y prestigio la convirtieron en la segunda cabecera del campo de Montiel. Aqu\u00ed se ubica la ciudad de Laminium, punto importante de cruce de v\u00edas romanas. En el casco urbano se puede contemplar estatuas, pedestales, sarc\u00f3fagos, ajuares funerarios, losas\u2026<\/p>\n<!-- \/wp:paragraph -->\n\n<!-- wp:paragraph -->\n<p>Cuenta con un museo de arqueolog\u00eda con importantes vestigios romanos, situado en la calle Calvario, abierto todos los d\u00edas previa cita y en el que se puede contemplar una colecci\u00f3n permanente de objetos arqueol\u00f3gicos. Alhambra est\u00e1 emplazada en un cerro que forma parte de la Sierra de Alhambra que presenta el color rojizo de donde procede el origen \u00e1rabe de su nombre: Al-amra (La Roja).<\/p>\n<!-- \/wp:paragraph -->\n\n<!-- wp:paragraph -->\n<p>Cuenta con un museo de arqueolog\u00eda con importantes vestigios romanos, situado en la calle Calvario, abierto todos los d\u00edas previa cita y en el que se puede contemplar una colecci\u00f3n permanente de objetos arqueol\u00f3gicos. Alhambra est\u00e1 emplazada en un cerro que forma parte de la Sierra de Alhambra que presenta el color rojizo de donde procede el origen \u00e1rabe de su nombre: Al-amra (La Roja).<\/p>\n<!-- \/wp:paragraph -->\n\n<!-- wp:paragraph -->\n<p>Destaca su urbanismo de trazado irregular isl\u00e1mico, con calles de cuesta y viviendas encaladas. La iglesia de san Bartolom\u00e9, tiene sus ra\u00edces en los restos de un antiguo templo romano, aprovechando sillares, columnas y dos esculturas togadas que se encuentran delante de la iglesia. En su interior se conservan dos retablos del siglo XV y un sagrario de la misma \u00e9poca. Las fiestas m\u00e1s populares son las que se celebran en honor a su patr\u00f3n san Bartolom\u00e9 del 23 al 27 de agosto y la romer\u00eda de Nuestra Sra. de F\u00e1tima, el segundo s\u00e1bado de mayo.<\/p>\n<!-- \/wp:paragraph -->\n\n<!-- wp:paragraph -->\n<p>Desde el mirador del Calvario se puede admirar la inmensidad del Campo de Montiel.<\/p>\n<!-- \/wp:paragraph -->\n\n<!-- wp:paragraph -->\n<p>En agosto Alhambra celebra unas Jornadas Ibero-Romanas para conmemorar la ciudad de Laminium y la convivencia entre las dos culturas.<\/p>\n<!-- \/wp:paragraph -->\n\n<!-- wp:paragraph -->\n<p>Tiene un interesante Museo Municipal de Arqueolog\u00eda y de Etnograf\u00eda, gestiona con apoyo del Ayuntamiento, en el cual se muestran los principales episodios y materiales de la historia local.<\/p>\n<!-- \/wp:paragraph -->\n\n<!-- wp:paragraph -->\n<p>Destaca su urbanismo de trazado irregular isl\u00e1mico, con calles de&nbsp;cuesta y viviendas encaladas.<\/p>\n<!-- \/wp:paragraph -->\n\n<!-- wp:paragraph -->\n<p>La iglesia de san Bartolom\u00e9, tiene sus ra\u00edces en los restos de un antiguo templo romano, aprovechando sillares, columnas y dos esculturas togadas que se encuentran delante de la iglesia. En su interior se conservan dos retablos del siglo XV y un sagrario de la misma \u00e9poca. Las fiestas m\u00e1s populares son las que se celebran en<br>honor a su patr\u00f3n san Bartolom\u00e9 del 23 al 27 de agosto y la romer\u00eda de Nuestra Sra. de F\u00e1tima, el segundo s\u00e1bado de mayo<\/p>\n<!-- \/wp:paragraph -->\n\n<!-- wp:paragraph -->\n<p>De nuevo por la N-430 con direcci\u00f3n a Ruidera, buscaremos el desv\u00edo de la CR-642 que nos llevar\u00e1 de nuevo a Carrizosa (10 km). El anochecer requiere volver al lugar. Descansar en cualquiera de los hoteles o casas rurales ser\u00e1 un placer, tras haber hecho la ruta que se acaba de explicar.<\/p>\n<!-- \/wp:paragraph -->\n<\/div>\n\t\t\t\t\t\t\t\t\t<div class=\"elementor-tab-title elementor-tab-mobile-title\" aria-selected=\"false\" data-tab=\"8\" role=\"tab\" tabindex=\"-1\" aria-controls=\"elementor-tab-content-9088\" aria-expanded=\"false\">D\u00eda 8<\/div>\n\t\t\t\t\t<div id=\"elementor-tab-content-9088\" class=\"elementor-tab-content elementor-clearfix\" data-tab=\"8\" role=\"tabpanel\" aria-labelledby=\"elementor-tab-title-9088\" tabindex=\"0\" hidden=\"hidden\"><!-- wp:heading -->\n<h2>Villanueva de la Fuente- Villahermosa-Fuenllana<\/h2>\n<!-- \/wp:heading -->\n\n<!-- wp:paragraph -->\n<p>Para quienes quieran visitar esta clandestina ruta del agua, saliendo desde Villanueva de los Infantes por la CM 2127 a Montiel a 5 Km. de esta villa, en la carretera CRP 6311 en direcci\u00f3n a Villanueva de la Fuente nos<\/p>\n<!-- \/wp:paragraph -->\n\n<!-- wp:paragraph -->\n<p>encontramos con el paraje natural de los Ojos del Jabal\u00f3n, donde nace dicho r\u00edo, afluente del Guadiana. Siguiendo la carretera CR 6311 a 12 km. llegamos a Villanueva de la Fuente.<\/p>\n<!-- \/wp:paragraph -->\n\n<!-- wp:columns -->\n<div class=\"wp-block-columns\"><!-- wp:column {\"width\":\"40%\"} -->\n<div class=\"wp-block-column\" style=\"flex-basis:40%\"><!-- wp:image {\"id\":1507,\"sizeSlug\":\"full\",\"linkDestination\":\"none\",\"className\":\"is-style-default\"} -->\n<figure class=\"wp-block-image size-full is-style-default\"><img loading=\"lazy\" decoding=\"async\" width=\"400\" height=\"300\" src=\"https:\/\/www.turismovillanuevadelosinfantes.es\/wp-content\/uploads\/2022\/04\/img2-2.jpg\" alt=\"\" class=\"wp-image-1507\" srcset=\"https:\/\/www.turismovillanuevadelosinfantes.es\/wp-content\/uploads\/2022\/04\/img2-2.jpg 400w, https:\/\/www.turismovillanuevadelosinfantes.es\/wp-content\/uploads\/2022\/04\/img2-2-300x225.jpg 300w\" sizes=\"(max-width: 400px) 100vw, 400px\" \/><\/figure>\n<!-- \/wp:image --><\/div>\n<!-- \/wp:column -->\n\n<!-- wp:column {\"width\":\"60%\"} -->\n<div class=\"wp-block-column\" style=\"flex-basis:60%\"><!-- wp:heading {\"level\":3} -->\n<h3>Villanueva de la Fuente<\/h3>\n<!-- \/wp:heading -->\n\n<!-- wp:paragraph -->\n<p>Nos encontramos en el acu\u00edfero 24 conocido como &#8216;acu\u00edfero del Campo de Montiel&#8217;, una inmensa bolsa de agua subterr\u00e1nea que ha sufrido en las \u00faltimas d\u00e9cadas una gran sobre explotaci\u00f3n por los regad\u00edos y que por sus rebosaderos da lugar al nacimiento de los r\u00edos de la comarca. Dicho pueblo est\u00e1 situado entre La Mancha y la sierra de Alcaraz. Algunos historiadores la identifican con la ciudad de Mentesa, importante ciudad romana de la provincia de Oretania. Tiene un yacimiento arqueol\u00f3gico con restos de cultura ibera, romana y medieval.<\/p>\n<!-- \/wp:paragraph -->\n\n<!-- wp:paragraph -->\n<p>Se puede visitar desde un museo etnol\u00f3gico a otro arqueol\u00f3gico, aunque habr\u00e1 que concertar la cita con antelaci\u00f3n si se quiere conocer estos interesantes recintos. En fechas de mediados de agosto se celebra en fin de semana una Feria de caza, turismo rural, artesan\u00eda y productos de la tierra (MENCATUR), donde adem\u00e1s hay actividades y exhibiciones. En Corpus Christi los vecinos engalanan las calles de hierbas arom\u00e1ticas; con serr\u00edn te\u00f1ido de colores, forman bellas alfombras dignas de admirar. Est\u00e1 declarado de Inter\u00e9s Tur\u00edstico Regional.<\/p>\n<!-- \/wp:paragraph --><\/div>\n<!-- \/wp:column --><\/div>\n<!-- \/wp:columns -->\n\n<!-- wp:paragraph -->\n<p>En el mismo pueblo est\u00e1 el nacimiento del r\u00edo Villanueva, es un precioso paraje conocido como el oasis de la Mancha, acequias y manantiales contin\u00faan su cauce perdi\u00e9ndose entre las f\u00e9rtiles huertas de su vega.<\/p>\n<!-- \/wp:paragraph -->\n\n<!-- wp:paragraph -->\n<p>El cauce por este valle, en direcci\u00f3n a su nacimiento, nos encontramos con 3 batanes, que por el ruido de sus mazas, recuerdan a don Quijote y Sancho en la aventura de los batanes (I parte cap. XX). En los extramuros del pueblo, en la carretera direcci\u00f3n a Albaladejo, en la cima de un calar se encuentra la ermita-santuario de Ntra. Sra. de los Desamparados, donde desde el mirador sur se aprecia el r\u00edo Villanueva y las estribaciones de Sierra Morena. Celebra su romer\u00eda y fiestas a \u00faltimos de agosto donde se ofrecen festejos taurinos.<\/p>\n<!-- \/wp:paragraph -->\n\n<!-- wp:paragraph -->\n<p>Aproximadamente a 19 km de Villanueva de la Fuente en direcci\u00f3n oeste CM 412 se encuentra Villahermosa, antes habremos pasado por dos aldeas anejas a esta villa: Santa Mar\u00eda y Ca\u00f1amares con f\u00e9rtil vega del r\u00edo hom\u00f3nimo, actualmente con escasa poblaci\u00f3n.<\/p>\n<!-- \/wp:paragraph -->\n\n<!-- wp:columns -->\n<div class=\"wp-block-columns\"><!-- wp:column {\"width\":\"60%\"} -->\n<div class=\"wp-block-column\" style=\"flex-basis:60%\"><!-- wp:heading {\"level\":3} -->\n<h3>Villahermosa<\/h3>\n<!-- \/wp:heading -->\n\n<!-- wp:paragraph -->\n<p>En Villahermosa el patrimonio art\u00edstico m\u00e1s valioso es la iglesia Nuestra Sra. de la Asunci\u00f3n, declarada Monumento Hist\u00f3rico-Art\u00edstico Nacional, de estilo g\u00f3tico tard\u00edo en su periodo de transici\u00f3n renacentista. Esta iglesia guarda un retablo-monumento con escenas de la Pasi\u00f3n, \u00fanico en el mundo, obra pict\u00f3rica estilo de la escuela florentina, que se montaba en la iglesia en la ma\u00f1ana de Jueves Santo. Merece verse con detenimiento sus capillas, la sacrist\u00eda, el coro, la torre, el p\u00f3rtico de estilo g\u00f3tico-isabelino, la puerta del Perd\u00f3n. Conserva una monumental tribuna de madera para el \u00f3rgano restaurado recientemente. Se celebran varios conciertos a lo largo del a\u00f1o, se puede asistir al menos a uno en agosto. Junto con Torre de Juan Abad y Terrinches ofrecen el ciclo de Conciertos Sonoridades.<\/p>\n<!-- \/wp:paragraph --><\/div>\n<!-- \/wp:column -->\n\n<!-- wp:column {\"width\":\"40%\"} -->\n<div class=\"wp-block-column\" style=\"flex-basis:40%\"><!-- wp:image {\"id\":1508,\"sizeSlug\":\"full\",\"linkDestination\":\"none\",\"className\":\"is-style-default\"} -->\n<figure class=\"wp-block-image size-full is-style-default\"><img loading=\"lazy\" decoding=\"async\" width=\"480\" height=\"640\" src=\"https:\/\/www.turismovillanuevadelosinfantes.es\/wp-content\/uploads\/2022\/04\/img7.jpg\" alt=\"\" class=\"wp-image-1508\" srcset=\"https:\/\/www.turismovillanuevadelosinfantes.es\/wp-content\/uploads\/2022\/04\/img7.jpg 480w, https:\/\/www.turismovillanuevadelosinfantes.es\/wp-content\/uploads\/2022\/04\/img7-225x300.jpg 225w, https:\/\/www.turismovillanuevadelosinfantes.es\/wp-content\/uploads\/2022\/04\/img7-9x12.jpg 9w\" sizes=\"(max-width: 480px) 100vw, 480px\" \/><\/figure>\n<!-- \/wp:image --><\/div>\n<!-- \/wp:column --><\/div>\n<!-- \/wp:columns -->\n\n<!-- wp:paragraph -->\n<p>Los s\u00e1bados, Villahermosa tiene un variado \u201cmercadillo\u201d. Pero adem\u00e1s esta localidad posee otros recursos naturales que la convierten en un enclave para disfrutar del contacto con la naturaleza, situado al norte del t\u00e9rmino municipal por la carretera CR-640 direcci\u00f3n Osa de Montiel a nuestra izquierda nos encontramos a 15 Km. con La Laguna Blanca, la Laguna de la Nava y un Bosque de sabinares protegido por estar en v\u00edas de extinci\u00f3n.<\/p>\n<!-- \/wp:paragraph -->\n\n<!-- wp:paragraph -->\n<p>En la Laguna Blanca -nos podemos dar un buen chapuz\u00f3n-, da comienzo el Parque Natural de las Lagunas de Ruidera. El r\u00edo Guadiana, seg\u00fan algunos ge\u00f3grafos, nace en su t\u00e9rmino, en los manantiales de los Zampo\u00f1ones.<\/p>\n<!-- \/wp:paragraph -->\n\n<!-- wp:paragraph -->\n<p>Villahermosa es un sitio con numerosos manantiales y aguas permanentes.<\/p>\n<!-- \/wp:paragraph -->\n\n<!-- wp:paragraph -->\n<p>Visitada la Laguna Blanca y pasear por el bosque de sabinares, volveremos a Villahermosa para dirigirnos por la carretera CR-6421 direcci\u00f3n Carrizosa a 16 km. donde se encuentra el santuario de la Virgen de la Carrasca construido en el s. XVI, destaca el retablo barroco donde se encuentra el camar\u00edn de la virgen. Se celebra una romer\u00eda en su honor el segundo s\u00e1bado de septiembre Es un conjunto ermita-plaza de toros donde se festejan corridas. En esta misma direcci\u00f3n antes de llegar al Santuario, se encuentra dos parajes naturales de propiedad privada: La L\u00f3brega y la Fuenlabrada. El primero a 6 Km. de Villahermosa sale un camino a la derecha donde se encuentra el cortijo La L\u00f3brega, cerca del mismo, en la cima se sit\u00faa el v\u00e9rtice geod\u00e9sico de la L\u00f3brega. El segundo m\u00e1s adelante a la izquierda se encuentra otro cortijo de finales del s. XIX, flaqueado por dos torres gemelas llamado La Fuenlabrada, rodeado por un paraje de gran belleza, antiguo caser\u00edo de labor, propiedad del Conde de Leyva. Se puede llegar tambi\u00e9n desde Carrizosa ( ver Ruta 5) pasando por el camino de la ermita de la Virgen del Salido. Hay autores que sit\u00faan en este paraje natural la aventura de las Bodas de Camacho. El pasaje corresponde a la narraci\u00f3n de la suculenta comida que disfrutaron los invitados a la Boda.<\/p>\n<!-- \/wp:paragraph -->\n\n<!-- wp:heading {\"level\":4} -->\n<h4><em>\u2026 De la parte desta enramada, si no me enga\u00f1o, sale un tufo y olor harto m\u00e1s de torreznos asados que de juncos y tomillos: bodas que por tales olores comienzan, para mi santiguada que deben de ser abundantes y generosas\u2026 Lo primero que se le ofreci\u00f3 a la vista de Sancho fue, espetado en un asador de un olmo entero, un entero novillo; y en el fuego donde se hab\u00eda de asar ard\u00eda un mediano monte de le\u00f1a, y seis ollas que alrededor de la hoguera estaban no se hab\u00edan hecho en la com\u00fan turquesa de las dem\u00e1s ollas, porque eran seis medias tinajas, que cada una cab\u00eda un rastro de carne: as\u00ed embeb\u00edan y encerraban en s\u00ed carneros enteros, sin echarse de ver, como si fueran palominos\u2026 Cont\u00f3 Sancho m\u00e1s de sesenta zaques de m\u00e1s de a dos arrobas cada uno, y todos llenos, seg\u00fan despu\u00e9s pareci\u00f3, de generosos vinos; as\u00ed hab\u00eda rimeros de pan blanqu\u00edsimo como los suele haber de montones de trigo en las eras; los quesos, puestos como ladrillos enrejados, formaban una muralla, y dos calderas de aceite mayores que las de un tinte serv\u00edan de fre\u00edr cosas de masa, que con dos valientes palas las sacaban fritas y las zabull\u00edan en otra caldera de preparada miel que all\u00ed junto estaba. .. Los cocineros y cocineras pasaban de cincuenta, todos limpios, todos diligentes y todos contentos. En el dilatado vientre del novillo estaban doce tiernos y peque\u00f1os lechones que, cosidos por encima, serv\u00edan de darle sabor y enternecerle. Las especias de diversas suertes no parec\u00eda haberlas comprado por libras, sino por arrobas, y todas estaban de manifiesto en una grande arca. Finalmente, el aparato de la boda era r\u00fastico, pero tan abundante, que pod\u00eda sustentar a un ej\u00e9rcito.(Cap. XX, II Parte)<\/em><\/h4>\n<!-- \/wp:heading -->\n\n<!-- wp:paragraph -->\n<p>Posiblemente el rico Camacho era Juan P\u00e9rez Canuto, una de las personas de mayor riqueza del partido. Cervantes pudo encontrase en la comarca y fuese un distinguido invitado, y le sirvi\u00f3 de motivo de inspiraci\u00f3n para elaborar esta aventura nupcial, en la que Cervantes quiso resaltar la riqueza del contrayente Camacho, en contraste con la pobreza de Basilio, el novio de siempre de Quiteria. Despu\u00e9s de visitar el Santuario volveremos al punto inicial para coger la carretera CM-412 Villahermosa- Villanueva de los Infantes para terminar de disfrutar por este recorrido del agua.<\/p>\n<!-- \/wp:paragraph -->\n\n<!-- wp:paragraph -->\n<p>A nueve kil\u00f3metros y asentado entre dos cerros nos encontramos con Fuenllana.<a rel=\"noreferrer noopener\" href=\"..\/..\/..\/images\/galerias\/rutas_montiel\/ruta6\/villahermosa\/img6.jpg\" target=\"_blank\"><\/a><\/p>\n<!-- \/wp:paragraph -->\n\n<!-- wp:columns -->\n<div class=\"wp-block-columns\"><!-- wp:column {\"width\":\"40%\"} -->\n<div class=\"wp-block-column\" style=\"flex-basis:40%\"><!-- wp:image {\"id\":1509,\"sizeSlug\":\"full\",\"linkDestination\":\"none\",\"className\":\"is-style-default\"} -->\n<figure class=\"wp-block-image size-full is-style-default\"><img loading=\"lazy\" decoding=\"async\" width=\"640\" height=\"909\" src=\"https:\/\/www.turismovillanuevadelosinfantes.es\/wp-content\/uploads\/2022\/04\/img13-1.jpg\" alt=\"\" class=\"wp-image-1509\" srcset=\"https:\/\/www.turismovillanuevadelosinfantes.es\/wp-content\/uploads\/2022\/04\/img13-1.jpg 640w, https:\/\/www.turismovillanuevadelosinfantes.es\/wp-content\/uploads\/2022\/04\/img13-1-211x300.jpg 211w, https:\/\/www.turismovillanuevadelosinfantes.es\/wp-content\/uploads\/2022\/04\/img13-1-500x710.jpg 500w\" sizes=\"(max-width: 640px) 100vw, 640px\" \/><\/figure>\n<!-- \/wp:image --><\/div>\n<!-- \/wp:column -->\n\n<!-- wp:column {\"width\":\"60%\"} -->\n<div class=\"wp-block-column\" style=\"flex-basis:60%\"><!-- wp:heading {\"level\":3} -->\n<h3>Fuenllana<\/h3>\n<!-- \/wp:heading -->\n\n<!-- wp:paragraph -->\n<p>Fuenllana es un precioso pueblecito coronado a los pies de uno de ellos por el castillo, actualmente en v\u00edas de reconstrucci\u00f3n, convertido en Iglesia tras la p\u00e9rdida de su funci\u00f3n defensiva en el s. XV.<\/p>\n<!-- \/wp:paragraph -->\n\n<!-- wp:paragraph -->\n<p>El pueblo toma su nombre de una generosa fuente que ten\u00eda el lugar. En las afueras el Lavadero de las Monjas, conjunto de pilas de piedra donde antiguamente las mujeres se reun\u00edan para lavar la ropa; entra\u00f1able testimonio de las penurias y las relaciones de un pasado reciente<\/p>\n<!-- \/wp:paragraph -->\n\n<!-- wp:paragraph -->\n<p>Este pintoresco pueblo tiene un bello ayuntamiento construido sobre lo que fue el convento de san Agust\u00edn, sobre la casa bautismal de santo Tom\u00e1s de Villanueva, patr\u00f3n de la localidad, en el que se puede visitar el claustro.<\/p>\n<!-- \/wp:paragraph --><\/div>\n<!-- \/wp:column --><\/div>\n<!-- \/wp:columns -->\n\n<!-- wp:paragraph -->\n<p>Auspiciada por la Plataforma Campo de Montiel origen del Quijote La enramada Fuenllana celebra las Bodas de Camacho durante la primera quincena de julio. Es el escenario natural para recrear y observar la inspiraci\u00f3n de la que Cervantes plasm\u00f3 en el Quijote.<\/p>\n<!-- \/wp:paragraph -->\n\n<!-- wp:paragraph -->\n<p>Sus d\u00edas grandes son santa Rita, el 22 de mayo&nbsp;y el 18 de septiembre santo Tom\u00e1s de Villanueva.<\/p>\n<!-- \/wp:paragraph -->\n\n<!-- wp:paragraph -->\n<p>Apenas a 3 Km entre Fuenllana y Villanueva de los Infantes se encuentra unas cuestas llamadas Las Cabeza, justo antes de llegar al lugar se contempla la totalidad del pueblo para descender directamente hacia \u00e9l. Aqu\u00ed se encuentra el llamado suspiro de Sancho. Tras la derrota por el caballero de los Espejos en la playa de Barcelona, don Quijote y Sancho regresan a su pueblo:<\/p>\n<!-- \/wp:paragraph -->\n\n<!-- wp:heading {\"level\":4} -->\n<h4><em>\u2026 subieron una cuesta arriba, desde la cual descubrieron su aldea, la cual, vista de Sancho, se hinc\u00f3 de rodillas y dijo. \u2013 Abre los ojos, deseada patria, y mira que vuelve a ti Sancho Panza, tu hijo, \u2026<\/em><\/h4>\n<!-- \/wp:heading -->\n\n<!-- wp:paragraph -->\n<p>Con esto, bajaron de la cuesta y se fueron a su pueblo (Cap. 72, II Parte)<\/p>\n<!-- \/wp:paragraph -->\n\n<!-- wp:paragraph -->\n<p>La ruta 6 de esta octava jornada termina con la misi\u00f3n cumplida de haber disfrutado con la gastronom\u00eda local, haber visitado museos, ermitas- santuarios, r\u00edos, lagunas, manantiales y alg\u00fan chapuz\u00f3n en los innumerables puntos mencionados.<\/p>\n<!-- \/wp:paragraph --><\/div>\n\t\t\t\t\t\t\t<\/div>\n\t\t<\/div>\n\t\t\t\t\t\t<\/div>\n\t\t\t\t<\/div>\n\t\t\t\t\t<\/div>\n\t\t<\/div>\n\t\t\t\t<div class=\"elementor-column elementor-col-16 elementor-top-column elementor-element elementor-element-ad52dbd\" data-id=\"ad52dbd\" data-element_type=\"column\">\n\t\t\t<div class=\"elementor-widget-wrap\">\n\t\t\t\t\t\t\t<\/div>\n\t\t<\/div>\n\t\t\t\t\t<\/div>\n\t\t<\/section>\n\t\t\t\t<section class=\"elementor-section elementor-top-section elementor-element elementor-element-c11d257 elementor-section-boxed elementor-section-height-default elementor-section-height-default\" data-id=\"c11d257\" data-element_type=\"section\">\n\t\t\t\t\t\t<div class=\"elementor-container elementor-column-gap-default\">\n\t\t\t\t\t<div class=\"elementor-column elementor-col-100 elementor-top-column elementor-element elementor-element-a8536f2\" data-id=\"a8536f2\" data-element_type=\"column\">\n\t\t\t<div class=\"elementor-widget-wrap\">\n\t\t\t\t\t\t\t<\/div>\n\t\t<\/div>\n\t\t\t\t\t<\/div>\n\t\t<\/section>\n\t\t\t\t<\/div>","protected":false},"excerpt":{"rendered":"<p>Una jornada al sur del Campo de Montiel, donde hemos visto fortalezas, r\u00edos, museos, casas se\u00f1oriales, paisajes naturales, y una visita muy de moda hoy en d\u00eda como son las bodegas. A 10 km. de C\u00f3zar se encuentra Infantes, volvemos al lugar en la misma direcci\u00f3n, aunque por caminos diferentes, que don Quijote cuando volvi\u00f3 &hellip; <\/p>\n<p class=\"link-more\"><a href=\"https:\/\/www.turismovillanuevadelosinfantes.es\/en\/alrededores\/\" class=\"more-link\">Read more<span class=\"screen-reader-text\"> \u00abAlrededores\u00bb<\/span><\/a><\/p>","protected":false},"author":1,"featured_media":1436,"parent":0,"menu_order":0,"comment_status":"closed","ping_status":"closed","template":"page-templates\/full-width-no-title.php","meta":{"footnotes":""},"class_list":["post-626","page","type-page","status-publish","has-post-thumbnail","hentry"],"_links":{"self":[{"href":"https:\/\/www.turismovillanuevadelosinfantes.es\/en\/wp-json\/wp\/v2\/pages\/626","targetHints":{"allow":["GET"]}}],"collection":[{"href":"https:\/\/www.turismovillanuevadelosinfantes.es\/en\/wp-json\/wp\/v2\/pages"}],"about":[{"href":"https:\/\/www.turismovillanuevadelosinfantes.es\/en\/wp-json\/wp\/v2\/types\/page"}],"author":[{"embeddable":true,"href":"https:\/\/www.turismovillanuevadelosinfantes.es\/en\/wp-json\/wp\/v2\/users\/1"}],"replies":[{"embeddable":true,"href":"https:\/\/www.turismovillanuevadelosinfantes.es\/en\/wp-json\/wp\/v2\/comments?post=626"}],"version-history":[{"count":41,"href":"https:\/\/www.turismovillanuevadelosinfantes.es\/en\/wp-json\/wp\/v2\/pages\/626\/revisions"}],"predecessor-version":[{"id":3148,"href":"https:\/\/www.turismovillanuevadelosinfantes.es\/en\/wp-json\/wp\/v2\/pages\/626\/revisions\/3148"}],"wp:featuredmedia":[{"embeddable":true,"href":"https:\/\/www.turismovillanuevadelosinfantes.es\/en\/wp-json\/wp\/v2\/media\/1436"}],"wp:attachment":[{"href":"https:\/\/www.turismovillanuevadelosinfantes.es\/en\/wp-json\/wp\/v2\/media?parent=626"}],"curies":[{"name":"wp","href":"https:\/\/api.w.org\/{rel}","templated":true}]}}