{"id":606,"date":"2022-03-29T11:55:33","date_gmt":"2022-03-29T11:55:33","guid":{"rendered":"https:\/\/www.turismovillanuevadelosinfantes.es\/?page_id=606"},"modified":"2026-04-10T10:56:39","modified_gmt":"2026-04-10T10:56:39","slug":"alojamientos","status":"publish","type":"page","link":"https:\/\/www.turismovillanuevadelosinfantes.es\/en\/alojamientos\/","title":{"rendered":"Accommodations"},"content":{"rendered":"<div data-elementor-type=\"wp-page\" data-elementor-id=\"606\" class=\"elementor elementor-606\" data-elementor-post-type=\"page\">\n\t\t\t\t\t\t<section class=\"elementor-section elementor-top-section elementor-element elementor-element-470f827 elementor-section-full_width elementor-section-height-min-height elementor-section-height-default elementor-section-items-middle\" data-id=\"470f827\" data-element_type=\"section\" data-settings=\"{&quot;background_background&quot;:&quot;classic&quot;,&quot;background_motion_fx_motion_fx_scrolling&quot;:&quot;yes&quot;,&quot;background_motion_fx_translateY_effect&quot;:&quot;yes&quot;,&quot;background_motion_fx_translateY_speed&quot;:{&quot;unit&quot;:&quot;px&quot;,&quot;size&quot;:5,&quot;sizes&quot;:[]},&quot;shape_divider_top&quot;:&quot;wave-brush&quot;,&quot;shape_divider_bottom&quot;:&quot;wave-brush&quot;,&quot;background_motion_fx_translateY_affectedRange&quot;:{&quot;unit&quot;:&quot;%&quot;,&quot;size&quot;:&quot;&quot;,&quot;sizes&quot;:{&quot;start&quot;:0,&quot;end&quot;:100}},&quot;background_motion_fx_devices&quot;:[&quot;desktop&quot;,&quot;tablet&quot;,&quot;mobile&quot;]}\">\n\t\t\t\t\t\t\t<div class=\"elementor-background-overlay\"><\/div>\n\t\t\t\t\t\t<div class=\"elementor-shape elementor-shape-top\" aria-hidden=\"true\" data-negative=\"false\">\n\t\t\t<svg xmlns=\"http:\/\/www.w3.org\/2000\/svg\" viewbox=\"0 0 283.5 27.8\" preserveaspectratio=\"none\">\n\t<path class=\"elementor-shape-fill\" d=\"M283.5,9.7c0,0-7.3,4.3-14,4.6c-6.8,0.3-12.6,0-20.9-1.5c-11.3-2-33.1-10.1-44.7-5.7\ts-12.1,4.6-18,7.4c-6.6,3.2-20,9.6-36.6,9.3C131.6,23.5,99.5,7.2,86.3,8c-1.4,0.1-6.6,0.8-10.5,2c-3.8,1.2-9.4,3.8-17,4.7\tc-3.2,0.4-8.3,1.1-14.2,0.9c-1.5-0.1-6.3-0.4-12-1.6c-5.7-1.2-11-3.1-15.8-3.7C6.5,9.2,0,10.8,0,10.8V0h283.5V9.7z M260.8,11.3\tc-0.7-1-2-0.4-4.3-0.4c-2.3,0-6.1-1.2-5.8-1.1c0.3,0.1,3.1,1.5,6,1.9C259.7,12.2,261.4,12.3,260.8,11.3z M242.4,8.6\tc0,0-2.4-0.2-5.6-0.9c-3.2-0.8-10.3-2.8-15.1-3.5c-8.2-1.1-15.8,0-15.1,0.1c0.8,0.1,9.6-0.6,17.6,1.1c3.3,0.7,9.3,2.2,12.4,2.7\tC239.9,8.7,242.4,8.6,242.4,8.6z M185.2,8.5c1.7-0.7-13.3,4.7-18.5,6.1c-2.1,0.6-6.2,1.6-10,2c-3.9,0.4-8.9,0.4-8.8,0.5\tc0,0.2,5.8,0.8,11.2,0c5.4-0.8,5.2-1.1,7.6-1.6C170.5,14.7,183.5,9.2,185.2,8.5z M199.1,6.9c0.2,0-0.8-0.4-4.8,1.1\tc-4,1.5-6.7,3.5-6.9,3.7c-0.2,0.1,3.5-1.8,6.6-3C197,7.5,199,6.9,199.1,6.9z M283,6c-0.1,0.1-1.9,1.1-4.8,2.5s-6.9,2.8-6.7,2.7\tc0.2,0,3.5-0.6,7.4-2.5C282.8,6.8,283.1,5.9,283,6z M31.3,11.6c0.1-0.2-1.9-0.2-4.5-1.2s-5.4-1.6-7.8-2C15,7.6,7.3,8.5,7.7,8.6\tC8,8.7,15.9,8.3,20.2,9.3c2.2,0.5,2.4,0.5,5.7,1.6S31.2,11.9,31.3,11.6z M73,9.2c0.4-0.1,3.5-1.6,8.4-2.6c4.9-1.1,8.9-0.5,8.9-0.8\tc0-0.3-1-0.9-6.2-0.3S72.6,9.3,73,9.2z M71.6,6.7C71.8,6.8,75,5.4,77.3,5c2.3-0.3,1.9-0.5,1.9-0.6c0-0.1-1.1-0.2-2.7,0.2\tC74.8,5.1,71.4,6.6,71.6,6.7z M93.6,4.4c0.1,0.2,3.5,0.8,5.6,1.8c2.1,1,1.8,0.6,1.9,0.5c0.1-0.1-0.8-0.8-2.4-1.3\tC97.1,4.8,93.5,4.2,93.6,4.4z M65.4,11.1c-0.1,0.3,0.3,0.5,1.9-0.2s2.6-1.3,2.2-1.2s-0.9,0.4-2.5,0.8C65.3,10.9,65.5,10.8,65.4,11.1\tz M34.5,12.4c-0.2,0,2.1,0.8,3.3,0.9c1.2,0.1,2,0.1,2-0.2c0-0.3-0.1-0.5-1.6-0.4C36.6,12.8,34.7,12.4,34.5,12.4z M152.2,21.1\tc-0.1,0.1-2.4-0.3-7.5-0.3c-5,0-13.6-2.4-17.2-3.5c-3.6-1.1,10,3.9,16.5,4.1C150.5,21.6,152.3,21,152.2,21.1z\"\/>\n\t<path class=\"elementor-shape-fill\" d=\"M269.6,18c-0.1-0.1-4.6,0.3-7.2,0c-7.3-0.7-17-3.2-16.6-2.9c0.4,0.3,13.7,3.1,17,3.3\tC267.7,18.8,269.7,18,269.6,18z\"\/>\n\t<path class=\"elementor-shape-fill\" d=\"M227.4,9.8c-0.2-0.1-4.5-1-9.5-1.2c-5-0.2-12.7,0.6-12.3,0.5c0.3-0.1,5.9-1.8,13.3-1.2\tS227.6,9.9,227.4,9.8z\"\/>\n\t<path class=\"elementor-shape-fill\" d=\"M204.5,13.4c-0.1-0.1,2-1,3.2-1.1c1.2-0.1,2,0,2,0.3c0,0.3-0.1,0.5-1.6,0.4\tC206.4,12.9,204.6,13.5,204.5,13.4z\"\/>\n\t<path class=\"elementor-shape-fill\" d=\"M201,10.6c0-0.1-4.4,1.2-6.3,2.2c-1.9,0.9-6.2,3.1-6.1,3.1c0.1,0.1,4.2-1.6,6.3-2.6\tS201,10.7,201,10.6z\"\/>\n\t<path class=\"elementor-shape-fill\" d=\"M154.5,26.7c-0.1-0.1-4.6,0.3-7.2,0c-7.3-0.7-17-3.2-16.6-2.9c0.4,0.3,13.7,3.1,17,3.3\tC152.6,27.5,154.6,26.8,154.5,26.7z\"\/>\n\t<path class=\"elementor-shape-fill\" d=\"M41.9,19.3c0,0,1.2-0.3,2.9-0.1c1.7,0.2,5.8,0.9,8.2,0.7c4.2-0.4,7.4-2.7,7-2.6\tc-0.4,0-4.3,2.2-8.6,1.9c-1.8-0.1-5.1-0.5-6.7-0.4S41.9,19.3,41.9,19.3z\"\/>\n\t<path class=\"elementor-shape-fill\" d=\"M75.5,12.6c0.2,0.1,2-0.8,4.3-1.1c2.3-0.2,2.1-0.3,2.1-0.5c0-0.1-1.8-0.4-3.4,0\tC76.9,11.5,75.3,12.5,75.5,12.6z\"\/>\n\t<path class=\"elementor-shape-fill\" d=\"M15.6,13.2c0-0.1,4.3,0,6.7,0.5c2.4,0.5,5,1.9,5,2c0,0.1-2.7-0.8-5.1-1.4\tC19.9,13.7,15.7,13.3,15.6,13.2z\"\/>\n<\/svg>\t\t<\/div>\n\t\t\t\t<div class=\"elementor-shape elementor-shape-bottom\" aria-hidden=\"true\" data-negative=\"false\">\n\t\t\t<svg xmlns=\"http:\/\/www.w3.org\/2000\/svg\" viewbox=\"0 0 283.5 27.8\" preserveaspectratio=\"none\">\n\t<path class=\"elementor-shape-fill\" d=\"M283.5,9.7c0,0-7.3,4.3-14,4.6c-6.8,0.3-12.6,0-20.9-1.5c-11.3-2-33.1-10.1-44.7-5.7\ts-12.1,4.6-18,7.4c-6.6,3.2-20,9.6-36.6,9.3C131.6,23.5,99.5,7.2,86.3,8c-1.4,0.1-6.6,0.8-10.5,2c-3.8,1.2-9.4,3.8-17,4.7\tc-3.2,0.4-8.3,1.1-14.2,0.9c-1.5-0.1-6.3-0.4-12-1.6c-5.7-1.2-11-3.1-15.8-3.7C6.5,9.2,0,10.8,0,10.8V0h283.5V9.7z M260.8,11.3\tc-0.7-1-2-0.4-4.3-0.4c-2.3,0-6.1-1.2-5.8-1.1c0.3,0.1,3.1,1.5,6,1.9C259.7,12.2,261.4,12.3,260.8,11.3z M242.4,8.6\tc0,0-2.4-0.2-5.6-0.9c-3.2-0.8-10.3-2.8-15.1-3.5c-8.2-1.1-15.8,0-15.1,0.1c0.8,0.1,9.6-0.6,17.6,1.1c3.3,0.7,9.3,2.2,12.4,2.7\tC239.9,8.7,242.4,8.6,242.4,8.6z M185.2,8.5c1.7-0.7-13.3,4.7-18.5,6.1c-2.1,0.6-6.2,1.6-10,2c-3.9,0.4-8.9,0.4-8.8,0.5\tc0,0.2,5.8,0.8,11.2,0c5.4-0.8,5.2-1.1,7.6-1.6C170.5,14.7,183.5,9.2,185.2,8.5z M199.1,6.9c0.2,0-0.8-0.4-4.8,1.1\tc-4,1.5-6.7,3.5-6.9,3.7c-0.2,0.1,3.5-1.8,6.6-3C197,7.5,199,6.9,199.1,6.9z M283,6c-0.1,0.1-1.9,1.1-4.8,2.5s-6.9,2.8-6.7,2.7\tc0.2,0,3.5-0.6,7.4-2.5C282.8,6.8,283.1,5.9,283,6z M31.3,11.6c0.1-0.2-1.9-0.2-4.5-1.2s-5.4-1.6-7.8-2C15,7.6,7.3,8.5,7.7,8.6\tC8,8.7,15.9,8.3,20.2,9.3c2.2,0.5,2.4,0.5,5.7,1.6S31.2,11.9,31.3,11.6z M73,9.2c0.4-0.1,3.5-1.6,8.4-2.6c4.9-1.1,8.9-0.5,8.9-0.8\tc0-0.3-1-0.9-6.2-0.3S72.6,9.3,73,9.2z M71.6,6.7C71.8,6.8,75,5.4,77.3,5c2.3-0.3,1.9-0.5,1.9-0.6c0-0.1-1.1-0.2-2.7,0.2\tC74.8,5.1,71.4,6.6,71.6,6.7z M93.6,4.4c0.1,0.2,3.5,0.8,5.6,1.8c2.1,1,1.8,0.6,1.9,0.5c0.1-0.1-0.8-0.8-2.4-1.3\tC97.1,4.8,93.5,4.2,93.6,4.4z M65.4,11.1c-0.1,0.3,0.3,0.5,1.9-0.2s2.6-1.3,2.2-1.2s-0.9,0.4-2.5,0.8C65.3,10.9,65.5,10.8,65.4,11.1\tz M34.5,12.4c-0.2,0,2.1,0.8,3.3,0.9c1.2,0.1,2,0.1,2-0.2c0-0.3-0.1-0.5-1.6-0.4C36.6,12.8,34.7,12.4,34.5,12.4z M152.2,21.1\tc-0.1,0.1-2.4-0.3-7.5-0.3c-5,0-13.6-2.4-17.2-3.5c-3.6-1.1,10,3.9,16.5,4.1C150.5,21.6,152.3,21,152.2,21.1z\"\/>\n\t<path class=\"elementor-shape-fill\" d=\"M269.6,18c-0.1-0.1-4.6,0.3-7.2,0c-7.3-0.7-17-3.2-16.6-2.9c0.4,0.3,13.7,3.1,17,3.3\tC267.7,18.8,269.7,18,269.6,18z\"\/>\n\t<path class=\"elementor-shape-fill\" d=\"M227.4,9.8c-0.2-0.1-4.5-1-9.5-1.2c-5-0.2-12.7,0.6-12.3,0.5c0.3-0.1,5.9-1.8,13.3-1.2\tS227.6,9.9,227.4,9.8z\"\/>\n\t<path class=\"elementor-shape-fill\" d=\"M204.5,13.4c-0.1-0.1,2-1,3.2-1.1c1.2-0.1,2,0,2,0.3c0,0.3-0.1,0.5-1.6,0.4\tC206.4,12.9,204.6,13.5,204.5,13.4z\"\/>\n\t<path class=\"elementor-shape-fill\" d=\"M201,10.6c0-0.1-4.4,1.2-6.3,2.2c-1.9,0.9-6.2,3.1-6.1,3.1c0.1,0.1,4.2-1.6,6.3-2.6\tS201,10.7,201,10.6z\"\/>\n\t<path class=\"elementor-shape-fill\" d=\"M154.5,26.7c-0.1-0.1-4.6,0.3-7.2,0c-7.3-0.7-17-3.2-16.6-2.9c0.4,0.3,13.7,3.1,17,3.3\tC152.6,27.5,154.6,26.8,154.5,26.7z\"\/>\n\t<path class=\"elementor-shape-fill\" d=\"M41.9,19.3c0,0,1.2-0.3,2.9-0.1c1.7,0.2,5.8,0.9,8.2,0.7c4.2-0.4,7.4-2.7,7-2.6\tc-0.4,0-4.3,2.2-8.6,1.9c-1.8-0.1-5.1-0.5-6.7-0.4S41.9,19.3,41.9,19.3z\"\/>\n\t<path class=\"elementor-shape-fill\" d=\"M75.5,12.6c0.2,0.1,2-0.8,4.3-1.1c2.3-0.2,2.1-0.3,2.1-0.5c0-0.1-1.8-0.4-3.4,0\tC76.9,11.5,75.3,12.5,75.5,12.6z\"\/>\n\t<path class=\"elementor-shape-fill\" d=\"M15.6,13.2c0-0.1,4.3,0,6.7,0.5c2.4,0.5,5,1.9,5,2c0,0.1-2.7-0.8-5.1-1.4\tC19.9,13.7,15.7,13.3,15.6,13.2z\"\/>\n<\/svg>\t\t<\/div>\n\t\t\t\t\t<div class=\"elementor-container elementor-column-gap-default\">\n\t\t\t\t\t<div class=\"elementor-column elementor-col-100 elementor-top-column elementor-element elementor-element-5e80557\" data-id=\"5e80557\" data-element_type=\"column\">\n\t\t\t<div class=\"elementor-widget-wrap elementor-element-populated\">\n\t\t\t\t\t\t<div class=\"elementor-element elementor-element-9518051 elementor-widget elementor-widget-theme-post-title elementor-page-title elementor-widget-heading\" data-id=\"9518051\" data-element_type=\"widget\" data-widget_type=\"theme-post-title.default\">\n\t\t\t\t<div class=\"elementor-widget-container\">\n\t\t\t\t\t<h1 class=\"elementor-heading-title elementor-size-default\">Accommodations<\/h1>\t\t\t\t<\/div>\n\t\t\t\t<\/div>\n\t\t\t\t\t<\/div>\n\t\t<\/div>\n\t\t\t\t\t<\/div>\n\t\t<\/section>\n\t\t\t\t<section class=\"elementor-section elementor-top-section elementor-element elementor-element-a66566f elementor-section-boxed elementor-section-height-default elementor-section-height-default\" data-id=\"a66566f\" data-element_type=\"section\">\n\t\t\t\t\t\t<div class=\"elementor-container elementor-column-gap-default\">\n\t\t\t\t\t<div class=\"elementor-column elementor-col-100 elementor-top-column elementor-element elementor-element-2435725\" data-id=\"2435725\" data-element_type=\"column\">\n\t\t\t<div class=\"elementor-widget-wrap elementor-element-populated\">\n\t\t\t\t\t\t<div class=\"elementor-element elementor-element-2be0df5 elementor-widget elementor-widget-spacer\" data-id=\"2be0df5\" data-element_type=\"widget\" data-widget_type=\"spacer.default\">\n\t\t\t\t<div class=\"elementor-widget-container\">\n\t\t\t\t\t\t\t<div class=\"elementor-spacer\">\n\t\t\t<div class=\"elementor-spacer-inner\"><\/div>\n\t\t<\/div>\n\t\t\t\t\t\t<\/div>\n\t\t\t\t<\/div>\n\t\t\t\t\t<\/div>\n\t\t<\/div>\n\t\t\t\t\t<\/div>\n\t\t<\/section>\n\t\t\t\t<section class=\"elementor-section elementor-top-section elementor-element elementor-element-81fcec5 elementor-section-boxed elementor-section-height-default elementor-section-height-default\" data-id=\"81fcec5\" data-element_type=\"section\">\n\t\t\t\t\t\t<div class=\"elementor-container elementor-column-gap-default\">\n\t\t\t\t\t<div class=\"elementor-column elementor-col-25 elementor-top-column elementor-element elementor-element-acbf655\" data-id=\"acbf655\" data-element_type=\"column\">\n\t\t\t<div class=\"elementor-widget-wrap\">\n\t\t\t\t\t\t\t<\/div>\n\t\t<\/div>\n\t\t\t\t<div class=\"elementor-column elementor-col-50 elementor-top-column elementor-element elementor-element-b5693d3\" data-id=\"b5693d3\" data-element_type=\"column\">\n\t\t\t<div class=\"elementor-widget-wrap elementor-element-populated\">\n\t\t\t\t\t\t<div class=\"elementor-element elementor-element-3540be5 elementor-widget elementor-widget-eael-adv-accordion\" data-id=\"3540be5\" data-element_type=\"widget\" data-widget_type=\"eael-adv-accordion.default\">\n\t\t\t\t<div class=\"elementor-widget-container\">\n\t\t\t\t\t        <div class=\"eael-adv-accordion\" id=\"eael-adv-accordion-3540be5\" data-scroll-on-click=\"\" data-scroll-speed=\"300\" data-accordion-id=\"3540be5\" data-accordion-type=\"accordion\" data-toogle-speed=\"300\">\n    <div class=\"eael-accordion-list\">\n                <div id=\"hotel-rural-la-morada-de-juan-vargas\" class=\"elementor-tab-title eael-accordion-header\" tabindex=\"0\" data-tab=\"1\" aria-controls=\"elementor-tab-content-5581\"><span class=\"eael-advanced-accordion-icon-closed\"><i aria-hidden=\"true\" class=\"fa-accordion-icon fas fa-bed\"><\/i><\/span><span class=\"eael-advanced-accordion-icon-opened\"><i aria-hidden=\"true\" class=\"fa-accordion-icon fas fa-minus\"><\/i><\/span><span class=\"eael-accordion-tab-title\">Hotel Rural La Morada de Juan Vargas<\/span><i aria-hidden=\"true\" class=\"fa-toggle fas fa-plus\"><\/i><\/div><div id=\"elementor-tab-content-5581\" class=\"eael-accordion-content clearfix\" data-tab=\"1\" aria-labelledby=\"hotel-rural-la-morada-de-juan-vargas\"><p>\u2b50\u2b50\u2b50<\/p><p><span style=\"color: #a31c1c;\"><strong>Direcci\u00f3n:<\/strong> <\/span>Calle Cervantes, 3<\/p><p><span style=\"color: #a31c1c;\"><strong>Tel\u00e9fono:<\/strong><\/span> 926 361 769 \u2013 654 541 721<\/p><p><span style=\"color: #a31c1c;\"><strong>Web: <\/strong><\/span><a href=\"http:\/\/www.lamoradadevargas.com\">www.lamoradadevargas.com<\/a><\/p><\/div>\n                <\/div><div class=\"eael-accordion-list\">\n                <div id=\"hostal-la-gavilla\" class=\"elementor-tab-title eael-accordion-header\" tabindex=\"0\" data-tab=\"2\" aria-controls=\"elementor-tab-content-5582\"><span class=\"eael-advanced-accordion-icon-closed\"><i aria-hidden=\"true\" class=\"fa-accordion-icon fas fa-bed\"><\/i><\/span><span class=\"eael-advanced-accordion-icon-opened\"><i aria-hidden=\"true\" class=\"fa-accordion-icon fas fa-minus\"><\/i><\/span><span class=\"eael-accordion-tab-title\">Hostal La Gavilla<\/span><i aria-hidden=\"true\" class=\"fa-toggle fas fa-plus\"><\/i><\/div><div id=\"elementor-tab-content-5582\" class=\"eael-accordion-content clearfix\" data-tab=\"2\" aria-labelledby=\"hostal-la-gavilla\"><p><span style=\"color: #a31c1c;\"><strong>Direcci\u00f3n:<\/strong> <\/span>Calle Campo de Montiel, 6<\/p><p><span style=\"color: #a31c1c;\"><strong>Tel\u00e9fono:<\/strong><\/span> 650 259 714 &#8211; 926 361 893<\/p><p><span style=\"color: #a31c1c;\"><strong>Web: <\/strong><\/span><a href=\"http:\/\/www.lagavilla.es\">www.lagavilla.es<\/a><\/p><\/div>\n                <\/div><div class=\"eael-accordion-list\">\n                <div id=\"casa-rural-los-galanes\" class=\"elementor-tab-title eael-accordion-header\" tabindex=\"0\" data-tab=\"3\" aria-controls=\"elementor-tab-content-5583\"><span class=\"eael-advanced-accordion-icon-closed\"><i aria-hidden=\"true\" class=\"fa-accordion-icon fas fa-bed\"><\/i><\/span><span class=\"eael-advanced-accordion-icon-opened\"><i aria-hidden=\"true\" class=\"fa-accordion-icon fas fa-minus\"><\/i><\/span><span class=\"eael-accordion-tab-title\">Casa Rural Los Galanes<\/span><i aria-hidden=\"true\" class=\"fa-toggle fas fa-plus\"><\/i><\/div><div id=\"elementor-tab-content-5583\" class=\"eael-accordion-content clearfix\" data-tab=\"3\" aria-labelledby=\"casa-rural-los-galanes\"><p><span style=\"color: #a31c1c;\"><strong>Direcci\u00f3n:<\/strong> <\/span>Calle Infantes de Arag\u00f3n, 1<\/p><p><span style=\"color: #a31c1c;\"><strong>Tel\u00e9fono:<\/strong><\/span> 926 361 995- 658 691 409<\/p><p><span style=\"color: #a31c1c;\"><strong>Web: <\/strong><\/span><a href=\"http:\/\/www.casalosgalanes.com\">www.casalosgalanes.com<\/a><\/p><\/div>\n                <\/div><div class=\"eael-accordion-list\">\n                <div id=\"casa-rural-los-girones-pacheco\" class=\"elementor-tab-title eael-accordion-header\" tabindex=\"0\" data-tab=\"4\" aria-controls=\"elementor-tab-content-5584\"><span class=\"eael-advanced-accordion-icon-closed\"><i aria-hidden=\"true\" class=\"fa-accordion-icon fas fa-bed\"><\/i><\/span><span class=\"eael-advanced-accordion-icon-opened\"><i aria-hidden=\"true\" class=\"fa-accordion-icon fas fa-minus\"><\/i><\/span><span class=\"eael-accordion-tab-title\">Casa Rural Los Girones Pacheco<\/span><i aria-hidden=\"true\" class=\"fa-toggle fas fa-plus\"><\/i><\/div><div id=\"elementor-tab-content-5584\" class=\"eael-accordion-content clearfix\" data-tab=\"4\" aria-labelledby=\"casa-rural-los-girones-pacheco\"><p><span style=\"color: #a31c1c;\"><strong>Direcci\u00f3n:<\/strong> <\/span>Calle Ram\u00f3n y Cajal, 29<\/p><p><span style=\"color: #a31c1c;\"><strong>Tel\u00e9fono:<\/strong><\/span> 665 521 414-926 361 346<\/p><p><span style=\"color: #a31c1c;\"><strong>Web:\u00a0<\/strong><\/span><a href=\"http:\/\/www.losgirones.com\">www.losgirones.com<\/a><\/p><\/div>\n                <\/div><div class=\"eael-accordion-list\">\n                <div id=\"vivienda-de-uso-turstico-el-jabaln\" class=\"elementor-tab-title eael-accordion-header\" tabindex=\"0\" data-tab=\"5\" aria-controls=\"elementor-tab-content-5585\"><span class=\"eael-advanced-accordion-icon-closed\"><i aria-hidden=\"true\" class=\"fa-accordion-icon fas fa-bed\"><\/i><\/span><span class=\"eael-advanced-accordion-icon-opened\"><i aria-hidden=\"true\" class=\"fa-accordion-icon fas fa-minus\"><\/i><\/span><span class=\"eael-accordion-tab-title\">Vivienda de uso tur\u00edstico El Jabal\u00f3n<\/span><i aria-hidden=\"true\" class=\"fa-toggle fas fa-plus\"><\/i><\/div><div id=\"elementor-tab-content-5585\" class=\"eael-accordion-content clearfix\" data-tab=\"5\" aria-labelledby=\"vivienda-de-uso-turstico-el-jabaln\"><p><span style=\"color: #a31c1c;\"><strong>Direcci\u00f3n:<\/strong> <\/span>Calle Disvar\u00f3n, 38<\/p><p><span style=\"color: #a31c1c;\"><strong>Tel\u00e9fono:<\/strong><\/span> 647 468 265<\/p><p><span style=\"color: #a31c1c;\"><strong>Web: <\/strong><\/span><a href=\"http:\/\/www.eljabalon.com\">www.eljabalon.com<\/a><\/p><\/div>\n                <\/div><div class=\"eael-accordion-list\">\n                <div id=\"casa-rural-las-violetas\" class=\"elementor-tab-title eael-accordion-header\" tabindex=\"0\" data-tab=\"6\" aria-controls=\"elementor-tab-content-5586\"><span class=\"eael-advanced-accordion-icon-closed\"><i aria-hidden=\"true\" class=\"fa-accordion-icon fas fa-bed\"><\/i><\/span><span class=\"eael-advanced-accordion-icon-opened\"><i aria-hidden=\"true\" class=\"fa-accordion-icon fas fa-minus\"><\/i><\/span><span class=\"eael-accordion-tab-title\">Casa Rural Las Violetas<\/span><i aria-hidden=\"true\" class=\"fa-toggle fas fa-plus\"><\/i><\/div><div id=\"elementor-tab-content-5586\" class=\"eael-accordion-content clearfix\" data-tab=\"6\" aria-labelledby=\"casa-rural-las-violetas\"><p><span style=\"color: #a31c1c;\"><strong>Direcci\u00f3n:<\/strong> <\/span>Calle Huerta del Moral, 10<\/p><p><span style=\"color: #a31c1c;\"><strong>Tel\u00e9fono:<\/strong><\/span> 640 765 684<\/p><p><span style=\"color: #a31c1c;\"><strong>Web: <\/strong><\/span><a href=\"http:\/\/www.casarurallasvioletas.es\">www.casarurallasvioletas.es<\/a><\/p><\/div>\n                <\/div><div class=\"eael-accordion-list\">\n                <div id=\"posada-de-la-abuela-fidela\" class=\"elementor-tab-title eael-accordion-header\" tabindex=\"0\" data-tab=\"7\" aria-controls=\"elementor-tab-content-5587\"><span class=\"eael-advanced-accordion-icon-closed\"><i aria-hidden=\"true\" class=\"fa-accordion-icon fas fa-bed\"><\/i><\/span><span class=\"eael-advanced-accordion-icon-opened\"><i aria-hidden=\"true\" class=\"fa-accordion-icon fas fa-minus\"><\/i><\/span><span class=\"eael-accordion-tab-title\">Posada de la Abuela Fidela<\/span><i aria-hidden=\"true\" class=\"fa-toggle fas fa-plus\"><\/i><\/div><div id=\"elementor-tab-content-5587\" class=\"eael-accordion-content clearfix\" data-tab=\"7\" aria-labelledby=\"posada-de-la-abuela-fidela\"><p><span style=\"color: #a31c1c;\"><strong>Direcci\u00f3n:<\/strong> <\/span>Calle Don Quijote, 16<\/p><p><span style=\"color: #a31c1c;\"><strong>Tel\u00e9fono:<\/strong><\/span> 619 339 736<\/p><p><span style=\"color: #a31c1c;\"><strong>Web: <\/strong><\/span><a href=\"http:\/\/www.abuelafidela.com\">www.abuelafidela.com<\/a><\/p><\/div>\n                <\/div><div class=\"eael-accordion-list\">\n                <div id=\"casa-rural-iris\" class=\"elementor-tab-title eael-accordion-header\" tabindex=\"0\" data-tab=\"8\" aria-controls=\"elementor-tab-content-5588\"><span class=\"eael-advanced-accordion-icon-closed\"><i aria-hidden=\"true\" class=\"fa-accordion-icon fas fa-bed\"><\/i><\/span><span class=\"eael-advanced-accordion-icon-opened\"><i aria-hidden=\"true\" class=\"fa-accordion-icon fas fa-minus\"><\/i><\/span><span class=\"eael-accordion-tab-title\">Casa Rural Iris<\/span><i aria-hidden=\"true\" class=\"fa-toggle fas fa-plus\"><\/i><\/div><div id=\"elementor-tab-content-5588\" class=\"eael-accordion-content clearfix\" data-tab=\"8\" aria-labelledby=\"casa-rural-iris\"><p><span style=\"color: #a31c1c;\"><strong>Direcci\u00f3n:<\/strong> <\/span>Calle Lanza, 4<\/p><p><span style=\"color: #a31c1c;\"><strong>Tel\u00e9fono:<\/strong><\/span> 661 505 875 \u2013 926 361 119<\/p><p><span style=\"color: #a31c1c;\"><strong>Web: <\/strong><\/span><a href=\"http:\/\/www.casaruraliris.es\">www.casaruraliris.es<\/a><\/p><\/div>\n                <\/div><div class=\"eael-accordion-list\">\n                <div id=\"complejo-turstico-el-romeral\" class=\"elementor-tab-title eael-accordion-header\" tabindex=\"0\" data-tab=\"9\" aria-controls=\"elementor-tab-content-5589\"><span class=\"eael-advanced-accordion-icon-closed\"><i aria-hidden=\"true\" class=\"fa-accordion-icon fas fa-bed\"><\/i><\/span><span class=\"eael-advanced-accordion-icon-opened\"><i aria-hidden=\"true\" class=\"fa-accordion-icon fas fa-minus\"><\/i><\/span><span class=\"eael-accordion-tab-title\">Complejo Tur\u00edstico El Romeral<\/span><i aria-hidden=\"true\" class=\"fa-toggle fas fa-plus\"><\/i><\/div><div id=\"elementor-tab-content-5589\" class=\"eael-accordion-content clearfix\" data-tab=\"9\" aria-labelledby=\"complejo-turstico-el-romeral\"><p><span style=\"color: #a31c1c;\"><strong>Direcci\u00f3n:<\/strong> <\/span>Carretera Ciudad Real-Murcia, km 123,8<\/p><p><span style=\"color: #a31c1c;\"><strong>Tel\u00e9fono:<\/strong><\/span> 667 259 413<\/p><p><span style=\"color: #a31c1c;\"><strong>Web: <\/strong><\/span><a href=\"http:\/\/www.complejoelromeral.com\">www.complejoelromeral.com<\/a><\/p><\/div>\n                <\/div><div class=\"eael-accordion-list\">\n                <div id=\"casa-rural-buena-ventura\" class=\"elementor-tab-title eael-accordion-header\" tabindex=\"0\" data-tab=\"10\" aria-controls=\"elementor-tab-content-55810\"><span class=\"eael-advanced-accordion-icon-closed\"><i aria-hidden=\"true\" class=\"fa-accordion-icon fas fa-bed\"><\/i><\/span><span class=\"eael-advanced-accordion-icon-opened\"><i aria-hidden=\"true\" class=\"fa-accordion-icon fas fa-minus\"><\/i><\/span><span class=\"eael-accordion-tab-title\">Casa Rural Buena Ventura<\/span><i aria-hidden=\"true\" class=\"fa-toggle fas fa-plus\"><\/i><\/div><div id=\"elementor-tab-content-55810\" class=\"eael-accordion-content clearfix\" data-tab=\"10\" aria-labelledby=\"casa-rural-buena-ventura\"><p><span style=\"color: #a31c1c;\"><strong>Direcci\u00f3n:<\/strong> <\/span>Calle\u00a0Disvar\u00f3n, 65<\/p><p><span style=\"color: #a31c1c;\"><strong>Tel\u00e9fono:<\/strong><\/span> 696 254 367<\/p><p><span style=\"color: #a31c1c;\"><strong>Web: <\/strong><\/span><a href=\"http:\/\/www.casaruralbuenaventura.es\">www.casaruralbuenaventura.es<\/a><\/p><\/div>\n                <\/div><div class=\"eael-accordion-list\">\n                <div id=\"casa-rural-seoro-de-quevedo\" class=\"elementor-tab-title eael-accordion-header\" tabindex=\"0\" data-tab=\"11\" aria-controls=\"elementor-tab-content-55811\"><span class=\"eael-advanced-accordion-icon-closed\"><i aria-hidden=\"true\" class=\"fa-accordion-icon fas fa-bed\"><\/i><\/span><span class=\"eael-advanced-accordion-icon-opened\"><i aria-hidden=\"true\" class=\"fa-accordion-icon fas fa-minus\"><\/i><\/span><span class=\"eael-accordion-tab-title\">Casa Rural Se\u00f1or\u00edo de Quevedo<\/span><i aria-hidden=\"true\" class=\"fa-toggle fas fa-plus\"><\/i><\/div><div id=\"elementor-tab-content-55811\" class=\"eael-accordion-content clearfix\" data-tab=\"11\" aria-labelledby=\"casa-rural-seoro-de-quevedo\"><p><span style=\"color: #a31c1c;\"><strong>Direcci\u00f3n:<\/strong> <\/span>Calle Don Tom\u00e1s el M\u00e9dico, 41 A<\/p><p><span style=\"color: #a31c1c;\"><strong>Tel\u00e9fono:<\/strong><\/span> 607 51 20 51<\/p><p><span style=\"color: #a31c1c;\"><strong>Web: <\/strong><\/span><span style=\"color: #000000;\">https:\/\/senoriodequevedo.es\/<\/span><\/p><\/div>\n                <\/div><div class=\"eael-accordion-list\">\n                <div id=\"vivienda-de-uso-turstico-villanueva-de-los-infantes\" class=\"elementor-tab-title eael-accordion-header\" tabindex=\"0\" data-tab=\"12\" aria-controls=\"elementor-tab-content-55812\"><span class=\"eael-advanced-accordion-icon-closed\"><i aria-hidden=\"true\" class=\"fa-accordion-icon fas fa-bed\"><\/i><\/span><span class=\"eael-advanced-accordion-icon-opened\"><i aria-hidden=\"true\" class=\"fa-accordion-icon fas fa-minus\"><\/i><\/span><span class=\"eael-accordion-tab-title\">Vivienda de uso tur\u00edstico Villanueva de los Infantes<\/span><i aria-hidden=\"true\" class=\"fa-toggle fas fa-plus\"><\/i><\/div><div id=\"elementor-tab-content-55812\" class=\"eael-accordion-content clearfix\" data-tab=\"12\" aria-labelledby=\"vivienda-de-uso-turstico-villanueva-de-los-infantes\"><p><span style=\"color: #a31c1c;\"><strong>Direcci\u00f3n:<\/strong> <\/span>Calle Carros, 54, pta. 6<\/p><p><span style=\"color: #a31c1c;\"><strong>Tel\u00e9fono:<\/strong><\/span> 678 504 264<\/p><\/div>\n                <\/div><div class=\"eael-accordion-list\">\n                <div id=\"vivienda-de-uso-turstico-el-sur-de-infantes\" class=\"elementor-tab-title eael-accordion-header\" tabindex=\"0\" data-tab=\"13\" aria-controls=\"elementor-tab-content-55813\"><span class=\"eael-advanced-accordion-icon-closed\"><i aria-hidden=\"true\" class=\"fa-accordion-icon fas fa-bed\"><\/i><\/span><span class=\"eael-advanced-accordion-icon-opened\"><i aria-hidden=\"true\" class=\"fa-accordion-icon fas fa-minus\"><\/i><\/span><span class=\"eael-accordion-tab-title\">Vivienda de uso tur\u00edstico El Sur de Infantes<\/span><i aria-hidden=\"true\" class=\"fa-toggle fas fa-plus\"><\/i><\/div><div id=\"elementor-tab-content-55813\" class=\"eael-accordion-content clearfix\" data-tab=\"13\" aria-labelledby=\"vivienda-de-uso-turstico-el-sur-de-infantes\"><p><span style=\"color: #a31c1c;\"><strong>Direcci\u00f3n:<\/strong> <\/span>Calle Tejeras, 21<\/p><p><span style=\"color: #a31c1c;\"><strong>Tel\u00e9fono:<\/strong><\/span> 634 40 97 58<\/p><p><span style=\"color: #a31c1c;\"><strong>E-mail: <\/strong><span style=\"color: #000000;\">elsurdeinfantesviviendaturist@gmail.com<\/span><\/span><\/p><\/div>\n                <\/div><div class=\"eael-accordion-list\">\n                <div id=\"vivienda-de-uso-turstico-claustro-de-las-clarisas\" class=\"elementor-tab-title eael-accordion-header\" tabindex=\"0\" data-tab=\"14\" aria-controls=\"elementor-tab-content-55814\"><span class=\"eael-advanced-accordion-icon-closed\"><i aria-hidden=\"true\" class=\"fa-accordion-icon fas fa-bed\"><\/i><\/span><span class=\"eael-advanced-accordion-icon-opened\"><i aria-hidden=\"true\" class=\"fa-accordion-icon fas fa-minus\"><\/i><\/span><span class=\"eael-accordion-tab-title\">Vivienda de uso tur\u00edstico Claustro de las Clarisas<\/span><i aria-hidden=\"true\" class=\"fa-toggle fas fa-plus\"><\/i><\/div><div id=\"elementor-tab-content-55814\" class=\"eael-accordion-content clearfix\" data-tab=\"14\" aria-labelledby=\"vivienda-de-uso-turstico-claustro-de-las-clarisas\"><p><span style=\"color: #a31c1c;\"><strong>Direcci\u00f3n:<\/strong> <\/span>Calle Monjas Franciscas, 16<\/p><p><span style=\"color: #a31c1c;\"><strong>Tel\u00e9fono:<\/strong><span style=\"color: #000000;\"> 649806916 &#8211; 659663050<\/span><\/span><\/p><\/div>\n                <\/div><div class=\"eael-accordion-list\">\n                <div id=\"albergue-rural-casa-de-espiritualidad\" class=\"elementor-tab-title eael-accordion-header\" tabindex=\"0\" data-tab=\"15\" aria-controls=\"elementor-tab-content-55815\"><span class=\"eael-advanced-accordion-icon-closed\"><i aria-hidden=\"true\" class=\"fa-accordion-icon fas fa-bed\"><\/i><\/span><span class=\"eael-advanced-accordion-icon-opened\"><i aria-hidden=\"true\" class=\"fa-accordion-icon fas fa-minus\"><\/i><\/span><span class=\"eael-accordion-tab-title\">Albergue Rural Casa de Espiritualidad<\/span><i aria-hidden=\"true\" class=\"fa-toggle fas fa-plus\"><\/i><\/div><div id=\"elementor-tab-content-55815\" class=\"eael-accordion-content clearfix\" data-tab=\"15\" aria-labelledby=\"albergue-rural-casa-de-espiritualidad\"><p><span style=\"color: #a31c1c;\"><strong>Direcci\u00f3n:<\/strong> <\/span>Carretera de C\u00f3zar, km. 1<\/p><p><span style=\"color: #a31c1c;\"><strong>Tel\u00e9fono:<\/strong><\/span> 926 361 053 \u2013 680 743 887<\/p><\/div>\n                <\/div><div class=\"eael-accordion-list\">\n                <div id=\"vivienda-de-uso-turstico-la-casa-de-la-fuente-vieja\" class=\"elementor-tab-title eael-accordion-header\" tabindex=\"0\" data-tab=\"16\" aria-controls=\"elementor-tab-content-55816\"><span class=\"eael-advanced-accordion-icon-closed\"><i aria-hidden=\"true\" class=\"fa-accordion-icon fas fa-bed\"><\/i><\/span><span class=\"eael-advanced-accordion-icon-opened\"><i aria-hidden=\"true\" class=\"fa-accordion-icon fas fa-minus\"><\/i><\/span><span class=\"eael-accordion-tab-title\">Vivienda de Uso Tur\u00edstico La Casa de la Fuente Vieja<\/span><i aria-hidden=\"true\" class=\"fa-toggle fas fa-plus\"><\/i><\/div><div id=\"elementor-tab-content-55816\" class=\"eael-accordion-content clearfix\" data-tab=\"16\" aria-labelledby=\"vivienda-de-uso-turstico-la-casa-de-la-fuente-vieja\"><p><span style=\"color: #a31c1c;\"><strong>Direcci\u00f3n:<\/strong> <\/span>C\/San Francisco n\u00ba 2<\/p><p><span style=\"color: #a31c1c;\"><strong>Tel\u00e9fono:<\/strong><\/span> 679 71 06 95<\/p><p><span style=\"color: #a31c1c;\"><strong>Web:<\/strong><\/span> <a href=\"https:\/\/www.lacasadelafuentevieja.com\/\">https:\/\/www.lacasadelafuentevieja.com\/<\/a>\u00a0<\/p><\/div>\n                <\/div><div class=\"eael-accordion-list\">\n                <div id=\"la-fragua-de-domingo\" class=\"elementor-tab-title eael-accordion-header\" tabindex=\"0\" data-tab=\"17\" aria-controls=\"elementor-tab-content-55817\"><span class=\"eael-advanced-accordion-icon-closed\"><i aria-hidden=\"true\" class=\"fa-accordion-icon fas fa-bed\"><\/i><\/span><span class=\"eael-advanced-accordion-icon-opened\"><i aria-hidden=\"true\" class=\"fa-accordion-icon fas fa-minus\"><\/i><\/span><span class=\"eael-accordion-tab-title\">La Fragua de Domingo<\/span><i aria-hidden=\"true\" class=\"fa-toggle fas fa-plus\"><\/i><\/div><div id=\"elementor-tab-content-55817\" class=\"eael-accordion-content clearfix\" data-tab=\"17\" aria-labelledby=\"la-fragua-de-domingo\"><p><span style=\"color: #a31c1c;\"><strong>Direcci\u00f3n:<\/strong> <\/span>C\/Monjas Franciscas, 35<\/p><p><span style=\"color: #a31c1c;\"><strong>Tel\u00e9fono:<\/strong><\/span> 629 427 679 &#8211; 629 347 824<\/p><p><span style=\"color: #a31c1c;\"><strong>Web:<\/strong><\/span> <a href=\"http:\/\/www.lafraguadedomingo.com\/\" target=\"_blank\" rel=\"noopener\" data-saferedirecturl=\"https:\/\/www.google.com\/url?q=http:\/\/www.lafraguadedomingo.com&amp;source=gmail&amp;ust=1765611710015000&amp;usg=AOvVaw0rCslFjtEnTL4HT_qNCF1n\">www.lafraguadedomingo.com<\/a><\/p><\/div>\n                <\/div><div class=\"eael-accordion-list\">\n                <div id=\"vut-el-gobernador\" class=\"elementor-tab-title eael-accordion-header\" tabindex=\"0\" data-tab=\"18\" aria-controls=\"elementor-tab-content-55818\"><span class=\"eael-advanced-accordion-icon-closed\"><i aria-hidden=\"true\" class=\"fa-accordion-icon fas fa-bed\"><\/i><\/span><span class=\"eael-advanced-accordion-icon-opened\"><i aria-hidden=\"true\" class=\"fa-accordion-icon fas fa-minus\"><\/i><\/span><span class=\"eael-accordion-tab-title\">VUT El Gobernador<\/span><i aria-hidden=\"true\" class=\"fa-toggle fas fa-plus\"><\/i><\/div><div id=\"elementor-tab-content-55818\" class=\"eael-accordion-content clearfix\" data-tab=\"18\" aria-labelledby=\"vut-el-gobernador\"><p><span style=\"color: #a31c1c;\"><strong>Direcci\u00f3n:<\/strong> <span style=\"color: #000000;\">C\/ Santo Tom\u00e1s, 9<\/span><\/span><\/p><p><span style=\"color: #a31c1c;\"><strong>Tel\u00e9fono:<\/strong><\/span> <span style=\"color: #000000;\">652630360-637886555<\/span><\/p><p><span style=\"color: #a31c1c;\"><strong>Web:<\/strong><\/span> <a href=\"http:\/\/www.elgobernadorviviendaturistica.es\/\" target=\"_blank\" rel=\"noopener\" data-saferedirecturl=\"https:\/\/www.google.com\/url?q=http:\/\/www.elgobernadorviviendaturistica.es&amp;source=gmail&amp;ust=1765890328170000&amp;usg=AOvVaw004H9HI_gkXL0eiKeE-srq\">www.<wbr \/>elgobernadorviviendaturistica.<wbr \/>es<\/a><\/p><\/div>\n                <\/div><div class=\"eael-accordion-list\">\n                <div id=\"vut-la-pasanta\" class=\"elementor-tab-title eael-accordion-header\" tabindex=\"0\" data-tab=\"19\" aria-controls=\"elementor-tab-content-55819\"><span class=\"eael-advanced-accordion-icon-closed\"><i aria-hidden=\"true\" class=\"fa-accordion-icon fas fa-bed\"><\/i><\/span><span class=\"eael-advanced-accordion-icon-opened\"><i aria-hidden=\"true\" class=\"fa-accordion-icon fas fa-minus\"><\/i><\/span><span class=\"eael-accordion-tab-title\">VUT La pasanta<\/span><i aria-hidden=\"true\" class=\"fa-toggle fas fa-plus\"><\/i><\/div><div id=\"elementor-tab-content-55819\" class=\"eael-accordion-content clearfix\" data-tab=\"19\" aria-labelledby=\"vut-la-pasanta\"><p><span style=\"color: #a31c1c;\"><strong>Direcci\u00f3n:<\/strong> <span style=\"color: #000000;\">C\/ Fray Tom\u00e1s de la Virgen, 5- Morada A<\/span><\/span><\/p><p><span style=\"color: #a31c1c;\"><strong>Tel\u00e9fono: <\/strong><\/span>608 925 738<\/p><\/div>\n                <\/div><div class=\"eael-accordion-list\">\n                <div id=\"vut-morada-el-rincn\" class=\"elementor-tab-title eael-accordion-header\" tabindex=\"0\" data-tab=\"20\" aria-controls=\"elementor-tab-content-55820\"><span class=\"eael-advanced-accordion-icon-closed\"><i aria-hidden=\"true\" class=\"fa-accordion-icon fas fa-bed\"><\/i><\/span><span class=\"eael-advanced-accordion-icon-opened\"><i aria-hidden=\"true\" class=\"fa-accordion-icon fas fa-minus\"><\/i><\/span><span class=\"eael-accordion-tab-title\">VUT Morada El Rinc\u00f3n<\/span><i aria-hidden=\"true\" class=\"fa-toggle fas fa-plus\"><\/i><\/div><div id=\"elementor-tab-content-55820\" class=\"eael-accordion-content clearfix\" data-tab=\"20\" aria-labelledby=\"vut-morada-el-rincn\"><p><span style=\"color: #a31c1c;\"><strong>Direcci\u00f3n:<\/strong> <span style=\"color: #000000;\">C\/ Fray Tom\u00e1s de la Virgen, 5-Morada F.<\/span><\/span><\/p><p><span style=\"color: #a31c1c;\"><strong>Tel\u00e9fono: <\/strong><\/span>660 383 757.<\/p><\/div>\n                <\/div><div class=\"eael-accordion-list\">\n                <div id=\"vut-el-huertecillo\" class=\"elementor-tab-title eael-accordion-header\" tabindex=\"0\" data-tab=\"21\" aria-controls=\"elementor-tab-content-55821\"><span class=\"eael-advanced-accordion-icon-closed\"><i aria-hidden=\"true\" class=\"fa-accordion-icon fas fa-bed\"><\/i><\/span><span class=\"eael-advanced-accordion-icon-opened\"><i aria-hidden=\"true\" class=\"fa-accordion-icon fas fa-minus\"><\/i><\/span><span class=\"eael-accordion-tab-title\">VUT El Huertecillo<\/span><i aria-hidden=\"true\" class=\"fa-toggle fas fa-plus\"><\/i><\/div><div id=\"elementor-tab-content-55821\" class=\"eael-accordion-content clearfix\" data-tab=\"21\" aria-labelledby=\"vut-el-huertecillo\"><p><span style=\"color: #a31c1c;\"><strong>Direcci\u00f3n:<\/strong> <span style=\"color: #000000;\">C\/ Carros 33.<\/span><\/span><\/p><p><span style=\"color: #a31c1c;\"><strong>Tel\u00e9fono: <\/strong><\/span>684 737 868.<\/p><\/div>\n                <\/div><div class=\"eael-accordion-list\">\n                <div id=\"rea-de-autocaravanas\" class=\"elementor-tab-title eael-accordion-header\" tabindex=\"0\" data-tab=\"22\" aria-controls=\"elementor-tab-content-55822\"><span class=\"eael-advanced-accordion-icon-closed\"><i aria-hidden=\"true\" class=\"fa-accordion-icon fas fa-bed\"><\/i><\/span><span class=\"eael-advanced-accordion-icon-opened\"><i aria-hidden=\"true\" class=\"fa-accordion-icon fas fa-minus\"><\/i><\/span><span class=\"eael-accordion-tab-title\">Motorhome area<\/span><i aria-hidden=\"true\" class=\"fa-toggle fas fa-plus\"><\/i><\/div><div id=\"elementor-tab-content-55822\" class=\"eael-accordion-content clearfix\" data-tab=\"22\" aria-labelledby=\"rea-de-autocaravanas\"><p><span style=\"color: #a31c1c;\"><strong>Direcci\u00f3n:<\/strong> <span style=\"color: #000000;\">C\/ Miguel de Unamuno 12.<\/span><\/span><\/p><p><span style=\"color: #a31c1c;\"><strong>Tel\u00e9fono: <\/strong><\/span>902 033 091.<\/p><\/div>\n                <\/div><div class=\"eael-accordion-list\">\n                <div id=\"vut-las-musas\" class=\"elementor-tab-title eael-accordion-header\" tabindex=\"0\" data-tab=\"23\" aria-controls=\"elementor-tab-content-55823\"><span class=\"eael-advanced-accordion-icon-closed\"><i aria-hidden=\"true\" class=\"fa-accordion-icon fas fa-bed\"><\/i><\/span><span class=\"eael-advanced-accordion-icon-opened\"><i aria-hidden=\"true\" class=\"fa-accordion-icon fas fa-minus\"><\/i><\/span><span class=\"eael-accordion-tab-title\">VUT Las Musas<\/span><i aria-hidden=\"true\" class=\"fa-toggle fas fa-plus\"><\/i><\/div><div id=\"elementor-tab-content-55823\" class=\"eael-accordion-content clearfix\" data-tab=\"23\" aria-labelledby=\"vut-las-musas\"><p><span style=\"color: #a31c1c;\"><strong>Direcci\u00f3n:<\/strong> <span style=\"color: #000000;\">C\/ Don Tom\u00e1s el M\u00e9dico 27<\/span><\/span><\/p><p><span style=\"color: #a31c1c;\"><strong>Tel\u00e9fono: <\/strong><\/span>658 21 34 25\u00a0<\/p><p><span style=\"color: #a31c1c;\"><strong>Web:\u00a0 <\/strong><\/span><a href=\"https:\/\/lasmusas.org\/\">https:\/\/lasmusas.org\/<\/a><\/p><p><span style=\"color: #a31c1c;\"><strong>Email: <\/strong><\/span><a href=\"mailto:info@lasmusas.org\">info@lasmusas.org<\/a><\/p><\/div>\n                <\/div><\/div>\t\t\t\t<\/div>\n\t\t\t\t<\/div>\n\t\t\t\t\t<\/div>\n\t\t<\/div>\n\t\t\t\t<div class=\"elementor-column elementor-col-25 elementor-top-column elementor-element elementor-element-e3bd40c\" data-id=\"e3bd40c\" data-element_type=\"column\">\n\t\t\t<div class=\"elementor-widget-wrap\">\n\t\t\t\t\t\t\t<\/div>\n\t\t<\/div>\n\t\t\t\t\t<\/div>\n\t\t<\/section>\n\t\t\t\t<section class=\"elementor-section elementor-top-section elementor-element elementor-element-feb39d5 elementor-section-boxed elementor-section-height-default elementor-section-height-default\" data-id=\"feb39d5\" data-element_type=\"section\">\n\t\t\t\t\t\t<div class=\"elementor-container elementor-column-gap-default\">\n\t\t\t\t\t<div class=\"elementor-column elementor-col-100 elementor-top-column elementor-element elementor-element-3fe2878\" data-id=\"3fe2878\" data-element_type=\"column\">\n\t\t\t<div class=\"elementor-widget-wrap elementor-element-populated\">\n\t\t\t\t\t\t<div class=\"elementor-element elementor-element-13a50ba elementor-widget elementor-widget-spacer\" data-id=\"13a50ba\" data-element_type=\"widget\" data-widget_type=\"spacer.default\">\n\t\t\t\t<div class=\"elementor-widget-container\">\n\t\t\t\t\t\t\t<div class=\"elementor-spacer\">\n\t\t\t<div class=\"elementor-spacer-inner\"><\/div>\n\t\t<\/div>\n\t\t\t\t\t\t<\/div>\n\t\t\t\t<\/div>\n\t\t\t\t\t<\/div>\n\t\t<\/div>\n\t\t\t\t\t<\/div>\n\t\t<\/section>\n\t\t\t\t<\/div>","protected":false},"excerpt":{"rendered":"<p>Hotel Rural La Morada de Juan Vargas \u2b50\u2b50\u2b50 Direcci\u00f3n: Calle Cervantes, 3 Tel\u00e9fono: 926 361 769 \u2013 654 541 721 Web: www.lamoradadevargas.com Hostal La Gavilla Direcci\u00f3n: Calle Campo de Montiel, 6 Tel\u00e9fono: 650 259 714 &#8211; 926 361 893 Web: www.lagavilla.es Casa Rural Los Galanes Direcci\u00f3n: Calle Infantes de Arag\u00f3n, 1 Tel\u00e9fono: 926 361 995- &hellip; <\/p>\n<p class=\"link-more\"><a href=\"https:\/\/www.turismovillanuevadelosinfantes.es\/en\/alojamientos\/\" class=\"more-link\">Read more<span class=\"screen-reader-text\"> \u00abAlojamientos\u00bb<\/span><\/a><\/p>","protected":false},"author":1,"featured_media":727,"parent":0,"menu_order":0,"comment_status":"closed","ping_status":"closed","template":"page-templates\/full-width-no-title.php","meta":{"footnotes":""},"class_list":["post-606","page","type-page","status-publish","has-post-thumbnail","hentry"],"_links":{"self":[{"href":"https:\/\/www.turismovillanuevadelosinfantes.es\/en\/wp-json\/wp\/v2\/pages\/606","targetHints":{"allow":["GET"]}}],"collection":[{"href":"https:\/\/www.turismovillanuevadelosinfantes.es\/en\/wp-json\/wp\/v2\/pages"}],"about":[{"href":"https:\/\/www.turismovillanuevadelosinfantes.es\/en\/wp-json\/wp\/v2\/types\/page"}],"author":[{"embeddable":true,"href":"https:\/\/www.turismovillanuevadelosinfantes.es\/en\/wp-json\/wp\/v2\/users\/1"}],"replies":[{"embeddable":true,"href":"https:\/\/www.turismovillanuevadelosinfantes.es\/en\/wp-json\/wp\/v2\/comments?post=606"}],"version-history":[{"count":62,"href":"https:\/\/www.turismovillanuevadelosinfantes.es\/en\/wp-json\/wp\/v2\/pages\/606\/revisions"}],"predecessor-version":[{"id":3601,"href":"https:\/\/www.turismovillanuevadelosinfantes.es\/en\/wp-json\/wp\/v2\/pages\/606\/revisions\/3601"}],"wp:featuredmedia":[{"embeddable":true,"href":"https:\/\/www.turismovillanuevadelosinfantes.es\/en\/wp-json\/wp\/v2\/media\/727"}],"wp:attachment":[{"href":"https:\/\/www.turismovillanuevadelosinfantes.es\/en\/wp-json\/wp\/v2\/media?parent=606"}],"curies":[{"name":"wp","href":"https:\/\/api.w.org\/{rel}","templated":true}]}}