{"id":1095,"date":"2022-04-18T12:36:00","date_gmt":"2022-04-18T12:36:00","guid":{"rendered":"https:\/\/www.turismovillanuevadelosinfantes.es\/?page_id=1095"},"modified":"2024-08-30T10:00:29","modified_gmt":"2024-08-30T10:00:29","slug":"el-lugar-de-la-mancha","status":"publish","type":"page","link":"https:\/\/www.turismovillanuevadelosinfantes.es\/en\/el-lugar-de-la-mancha\/","title":{"rendered":"That village in La Mancha"},"content":{"rendered":"<div data-elementor-type=\"wp-page\" data-elementor-id=\"1095\" class=\"elementor elementor-1095\" data-elementor-post-type=\"page\">\n\t\t\t\t\t\t<section class=\"elementor-section elementor-top-section elementor-element elementor-element-b4670d5 elementor-section-full_width elementor-section-height-min-height elementor-section-height-default elementor-section-items-middle\" data-id=\"b4670d5\" data-element_type=\"section\" data-settings=\"{&quot;background_background&quot;:&quot;classic&quot;,&quot;background_motion_fx_motion_fx_scrolling&quot;:&quot;yes&quot;,&quot;background_motion_fx_translateY_effect&quot;:&quot;yes&quot;,&quot;background_motion_fx_translateY_speed&quot;:{&quot;unit&quot;:&quot;px&quot;,&quot;size&quot;:5,&quot;sizes&quot;:[]},&quot;shape_divider_top&quot;:&quot;wave-brush&quot;,&quot;shape_divider_bottom&quot;:&quot;wave-brush&quot;,&quot;background_motion_fx_translateY_affectedRange&quot;:{&quot;unit&quot;:&quot;%&quot;,&quot;size&quot;:&quot;&quot;,&quot;sizes&quot;:{&quot;start&quot;:0,&quot;end&quot;:100}},&quot;background_motion_fx_devices&quot;:[&quot;desktop&quot;,&quot;tablet&quot;,&quot;mobile&quot;]}\">\n\t\t\t\t\t\t\t<div class=\"elementor-background-overlay\"><\/div>\n\t\t\t\t\t\t<div class=\"elementor-shape elementor-shape-top\" aria-hidden=\"true\" data-negative=\"false\">\n\t\t\t<svg xmlns=\"http:\/\/www.w3.org\/2000\/svg\" viewbox=\"0 0 283.5 27.8\" preserveaspectratio=\"none\">\n\t<path class=\"elementor-shape-fill\" d=\"M283.5,9.7c0,0-7.3,4.3-14,4.6c-6.8,0.3-12.6,0-20.9-1.5c-11.3-2-33.1-10.1-44.7-5.7\ts-12.1,4.6-18,7.4c-6.6,3.2-20,9.6-36.6,9.3C131.6,23.5,99.5,7.2,86.3,8c-1.4,0.1-6.6,0.8-10.5,2c-3.8,1.2-9.4,3.8-17,4.7\tc-3.2,0.4-8.3,1.1-14.2,0.9c-1.5-0.1-6.3-0.4-12-1.6c-5.7-1.2-11-3.1-15.8-3.7C6.5,9.2,0,10.8,0,10.8V0h283.5V9.7z M260.8,11.3\tc-0.7-1-2-0.4-4.3-0.4c-2.3,0-6.1-1.2-5.8-1.1c0.3,0.1,3.1,1.5,6,1.9C259.7,12.2,261.4,12.3,260.8,11.3z M242.4,8.6\tc0,0-2.4-0.2-5.6-0.9c-3.2-0.8-10.3-2.8-15.1-3.5c-8.2-1.1-15.8,0-15.1,0.1c0.8,0.1,9.6-0.6,17.6,1.1c3.3,0.7,9.3,2.2,12.4,2.7\tC239.9,8.7,242.4,8.6,242.4,8.6z M185.2,8.5c1.7-0.7-13.3,4.7-18.5,6.1c-2.1,0.6-6.2,1.6-10,2c-3.9,0.4-8.9,0.4-8.8,0.5\tc0,0.2,5.8,0.8,11.2,0c5.4-0.8,5.2-1.1,7.6-1.6C170.5,14.7,183.5,9.2,185.2,8.5z M199.1,6.9c0.2,0-0.8-0.4-4.8,1.1\tc-4,1.5-6.7,3.5-6.9,3.7c-0.2,0.1,3.5-1.8,6.6-3C197,7.5,199,6.9,199.1,6.9z M283,6c-0.1,0.1-1.9,1.1-4.8,2.5s-6.9,2.8-6.7,2.7\tc0.2,0,3.5-0.6,7.4-2.5C282.8,6.8,283.1,5.9,283,6z M31.3,11.6c0.1-0.2-1.9-0.2-4.5-1.2s-5.4-1.6-7.8-2C15,7.6,7.3,8.5,7.7,8.6\tC8,8.7,15.9,8.3,20.2,9.3c2.2,0.5,2.4,0.5,5.7,1.6S31.2,11.9,31.3,11.6z M73,9.2c0.4-0.1,3.5-1.6,8.4-2.6c4.9-1.1,8.9-0.5,8.9-0.8\tc0-0.3-1-0.9-6.2-0.3S72.6,9.3,73,9.2z M71.6,6.7C71.8,6.8,75,5.4,77.3,5c2.3-0.3,1.9-0.5,1.9-0.6c0-0.1-1.1-0.2-2.7,0.2\tC74.8,5.1,71.4,6.6,71.6,6.7z M93.6,4.4c0.1,0.2,3.5,0.8,5.6,1.8c2.1,1,1.8,0.6,1.9,0.5c0.1-0.1-0.8-0.8-2.4-1.3\tC97.1,4.8,93.5,4.2,93.6,4.4z M65.4,11.1c-0.1,0.3,0.3,0.5,1.9-0.2s2.6-1.3,2.2-1.2s-0.9,0.4-2.5,0.8C65.3,10.9,65.5,10.8,65.4,11.1\tz M34.5,12.4c-0.2,0,2.1,0.8,3.3,0.9c1.2,0.1,2,0.1,2-0.2c0-0.3-0.1-0.5-1.6-0.4C36.6,12.8,34.7,12.4,34.5,12.4z M152.2,21.1\tc-0.1,0.1-2.4-0.3-7.5-0.3c-5,0-13.6-2.4-17.2-3.5c-3.6-1.1,10,3.9,16.5,4.1C150.5,21.6,152.3,21,152.2,21.1z\"\/>\n\t<path class=\"elementor-shape-fill\" d=\"M269.6,18c-0.1-0.1-4.6,0.3-7.2,0c-7.3-0.7-17-3.2-16.6-2.9c0.4,0.3,13.7,3.1,17,3.3\tC267.7,18.8,269.7,18,269.6,18z\"\/>\n\t<path class=\"elementor-shape-fill\" d=\"M227.4,9.8c-0.2-0.1-4.5-1-9.5-1.2c-5-0.2-12.7,0.6-12.3,0.5c0.3-0.1,5.9-1.8,13.3-1.2\tS227.6,9.9,227.4,9.8z\"\/>\n\t<path class=\"elementor-shape-fill\" d=\"M204.5,13.4c-0.1-0.1,2-1,3.2-1.1c1.2-0.1,2,0,2,0.3c0,0.3-0.1,0.5-1.6,0.4\tC206.4,12.9,204.6,13.5,204.5,13.4z\"\/>\n\t<path class=\"elementor-shape-fill\" d=\"M201,10.6c0-0.1-4.4,1.2-6.3,2.2c-1.9,0.9-6.2,3.1-6.1,3.1c0.1,0.1,4.2-1.6,6.3-2.6\tS201,10.7,201,10.6z\"\/>\n\t<path class=\"elementor-shape-fill\" d=\"M154.5,26.7c-0.1-0.1-4.6,0.3-7.2,0c-7.3-0.7-17-3.2-16.6-2.9c0.4,0.3,13.7,3.1,17,3.3\tC152.6,27.5,154.6,26.8,154.5,26.7z\"\/>\n\t<path class=\"elementor-shape-fill\" d=\"M41.9,19.3c0,0,1.2-0.3,2.9-0.1c1.7,0.2,5.8,0.9,8.2,0.7c4.2-0.4,7.4-2.7,7-2.6\tc-0.4,0-4.3,2.2-8.6,1.9c-1.8-0.1-5.1-0.5-6.7-0.4S41.9,19.3,41.9,19.3z\"\/>\n\t<path class=\"elementor-shape-fill\" d=\"M75.5,12.6c0.2,0.1,2-0.8,4.3-1.1c2.3-0.2,2.1-0.3,2.1-0.5c0-0.1-1.8-0.4-3.4,0\tC76.9,11.5,75.3,12.5,75.5,12.6z\"\/>\n\t<path class=\"elementor-shape-fill\" d=\"M15.6,13.2c0-0.1,4.3,0,6.7,0.5c2.4,0.5,5,1.9,5,2c0,0.1-2.7-0.8-5.1-1.4\tC19.9,13.7,15.7,13.3,15.6,13.2z\"\/>\n<\/svg>\t\t<\/div>\n\t\t\t\t<div class=\"elementor-shape elementor-shape-bottom\" aria-hidden=\"true\" data-negative=\"false\">\n\t\t\t<svg xmlns=\"http:\/\/www.w3.org\/2000\/svg\" viewbox=\"0 0 283.5 27.8\" preserveaspectratio=\"none\">\n\t<path class=\"elementor-shape-fill\" d=\"M283.5,9.7c0,0-7.3,4.3-14,4.6c-6.8,0.3-12.6,0-20.9-1.5c-11.3-2-33.1-10.1-44.7-5.7\ts-12.1,4.6-18,7.4c-6.6,3.2-20,9.6-36.6,9.3C131.6,23.5,99.5,7.2,86.3,8c-1.4,0.1-6.6,0.8-10.5,2c-3.8,1.2-9.4,3.8-17,4.7\tc-3.2,0.4-8.3,1.1-14.2,0.9c-1.5-0.1-6.3-0.4-12-1.6c-5.7-1.2-11-3.1-15.8-3.7C6.5,9.2,0,10.8,0,10.8V0h283.5V9.7z M260.8,11.3\tc-0.7-1-2-0.4-4.3-0.4c-2.3,0-6.1-1.2-5.8-1.1c0.3,0.1,3.1,1.5,6,1.9C259.7,12.2,261.4,12.3,260.8,11.3z M242.4,8.6\tc0,0-2.4-0.2-5.6-0.9c-3.2-0.8-10.3-2.8-15.1-3.5c-8.2-1.1-15.8,0-15.1,0.1c0.8,0.1,9.6-0.6,17.6,1.1c3.3,0.7,9.3,2.2,12.4,2.7\tC239.9,8.7,242.4,8.6,242.4,8.6z M185.2,8.5c1.7-0.7-13.3,4.7-18.5,6.1c-2.1,0.6-6.2,1.6-10,2c-3.9,0.4-8.9,0.4-8.8,0.5\tc0,0.2,5.8,0.8,11.2,0c5.4-0.8,5.2-1.1,7.6-1.6C170.5,14.7,183.5,9.2,185.2,8.5z M199.1,6.9c0.2,0-0.8-0.4-4.8,1.1\tc-4,1.5-6.7,3.5-6.9,3.7c-0.2,0.1,3.5-1.8,6.6-3C197,7.5,199,6.9,199.1,6.9z M283,6c-0.1,0.1-1.9,1.1-4.8,2.5s-6.9,2.8-6.7,2.7\tc0.2,0,3.5-0.6,7.4-2.5C282.8,6.8,283.1,5.9,283,6z M31.3,11.6c0.1-0.2-1.9-0.2-4.5-1.2s-5.4-1.6-7.8-2C15,7.6,7.3,8.5,7.7,8.6\tC8,8.7,15.9,8.3,20.2,9.3c2.2,0.5,2.4,0.5,5.7,1.6S31.2,11.9,31.3,11.6z M73,9.2c0.4-0.1,3.5-1.6,8.4-2.6c4.9-1.1,8.9-0.5,8.9-0.8\tc0-0.3-1-0.9-6.2-0.3S72.6,9.3,73,9.2z M71.6,6.7C71.8,6.8,75,5.4,77.3,5c2.3-0.3,1.9-0.5,1.9-0.6c0-0.1-1.1-0.2-2.7,0.2\tC74.8,5.1,71.4,6.6,71.6,6.7z M93.6,4.4c0.1,0.2,3.5,0.8,5.6,1.8c2.1,1,1.8,0.6,1.9,0.5c0.1-0.1-0.8-0.8-2.4-1.3\tC97.1,4.8,93.5,4.2,93.6,4.4z M65.4,11.1c-0.1,0.3,0.3,0.5,1.9-0.2s2.6-1.3,2.2-1.2s-0.9,0.4-2.5,0.8C65.3,10.9,65.5,10.8,65.4,11.1\tz M34.5,12.4c-0.2,0,2.1,0.8,3.3,0.9c1.2,0.1,2,0.1,2-0.2c0-0.3-0.1-0.5-1.6-0.4C36.6,12.8,34.7,12.4,34.5,12.4z M152.2,21.1\tc-0.1,0.1-2.4-0.3-7.5-0.3c-5,0-13.6-2.4-17.2-3.5c-3.6-1.1,10,3.9,16.5,4.1C150.5,21.6,152.3,21,152.2,21.1z\"\/>\n\t<path class=\"elementor-shape-fill\" d=\"M269.6,18c-0.1-0.1-4.6,0.3-7.2,0c-7.3-0.7-17-3.2-16.6-2.9c0.4,0.3,13.7,3.1,17,3.3\tC267.7,18.8,269.7,18,269.6,18z\"\/>\n\t<path class=\"elementor-shape-fill\" d=\"M227.4,9.8c-0.2-0.1-4.5-1-9.5-1.2c-5-0.2-12.7,0.6-12.3,0.5c0.3-0.1,5.9-1.8,13.3-1.2\tS227.6,9.9,227.4,9.8z\"\/>\n\t<path class=\"elementor-shape-fill\" d=\"M204.5,13.4c-0.1-0.1,2-1,3.2-1.1c1.2-0.1,2,0,2,0.3c0,0.3-0.1,0.5-1.6,0.4\tC206.4,12.9,204.6,13.5,204.5,13.4z\"\/>\n\t<path class=\"elementor-shape-fill\" d=\"M201,10.6c0-0.1-4.4,1.2-6.3,2.2c-1.9,0.9-6.2,3.1-6.1,3.1c0.1,0.1,4.2-1.6,6.3-2.6\tS201,10.7,201,10.6z\"\/>\n\t<path class=\"elementor-shape-fill\" d=\"M154.5,26.7c-0.1-0.1-4.6,0.3-7.2,0c-7.3-0.7-17-3.2-16.6-2.9c0.4,0.3,13.7,3.1,17,3.3\tC152.6,27.5,154.6,26.8,154.5,26.7z\"\/>\n\t<path class=\"elementor-shape-fill\" d=\"M41.9,19.3c0,0,1.2-0.3,2.9-0.1c1.7,0.2,5.8,0.9,8.2,0.7c4.2-0.4,7.4-2.7,7-2.6\tc-0.4,0-4.3,2.2-8.6,1.9c-1.8-0.1-5.1-0.5-6.7-0.4S41.9,19.3,41.9,19.3z\"\/>\n\t<path class=\"elementor-shape-fill\" d=\"M75.5,12.6c0.2,0.1,2-0.8,4.3-1.1c2.3-0.2,2.1-0.3,2.1-0.5c0-0.1-1.8-0.4-3.4,0\tC76.9,11.5,75.3,12.5,75.5,12.6z\"\/>\n\t<path class=\"elementor-shape-fill\" d=\"M15.6,13.2c0-0.1,4.3,0,6.7,0.5c2.4,0.5,5,1.9,5,2c0,0.1-2.7-0.8-5.1-1.4\tC19.9,13.7,15.7,13.3,15.6,13.2z\"\/>\n<\/svg>\t\t<\/div>\n\t\t\t\t\t<div class=\"elementor-container elementor-column-gap-default\">\n\t\t\t\t\t<div class=\"elementor-column elementor-col-100 elementor-top-column elementor-element elementor-element-21a34bb\" data-id=\"21a34bb\" data-element_type=\"column\">\n\t\t\t<div class=\"elementor-widget-wrap elementor-element-populated\">\n\t\t\t\t\t\t<div class=\"elementor-element elementor-element-4149801 elementor-widget elementor-widget-theme-post-title elementor-page-title elementor-widget-heading\" data-id=\"4149801\" data-element_type=\"widget\" data-widget_type=\"theme-post-title.default\">\n\t\t\t\t<div class=\"elementor-widget-container\">\n\t\t\t\t\t<h1 class=\"elementor-heading-title elementor-size-default\">That village in La Mancha<\/h1>\t\t\t\t<\/div>\n\t\t\t\t<\/div>\n\t\t\t\t\t<\/div>\n\t\t<\/div>\n\t\t\t\t\t<\/div>\n\t\t<\/section>\n\t\t\t\t<section class=\"elementor-section elementor-top-section elementor-element elementor-element-99e5163 elementor-section-boxed elementor-section-height-default elementor-section-height-default\" data-id=\"99e5163\" data-element_type=\"section\">\n\t\t\t\t\t\t<div class=\"elementor-container elementor-column-gap-default\">\n\t\t\t\t\t<div class=\"elementor-column elementor-col-100 elementor-top-column elementor-element elementor-element-57cd86a\" data-id=\"57cd86a\" data-element_type=\"column\">\n\t\t\t<div class=\"elementor-widget-wrap elementor-element-populated\">\n\t\t\t\t\t\t<div class=\"elementor-element elementor-element-da4fec2 elementor-widget elementor-widget-spacer\" data-id=\"da4fec2\" data-element_type=\"widget\" data-widget_type=\"spacer.default\">\n\t\t\t\t<div class=\"elementor-widget-container\">\n\t\t\t\t\t\t\t<div class=\"elementor-spacer\">\n\t\t\t<div class=\"elementor-spacer-inner\"><\/div>\n\t\t<\/div>\n\t\t\t\t\t\t<\/div>\n\t\t\t\t<\/div>\n\t\t\t\t\t<\/div>\n\t\t<\/div>\n\t\t\t\t\t<\/div>\n\t\t<\/section>\n\t\t\t\t<section class=\"elementor-section elementor-top-section elementor-element elementor-element-cff6614 elementor-section-boxed elementor-section-height-default elementor-section-height-default\" data-id=\"cff6614\" data-element_type=\"section\">\n\t\t\t\t\t\t<div class=\"elementor-container elementor-column-gap-default\">\n\t\t\t\t\t<div class=\"elementor-column elementor-col-16 elementor-top-column elementor-element elementor-element-71f74a1\" data-id=\"71f74a1\" data-element_type=\"column\">\n\t\t\t<div class=\"elementor-widget-wrap\">\n\t\t\t\t\t\t\t<\/div>\n\t\t<\/div>\n\t\t\t\t<div class=\"elementor-column elementor-col-66 elementor-top-column elementor-element elementor-element-3261631\" data-id=\"3261631\" data-element_type=\"column\">\n\t\t\t<div class=\"elementor-widget-wrap elementor-element-populated\">\n\t\t\t\t\t\t<div class=\"elementor-element elementor-element-a39acfc elementor-widget elementor-widget-text-editor\" data-id=\"a39acfc\" data-element_type=\"widget\" data-widget_type=\"text-editor.default\">\n\t\t\t\t<div class=\"elementor-widget-container\">\n\t\t\t\t\t\t\t\t\t<p style=\"text-align: justify;\">\u00abEn un lugar de La Mancha, de cuyo nombre no quiero acordarme, no ha mucho tiempo que viv\u00eda un hidalgo de los de lanza en astillero, adarga antigua, roc\u00edn flaco y galgo corredor&#8230;\u00bb<\/p>\t\t\t\t\t\t\t\t<\/div>\n\t\t\t\t<\/div>\n\t\t\t\t<div class=\"elementor-element elementor-element-62e7122 elementor-widget elementor-widget-text-editor\" data-id=\"62e7122\" data-element_type=\"widget\" data-widget_type=\"text-editor.default\">\n\t\t\t\t<div class=\"elementor-widget-container\">\n\t\t\t\t\t\t\t\t\t<p style=\"text-align: justify;\">As\u00ed comienza <i>El Quijote<\/i> de Miguel de Cervantes Saavedra, la novela m\u00e1s universal de la literatura en lengua castellana y una de las m\u00e1s traducidas en todo el mundo, con su primera parte <em>El ingenioso hidalgo don Quijote de la Mancha<\/em> publicada en 1605, y su segunda titulada\u00a0<em>El ingenioso caballero don Quijote de la Mancha <\/em>que ver\u00eda la luz en 1615. Sin embargo, la pregunta que durante cuatro siglos ha supuesto todo un enigma literario no pod\u00eda ser otra que&#8230;\u00a0 \u00bfCu\u00e1l era ese lugar de la Mancha al que se refer\u00eda Cervantes?<\/p>\t\t\t\t\t\t\t\t<\/div>\n\t\t\t\t<\/div>\n\t\t\t\t\t<\/div>\n\t\t<\/div>\n\t\t\t\t<div class=\"elementor-column elementor-col-16 elementor-top-column elementor-element elementor-element-fff16ed\" data-id=\"fff16ed\" data-element_type=\"column\">\n\t\t\t<div class=\"elementor-widget-wrap\">\n\t\t\t\t\t\t\t<\/div>\n\t\t<\/div>\n\t\t\t\t\t<\/div>\n\t\t<\/section>\n\t\t\t\t<section class=\"elementor-section elementor-top-section elementor-element elementor-element-c3dfd75 elementor-section-boxed elementor-section-height-default elementor-section-height-default\" data-id=\"c3dfd75\" data-element_type=\"section\">\n\t\t\t\t\t\t<div class=\"elementor-container elementor-column-gap-default\">\n\t\t\t\t\t<div class=\"elementor-column elementor-col-16 elementor-top-column elementor-element elementor-element-ae1d63e\" data-id=\"ae1d63e\" data-element_type=\"column\">\n\t\t\t<div class=\"elementor-widget-wrap\">\n\t\t\t\t\t\t\t<\/div>\n\t\t<\/div>\n\t\t\t\t<div class=\"elementor-column elementor-col-66 elementor-top-column elementor-element elementor-element-2140109\" data-id=\"2140109\" data-element_type=\"column\">\n\t\t\t<div class=\"elementor-widget-wrap elementor-element-populated\">\n\t\t\t\t\t\t<div class=\"elementor-element elementor-element-8c313e4 elementor-widget elementor-widget-heading\" data-id=\"8c313e4\" data-element_type=\"widget\" data-widget_type=\"heading.default\">\n\t\t\t\t<div class=\"elementor-widget-container\">\n\t\t\t\t\t<h3 class=\"elementor-heading-title elementor-size-default\">Tras los pasos de Don Quijote<\/h3>\t\t\t\t<\/div>\n\t\t\t\t<\/div>\n\t\t\t\t<div class=\"elementor-element elementor-element-6cef870 elementor-widget elementor-widget-text-editor\" data-id=\"6cef870\" data-element_type=\"widget\" data-widget_type=\"text-editor.default\">\n\t\t\t\t<div class=\"elementor-widget-container\">\n\t\t\t\t\t\t\t\t\t<p style=\"text-align: justify;\">En el 2005 con motivo del IV centenario de la publicaci\u00f3n de la primera parte del <i>Quijote<\/i>, un equipo cient\u00edfico multidisciplinar de la Universidad Complutense de Madrid, integrado por diez expertos en Geograf\u00eda, Historia, Filolog\u00eda, Sociolog\u00eda, Matem\u00e1ticas y Ciencias de la Informaci\u00f3n, dirigido por los catedr\u00e1ticos de Sociolog\u00eda Don Francisco Parra Luna, de Relaciones Internacionales Don Santiago Petschen y el literato don Manuel Fern\u00e1ndez Nieto publicaron un estudio interdisciplinar bajo el t\u00edtulo &#8216;El lugar de la Mancha es&#8230; <i>El Quijote<\/i> como un sistema de distancias\/tiempo&#8217; postulando a Villanueva de los Infantes como el lugar de la Mancha escogido por Cervantes como patria peque\u00f1a de don Quijote y Sancho. Los anales de la historia determinan a esta villa como el gran foco espiritual de La Mancha en el Siglo de Oro. La Casa de Rueda alberga un museo cient\u00edfico dedicado a este estudio, y a la trascendencia de la novela de Cervantes.<\/p>\t\t\t\t\t\t\t\t<\/div>\n\t\t\t\t<\/div>\n\t\t\t\t\t<\/div>\n\t\t<\/div>\n\t\t\t\t<div class=\"elementor-column elementor-col-16 elementor-top-column elementor-element elementor-element-2d77c54\" data-id=\"2d77c54\" data-element_type=\"column\">\n\t\t\t<div class=\"elementor-widget-wrap\">\n\t\t\t\t\t\t\t<\/div>\n\t\t<\/div>\n\t\t\t\t\t<\/div>\n\t\t<\/section>\n\t\t\t\t<section class=\"elementor-section elementor-top-section elementor-element elementor-element-ddd755b elementor-section-boxed elementor-section-height-default elementor-section-height-default\" data-id=\"ddd755b\" data-element_type=\"section\">\n\t\t\t\t\t\t<div class=\"elementor-container elementor-column-gap-default\">\n\t\t\t\t\t<div class=\"elementor-column elementor-col-25 elementor-top-column elementor-element elementor-element-6d27839\" data-id=\"6d27839\" data-element_type=\"column\">\n\t\t\t<div class=\"elementor-widget-wrap\">\n\t\t\t\t\t\t\t<\/div>\n\t\t<\/div>\n\t\t\t\t<div class=\"elementor-column elementor-col-25 elementor-top-column elementor-element elementor-element-46626de\" data-id=\"46626de\" data-element_type=\"column\">\n\t\t\t<div class=\"elementor-widget-wrap elementor-element-populated\">\n\t\t\t\t\t\t<div class=\"elementor-element elementor-element-25213f4 elementor-widget elementor-widget-image\" data-id=\"25213f4\" data-element_type=\"widget\" data-widget_type=\"image.default\">\n\t\t\t\t<div class=\"elementor-widget-container\">\n\t\t\t\t\t\t\t\t\t\t\t\t<figure class=\"wp-caption\">\n\t\t\t\t\t\t\t\t\t\t\t<a href=\"https:\/\/www.turismovillanuevadelosinfantes.es\/wp-content\/uploads\/2024\/08\/IMG_0039-scaled.jpg\" data-elementor-open-lightbox=\"yes\" data-e-action-hash=\"#elementor-action%3Aaction%3Dlightbox%26settings%3DW10%3D\">\n\t\t\t\t\t\t\t<img decoding=\"async\" src=\"https:\/\/www.turismovillanuevadelosinfantes.es\/wp-content\/uploads\/2024\/08\/IMG_0039-scaled.jpg\" title=\"\" alt=\"\" loading=\"lazy\" \/>\t\t\t\t\t\t\t\t<\/a>\n\t\t\t\t\t\t\t\t\t\t\t<figcaption class=\"widget-image-caption wp-caption-text\">Museo Cient\u00edfico del Quijote en la Casa de Rueda.<\/figcaption>\n\t\t\t\t\t\t\t\t\t\t<\/figure>\n\t\t\t\t\t\t\t\t\t<\/div>\n\t\t\t\t<\/div>\n\t\t\t\t\t<\/div>\n\t\t<\/div>\n\t\t\t\t<div class=\"elementor-column elementor-col-25 elementor-top-column elementor-element elementor-element-fb6765a\" data-id=\"fb6765a\" data-element_type=\"column\">\n\t\t\t<div class=\"elementor-widget-wrap elementor-element-populated\">\n\t\t\t\t\t\t<div class=\"elementor-element elementor-element-b722972 elementor-widget elementor-widget-image\" data-id=\"b722972\" data-element_type=\"widget\" data-widget_type=\"image.default\">\n\t\t\t\t<div class=\"elementor-widget-container\">\n\t\t\t\t\t\t\t\t\t\t\t\t<figure class=\"wp-caption\">\n\t\t\t\t\t\t\t\t\t\t\t<a href=\"https:\/\/www.turismovillanuevadelosinfantes.es\/wp-content\/uploads\/2024\/02\/Casa-de-Rueda-I.jpg\" data-elementor-open-lightbox=\"yes\" data-e-action-hash=\"#elementor-action%3Aaction%3Dlightbox%26settings%3DW10%3D\">\n\t\t\t\t\t\t\t<img decoding=\"async\" src=\"https:\/\/www.turismovillanuevadelosinfantes.es\/wp-content\/uploads\/2024\/02\/Casa-de-Rueda-I.jpg\" title=\"\" alt=\"\" loading=\"lazy\" \/>\t\t\t\t\t\t\t\t<\/a>\n\t\t\t\t\t\t\t\t\t\t\t<figcaption class=\"widget-image-caption wp-caption-text\">Museo Cient\u00edfico del Quijote en la Casa de Rueda.<\/figcaption>\n\t\t\t\t\t\t\t\t\t\t<\/figure>\n\t\t\t\t\t\t\t\t\t<\/div>\n\t\t\t\t<\/div>\n\t\t\t\t\t<\/div>\n\t\t<\/div>\n\t\t\t\t<div class=\"elementor-column elementor-col-25 elementor-top-column elementor-element elementor-element-5943fbc\" data-id=\"5943fbc\" data-element_type=\"column\">\n\t\t\t<div class=\"elementor-widget-wrap\">\n\t\t\t\t\t\t\t<\/div>\n\t\t<\/div>\n\t\t\t\t\t<\/div>\n\t\t<\/section>\n\t\t\t\t<section class=\"elementor-section elementor-top-section elementor-element elementor-element-43722df elementor-section-boxed elementor-section-height-default elementor-section-height-default\" data-id=\"43722df\" data-element_type=\"section\">\n\t\t\t\t\t\t<div class=\"elementor-container elementor-column-gap-default\">\n\t\t\t\t\t<div class=\"elementor-column elementor-col-16 elementor-top-column elementor-element elementor-element-1b64ad7\" data-id=\"1b64ad7\" data-element_type=\"column\">\n\t\t\t<div class=\"elementor-widget-wrap\">\n\t\t\t\t\t\t\t<\/div>\n\t\t<\/div>\n\t\t\t\t<div class=\"elementor-column elementor-col-66 elementor-top-column elementor-element elementor-element-465dd03\" data-id=\"465dd03\" data-element_type=\"column\">\n\t\t\t<div class=\"elementor-widget-wrap elementor-element-populated\">\n\t\t\t\t\t\t<div class=\"elementor-element elementor-element-6b46cc9 elementor-widget elementor-widget-heading\" data-id=\"6b46cc9\" data-element_type=\"widget\" data-widget_type=\"heading.default\">\n\t\t\t\t<div class=\"elementor-widget-container\">\n\t\t\t\t\t<h3 class=\"elementor-heading-title elementor-size-default\">El Quijote por el Campo de Montiel<\/h3>\t\t\t\t<\/div>\n\t\t\t\t<\/div>\n\t\t\t\t<div class=\"elementor-element elementor-element-5e717c0 elementor-widget elementor-widget-text-editor\" data-id=\"5e717c0\" data-element_type=\"widget\" data-widget_type=\"text-editor.default\">\n\t\t\t\t<div class=\"elementor-widget-container\">\n\t\t\t\t\t\t\t\t\t<p style=\"text-align: justify;\">Cervantes inmortaliz\u00f3 La Mancha, regi\u00f3n natural e hist\u00f3rica situada en el centro de Espa\u00f1a, en la actual comunidad aut\u00f3noma de Castilla-La Mancha; dando a don Alonso Quijano el sobrenombre de don Quijote de La Mancha. Eligi\u00f3 La Mancha y dentro de ella el \u00abantiguo y conocido\u00bb Campo de Montiel, comarca donde inicia don Quijote sus aventuras.<\/p><p>\u00a0<\/p><div><p>En el pr\u00f3logo Cervantes advierte al lector:<\/p><h5 style=\"padding-left: 40px; text-align: justify;\"><i>La historia del famoso Don Quijote de la Mancha, de quien opini\u00f3n, por todos los habitadores del distrito del\u00a0campo de Montiel\u00a0que fue el m\u00e1s casto enamorado y el m\u00e1s valiente caballero que muchos a\u00f1os a esta parte se vio en aquellos contornos\u00bb\u00a0(Pr\u00f3logo).<\/i><\/h5><p>Inicia la\u00a0Primera Salida\u00a0en el Campo de Montiel, no sale del distrito:<\/p><h5 style=\"padding-left: 40px; text-align: justify;\"><em>Y comenz\u00f3 a caminar por el antiguo y conocido\u00a0Campo de Montiel\u00a0y era verdad que por \u00e9l caminaba.<\/em>(Parte I, Cap. II).<\/h5><p>Inicia la\u00a0Segunda Salida tambi\u00e9n en el Campo de Montiel., aunque esta vez transcurrir\u00e1n sus aventuras por parajes de La Mancha y Sierra Morena:<\/p><h5 style=\"padding-left: 40px;\"><em>Acert\u00f3 Don Quijote a tomar la misma derrota y camino, que \u00e9l hab\u00eda tomado en su primer viaje, que fue por el\u00a0Campo de Montiel.<\/em>\u00a0(Parte I, cap. VII).<\/h5><h5 style=\"padding-left: 40px;\"><em>Pis\u00f3 por ella el uno y el otro lado de la gran sierra Negra y el famoso\u00a0Campo de Montiel,\u00a0hasta el herboso llano de Aranjuez.<\/em>\u00a0(Parte I, cap. LII).<\/h5><p style=\"text-align: justify;\">La\u00a0Tercera Salida\u00a0la inicia de nuevo en el Campo de Montiel. Recorre otros paisajes de La Mancha, vuelve al Campo de Montiel -Las\u00a0Lagunas de Ruidera, Cueva de Montesinos-, Arag\u00f3n, Barcelona, y finalmente regresa de nuevo don Quijote a su pueblo:<\/p><h5 style=\"padding-left: 40px;\">\u00a0<em>Y pongan los ojos en las que est\u00e1n por venir, que desde agora en el camino del Toboso comienzan, como las otras comenzaron en los\u00a0Campos de Montiel.<\/em>(Parte II. VIII).<\/h5><\/div>\t\t\t\t\t\t\t\t<\/div>\n\t\t\t\t<\/div>\n\t\t\t\t\t<\/div>\n\t\t<\/div>\n\t\t\t\t<div class=\"elementor-column elementor-col-16 elementor-top-column elementor-element elementor-element-0029d23\" data-id=\"0029d23\" data-element_type=\"column\">\n\t\t\t<div class=\"elementor-widget-wrap\">\n\t\t\t\t\t\t\t<\/div>\n\t\t<\/div>\n\t\t\t\t\t<\/div>\n\t\t<\/section>\n\t\t\t\t<section class=\"elementor-section elementor-top-section elementor-element elementor-element-be897fb elementor-section-boxed elementor-section-height-default elementor-section-height-default\" data-id=\"be897fb\" data-element_type=\"section\">\n\t\t\t\t\t\t<div class=\"elementor-container elementor-column-gap-default\">\n\t\t\t\t\t<div class=\"elementor-column elementor-col-25 elementor-top-column elementor-element elementor-element-47ae9c1\" data-id=\"47ae9c1\" data-element_type=\"column\">\n\t\t\t<div class=\"elementor-widget-wrap\">\n\t\t\t\t\t\t\t<\/div>\n\t\t<\/div>\n\t\t\t\t<div class=\"elementor-column elementor-col-25 elementor-top-column elementor-element elementor-element-8b47bce\" data-id=\"8b47bce\" data-element_type=\"column\">\n\t\t\t<div class=\"elementor-widget-wrap elementor-element-populated\">\n\t\t\t\t\t\t<div class=\"elementor-element elementor-element-8b1d8c8 elementor-widget elementor-widget-image\" data-id=\"8b1d8c8\" data-element_type=\"widget\" data-widget_type=\"image.default\">\n\t\t\t\t<div class=\"elementor-widget-container\">\n\t\t\t\t\t\t\t\t\t\t\t\t<figure class=\"wp-caption\">\n\t\t\t\t\t\t\t\t\t\t\t<a href=\"https:\/\/www.turismovillanuevadelosinfantes.es\/wp-content\/uploads\/2022\/04\/IMG_2283-scaled.jpg\" data-elementor-open-lightbox=\"yes\" data-elementor-lightbox-title=\"Don Quijote y Sancho\" data-e-action-hash=\"#elementor-action%3Aaction%3Dlightbox%26settings%3DeyJpZCI6MTE3NywidXJsIjoiaHR0cHM6XC9cL3d3dy50dXJpc21vdmlsbGFudWV2YWRlbG9zaW5mYW50ZXMuZXNcL3dwLWNvbnRlbnRcL3VwbG9hZHNcLzIwMjJcLzA0XC9JTUdfMjI4My1zY2FsZWQuanBnIn0%3D\">\n\t\t\t\t\t\t\t<img fetchpriority=\"high\" decoding=\"async\" width=\"950\" height=\"634\" src=\"https:\/\/www.turismovillanuevadelosinfantes.es\/wp-content\/uploads\/2022\/04\/IMG_2283-1024x683.jpg\" class=\"attachment-large size-large wp-image-1177\" alt=\"\" srcset=\"https:\/\/www.turismovillanuevadelosinfantes.es\/wp-content\/uploads\/2022\/04\/IMG_2283-1024x683.jpg 1024w, https:\/\/www.turismovillanuevadelosinfantes.es\/wp-content\/uploads\/2022\/04\/IMG_2283-300x200.jpg 300w, https:\/\/www.turismovillanuevadelosinfantes.es\/wp-content\/uploads\/2022\/04\/IMG_2283-768x512.jpg 768w, https:\/\/www.turismovillanuevadelosinfantes.es\/wp-content\/uploads\/2022\/04\/IMG_2283-1536x1024.jpg 1536w, https:\/\/www.turismovillanuevadelosinfantes.es\/wp-content\/uploads\/2022\/04\/IMG_2283-2048x1365.jpg 2048w, https:\/\/www.turismovillanuevadelosinfantes.es\/wp-content\/uploads\/2022\/04\/IMG_2283-500x333.jpg 500w, https:\/\/www.turismovillanuevadelosinfantes.es\/wp-content\/uploads\/2022\/04\/IMG_2283-800x533.jpg 800w, https:\/\/www.turismovillanuevadelosinfantes.es\/wp-content\/uploads\/2022\/04\/IMG_2283-1280x853.jpg 1280w, https:\/\/www.turismovillanuevadelosinfantes.es\/wp-content\/uploads\/2022\/04\/IMG_2283-1920x1280.jpg 1920w, https:\/\/www.turismovillanuevadelosinfantes.es\/wp-content\/uploads\/2022\/04\/IMG_2283-2000x1333.jpg 2000w, https:\/\/www.turismovillanuevadelosinfantes.es\/wp-content\/uploads\/2022\/04\/IMG_2283-scaled-18x12.jpg 18w\" sizes=\"100vw\" \/>\t\t\t\t\t\t\t\t<\/a>\n\t\t\t\t\t\t\t\t\t\t\t<figcaption class=\"widget-image-caption wp-caption-text\">Esculturas de Don Quijote y Sancho en la Plaza Mayor de Villanueva de los Infantes<\/figcaption>\n\t\t\t\t\t\t\t\t\t\t<\/figure>\n\t\t\t\t\t\t\t\t\t<\/div>\n\t\t\t\t<\/div>\n\t\t\t\t\t<\/div>\n\t\t<\/div>\n\t\t\t\t<div class=\"elementor-column elementor-col-25 elementor-top-column elementor-element elementor-element-9054712\" data-id=\"9054712\" data-element_type=\"column\">\n\t\t\t<div class=\"elementor-widget-wrap elementor-element-populated\">\n\t\t\t\t\t\t<div class=\"elementor-element elementor-element-4b71fea elementor-widget elementor-widget-image\" data-id=\"4b71fea\" data-element_type=\"widget\" data-widget_type=\"image.default\">\n\t\t\t\t<div class=\"elementor-widget-container\">\n\t\t\t\t\t\t\t\t\t\t\t\t<figure class=\"wp-caption\">\n\t\t\t\t\t\t\t\t\t\t\t<a href=\"https:\/\/www.turismovillanuevadelosinfantes.es\/wp-content\/uploads\/2022\/04\/IMG_2449-scaled.jpg\" data-elementor-open-lightbox=\"yes\" data-elementor-lightbox-title=\"Casa del Caballero del Verde Gab\u00e1n\" data-e-action-hash=\"#elementor-action%3Aaction%3Dlightbox%26settings%3DeyJpZCI6MTE3OCwidXJsIjoiaHR0cHM6XC9cL3d3dy50dXJpc21vdmlsbGFudWV2YWRlbG9zaW5mYW50ZXMuZXNcL3dwLWNvbnRlbnRcL3VwbG9hZHNcLzIwMjJcLzA0XC9JTUdfMjQ0OS1zY2FsZWQuanBnIn0%3D\">\n\t\t\t\t\t\t\t<img decoding=\"async\" width=\"950\" height=\"634\" src=\"https:\/\/www.turismovillanuevadelosinfantes.es\/wp-content\/uploads\/2022\/04\/IMG_2449-1024x683.jpg\" class=\"attachment-large size-large wp-image-1178\" alt=\"\" srcset=\"https:\/\/www.turismovillanuevadelosinfantes.es\/wp-content\/uploads\/2022\/04\/IMG_2449-1024x683.jpg 1024w, https:\/\/www.turismovillanuevadelosinfantes.es\/wp-content\/uploads\/2022\/04\/IMG_2449-300x200.jpg 300w, https:\/\/www.turismovillanuevadelosinfantes.es\/wp-content\/uploads\/2022\/04\/IMG_2449-768x512.jpg 768w, https:\/\/www.turismovillanuevadelosinfantes.es\/wp-content\/uploads\/2022\/04\/IMG_2449-1536x1024.jpg 1536w, https:\/\/www.turismovillanuevadelosinfantes.es\/wp-content\/uploads\/2022\/04\/IMG_2449-2048x1365.jpg 2048w, https:\/\/www.turismovillanuevadelosinfantes.es\/wp-content\/uploads\/2022\/04\/IMG_2449-500x333.jpg 500w, https:\/\/www.turismovillanuevadelosinfantes.es\/wp-content\/uploads\/2022\/04\/IMG_2449-800x533.jpg 800w, https:\/\/www.turismovillanuevadelosinfantes.es\/wp-content\/uploads\/2022\/04\/IMG_2449-1280x853.jpg 1280w, https:\/\/www.turismovillanuevadelosinfantes.es\/wp-content\/uploads\/2022\/04\/IMG_2449-1920x1280.jpg 1920w, https:\/\/www.turismovillanuevadelosinfantes.es\/wp-content\/uploads\/2022\/04\/IMG_2449-2000x1333.jpg 2000w, https:\/\/www.turismovillanuevadelosinfantes.es\/wp-content\/uploads\/2022\/04\/IMG_2449-scaled-18x12.jpg 18w\" sizes=\"100vw\" \/>\t\t\t\t\t\t\t\t<\/a>\n\t\t\t\t\t\t\t\t\t\t\t<figcaption class=\"widget-image-caption wp-caption-text\">Casa del Caballero del Verde Gab\u00e1n en la Calle Cervantes<\/figcaption>\n\t\t\t\t\t\t\t\t\t\t<\/figure>\n\t\t\t\t\t\t\t\t\t<\/div>\n\t\t\t\t<\/div>\n\t\t\t\t\t<\/div>\n\t\t<\/div>\n\t\t\t\t<div class=\"elementor-column elementor-col-25 elementor-top-column elementor-element elementor-element-dcff120\" data-id=\"dcff120\" data-element_type=\"column\">\n\t\t\t<div class=\"elementor-widget-wrap\">\n\t\t\t\t\t\t\t<\/div>\n\t\t<\/div>\n\t\t\t\t\t<\/div>\n\t\t<\/section>\n\t\t\t\t<section class=\"elementor-section elementor-top-section elementor-element elementor-element-9c69987 elementor-section-boxed elementor-section-height-default elementor-section-height-default\" data-id=\"9c69987\" data-element_type=\"section\">\n\t\t\t\t\t\t<div class=\"elementor-container elementor-column-gap-default\">\n\t\t\t\t\t<div class=\"elementor-column elementor-col-16 elementor-top-column elementor-element elementor-element-14ba49a\" data-id=\"14ba49a\" data-element_type=\"column\">\n\t\t\t<div class=\"elementor-widget-wrap\">\n\t\t\t\t\t\t\t<\/div>\n\t\t<\/div>\n\t\t\t\t<div class=\"elementor-column elementor-col-66 elementor-top-column elementor-element elementor-element-7a242fe\" data-id=\"7a242fe\" data-element_type=\"column\">\n\t\t\t<div class=\"elementor-widget-wrap elementor-element-populated\">\n\t\t\t\t\t\t<div class=\"elementor-element elementor-element-9fe0c73 elementor-widget elementor-widget-heading\" data-id=\"9fe0c73\" data-element_type=\"widget\" data-widget_type=\"heading.default\">\n\t\t\t\t<div class=\"elementor-widget-container\">\n\t\t\t\t\t<h3 class=\"elementor-heading-title elementor-size-default\">El Quijote en Villanueva de los Infantes<\/h3>\t\t\t\t<\/div>\n\t\t\t\t<\/div>\n\t\t\t\t<div class=\"elementor-element elementor-element-a141b01 elementor-widget elementor-widget-text-editor\" data-id=\"a141b01\" data-element_type=\"widget\" data-widget_type=\"text-editor.default\">\n\t\t\t\t<div class=\"elementor-widget-container\">\n\t\t\t\t\t\t\t\t\t<p style=\"text-align: justify;\">En la\u00a0Plaza Mayor\u00a0de Villanueva de los Infantes desde todos los \u00e1ngulos se capta entre real y abstracto el monumento a don Quijote y Sancho, uno con su caballo Rocinante, el otro con su rucio; obra del escultor local Juan Antonio Giraldo. A tan solo unos pasos, en la Alh\u00f3ndiga, se encuentra la Biblioteca Municipal que acoge una secci\u00f3n dedicada al Siglo de Oro, destacando las obras de tema cervantino.<\/p><p>\u00a0<\/p><p style=\"text-align: justify;\">En la\u00a0calle Cervantes, se encuentra la\u00a0Casa del caballero del Verde Gab\u00e1n, la cual parece ser la inspiraci\u00f3n para la morada de Don Diego de Miranda, descrita en el cap\u00edtulo XVIII de la segunda parte\u00a0bajo el t\u00edtulo\u00a0<em>De lo que sucedi\u00f3 a Don Quijote en el castillo o casa del caballero del Verde Gab\u00e1n, con otras cosas extravagantes<\/em>.<em>\u00a0Se\u00a0<\/em>relata la escena de la velada literaria entre don Alonso Quijano y el joven poeta don Lorenzo, hijo de don Diego de Miranda:<\/p><h5 style=\"padding-left: 40px; text-align: justify;\"><em>Hall\u00f3 don Quijote ser la casa de don Diego de Miranda ancha como de aldea; las armas, empero, aunque de piedra tosca, encima de la puerta de la calle; la bodega, en el patio; la cueva, en el portal, y muchas tinajas a la redonda, que, por ser del Toboso, le renovaron las memorias de su encantada y transformada Dulcinea.<\/em><\/h5><p>Despu\u00e9s de cuatro d\u00edas en casa de don Diego, don Quijote decide antes de proseguir el camino a Zaragoza que<\/p><h5 style=\"padding-left: 40px; text-align: justify;\"><em>&#8230;hab\u00eda de entrar en la cueva de Montesinos, de quien tantas y tan admirables cosas en aquellos contornos se contaban&#8230;<\/em>\u00a0<\/h5><p style=\"text-align: justify;\">Dispuestos en el camino encontraron con dos estudiantes y dos labradores, y son invitados por uno de ellos a ver unas de\u00a0 las mejores bodas y m\u00e1s ricas que hasta el d\u00eda de hoy se hab\u00eda celebrado en la Mancha. Varios autores han especulado sobre la posibilidad de cu\u00e1l fuera la boda que inspirara a\u00a0Cervantes\u00a0el episodio de las\u00a0Bodas de Camacho\u00a0(Don Quijote, II, cap. XX y XXI).<\/p><p><strong><em>Texto: M\u00aa \u00c1ngeles Jim\u00e9nez Garc\u00eda<\/em><\/strong><\/p>\t\t\t\t\t\t\t\t<\/div>\n\t\t\t\t<\/div>\n\t\t\t\t\t<\/div>\n\t\t<\/div>\n\t\t\t\t<div class=\"elementor-column elementor-col-16 elementor-top-column elementor-element elementor-element-8f7563c\" data-id=\"8f7563c\" data-element_type=\"column\">\n\t\t\t<div class=\"elementor-widget-wrap\">\n\t\t\t\t\t\t\t<\/div>\n\t\t<\/div>\n\t\t\t\t\t<\/div>\n\t\t<\/section>\n\t\t\t\t<section class=\"elementor-section elementor-top-section elementor-element elementor-element-d461828 elementor-section-boxed elementor-section-height-default elementor-section-height-default\" data-id=\"d461828\" data-element_type=\"section\">\n\t\t\t\t\t\t<div class=\"elementor-container elementor-column-gap-default\">\n\t\t\t\t\t<div class=\"elementor-column elementor-col-100 elementor-top-column elementor-element elementor-element-94b10ec\" data-id=\"94b10ec\" data-element_type=\"column\">\n\t\t\t<div class=\"elementor-widget-wrap elementor-element-populated\">\n\t\t\t\t\t\t<div class=\"elementor-element elementor-element-3d404d1 elementor-widget elementor-widget-heading\" data-id=\"3d404d1\" data-element_type=\"widget\" data-widget_type=\"heading.default\">\n\t\t\t\t<div class=\"elementor-widget-container\">\n\t\t\t\t\t<h1 class=\"elementor-heading-title elementor-size-default\">NO TE PUEDES PERDER...<\/h1>\t\t\t\t<\/div>\n\t\t\t\t<\/div>\n\t\t\t\t<div class=\"elementor-element elementor-element-e830ffa eael-fg-card-content-align-center elementor-widget elementor-widget-eael-filterable-gallery\" data-id=\"e830ffa\" data-element_type=\"widget\" data-settings=\"{&quot;photo_gallery&quot;:&quot;yes&quot;,&quot;pagination&quot;:&quot;false&quot;}\" data-widget_type=\"eael-filterable-gallery.default\">\n\t\t\t\t<div class=\"elementor-widget-container\">\n\t\t\t\t\t<style id=\"eael-fg-inline-css-e830ffa\">@media only screen and (max-width: 2399px) {\n\t\t\t\t\t.elementor-element.elementor-element-e830ffa .eael-filterable-gallery-item-wrap {\n\t\t\t\t\t        width: 25%;\n\t\t\t\t\t    }\n\t\t\t\t\t}@media only screen and (max-width: 1024px) {\n\t\t\t\t\t.elementor-element.elementor-element-e830ffa  .eael-filterable-gallery-item-wrap {\n\t\t\t\t\t        width: 50%;\n\t\t\t\t\t    }\n\t\t\t\t\t}@media only screen and (max-width: 767px) {\n\t\t\t\t\t.elementor-element.elementor-element-e830ffa  .eael-filterable-gallery-item-wrap {\n\t\t\t\t\t        width: 100%;\n\t\t\t\t\t    }\n\t\t\t\t\t}<\/style>        <div id=\"eael-filter-gallery-wrapper-e830ffa\" class=\"eael-filter-gallery-wrapper\" data-layout-mode=\"card\" data-breakpoints=\"{&quot;mobile&quot;:{&quot;label&quot;:&quot;M\\u00f3vil vertical&quot;,&quot;value&quot;:767,&quot;default_value&quot;:767,&quot;direction&quot;:&quot;max&quot;,&quot;is_enabled&quot;:true},&quot;mobile_extra&quot;:{&quot;label&quot;:&quot;M\\u00f3vil horizontal&quot;,&quot;value&quot;:880,&quot;default_value&quot;:880,&quot;direction&quot;:&quot;max&quot;,&quot;is_enabled&quot;:false},&quot;tablet&quot;:{&quot;label&quot;:&quot;Tableta vertical&quot;,&quot;value&quot;:1024,&quot;default_value&quot;:1024,&quot;direction&quot;:&quot;max&quot;,&quot;is_enabled&quot;:true},&quot;tablet_extra&quot;:{&quot;label&quot;:&quot;Tableta horizontal&quot;,&quot;value&quot;:1200,&quot;default_value&quot;:1200,&quot;direction&quot;:&quot;max&quot;,&quot;is_enabled&quot;:false},&quot;laptop&quot;:{&quot;label&quot;:&quot;Port\\u00e1til&quot;,&quot;value&quot;:1366,&quot;default_value&quot;:1366,&quot;direction&quot;:&quot;max&quot;,&quot;is_enabled&quot;:false},&quot;widescreen&quot;:{&quot;label&quot;:&quot;Pantalla grande&quot;,&quot;value&quot;:2400,&quot;default_value&quot;:2400,&quot;direction&quot;:&quot;min&quot;,&quot;is_enabled&quot;:false}}\" data-default_control_key=\"0\" data-custom_default_control=\"1\">\n                    <div class=\"eael-filter-gallery-container eael-filter-gallery-grid\" data-images-per-page=\"\" data-total-gallery-items=\"3\" data-nomore-item-text=\"\" data-is-randomize=\"no\" data-settings=\"{&quot;grid_style&quot;:&quot;grid&quot;,&quot;popup&quot;:&quot;buttons&quot;,&quot;duration&quot;:500,&quot;gallery_enabled&quot;:&quot;yes&quot;,&quot;video_gallery_yt_privacy&quot;:&quot;&quot;,&quot;control_all_text&quot;:null,&quot;post_id&quot;:1095,&quot;widget_id&quot;:&quot;e830ffa&quot;}\" data-search-all=\"\" data-gallery-items=\"WyI8ZGl2IGNsYXNzPVwiZWFlbC1maWx0ZXJhYmxlLWdhbGxlcnktaXRlbS13cmFwIGVhZWwtY2YtYXJxdWl0ZWN0dXJhLWNpdmlsIGVhZWwtY2YtYWJpZXJ0b3MtYWwtcFx1MDBkYWJsaWNvIGVhZWwtY2YtXHUyNjdmZWRpZmljaW9zLWFjY2VzaWJsZXNcIj5cblx0XHRcdFx0PGRpdiBjbGFzcz1cImVhZWwtZ2FsbGVyeS1ncmlkLWl0ZW1cIj48YSBocmVmPVwiaHR0cHM6XC9cL3d3dy50dXJpc21vdmlsbGFudWV2YWRlbG9zaW5mYW50ZXMuZXNcL3BsYXphLW1heW9yXC9cIj48ZGl2IGNsYXNzPVwiZ2FsbGVyeS1pdGVtLXRodW1ibmFpbC13cmFwXCI+PGltZyBzcmM9XCJodHRwczpcL1wvd3d3LnR1cmlzbW92aWxsYW51ZXZhZGVsb3NpbmZhbnRlcy5lc1wvd3AtY29udGVudFwvdXBsb2Fkc1wvMjAyMlwvMDRcL0lNR18yMjgzLXNjYWxlZC5qcGdcIiBkYXRhLWxhenktc3JjPVwiaHR0cHM6XC9cL3d3dy50dXJpc21vdmlsbGFudWV2YWRlbG9zaW5mYW50ZXMuZXNcL3dwLWNvbnRlbnRcL3VwbG9hZHNcLzIwMjJcLzA0XC9JTUdfMjI4My1zY2FsZWQuanBnXCIgYWx0PVwiRXNjdWx0dXJhcyBkZSBEb24gUXVpam90ZSB5IFNhbmNobyBlbiBQbGF6YSBNYXlvclwiIGNsYXNzPVwiZ2FsbGVyeS1pdGVtLXRodW1ibmFpbFwiPjxcL2Rpdj48XC9hPjxkaXYgY2xhc3M9XCJnYWxsZXJ5LWl0ZW0tY2FwdGlvbi13cmFwIGNhcHRpb24tc3R5bGUtY2FyZCBcIj48ZGl2IGNsYXNzPVwiZ2FsbGVyeS1pdGVtLWNhcHRpb24tb3ZlclwiPjxhIGhyZWY9XCJodHRwczpcL1wvd3d3LnR1cmlzbW92aWxsYW51ZXZhZGVsb3NpbmZhbnRlcy5lc1wvcGxhemEtbWF5b3JcL1wiPjxoMiBjbGFzcz1cImZnLWl0ZW0tdGl0bGVcIj5Fc2N1bHR1cmFzIGRlIERvbiBRdWlqb3RlIHkgU2FuY2hvIGVuIFBsYXphIE1heW9yPFwvaDI+PFwvYT48XC9kaXY+PFwvZGl2PjxcL2Rpdj48XC9kaXY+IiwiPGRpdiBjbGFzcz1cImVhZWwtZmlsdGVyYWJsZS1nYWxsZXJ5LWl0ZW0td3JhcCBlYWVsLWNmLWFycXVpdGVjdHVyYS1jaXZpbCBlYWVsLWNmLVx1MjY3ZmVkaWZpY2lvcy1hY2Nlc2libGVzIGVhZWwtY2YtYWJpZXJ0b3MtYWwtcFx1MDBkYWJsaWNvXCI+XG5cdFx0XHRcdDxkaXYgY2xhc3M9XCJlYWVsLWdhbGxlcnktZ3JpZC1pdGVtXCI+PGEgaHJlZj1cImh0dHBzOlwvXC93d3cudHVyaXNtb3ZpbGxhbnVldmFkZWxvc2luZmFudGVzLmVzXC9jYXNhLWRlLXJ1ZWRhXC9cIj48ZGl2IGNsYXNzPVwiZ2FsbGVyeS1pdGVtLXRodW1ibmFpbC13cmFwXCI+PGltZyBzcmM9XCJodHRwczpcL1wvd3d3LnR1cmlzbW92aWxsYW51ZXZhZGVsb3NpbmZhbnRlcy5lc1wvd3AtY29udGVudFwvdXBsb2Fkc1wvMjAyNFwvMDhcL0lNR18wMDM5LXNjYWxlZC5qcGdcIiBkYXRhLWxhenktc3JjPVwiaHR0cHM6XC9cL3d3dy50dXJpc21vdmlsbGFudWV2YWRlbG9zaW5mYW50ZXMuZXNcL3dwLWNvbnRlbnRcL3VwbG9hZHNcLzIwMjRcLzA4XC9JTUdfMDAzOS1zY2FsZWQuanBnXCIgYWx0PVwiTXVzZW8gQ2llbnRcdTAwZWRmaWNvIGRlbCBRdWlqb3RlIChDYXNhIGRlIFJ1ZWRhKVwiIGNsYXNzPVwiZ2FsbGVyeS1pdGVtLXRodW1ibmFpbFwiPjxcL2Rpdj48XC9hPjxkaXYgY2xhc3M9XCJnYWxsZXJ5LWl0ZW0tY2FwdGlvbi13cmFwIGNhcHRpb24tc3R5bGUtY2FyZCBcIj48ZGl2IGNsYXNzPVwiZ2FsbGVyeS1pdGVtLWNhcHRpb24tb3ZlclwiPjxhIGhyZWY9XCJodHRwczpcL1wvd3d3LnR1cmlzbW92aWxsYW51ZXZhZGVsb3NpbmZhbnRlcy5lc1wvY2FzYS1kZS1ydWVkYVwvXCI+PGgyIGNsYXNzPVwiZmctaXRlbS10aXRsZVwiPk11c2VvIENpZW50XHUwMGVkZmljbyBkZWwgUXVpam90ZSAoQ2FzYSBkZSBSdWVkYSk8XC9oMj48XC9hPjxcL2Rpdj48XC9kaXY+PFwvZGl2PjxcL2Rpdj4iLCI8ZGl2IGNsYXNzPVwiZWFlbC1maWx0ZXJhYmxlLWdhbGxlcnktaXRlbS13cmFwIGVhZWwtY2YtYXJxdWl0ZWN0dXJhLWNpdmlsXCI+XG5cdFx0XHRcdDxkaXYgY2xhc3M9XCJlYWVsLWdhbGxlcnktZ3JpZC1pdGVtXCI+PGEgaHJlZj1cImh0dHBzOlwvXC93d3cudHVyaXNtb3ZpbGxhbnVldmFkZWxvc2luZmFudGVzLmVzXC9jYXNhLWRlbC1jYWJhbGxlcm8tZGVsLXZlcmRlLWdhYmFuXC9cIj48ZGl2IGNsYXNzPVwiZ2FsbGVyeS1pdGVtLXRodW1ibmFpbC13cmFwXCI+PGltZyBzcmM9XCJodHRwczpcL1wvd3d3LnR1cmlzbW92aWxsYW51ZXZhZGVsb3NpbmZhbnRlcy5lc1wvd3AtY29udGVudFwvdXBsb2Fkc1wvMjAyMlwvMDRcL0lNR18yNDUyLTEtc2NhbGVkLmpwZ1wiIGRhdGEtbGF6eS1zcmM9XCJodHRwczpcL1wvd3d3LnR1cmlzbW92aWxsYW51ZXZhZGVsb3NpbmZhbnRlcy5lc1wvd3AtY29udGVudFwvdXBsb2Fkc1wvMjAyMlwvMDRcL0lNR18yNDUyLTEtc2NhbGVkLmpwZ1wiIGFsdD1cIkNhc2EgZGVsIENhYmFsbGVybyBkZWwgVmVyZGUgR2FiXHUwMGUxblwiIGNsYXNzPVwiZ2FsbGVyeS1pdGVtLXRodW1ibmFpbFwiPjxcL2Rpdj48XC9hPjxkaXYgY2xhc3M9XCJnYWxsZXJ5LWl0ZW0tY2FwdGlvbi13cmFwIGNhcHRpb24tc3R5bGUtY2FyZCBcIj48ZGl2IGNsYXNzPVwiZ2FsbGVyeS1pdGVtLWNhcHRpb24tb3ZlclwiPjxhIGhyZWY9XCJodHRwczpcL1wvd3d3LnR1cmlzbW92aWxsYW51ZXZhZGVsb3NpbmZhbnRlcy5lc1wvY2FzYS1kZWwtY2FiYWxsZXJvLWRlbC12ZXJkZS1nYWJhblwvXCI+PGgyIGNsYXNzPVwiZmctaXRlbS10aXRsZVwiPkNhc2EgZGVsIENhYmFsbGVybyBkZWwgVmVyZGUgR2FiXHUwMGUxbjxcL2gyPjxcL2E+PFwvZGl2PjxcL2Rpdj48XC9kaXY+PFwvZGl2PiJd\" data-init-show=\"300\">\n            <div class=\"eael-filterable-gallery-item-wrap eael-cf-arquitectura-civil eael-cf-abiertos-al-p\u00dablico eael-cf-\u267fedificios-accesibles\">\n\t\t\t\t<div class=\"eael-gallery-grid-item\"><a href=\"https:\/\/www.turismovillanuevadelosinfantes.es\/en\/plaza-mayor\/\"><div class=\"gallery-item-thumbnail-wrap\"><img decoding=\"async\" src=\"https:\/\/www.turismovillanuevadelosinfantes.es\/wp-content\/uploads\/2022\/04\/IMG_2283-scaled.jpg\" data-lazy-src=\"https:\/\/www.turismovillanuevadelosinfantes.es\/wp-content\/uploads\/2022\/04\/IMG_2283-scaled.jpg\" alt=\"Esculturas de Don Quijote y Sancho en Plaza Mayor\" class=\"gallery-item-thumbnail\"><\/div><\/a><div class=\"gallery-item-caption-wrap caption-style-card\"><div class=\"gallery-item-caption-over\"><a href=\"https:\/\/www.turismovillanuevadelosinfantes.es\/en\/plaza-mayor\/\"><h2 class=\"fg-item-title\">Esculturas de Don Quijote y Sancho en Plaza Mayor<\/h2><\/a><\/div><\/div><\/div><\/div><div class=\"eael-filterable-gallery-item-wrap eael-cf-arquitectura-civil eael-cf-\u267fedificios-accesibles eael-cf-abiertos-al-p\u00dablico\">\n\t\t\t\t<div class=\"eael-gallery-grid-item\"><a href=\"https:\/\/www.turismovillanuevadelosinfantes.es\/en\/casa-de-rueda\/\"><div class=\"gallery-item-thumbnail-wrap\"><img decoding=\"async\" src=\"https:\/\/www.turismovillanuevadelosinfantes.es\/wp-content\/uploads\/2024\/08\/IMG_0039-scaled.jpg\" data-lazy-src=\"https:\/\/www.turismovillanuevadelosinfantes.es\/wp-content\/uploads\/2024\/08\/IMG_0039-scaled.jpg\" alt=\"Museo Cient\u00edfico del Quijote (Casa de Rueda)\" class=\"gallery-item-thumbnail\"><\/div><\/a><div class=\"gallery-item-caption-wrap caption-style-card\"><div class=\"gallery-item-caption-over\"><a href=\"https:\/\/www.turismovillanuevadelosinfantes.es\/en\/casa-de-rueda\/\"><h2 class=\"fg-item-title\">Museo Cient\u00edfico del Quijote (Casa de Rueda)<\/h2><\/a><\/div><\/div><\/div><\/div><div class=\"eael-filterable-gallery-item-wrap eael-cf-arquitectura-civil\">\n\t\t\t\t<div class=\"eael-gallery-grid-item\"><a href=\"https:\/\/www.turismovillanuevadelosinfantes.es\/en\/casa-del-caballero-del-verde-gaban\/\"><div class=\"gallery-item-thumbnail-wrap\"><img decoding=\"async\" src=\"https:\/\/www.turismovillanuevadelosinfantes.es\/wp-content\/uploads\/2022\/04\/IMG_2452-1-scaled.jpg\" data-lazy-src=\"https:\/\/www.turismovillanuevadelosinfantes.es\/wp-content\/uploads\/2022\/04\/IMG_2452-1-scaled.jpg\" alt=\"Casa del Caballero del Verde Gab\u00e1n\" class=\"gallery-item-thumbnail\"><\/div><\/a><div class=\"gallery-item-caption-wrap caption-style-card\"><div class=\"gallery-item-caption-over\"><a href=\"https:\/\/www.turismovillanuevadelosinfantes.es\/en\/casa-del-caballero-del-verde-gaban\/\"><h2 class=\"fg-item-title\">Casa del Caballero del Verde Gab\u00e1n<\/h2><\/a><\/div><\/div><\/div><\/div>        <\/div>\n                <\/div>\n        \n        \t\t\t\t<\/div>\n\t\t\t\t<\/div>\n\t\t\t\t\t<\/div>\n\t\t<\/div>\n\t\t\t\t\t<\/div>\n\t\t<\/section>\n\t\t\t\t<\/div>","protected":false},"excerpt":{"rendered":"<p>\u00abEn un lugar de La Mancha, de cuyo nombre no quiero acordarme, no ha mucho tiempo que viv\u00eda un hidalgo de los de lanza en astillero, adarga antigua, roc\u00edn flaco y galgo corredor&#8230;\u00bb As\u00ed comienza El Quijote de Miguel de Cervantes Saavedra, la novela m\u00e1s universal de la literatura en lengua castellana y una de &hellip; <\/p>\n<p class=\"link-more\"><a href=\"https:\/\/www.turismovillanuevadelosinfantes.es\/en\/el-lugar-de-la-mancha\/\" class=\"more-link\">Read more<span class=\"screen-reader-text\"> \u00abEl Lugar de La Mancha\u00bb<\/span><\/a><\/p>","protected":false},"author":1,"featured_media":1050,"parent":0,"menu_order":0,"comment_status":"closed","ping_status":"closed","template":"page-templates\/full-width-no-title.php","meta":{"footnotes":""},"class_list":["post-1095","page","type-page","status-publish","has-post-thumbnail","hentry"],"_links":{"self":[{"href":"https:\/\/www.turismovillanuevadelosinfantes.es\/en\/wp-json\/wp\/v2\/pages\/1095","targetHints":{"allow":["GET"]}}],"collection":[{"href":"https:\/\/www.turismovillanuevadelosinfantes.es\/en\/wp-json\/wp\/v2\/pages"}],"about":[{"href":"https:\/\/www.turismovillanuevadelosinfantes.es\/en\/wp-json\/wp\/v2\/types\/page"}],"author":[{"embeddable":true,"href":"https:\/\/www.turismovillanuevadelosinfantes.es\/en\/wp-json\/wp\/v2\/users\/1"}],"replies":[{"embeddable":true,"href":"https:\/\/www.turismovillanuevadelosinfantes.es\/en\/wp-json\/wp\/v2\/comments?post=1095"}],"version-history":[{"count":61,"href":"https:\/\/www.turismovillanuevadelosinfantes.es\/en\/wp-json\/wp\/v2\/pages\/1095\/revisions"}],"predecessor-version":[{"id":3221,"href":"https:\/\/www.turismovillanuevadelosinfantes.es\/en\/wp-json\/wp\/v2\/pages\/1095\/revisions\/3221"}],"wp:featuredmedia":[{"embeddable":true,"href":"https:\/\/www.turismovillanuevadelosinfantes.es\/en\/wp-json\/wp\/v2\/media\/1050"}],"wp:attachment":[{"href":"https:\/\/www.turismovillanuevadelosinfantes.es\/en\/wp-json\/wp\/v2\/media?parent=1095"}],"curies":[{"name":"wp","href":"https:\/\/api.w.org\/{rel}","templated":true}]}}